{"id":36,"date":"2020-09-20T11:15:00","date_gmt":"2020-09-20T11:15:00","guid":{"rendered":"https:\/\/ordemdosfisioterapeutas.pt\/?page_id=36"},"modified":"2026-04-26T20:50:15","modified_gmt":"2026-04-26T19:50:15","slug":"ordem-dos-fisioterapeutas","status":"publish","type":"page","link":"https:\/\/ordemdosfisioterapeutas.pt\/pt\/","title":{"rendered":"Homepage"},"content":{"rendered":"\t\t<div data-elementor-type=\"wp-page\" data-elementor-id=\"36\" class=\"elementor elementor-36\" data-elementor-post-type=\"page\">\n\t\t\t\t\t\t<section class=\"elementor-section elementor-top-section elementor-element elementor-element-467ebbf elementor-section-height-min-height elementor-section-full_width elementor-section-height-default elementor-section-items-middle\" data-id=\"467ebbf\" data-element_type=\"section\" data-e-type=\"section\" data-settings=\"{&quot;background_background&quot;:&quot;classic&quot;}\">\n\t\t\t\t\t\t\t<div class=\"elementor-background-overlay\"><\/div>\n\t\t\t\t\t\t\t<div class=\"elementor-container elementor-column-gap-no\">\n\t\t\t\t\t<div class=\"elementor-column elementor-col-100 elementor-top-column elementor-element elementor-element-5fedf9f\" data-id=\"5fedf9f\" data-element_type=\"column\" data-e-type=\"column\">\n\t\t\t<div class=\"elementor-widget-wrap elementor-element-populated\">\n\t\t\t\t\t\t<div class=\"elementor-element elementor-element-a77d719 elementor--h-position-center elementor--v-position-middle elementor-arrows-position-inside elementor-pagination-position-inside elementor-widget elementor-widget-slides\" data-id=\"a77d719\" data-element_type=\"widget\" data-e-type=\"widget\" data-settings=\"{&quot;navigation&quot;:&quot;both&quot;,&quot;autoplay&quot;:&quot;yes&quot;,&quot;pause_on_hover&quot;:&quot;yes&quot;,&quot;pause_on_interaction&quot;:&quot;yes&quot;,&quot;autoplay_speed&quot;:5000,&quot;infinite&quot;:&quot;yes&quot;,&quot;transition&quot;:&quot;slide&quot;,&quot;transition_speed&quot;:500}\" data-widget_type=\"slides.default\">\n\t\t\t\t<div class=\"elementor-widget-container\">\n\t\t\t\t\t\t\t\t\t<div class=\"elementor-swiper\">\n\t\t\t\t\t<div class=\"elementor-slides-wrapper elementor-main-swiper swiper\" role=\"region\" aria-roledescription=\"carousel\" aria-label=\"Slides\" dir=\"ltr\" data-animation=\"fadeInUp\">\n\t\t\t\t<div class=\"swiper-wrapper elementor-slides\">\n\t\t\t\t\t\t\t\t\t\t<div class=\"elementor-repeater-item-bfdb5ad swiper-slide\" role=\"group\" aria-roledescription=\"slide\"><div class=\"swiper-slide-bg\" role=\"img\" aria-label=\"especialidades- destaque\"><\/div><div class=\"elementor-background-overlay\"><\/div><a class=\"swiper-slide-inner\" href=\"https:\/\/portal.ordemdosfisioterapeutas.pt\/of-auth\/?app_ref=e985d1b30a025a19af003c638a7f64a2&#038;_gl=1*1yu67ax*_ga*Mjc4NDI1ODQ1LjE3NDE4NjE2MzY.*_ga_HPH7F868RJ*czE3NzcwMjEyNDUkbzE4OSRnMCR0MTc3NzAyMTI0NSRqNjAkbDAkaDA.\" target=\"_blank\"><div class=\"swiper-slide-contents\"><div class=\"elementor-slide-heading\">Comiss\u00f5es instaladoras das especialidades<\/div><div class=\"elementor-slide-description\">Candidaturas abertas de 1 a 31 de maio<\/div><div  class=\"elementor-button elementor-slide-button elementor-size-xs\"> Aceder na \u00e1rea reservada<\/div><\/div><\/a><\/div><div class=\"elementor-repeater-item-9f8a270 swiper-slide\" role=\"group\" aria-roledescription=\"slide\"><div class=\"swiper-slide-bg\" role=\"img\" aria-label=\"destaque homepage OF copy\"><\/div><div class=\"elementor-background-overlay\"><\/div><div class=\"swiper-slide-inner\" ><div class=\"swiper-slide-contents\"><div class=\"elementor-slide-heading\">Ative a sua c\u00e9dula profissional j\u00e1 dispon\u00edvel na app gov.pt<\/div><div class=\"elementor-slide-description\"> <a href=\"https:\/\/bit.ly\/Noticia_OF_govpt\" class=\"elementor-button elementor-slide-button elementor-size-xs\" target=\"_blank\" rel=\"noopener\">\n    Saber mais\n  <\/a>\n<a href=\"https:\/\/bit.ly\/Comunicado_72_OF\" class=\"elementor-button elementor-slide-button elementor-size-xs\" target=\"_blank\" rel=\"noopener\">\n    Como ativar\n  <\/a><\/div><\/div><\/div><\/div><div class=\"elementor-repeater-item-3c5f046 swiper-slide\" role=\"group\" aria-roledescription=\"slide\"><div class=\"swiper-slide-bg\" role=\"img\" aria-label=\"elei\u00e7\u00f5es 2026 - destaque HOME\"><\/div><div class=\"elementor-background-overlay\"><\/div><div class=\"swiper-slide-inner\" ><div class=\"swiper-slide-contents\"><div class=\"elementor-slide-description\"><strong>Elei\u00e7\u00f5es complementares para a Dire\u00e7\u00e3o Regional da Madeira e para a Mesa da Assembleia Regional do Sul.<\/strong><br>\n\nAto eleitoral: 18 de maio de 2026<br>\n\n<br>\n <a href=\"https:\/\/ordemdosfisioterapeutas.pt\/pt\/caderno-eleitoral-2026\/\" class=\"elementor-button elementor-slide-button elementor-size-xs\" target=\"_blank\" rel=\"noopener\">\n    Cadernos Eleitorais\n  <\/a>\n<a href=\"https:\/\/ordemdosfisioterapeutas.pt\/pt\/comissao-eleitoral-2026\/\" class=\"elementor-button elementor-slide-button elementor-size-xs\" target=\"_blank\" rel=\"noopener\">\n    Comiss\u00e3o Eleitoral\n  <\/a>\n<a href=\"https:\/\/ordemdosfisioterapeutas.pt\/pt\/listas-candidatas-2026\/\" class=\"elementor-button elementor-slide-button elementor-size-xs\" target=\"_blank\" rel=\"noopener\">\n    Listas Candidatas\n  <\/a>\n\n  <a href=\"https:\/\/ordemdosfisioterapeutas.pt\/pt\/perguntas-frequentes-2026\/\" class=\"elementor-button elementor-slide-button elementor-size-xs\" target=\"_blank\" rel=\"noopener\">\n    Perguntas Frequentes\n  <\/a>\n<br>\n<br>\nConsulte todas as informa\u00e7\u00f5es no menu Ordem \u2192 Elei\u00e7\u00f5es 2026<\/div><\/div><\/div><\/div><div class=\"elementor-repeater-item-64f61f8 swiper-slide\" role=\"group\" aria-roledescription=\"slide\"><div class=\"swiper-slide-bg\" role=\"img\" aria-label=\"WhatsApp Image 2025-12-10 at 17.27.34\"><\/div><div class=\"elementor-background-overlay\"><\/div><a class=\"swiper-slide-inner\" href=\"https:\/\/ordemdosfisioterapeutas.pt\/pt\/noticias\/lisboa-recebe-o-world-physiotherapy-congress-2029\/\"><div class=\"swiper-slide-contents\"><div class=\"elementor-slide-heading\">Lisboa recebe o World Physiotherapy Congress 2029<\/div><div class=\"elementor-slide-description\">A World Physiotherapy anunciou que o World Physiotherapy Congress 2029 ter\u00e1 lugar em Lisboa, Portugal<\/div><div  class=\"elementor-button elementor-slide-button elementor-size-xs\">Saiba mais aqui <\/div><\/div><\/a><\/div><div class=\"elementor-repeater-item-9e97734 swiper-slide\" role=\"group\" aria-roledescription=\"slide\"><div class=\"swiper-slide-bg\" role=\"img\" aria-label=\"destaque_HOME_OF_parcerias (1)\"><\/div><div class=\"elementor-background-overlay\"><\/div><a class=\"swiper-slide-inner\" href=\"https:\/\/ordemdosfisioterapeutas.pt\/pt\/parcerias\/\"><div class=\"swiper-slide-contents\"><div class=\"elementor-slide-heading\">NOVAS PARCERIAS, MAIS VANTAGENS PARA OS MEMBROS!<\/div><div  class=\"elementor-button elementor-slide-button elementor-size-xs\">Saiba mais aqui<\/div><\/div><\/a><\/div><div class=\"elementor-repeater-item-aa224a1 swiper-slide\" role=\"group\" aria-roledescription=\"slide\"><div class=\"swiper-slide-bg\" role=\"img\" aria-label=\"Destaque-Home-bolsa\"><\/div><div class=\"elementor-background-overlay\"><\/div><a class=\"swiper-slide-inner\" href=\"https:\/\/ordemdosfisioterapeutas.pt\/pt\/portal-da-bolsa-de-ofertas-de-trabalho\/\"><div class=\"swiper-slide-contents\"><div class=\"elementor-slide-heading\">J\u00e1 conhece a Bolsa de Ofertas de Trabalho da Ordem dos Fisioterapeutas?<\/div><div  class=\"elementor-button elementor-slide-button elementor-size-xs\">Saiba Mais<\/div><\/div><\/a><\/div><div class=\"elementor-repeater-item-670fd52 swiper-slide\" role=\"group\" aria-roledescription=\"slide\"><div class=\"swiper-slide-bg\" role=\"img\" aria-label=\"destaque home_app\"><\/div><div class=\"elementor-background-overlay\"><\/div><a class=\"swiper-slide-inner\" href=\"https:\/\/ordemdosfisioterapeutas.pt\/pt\/noticias\/ja-esta-disponivel-a-app-da-ordem-dos-fisioterapeutas\/\" target=\"_blank\"><div class=\"swiper-slide-contents\"><div class=\"elementor-slide-heading\">J\u00e1 conhece a App da Ordem dos Fisioterapeutas?<\/div><div class=\"elementor-slide-description\">Agora pode aceder \u00e0 sua c\u00e9dula digital, \u00e1rea reservada, e muito mais\u2026 tudo no telem\u00f3vel.\n<\/div><div  class=\"elementor-button elementor-slide-button elementor-size-xs\">Ler mais sobre a App<\/div><\/div><\/a><\/div><div class=\"elementor-repeater-item-b9b1ca5 swiper-slide\" role=\"group\" aria-roledescription=\"slide\"><div class=\"swiper-slide-bg\" role=\"img\" aria-label=\"destaque_dashboard\"><\/div><div class=\"elementor-background-overlay\"><\/div><a class=\"swiper-slide-inner\" href=\"https:\/\/ordemdosfisioterapeutas.pt\/pt\/dados-demograficos-dos-membros\/\"><div class=\"swiper-slide-contents\"><div class=\"elementor-slide-heading\">Conhe\u00e7a o novo painel interativo!<\/div><div  class=\"elementor-button elementor-slide-button elementor-size-xs\">Abrir<\/div><\/div><\/a><\/div><div class=\"elementor-repeater-item-a5f1f3b swiper-slide\" role=\"group\" aria-roledescription=\"slide\"><div class=\"swiper-slide-bg\" role=\"img\" aria-label=\"destaque_HOME_OF_agenda__\"><\/div><div class=\"elementor-background-overlay\"><\/div><a class=\"swiper-slide-inner\" href=\"https:\/\/ordemdosfisioterapeutas.pt\/wp-content\/uploads\/2025\/02\/Relatorio_Agenda_09012025.pdf\"><div class=\"swiper-slide-contents\"><div class=\"elementor-slide-heading\">Agenda de Investiga\u00e7\u00e3o para a Fisioterapia em Portugal\u202f<\/div><div  class=\"elementor-button elementor-slide-button elementor-size-xs\">Relat\u00f3rio<\/div><\/div><\/a><\/div><div class=\"elementor-repeater-item-d817985 swiper-slide\" role=\"group\" aria-roledescription=\"slide\"><div class=\"swiper-slide-bg\" role=\"img\" aria-label=\"Destaque-Home-dados\"><\/div><a class=\"swiper-slide-inner\" href=\"https:\/\/www.youtube.com\/watch?v=8KkcbL9JKNI\" target=\"_blank\" rel=\"noopener\"><div class=\"swiper-slide-contents\"><div class=\"elementor-slide-heading\"><br\/><\/div><div class=\"elementor-slide-description\"><br\/><\/div><div  class=\"elementor-button elementor-slide-button elementor-size-xs\">\u00c9 simples e r\u00e1pido com o nosso v\u00eddeo tutorial!<\/div><\/div><\/a><\/div><div class=\"elementor-repeater-item-0e94094 swiper-slide\" role=\"group\" aria-roledescription=\"slide\"><div class=\"swiper-slide-bg\"><\/div><a class=\"swiper-slide-inner\" href=\"https:\/\/rift-gep.ordemdosfisioterapeutas.pt\" target=\"_blank\"><div class=\"swiper-slide-contents\"><div class=\"elementor-slide-heading\"><img decoding=\"async\" src=\"https:\/\/ordemdosfisioterapeutas.pt\/wp-content\/uploads\/2023\/08\/rift-logo.png\" style=\"width:200px\"><\/img><\/div><div class=\"elementor-slide-description\"><span class=\"elementor-slide-heading\">Rede de Investigadores em Fisioterapia<\/span><\/div><div  class=\"elementor-button elementor-slide-button elementor-size-xs\">Saiba mais...<\/div><\/div><\/a><\/div><div class=\"elementor-repeater-item-919aa6e swiper-slide\" role=\"group\" aria-roledescription=\"slide\"><div class=\"swiper-slide-bg\" role=\"img\" aria-label=\"destaque_home_noticias-2\"><\/div><div class=\"elementor-background-overlay\"><\/div><a class=\"swiper-slide-inner\" href=\"https:\/\/ordemdosfisioterapeutas.pt\/category\/noticias\/\"><div class=\"swiper-slide-contents\"><div class=\"elementor-slide-heading\">Not\u00edcias da Ordem!<\/div><div  class=\"elementor-button elementor-slide-button elementor-size-xs\">Leia aqui<\/div><\/div><\/a><\/div><div class=\"elementor-repeater-item-d0351c6 swiper-slide\" role=\"group\" aria-roledescription=\"slide\"><div class=\"swiper-slide-bg\" role=\"img\" aria-label=\"membro_ordem\"><\/div><a class=\"swiper-slide-inner\" href=\"https:\/\/ordemdosfisioterapeutas.pt\/inscricao-na-ordem-dos-fisioterapeutas\/\"><div class=\"swiper-slide-contents\"><div class=\"elementor-slide-heading\">Torne-se membro da Ordem!<\/div><div  class=\"elementor-button elementor-slide-button elementor-size-xs\">Inscreva-se aqui<\/div><\/div><\/a><\/div>\t\t\t\t<\/div>\n\t\t\t\t\t\t\t\t\t\t\t\t\t\t\t<div class=\"elementor-swiper-button elementor-swiper-button-prev\" role=\"button\" tabindex=\"0\" aria-label=\"Deslizamento anterior\">\n\t\t\t\t\t\t\t<i aria-hidden=\"true\" class=\"eicon-chevron-left\"><\/i>\t\t\t\t\t\t<\/div>\n\t\t\t\t\t\t<div class=\"elementor-swiper-button elementor-swiper-button-next\" role=\"button\" tabindex=\"0\" aria-label=\"Pr\u00f3ximo slide\">\n\t\t\t\t\t\t\t<i aria-hidden=\"true\" class=\"eicon-chevron-right\"><\/i>\t\t\t\t\t\t<\/div>\n\t\t\t\t\t\t\t\t\t\t\t\t\t\t\t\t<div class=\"swiper-pagination\"><\/div>\n\t\t\t\t\t\t\t\t\t\t\t\t<\/div>\n\t\t\t\t<\/div>\n\t\t\t\t\t\t\t\t<\/div>\n\t\t\t\t<\/div>\n\t\t\t\t\t<\/div>\n\t\t<\/div>\n\t\t\t\t\t<\/div>\n\t\t<\/section>\n\t\t\t\t<section class=\"elementor-section elementor-top-section elementor-element elementor-element-5329405 elementor-section-boxed elementor-section-height-default elementor-section-height-default\" data-id=\"5329405\" data-element_type=\"section\" data-e-type=\"section\" data-settings=\"{&quot;background_background&quot;:&quot;classic&quot;}\">\n\t\t\t\t\t\t<div class=\"elementor-container elementor-column-gap-default\">\n\t\t\t\t\t<div class=\"elementor-column elementor-col-33 elementor-top-column elementor-element elementor-element-db31e62\" data-id=\"db31e62\" data-element_type=\"column\" data-e-type=\"column\">\n\t\t\t<div class=\"elementor-widget-wrap elementor-element-populated\">\n\t\t\t\t\t\t<div class=\"elementor-element elementor-element-d066c9f elementor-view-default elementor-position-block-start elementor-mobile-position-block-start elementor-widget elementor-widget-icon-box\" data-id=\"d066c9f\" data-element_type=\"widget\" data-e-type=\"widget\" data-widget_type=\"icon-box.default\">\n\t\t\t\t<div class=\"elementor-widget-container\">\n\t\t\t\t\t\t\t<div class=\"elementor-icon-box-wrapper\">\n\n\t\t\t\t\t\t<div class=\"elementor-icon-box-icon\">\n\t\t\t\t<a href=\"https:\/\/ordemdosfisioterapeutas.pt\/inscricao-na-ordem-dos-fisioterapeutas\/\" class=\"elementor-icon\" tabindex=\"-1\" aria-label=\"INSCRI\u00c7\u00c3O NA ORDEM\">\n\t\t\t\t<i aria-hidden=\"true\" class=\"fas fa-pen-fancy\"><\/i>\t\t\t\t<\/a>\n\t\t\t<\/div>\n\t\t\t\n\t\t\t\t\t\t<div class=\"elementor-icon-box-content\">\n\n\t\t\t\t\t\t\t\t\t<h3 class=\"elementor-icon-box-title\">\n\t\t\t\t\t\t<a href=\"https:\/\/ordemdosfisioterapeutas.pt\/inscricao-na-ordem-dos-fisioterapeutas\/\">\n\t\t\t\t\t\t\tINSCRI\u00c7\u00c3O NA ORDEM\t\t\t\t\t\t<\/a>\n\t\t\t\t\t<\/h3>\n\t\t\t\t\n\t\t\t\t\t\t\t\t\t<p class=\"elementor-icon-box-description\">\n\t\t\t\t\t\tFormul\u00e1rio de inscri\u00e7\u00e3o na Ordem para os Fisioterapeutas.\t\t\t\t\t<\/p>\n\t\t\t\t\n\t\t\t<\/div>\n\t\t\t\n\t\t<\/div>\n\t\t\t\t\t\t<\/div>\n\t\t\t\t<\/div>\n\t\t\t\t\t<\/div>\n\t\t<\/div>\n\t\t\t\t<div class=\"elementor-column elementor-col-33 elementor-top-column elementor-element elementor-element-15c0233\" data-id=\"15c0233\" data-element_type=\"column\" data-e-type=\"column\">\n\t\t\t<div class=\"elementor-widget-wrap elementor-element-populated\">\n\t\t\t\t\t\t<div class=\"elementor-element elementor-element-ab13ae2 elementor-view-default elementor-position-block-start elementor-mobile-position-block-start elementor-widget elementor-widget-icon-box\" data-id=\"ab13ae2\" data-element_type=\"widget\" data-e-type=\"widget\" data-widget_type=\"icon-box.default\">\n\t\t\t\t<div class=\"elementor-widget-container\">\n\t\t\t\t\t\t\t<div class=\"elementor-icon-box-wrapper\">\n\n\t\t\t\t\t\t<div class=\"elementor-icon-box-icon\">\n\t\t\t\t<a href=\"#\" class=\"elementor-icon\" tabindex=\"-1\" aria-label=\"EMISS\u00c3O DE DOCUMENTOS\">\n\t\t\t\t<i aria-hidden=\"true\" class=\"far fa-file-alt\"><\/i>\t\t\t\t<\/a>\n\t\t\t<\/div>\n\t\t\t\n\t\t\t\t\t\t<div class=\"elementor-icon-box-content\">\n\n\t\t\t\t\t\t\t\t\t<h3 class=\"elementor-icon-box-title\">\n\t\t\t\t\t\t<a href=\"#\" >\n\t\t\t\t\t\t\tEMISS\u00c3O DE DOCUMENTOS\t\t\t\t\t\t<\/a>\n\t\t\t\t\t<\/h3>\n\t\t\t\t\n\t\t\t\t\t\t\t\t\t<p class=\"elementor-icon-box-description\">\n\t\t\t\t\t\t<i class=\"fas fa-link\"><\/i> <a href=\"https:\/\/portal.ordemdosfisioterapeutas.pt\/of-auth\/?app_ref=e985d1b30a025a19af003c638a7f64a2\">\n<u>Fisioterapeutas<\/u><\/a>\n<br>\n<i class=\"fas fa-link\"><\/i> <a href=\"https:\/\/portal.ordemdosfisioterapeutas.pt\/area-membros\/products-public\/\">\n\n<u>Cidad\u00e3o<\/u><\/a>\t\t\t\t\t<\/p>\n\t\t\t\t\n\t\t\t<\/div>\n\t\t\t\n\t\t<\/div>\n\t\t\t\t\t\t<\/div>\n\t\t\t\t<\/div>\n\t\t\t\t\t<\/div>\n\t\t<\/div>\n\t\t\t\t<div class=\"elementor-column elementor-col-33 elementor-top-column elementor-element elementor-element-3227ddf\" data-id=\"3227ddf\" data-element_type=\"column\" data-e-type=\"column\">\n\t\t\t<div class=\"elementor-widget-wrap elementor-element-populated\">\n\t\t\t\t\t\t<div class=\"elementor-element elementor-element-45a8a34 elementor-view-default elementor-position-block-start elementor-mobile-position-block-start elementor-widget elementor-widget-icon-box\" data-id=\"45a8a34\" data-element_type=\"widget\" data-e-type=\"widget\" data-widget_type=\"icon-box.default\">\n\t\t\t\t<div class=\"elementor-widget-container\">\n\t\t\t\t\t\t\t<div class=\"elementor-icon-box-wrapper\">\n\n\t\t\t\t\t\t<div class=\"elementor-icon-box-icon\">\n\t\t\t\t<a href=\"https:\/\/ordemdosfisioterapeutas.pt\/cidadao\/\" class=\"elementor-icon\" tabindex=\"-1\" aria-label=\"CIDAD\u00c3O\">\n\t\t\t\t<i aria-hidden=\"true\" class=\"fas fa-user\"><\/i>\t\t\t\t<\/a>\n\t\t\t<\/div>\n\t\t\t\n\t\t\t\t\t\t<div class=\"elementor-icon-box-content\">\n\n\t\t\t\t\t\t\t\t\t<h3 class=\"elementor-icon-box-title\">\n\t\t\t\t\t\t<a href=\"https:\/\/ordemdosfisioterapeutas.pt\/cidadao\/\">\n\t\t\t\t\t\t\tCIDAD\u00c3O\t\t\t\t\t\t<\/a>\n\t\t\t\t\t<\/h3>\n\t\t\t\t\n\t\t\t\t\t\t\t\t\t<p class=\"elementor-icon-box-description\">\n\t\t\t\t\t\tInforma\u00e7\u00f5es \u00fateis para o p\u00fablico em geral.\t\t\t\t\t<\/p>\n\t\t\t\t\n\t\t\t<\/div>\n\t\t\t\n\t\t<\/div>\n\t\t\t\t\t\t<\/div>\n\t\t\t\t<\/div>\n\t\t\t\t\t<\/div>\n\t\t<\/div>\n\t\t\t\t\t<\/div>\n\t\t<\/section>\n\t\t\t\t<section class=\"elementor-section elementor-top-section elementor-element elementor-element-fafced3 elementor-section-boxed elementor-section-height-default elementor-section-height-default\" data-id=\"fafced3\" data-element_type=\"section\" data-e-type=\"section\">\n\t\t\t\t\t\t<div class=\"elementor-container elementor-column-gap-default\">\n\t\t\t\t\t<div class=\"elementor-column elementor-col-100 elementor-top-column elementor-element elementor-element-b47580f\" data-id=\"b47580f\" data-element_type=\"column\" data-e-type=\"column\">\n\t\t\t<div class=\"elementor-widget-wrap elementor-element-populated\">\n\t\t\t\t\t\t<div class=\"elementor-element elementor-element-ad79ea6 elementor-widget elementor-widget-heading\" data-id=\"ad79ea6\" data-element_type=\"widget\" data-e-type=\"widget\" data-widget_type=\"heading.default\">\n\t\t\t\t<div class=\"elementor-widget-container\">\n\t\t\t\t\t<h2 class=\"elementor-heading-title elementor-size-default\">NOT\u00cdCIAS<\/h2>\t\t\t\t<\/div>\n\t\t\t\t<\/div>\n\t\t\t\t<div class=\"elementor-element elementor-element-3484107 elementor-grid-3 elementor-grid-tablet-2 elementor-grid-mobile-1 elementor-posts--thumbnail-top elementor-card-shadow-yes elementor-posts__hover-gradient elementor-widget elementor-widget-posts\" data-id=\"3484107\" data-element_type=\"widget\" data-e-type=\"widget\" data-settings=\"{&quot;cards_columns&quot;:&quot;3&quot;,&quot;cards_columns_tablet&quot;:&quot;2&quot;,&quot;cards_columns_mobile&quot;:&quot;1&quot;,&quot;cards_row_gap&quot;:{&quot;unit&quot;:&quot;px&quot;,&quot;size&quot;:35,&quot;sizes&quot;:[]},&quot;cards_row_gap_tablet&quot;:{&quot;unit&quot;:&quot;px&quot;,&quot;size&quot;:&quot;&quot;,&quot;sizes&quot;:[]},&quot;cards_row_gap_mobile&quot;:{&quot;unit&quot;:&quot;px&quot;,&quot;size&quot;:&quot;&quot;,&quot;sizes&quot;:[]}}\" data-widget_type=\"posts.cards\">\n\t\t\t\t<div class=\"elementor-widget-container\">\n\t\t\t\t\t\t\t<div class=\"elementor-posts-container elementor-posts elementor-posts--skin-cards elementor-grid\" role=\"list\">\n\t\t\t\t<article class=\"elementor-post elementor-grid-item post-4695 post type-post status-publish format-standard has-post-thumbnail hentry category-noticias\" role=\"listitem\">\n\t\t\t<div class=\"elementor-post__card\">\n\t\t\t\t<a class=\"elementor-post__thumbnail__link\" href=\"https:\/\/ordemdosfisioterapeutas.pt\/pt\/noticias\/fisioterapeutas-seguro-de-responsabilidade-civil-profissional\/\" tabindex=\"-1\"><div class=\"elementor-post__thumbnail\"><img fetchpriority=\"high\" decoding=\"async\" width=\"300\" height=\"200\" src=\"https:\/\/ordemdosfisioterapeutas.pt\/wp-content\/uploads\/2022\/06\/Fisioterapeutas-seguro-de-responsabilidade-civil-profissional-300x200.jpg\" class=\"attachment-medium size-medium wp-image-4696\" alt=\"Fisioterapeutas: seguro de responsabilidade civil profissional\" srcset=\"https:\/\/ordemdosfisioterapeutas.pt\/wp-content\/uploads\/2022\/06\/Fisioterapeutas-seguro-de-responsabilidade-civil-profissional-300x200.jpg 300w, https:\/\/ordemdosfisioterapeutas.pt\/wp-content\/uploads\/2022\/06\/Fisioterapeutas-seguro-de-responsabilidade-civil-profissional-1024x683.jpg 1024w, https:\/\/ordemdosfisioterapeutas.pt\/wp-content\/uploads\/2022\/06\/Fisioterapeutas-seguro-de-responsabilidade-civil-profissional-768x512.jpg 768w, https:\/\/ordemdosfisioterapeutas.pt\/wp-content\/uploads\/2022\/06\/Fisioterapeutas-seguro-de-responsabilidade-civil-profissional-18x12.jpg 18w, https:\/\/ordemdosfisioterapeutas.pt\/wp-content\/uploads\/2022\/06\/Fisioterapeutas-seguro-de-responsabilidade-civil-profissional.jpg 1500w\" sizes=\"(max-width: 300px) 100vw, 300px\" \/><\/div><\/a>\n\t\t\t\t<div class=\"elementor-post__text\">\n\t\t\t\t<h3 class=\"elementor-post__title\">\n\t\t\t<a href=\"https:\/\/ordemdosfisioterapeutas.pt\/pt\/noticias\/fisioterapeutas-seguro-de-responsabilidade-civil-profissional\/\">\n\t\t\t\tFisioterapeutas:\u00a0seguro de responsabilidade civil profissional\t\t\t<\/a>\n\t\t<\/h3>\n\t\t\t\t<div class=\"elementor-post__excerpt\">\n\t\t\t<p>J\u00e1 se encontra em vigor o seguro de responsabilidade civil profissional, na sequ\u00eancia do concurso p\u00fablico promovido pela Ordem dos Fisioterapeutas. <\/p>\n\t\t<\/div>\n\t\t\n\t\t<a class=\"elementor-post__read-more\" href=\"https:\/\/ordemdosfisioterapeutas.pt\/pt\/noticias\/fisioterapeutas-seguro-de-responsabilidade-civil-profissional\/\" aria-label=\"Read more about Fisioterapeutas:\u00a0seguro de responsabilidade civil profissional\" tabindex=\"-1\">\n\t\t\tLEIA MAIS &gt;&gt;\t\t<\/a>\n\n\t\t\t\t<\/div>\n\t\t\t\t<div class=\"elementor-post__meta-data\">\n\t\t\t\t\t<span class=\"elementor-post-date\">\n\t\t\tAbril 16, 2026\t\t<\/span>\n\t\t\t\t<\/div>\n\t\t\t\t\t<\/div>\n\t\t<\/article>\n\t\t\t\t<article class=\"elementor-post elementor-grid-item post-13217 post type-post status-publish format-standard has-post-thumbnail hentry category-noticias\" role=\"listitem\">\n\t\t\t<div class=\"elementor-post__card\">\n\t\t\t\t<a class=\"elementor-post__thumbnail__link\" href=\"https:\/\/ordemdosfisioterapeutas.pt\/pt\/noticias\/dia-mundial-da-saude-juntos-pela-saude-ao-lado-da-ciencia\/\" tabindex=\"-1\"><div class=\"elementor-post__thumbnail\"><img decoding=\"async\" width=\"300\" height=\"169\" src=\"https:\/\/ordemdosfisioterapeutas.pt\/wp-content\/uploads\/2026\/04\/Uma-so-saude-300x169.jpg\" class=\"attachment-medium size-medium wp-image-13218\" alt=\"\" srcset=\"https:\/\/ordemdosfisioterapeutas.pt\/wp-content\/uploads\/2026\/04\/Uma-so-saude-300x169.jpg 300w, https:\/\/ordemdosfisioterapeutas.pt\/wp-content\/uploads\/2026\/04\/Uma-so-saude-1024x578.jpg 1024w, https:\/\/ordemdosfisioterapeutas.pt\/wp-content\/uploads\/2026\/04\/Uma-so-saude-768x433.jpg 768w, https:\/\/ordemdosfisioterapeutas.pt\/wp-content\/uploads\/2026\/04\/Uma-so-saude-1536x866.jpg 1536w, https:\/\/ordemdosfisioterapeutas.pt\/wp-content\/uploads\/2026\/04\/Uma-so-saude-2048x1155.jpg 2048w, https:\/\/ordemdosfisioterapeutas.pt\/wp-content\/uploads\/2026\/04\/Uma-so-saude-18x10.jpg 18w\" sizes=\"(max-width: 300px) 100vw, 300px\" \/><\/div><\/a>\n\t\t\t\t<div class=\"elementor-post__text\">\n\t\t\t\t<h3 class=\"elementor-post__title\">\n\t\t\t<a href=\"https:\/\/ordemdosfisioterapeutas.pt\/pt\/noticias\/dia-mundial-da-saude-juntos-pela-saude-ao-lado-da-ciencia\/\">\n\t\t\t\tDia Mundial da Sa\u00fade: Juntos pela sa\u00fade. Ao lado da ci\u00eancia\t\t\t<\/a>\n\t\t<\/h3>\n\t\t\t\t<div class=\"elementor-post__excerpt\">\n\t\t\t<p>Assinala-se hoje, 7 de abril, o Dia Mundial da Sa\u00fade. Em 2026, a Organiza\u00e7\u00e3o Mundial da Sa\u00fade (OMS) assinala esta data sob o mote \u201cJuntos pela sa\u00fade. Ao lado da ci\u00eancia.\u201d, sublinhando a import\u00e2ncia de decis\u00f5es em sa\u00fade orientadas pela evid\u00eancia, da confian\u00e7a em fontes cred\u00edveis e da colabora\u00e7\u00e3o como base para respostas mais eficazes em sa\u00fade p\u00fablica.<\/p>\n\t\t<\/div>\n\t\t\n\t\t<a class=\"elementor-post__read-more\" href=\"https:\/\/ordemdosfisioterapeutas.pt\/pt\/noticias\/dia-mundial-da-saude-juntos-pela-saude-ao-lado-da-ciencia\/\" aria-label=\"Read more about Dia Mundial da Sa\u00fade: Juntos pela sa\u00fade. Ao lado da ci\u00eancia\" tabindex=\"-1\">\n\t\t\tLEIA MAIS &gt;&gt;\t\t<\/a>\n\n\t\t\t\t<\/div>\n\t\t\t\t<div class=\"elementor-post__meta-data\">\n\t\t\t\t\t<span class=\"elementor-post-date\">\n\t\t\tAbril 7, 2026\t\t<\/span>\n\t\t\t\t<\/div>\n\t\t\t\t\t<\/div>\n\t\t<\/article>\n\t\t\t\t<article class=\"elementor-post elementor-grid-item post-13201 post type-post status-publish format-standard has-post-thumbnail hentry category-noticias\" role=\"listitem\">\n\t\t\t<div class=\"elementor-post__card\">\n\t\t\t\t<a class=\"elementor-post__thumbnail__link\" href=\"https:\/\/ordemdosfisioterapeutas.pt\/pt\/noticias\/dia-mundial-da-atividade-fisica-pelo-movimento-promovemos-mais-saude\/\" tabindex=\"-1\"><div class=\"elementor-post__thumbnail\"><img decoding=\"async\" width=\"300\" height=\"200\" src=\"https:\/\/ordemdosfisioterapeutas.pt\/wp-content\/uploads\/2026\/04\/facebook-6-abril-2026-300x200.jpg\" class=\"attachment-medium size-medium wp-image-13202\" alt=\"\" srcset=\"https:\/\/ordemdosfisioterapeutas.pt\/wp-content\/uploads\/2026\/04\/facebook-6-abril-2026-300x200.jpg 300w, https:\/\/ordemdosfisioterapeutas.pt\/wp-content\/uploads\/2026\/04\/facebook-6-abril-2026-1024x683.jpg 1024w, https:\/\/ordemdosfisioterapeutas.pt\/wp-content\/uploads\/2026\/04\/facebook-6-abril-2026-768x512.jpg 768w, https:\/\/ordemdosfisioterapeutas.pt\/wp-content\/uploads\/2026\/04\/facebook-6-abril-2026-1536x1024.jpg 1536w, https:\/\/ordemdosfisioterapeutas.pt\/wp-content\/uploads\/2026\/04\/facebook-6-abril-2026-2048x1365.jpg 2048w, https:\/\/ordemdosfisioterapeutas.pt\/wp-content\/uploads\/2026\/04\/facebook-6-abril-2026-18x12.jpg 18w\" sizes=\"(max-width: 300px) 100vw, 300px\" \/><\/div><\/a>\n\t\t\t\t<div class=\"elementor-post__text\">\n\t\t\t\t<h3 class=\"elementor-post__title\">\n\t\t\t<a href=\"https:\/\/ordemdosfisioterapeutas.pt\/pt\/noticias\/dia-mundial-da-atividade-fisica-pelo-movimento-promovemos-mais-saude\/\">\n\t\t\t\tDia Mundial da Atividade F\u00edsica: pelo movimento, promovemos mais sa\u00fade\t\t\t<\/a>\n\t\t<\/h3>\n\t\t\t\t<div class=\"elementor-post__excerpt\">\n\t\t\t<p>Assinala-se o Dia Mundial da Atividade F\u00edsica, uma data institu\u00edda pela Organiza\u00e7\u00e3o Mundial de Sa\u00fade (OMS) que recorda a import\u00e2ncia do movimento para a sa\u00fade das pessoas e das comunidades.<\/p>\n\t\t<\/div>\n\t\t\n\t\t<a class=\"elementor-post__read-more\" href=\"https:\/\/ordemdosfisioterapeutas.pt\/pt\/noticias\/dia-mundial-da-atividade-fisica-pelo-movimento-promovemos-mais-saude\/\" aria-label=\"Read more about Dia Mundial da Atividade F\u00edsica: pelo movimento, promovemos mais sa\u00fade\" tabindex=\"-1\">\n\t\t\tLEIA MAIS &gt;&gt;\t\t<\/a>\n\n\t\t\t\t<\/div>\n\t\t\t\t<div class=\"elementor-post__meta-data\">\n\t\t\t\t\t<span class=\"elementor-post-date\">\n\t\t\tAbril 6, 2026\t\t<\/span>\n\t\t\t\t<\/div>\n\t\t\t\t\t<\/div>\n\t\t<\/article>\n\t\t\t\t<\/div>\n\t\t\n\t\t\t\t\t\t<\/div>\n\t\t\t\t<\/div>\n\t\t\t\t<div class=\"elementor-element elementor-element-7086937 elementor-align-center elementor-widget elementor-widget-button\" data-id=\"7086937\" data-element_type=\"widget\" data-e-type=\"widget\" data-widget_type=\"button.default\">\n\t\t\t\t<div class=\"elementor-widget-container\">\n\t\t\t\t\t\t\t\t\t<div class=\"elementor-button-wrapper\">\n\t\t\t\t\t<a class=\"elementor-button elementor-button-link elementor-size-xs elementor-animation-shrink\" href=\"https:\/\/ordemdosfisioterapeutas.pt\/category\/noticias\/\">\n\t\t\t\t\t\t<span class=\"elementor-button-content-wrapper\">\n\t\t\t\t\t\t<span class=\"elementor-button-icon\">\n\t\t\t\t<i aria-hidden=\"true\" class=\"fas fa-plus\"><\/i>\t\t\t<\/span>\n\t\t\t\t\t\t\t\t\t<span class=\"elementor-button-text\">Not\u00edcias<\/span>\n\t\t\t\t\t<\/span>\n\t\t\t\t\t<\/a>\n\t\t\t\t<\/div>\n\t\t\t\t\t\t\t\t<\/div>\n\t\t\t\t<\/div>\n\t\t\t\t<div class=\"elementor-element elementor-element-a4d7110 elementor-align-center elementor-widget elementor-widget-button\" data-id=\"a4d7110\" data-element_type=\"widget\" data-e-type=\"widget\" data-widget_type=\"button.default\">\n\t\t\t\t<div class=\"elementor-widget-container\">\n\t\t\t\t\t<style>.elementor-element-a4d7110{display:none !important}<\/style>\t\t\t\t<\/div>\n\t\t\t\t<\/div>\n\t\t\t\t\t<\/div>\n\t\t<\/div>\n\t\t\t\t\t<\/div>\n\t\t<\/section>\n\t\t\t\t<\/div>\n\t\t","protected":false},"excerpt":{"rendered":"<p>Comiss\u00f5es instaladoras das especialidadesCandidaturas abertas de 1 a 31 de maio Aceder na \u00e1rea reservadaAtive a sua c\u00e9dula profissional j\u00e1 dispon\u00edvel na app gov.pt Saber mais Como ativar Elei\u00e7\u00f5es complementares para a Dire\u00e7\u00e3o Regional da Madeira e para a Mesa da Assembleia Regional do Sul. Ato eleitoral: 18 de maio de 2026 Cadernos Eleitorais Comiss\u00e3o &#8230; <a title=\"Dia Mundial da Atividade F\u00edsica: pelo movimento, promovemos mais sa\u00fade\" class=\"read-more\" href=\"https:\/\/ordemdosfisioterapeutas.pt\/pt\/noticias\/dia-mundial-da-atividade-fisica-pelo-movimento-promovemos-mais-saude\/\" aria-label=\"Leia mais sobre Dia Mundial da Atividade F\u00edsica: pelo movimento, promovemos mais sa\u00fade\">Ler mais<\/a><\/p>\n","protected":false},"author":1,"featured_media":0,"parent":0,"menu_order":0,"comment_status":"closed","ping_status":"closed","template":"elementor_header_footer","meta":{"footnotes":""},"class_list":["post-36","page","type-page","status-publish","hentry"],"_links":{"self":[{"href":"https:\/\/ordemdosfisioterapeutas.pt\/pt\/wp-json\/wp\/v2\/pages\/36","targetHints":{"allow":["GET"]}}],"collection":[{"href":"https:\/\/ordemdosfisioterapeutas.pt\/pt\/wp-json\/wp\/v2\/pages"}],"about":[{"href":"https:\/\/ordemdosfisioterapeutas.pt\/pt\/wp-json\/wp\/v2\/types\/page"}],"author":[{"embeddable":true,"href":"https:\/\/ordemdosfisioterapeutas.pt\/pt\/wp-json\/wp\/v2\/users\/1"}],"replies":[{"embeddable":true,"href":"https:\/\/ordemdosfisioterapeutas.pt\/pt\/wp-json\/wp\/v2\/comments?post=36"}],"version-history":[{"count":102,"href":"https:\/\/ordemdosfisioterapeutas.pt\/pt\/wp-json\/wp\/v2\/pages\/36\/revisions"}],"predecessor-version":[{"id":13314,"href":"https:\/\/ordemdosfisioterapeutas.pt\/pt\/wp-json\/wp\/v2\/pages\/36\/revisions\/13314"}],"wp:attachment":[{"href":"https:\/\/ordemdosfisioterapeutas.pt\/pt\/wp-json\/wp\/v2\/media?parent=36"}],"curies":[{"name":"wp","href":"https:\/\/api.w.org\/{rel}","templated":true}]}}