{"id":8188,"date":"2024-06-04T17:38:50","date_gmt":"2024-06-04T16:38:50","guid":{"rendered":"https:\/\/ordemdosfisioterapeutas.pt\/?page_id=8188"},"modified":"2024-06-04T17:44:05","modified_gmt":"2024-06-04T16:44:05","slug":"avisos-legais","status":"publish","type":"page","link":"https:\/\/ordemdosfisioterapeutas.pt\/fr\/avisos-legais\/","title":{"rendered":"Avis juridiques"},"content":{"rendered":"<div data-elementor-type=\"wp-page\" data-elementor-id=\"8188\" class=\"elementor elementor-8188\" data-elementor-post-type=\"page\">\n\t\t\t\t<div class=\"elementor-element elementor-element-807b185 e-flex e-con-boxed e-con e-parent\" data-id=\"807b185\" data-element_type=\"container\" data-e-type=\"container\">\n\t\t\t\t\t<div class=\"e-con-inner\">\n\t\t\t\t<div class=\"elementor-element elementor-element-00bfdb5 elementor-widget elementor-widget-text-editor\" data-id=\"00bfdb5\" data-element_type=\"widget\" data-e-type=\"widget\" data-widget_type=\"text-editor.default\">\n\t\t\t\t<div class=\"elementor-widget-container\">\n\t\t\t\t\t\t\t\t\t<p>Conform\u00e9ment aux dispositions l\u00e9gales applicables aux services de la soci\u00e9t\u00e9 de l'information et au commerce \u00e9lectronique, les pr\u00e9sentes mentions l\u00e9gales r\u00e9gissent l'acc\u00e8s et l'utilisation du site Ordem dos Fisioterapeutas.<\/p><p>Afin d'identifier correctement cette organisation, les informations suivantes sont fournies :<\/p><p><strong>Nom complet<\/strong>Ordre des physioth\u00e9rapeutes<\/p><p><strong>Num\u00e9ro d'identification fiscale (NIF) :<\/strong> 515\u00a0877\u00a0964<\/p><p><strong>Adresse du si\u00e8ge social :<\/strong> Centre LEAP - Espa\u00e7o Amoreiras, Rua D. Jo\u00e3o V, n\u00b0 24 - 1.03 ; 1250-091 Lisboa.<br \/><br \/><\/p><p>Toute personne acc\u00e9dant au site web de l'Ordem dos Fisioterapeutas assume le statut d'utilisateur et s'engage \u00e0 observer et \u00e0 respecter strictement les dispositions \u00e9nonc\u00e9es dans le pr\u00e9sent document, ainsi que toute autre disposition l\u00e9gale applicable.<\/p><p>L'acc\u00e8s et l'utilisation de ce site web conf\u00e8rent \u00e0 l'utilisateur la qualit\u00e9 d'utilisateur et impliquent l'acceptation pleine et enti\u00e8re de toutes les dispositions incluses dans les pr\u00e9sentes mentions l\u00e9gales, dans la version publi\u00e9e par l'Ordre des kin\u00e9sith\u00e9rapeutes au moment o\u00f9 l'utilisateur acc\u00e8de au site web. Nous vous conseillons d'en prendre connaissance au pr\u00e9alable.<br \/><br \/><\/p><p><strong>Politique de confidentialit\u00e9 :<\/strong><\/p><p>Questions juridiques relatives \u00e0 <em>site web<\/em> peuvent \u00eatre clarifi\u00e9es en consultant la politique de confidentialit\u00e9 et de protection des donn\u00e9es de l'Ordre des physioth\u00e9rapeutes, disponible \u00e0 l'adresse suivante <span style=\"text-decoration: underline;\"><a href=\"https:\/\/ordemdosfisioterapeutas.pt\/fr\/politica-de-privacidade\/\" target=\"_blank\" rel=\"noopener\">ici<\/a><\/span>.<br \/><br \/><\/p><p><strong>Utilisation et diffusion \u00e0 titre personnel :<\/strong><\/p><p>L'acc\u00e8s et l'utilisation du site sont exclusivement r\u00e9serv\u00e9s \u00e0 un usage personnel et \u00e0 la diffusion des activit\u00e9s de l'Ordre des kin\u00e9sith\u00e9rapeutes au profit de ses membres. L'Ordre des kin\u00e9sith\u00e9rapeutes se r\u00e9serve le droit de cl\u00f4turer les comptes des utilisateurs qui contreviendraient \u00e0 ces dispositions, notamment en cas de perturbation du fonctionnement normal du site. <em>site web<\/em>.<br \/><br \/><\/p><p><strong>R\u00e9f\u00e9rences d'acc\u00e8s :<\/strong><\/p><p>Pour acc\u00e9der aux zones r\u00e9serv\u00e9es, l'utilisateur est responsable de la conservation et de l'utilisation correcte de ses identifiants, tels que le nom d'utilisateur et le mot de passe, qui ne doivent pas \u00eatre communiqu\u00e9s \u00e0 des tiers.<br \/><br \/><\/p><p><strong>Responsabilit\u00e9 de l'utilisateur :<\/strong><\/p><p>L'utilisateur est seul responsable des informations personnelles qu'il fournit, en veillant \u00e0 ce qu'elles soient v\u00e9ridiques, correctes, compl\u00e8tes et \u00e0 jour. L'Ordre des physioth\u00e9rapeutes se r\u00e9serve le droit de suspendre l'inscription et de refuser l'acc\u00e8s \u00e0 <em>site web<\/em> si les informations fournies sont trompeuses.<br \/><br \/><\/p><p><strong>Notifications et avertissements :<\/strong><\/p><p>L'Ordre des kin\u00e9sith\u00e9rapeutes peut envoyer des avertissements \u00e0 l'utilisateur afin d'am\u00e9liorer l'interaction avec le site web de l'Ordre des kin\u00e9sith\u00e9rapeutes. <em>site web<\/em>en tenant compte du profil de l'utilisateur.<br \/><br \/><\/p><p><strong>Actions dans le compte d'utilisateur :<\/strong><\/p><p>L'utilisateur est seul responsable de toutes les actions effectu\u00e9es \u00e0 partir de son compte utilisateur. L'Ordre des kin\u00e9sith\u00e9rapeutes peut retirer la licence, arbitrairement et \u00e0 tout moment, en cas d'actes abusifs, frauduleux ou ill\u00e9gaux.<br \/><br \/><\/p><p><strong>Responsabilit\u00e9 de l'utilisation du contenu :<\/strong><\/p><p>L'utilisation du contenu du site web rel\u00e8ve de la seule responsabilit\u00e9 de l'utilisateur.<br \/><br \/><\/p><p><strong>Incorrections et erreurs :<\/strong><\/p><p>L'Ordre des physioth\u00e9rapeutes ne peut \u00eatre tenu responsable des inexactitudes, erreurs ou dommages r\u00e9sultant de l'utilisation des informations contenues dans ce site web. <em>site web<\/em>.<br \/><br \/><\/p><p><strong><em>Cookies<\/em><\/strong><strong>:<\/strong><\/p><p>Lors de l'utilisation de <em>site web<\/em>Afin d'am\u00e9liorer l'exp\u00e9rience de navigation, des cookies sont install\u00e9s. L'utilisateur peut configurer son navigateur pour accepter ou refuser les cookies. <em>biscuits<\/em>dans le message qui appara\u00eet lorsque vous visitez notre site web. <em>site web<\/em>mais cela peut nuire \u00e0 l'exp\u00e9rience de navigation.<br \/><br \/><\/p><p><strong>S\u00e9curit\u00e9 et interruptions :<\/strong><\/p><p>L'Ordre des kin\u00e9sith\u00e9rapeutes adopte des mesures de s\u00e9curit\u00e9 pour garantir l'int\u00e9grit\u00e9 des donn\u00e9es. L'acc\u00e8s aux <em>site web<\/em> peut \u00eatre temporairement suspendue pour des raisons de maintenance ou de mise en \u0153uvre de nouveaux services.<br \/><br \/><\/p><p><strong>Propri\u00e9t\u00e9 intellectuelle :<\/strong><\/p><p>O <em>site web <\/em>de l'Ordre des physioth\u00e9rapeutes et les contenus dont la propri\u00e9t\u00e9 intellectuelle appartient \u00e0 l'Ordre des physioth\u00e9rapeutes sont prot\u00e9g\u00e9s par les lois sur le droit d'auteur et la propri\u00e9t\u00e9 industrielle et ne peuvent \u00eatre copi\u00e9s, imit\u00e9s ou retransmis, sauf autorisation expresse de l'Ordre des physioth\u00e9rapeutes.<br \/><br \/><\/p><p><strong>Lien vers <em>sites web<\/em> de tiers :<\/strong><\/p><p>L'Ordre des physioth\u00e9rapeutes n'est pas responsable de l'interaction des utilisateurs avec <em>sites web<\/em> de tiers par le biais d'hyperliens (<em>liens)<\/em> disponible sur notre site <em>site web<\/em>.<br \/><br \/><\/p><p><strong>Dispositions finales :<\/strong><\/p><p>Lors de l'utilisation de <em>site web<\/em>l'utilisateur reconna\u00eet et accepte les dispositions \u00e9nonc\u00e9es dans le pr\u00e9sent document.<br \/><br \/><\/p><p>Tout litige sera soumis \u00e0 la comp\u00e9tence exclusive des tribunaux du district de Lisbonne.<\/p>\t\t\t\t\t\t\t\t<\/div>\n\t\t\t\t<\/div>\n\t\t\t\t\t<\/div>\n\t\t\t\t<\/div>\n\t\t\t\t<\/div>","protected":false},"excerpt":{"rendered":"<p>Conform\u00e9ment aux dispositions l\u00e9gales applicables aux services de la soci\u00e9t\u00e9 de l'information et au commerce \u00e9lectronique, les pr\u00e9sentes mentions l\u00e9gales r\u00e9gissent l'acc\u00e8s et l'utilisation du site web Ordem dos Fisioterapeutas. Afin d'identifier correctement cette organisation, les informations suivantes sont fournies : Nom complet : Ordem dos Fisioterapeutas Num\u00e9ro d'identification fiscale (NIF) : 515 877 964 Adresse du si\u00e8ge social : ... <a title=\"Avis juridiques\" class=\"read-more\" href=\"https:\/\/ordemdosfisioterapeutas.pt\/fr\/avisos-legais\/\" aria-label=\"En savoir plus sur Mentions l\u00e9gales\">En savoir plus<\/a><\/p>","protected":false},"author":1,"featured_media":0,"parent":0,"menu_order":0,"comment_status":"closed","ping_status":"closed","template":"","meta":{"footnotes":""},"class_list":["post-8188","page","type-page","status-publish"],"_links":{"self":[{"href":"https:\/\/ordemdosfisioterapeutas.pt\/fr\/wp-json\/wp\/v2\/pages\/8188","targetHints":{"allow":["GET"]}}],"collection":[{"href":"https:\/\/ordemdosfisioterapeutas.pt\/fr\/wp-json\/wp\/v2\/pages"}],"about":[{"href":"https:\/\/ordemdosfisioterapeutas.pt\/fr\/wp-json\/wp\/v2\/types\/page"}],"author":[{"embeddable":true,"href":"https:\/\/ordemdosfisioterapeutas.pt\/fr\/wp-json\/wp\/v2\/users\/1"}],"replies":[{"embeddable":true,"href":"https:\/\/ordemdosfisioterapeutas.pt\/fr\/wp-json\/wp\/v2\/comments?post=8188"}],"version-history":[{"count":0,"href":"https:\/\/ordemdosfisioterapeutas.pt\/fr\/wp-json\/wp\/v2\/pages\/8188\/revisions"}],"wp:attachment":[{"href":"https:\/\/ordemdosfisioterapeutas.pt\/fr\/wp-json\/wp\/v2\/media?parent=8188"}],"curies":[{"name":"wp","href":"https:\/\/api.w.org\/{rel}","templated":true}]}}