{"id":4762,"date":"2022-06-29T12:54:13","date_gmt":"2022-06-29T11:54:13","guid":{"rendered":"https:\/\/ordemdosfisioterapeutas.pt\/?page_id=4762"},"modified":"2026-04-16T21:18:23","modified_gmt":"2026-04-16T20:18:23","slug":"duvidas-e-perguntas-frequentes-seguro-de-responsabilidade-civil-profissional","status":"publish","type":"page","link":"https:\/\/ordemdosfisioterapeutas.pt\/fr\/duvidas-e-perguntas-frequentes-seguro-de-responsabilidade-civil-profissional\/","title":{"rendered":"Doutes et questions fr\u00e9quemment pos\u00e9es - Assurance responsabilit\u00e9 civile professionnelle"},"content":{"rendered":"<div data-elementor-type=\"wp-page\" data-elementor-id=\"4762\" class=\"elementor elementor-4762\" data-elementor-post-type=\"page\">\n\t\t\t\t\t\t<section class=\"elementor-section elementor-top-section elementor-element elementor-element-f3df184 elementor-section-boxed elementor-section-height-default elementor-section-height-default\" data-id=\"f3df184\" data-element_type=\"section\" data-e-type=\"section\">\n\t\t\t\t\t\t<div class=\"elementor-container elementor-column-gap-default\">\n\t\t\t\t\t<div class=\"elementor-column elementor-col-100 elementor-top-column elementor-element elementor-element-b1268bd\" data-id=\"b1268bd\" data-element_type=\"column\" data-e-type=\"column\">\n\t\t\t<div class=\"elementor-widget-wrap elementor-element-populated\">\n\t\t\t\t\t\t<div class=\"elementor-element elementor-element-291624d elementor-widget elementor-widget-text-editor\" data-id=\"291624d\" data-element_type=\"widget\" data-e-type=\"widget\" data-widget_type=\"text-editor.default\">\n\t\t\t\t<div class=\"elementor-widget-container\">\n\t\t\t\t\t\t\t\t\t<p><strong>1 - Qui peut b\u00e9n\u00e9ficier de l'assurance responsabilit\u00e9 civile professionnelle de l'Association portugaise des physioth\u00e9rapeutes ?<\/strong><\/p><p>Tous les physioth\u00e9rapeutes inscrits \u00e0 l'Ordre qui n'ont pas fait l'objet d'une suspension ou d'une annulation de leur inscription.<\/p><p><strong>2 - A partir de quand puis-je b\u00e9n\u00e9ficier de l'assurance responsabilit\u00e9 civile professionnelle de l'Association des physioth\u00e9rapeutes ?<\/strong><\/p><p>A partir de la date de d\u00e9livrance de la carte professionnelle, qui co\u00efncide avec le moment du paiement de l'adh\u00e9sion \u00e0 l'Ordre des kin\u00e9sith\u00e9rapeutes.<\/p><p><strong>3 - Quand l'assurance responsabilit\u00e9 civile professionnelle de l'Association des physioth\u00e9rapeutes prend-elle effet ?<\/strong><\/p><p>Il est en vigueur depuis le 8 juin 2022 et a \u00e9t\u00e9 renouvel\u00e9 en 2025.<\/p><p><strong>4 - Quel est le montant \u00e0 payer pour la <\/strong><strong>Assurance responsabilit\u00e9 civile professionnelle fournie par l'Ordre des physioth\u00e9rapeutes<\/strong>?<\/p><p>Aucun paiement n'est n\u00e9cessaire, car il s'agit d'un avantage offert par l'Ordre \u00e0 tous les physioth\u00e9rapeutes ayant un enregistrement actif.<\/p><p><strong>5 - Dans quelle situation perd-on le droit \u00e0 l'assurance responsabilit\u00e9 civile professionnelle de l'Association portugaise des physioth\u00e9rapeutes ?<\/strong><\/p><p>A partir du moment o\u00f9 votre inscription est suspendue ou annul\u00e9e.<\/p><p><strong>6 - Quelle est la couverture de l'assurance responsabilit\u00e9 civile professionnelle ?<\/strong><\/p><p>\u00a0L'assurance responsabilit\u00e9 civile professionnelle garantit le paiement d'une indemnit\u00e9 jusqu'\u00e0 100 000 euros qui, conform\u00e9ment \u00e0 la l\u00e9gislation en vigueur, peut \u00eatre exig\u00e9e du kin\u00e9sith\u00e9rapeute, \u00e0 la suite d'une erreur, d'une omission ou d'une n\u00e9gligence commise par le kin\u00e9sith\u00e9rapeute dans le cadre de l'exercice de la profession de kin\u00e9sith\u00e9rapeute.<\/p><p>Cette assurance responsabilit\u00e9 professionnelle a \u00e9galement des associ\u00e9s :<\/p><p><strong>- Co\u00fbt de d\u00e9fense de 20 000<\/strong> \u20ac;<\/p><p>\u2013 <strong>Allocation mensuelle de d\u00e9ch\u00e9ance professionnelle<\/strong> - en vertu de la pr\u00e9sente<\/p><p>l'assureur verse un montant mensuel correspondant \u00e0 la r\u00e9mun\u00e9ration moyenne des 12 derniers mois pr\u00e9c\u00e9dant le sinistre, avec un maximum de 3 000,00 euros.<\/p><p>\u2013 <strong>Responsabilit\u00e9 d'exploitation - <\/strong>garantit la responsabilit\u00e9 civile du kin\u00e9sith\u00e9rapeute, d\u00e9rivant des risques inh\u00e9rents \u00e0 sa qualit\u00e9 de propri\u00e9taire de l'immeuble ou de la fraction et\/ou de l'administrateur des immeubles affect\u00e9s \u00e0 l'exercice de son activit\u00e9 de kin\u00e9sith\u00e9rapeute, \u00e0 concurrence de 20.000 \u20ac.<\/p><p><strong>7 - J'ai d\u00e9j\u00e0 une assurance responsabilit\u00e9 civile professionnelle. Puis-je conserver les deux ?<\/strong><\/p><p>Il n'est pas recommand\u00e9 de conserver les deux. La police de Fidelidade - Companhia de Seguros S.A. (ex\u00e9cut\u00e9e par Willis, Corretores de Seguros S.A.), n'est valable que si, \u00e0 la date du sinistre, le fait g\u00e9n\u00e9rateur du dommage n'est pas garanti par une autre police, comme indiqu\u00e9 dans les conditions et garanties sp\u00e9cifiques de la police, qui peuvent \u00eatre consult\u00e9es dans l'espace r\u00e9serv\u00e9 aux membres de l'Ordre des kin\u00e9sith\u00e9rapeutes. Si vous d\u00e9cidez de maintenir l'assurance responsabilit\u00e9 civile professionnelle de l'Ordre des kin\u00e9sith\u00e9rapeutes, vous devez, apr\u00e8s m\u00fbre r\u00e9flexion, renoncer \u00e0 celle que vous avez d\u00e9j\u00e0 souscrite. Si vous d\u00e9cidez de renoncer \u00e0 l'assurance de l'Ordre, vous devez communiquer cette d\u00e9cision, par \u00e9crit, \u00e0 l'adresse : <a href=\"mailto:____________@ordemdosfisioterapeutas.pt\">geral@ordemdosfisioterapeutas.pt<\/a><\/p><p><strong>8 - Que dois-je faire en cas de sinistre ?<\/strong><\/p><p>En cas de sinistre, vous devez remplir le formulaire \"<a href=\"https:\/\/ordemdosfisioterapeutas.pt\/wp-content\/uploads\/2022\/07\/Participacao-de-Sinistros-Responsabilidade-Civil_Editavel_mar2022.pdf\"><strong>D\u00e9claration des sinistres Responsabilit\u00e9<\/strong><\/a>\u201det l'envoyer par e-mail au service des sinistres de l'assureur : <a href=\"mailto:sinistros.pt@wtwco.com\">sinistros.pt@wtwco.com<\/a>.<\/p><p>Si des d\u00e9penses existent d\u00e9j\u00e0 au moment de la demande, vous devez verser le \"<a href=\"https:\/\/ordemdosfisioterapeutas.pt\/wp-content\/uploads\/2022\/07\/Documento-de-Despesa.indd_.pdf\"><strong>Document de d\u00e9penses<\/strong><\/a>\"correctement. La feuille de frais peut \u00e9galement \u00eatre envoy\u00e9e plus tard, \u00e0 condition que le num\u00e9ro de police y figure (il peut \u00eatre plac\u00e9 au-dessus du \"num\u00e9ro de sinistre\").<\/p><p>Ces deux documents se trouvent dans l'Espace r\u00e9serv\u00e9, sous l'onglet Assurance responsabilit\u00e9 civile &gt; Formulaires.<\/p><p><strong>9 - Si je d\u00e9cide de r\u00e9silier l'assurance responsabilit\u00e9 civile professionnelle de l'Ordre, b\u00e9n\u00e9ficierai-je d'une r\u00e9duction sur ma cotisation ?<\/strong><\/p><p>La valeur des honoraires n'a aucun rapport avec l'assurance, ce qui correspond \u00e0 une r\u00e9ponse trouv\u00e9e par le Conseil de l'Ordre des kin\u00e9sith\u00e9rapeutes \u00e0 l'obligation l\u00e9gale de tous les membres d'un ordre professionnel d'avoir une assurance responsabilit\u00e9 civile professionnelle.<\/p><p><strong>10 - Si je souhaite augmenter le montant de la couverture, puis-je le faire ?<\/strong><\/p><p>Vous pouvez \u00e9galement n\u00e9gocier des conditions suppl\u00e9mentaires avec Fidelidade - Companhia de Seguros S.A. ou toute autre compagnie d'assurance. Dans le cas de la premi\u00e8re, vous pouvez contacter le gestionnaire de compte, le Dr Andr\u00e9 Amorim, \u00e0 l'adresse \u00e9lectronique suivante : <span style=\"text-decoration: underline;\"><a href=\"mailto:andre.amorim@wtwco.com\">andre.amorim@wtwco.com<\/a><\/span><\/p><p><strong>11 - Quand l'assurance responsabilit\u00e9 professionnelle couvre-t-elle un sinistre ?<\/strong><\/p><p>L'assurance couvre les r\u00e9clamations pr\u00e9sent\u00e9es pour la premi\u00e8re fois au cours de la p\u00e9riode pendant laquelle la police est en vigueur. Elle peut \u00e9galement couvrir les r\u00e9clamations pr\u00e9sent\u00e9es jusqu'\u00e0 12 mois apr\u00e8s la fin du contrat, \u00e0 condition que l'erreur, l'acte ou l'omission se soit produit pendant la p\u00e9riode au cours de laquelle l'assurance \u00e9tait en vigueur et que le cas n'ait pas \u00e9t\u00e9 connu de l'assur\u00e9 ou de l'assureur auparavant.<\/p><p><strong>12 - Quelle est la franchise associ\u00e9e \u00e0 l'assurance responsabilit\u00e9 civile professionnelle de l'Association portugaise des physioth\u00e9rapeutes ?<\/strong><\/p><p>Il n'y a pas de franchise.<\/p><p><strong>13 - Comment puis-je contacter l'assureur ?<\/strong><\/p><p>Vous pouvez contacter le gestionnaire du compte, Dr Andr\u00e9 Amorim, \u00e0 l'adresse \u00e9lectronique suivante : <span style=\"text-decoration: underline;\"><a href=\"mailto:andre.amorim@wtwco.com\">andre.amorim@wtwco.com<\/a><\/span><\/p>\t\t\t\t\t\t\t\t<\/div>\n\t\t\t\t<\/div>\n\t\t\t\t\t<\/div>\n\t\t<\/div>\n\t\t\t\t\t<\/div>\n\t\t<\/section>\n\t\t\t\t<\/div>","protected":false},"excerpt":{"rendered":"<p>1 &#8211; Quem tem direito ao Seguro de Responsabilidade Civil Profissional da Ordem dos Fisioterapeutas? Todos os Fisioterapeutas inscritos na Ordem que n\u00e3o tenham a sua inscri\u00e7\u00e3o suspensa ou cancelada. 2 &#8211; A partir de que altura tenho direito ao Seguro de Responsabilidade Civil Profissional da Ordem dos Fisioterapeutas? A partir da data de atribui\u00e7\u00e3o &#8230; <a title=\"Doutes et questions fr\u00e9quemment pos\u00e9es - Assurance responsabilit\u00e9 civile professionnelle\" class=\"read-more\" href=\"https:\/\/ordemdosfisioterapeutas.pt\/fr\/duvidas-e-perguntas-frequentes-seguro-de-responsabilidade-civil-profissional\/\" aria-label=\"En savoir plus sur D\u00favidas e Perguntas Frequentes- Seguro de Responsabilidade Civil Profissional\">En savoir plus<\/a><\/p>","protected":false},"author":1,"featured_media":0,"parent":0,"menu_order":0,"comment_status":"closed","ping_status":"closed","template":"","meta":{"footnotes":""},"class_list":["post-4762","page","type-page","status-publish"],"_links":{"self":[{"href":"https:\/\/ordemdosfisioterapeutas.pt\/fr\/wp-json\/wp\/v2\/pages\/4762","targetHints":{"allow":["GET"]}}],"collection":[{"href":"https:\/\/ordemdosfisioterapeutas.pt\/fr\/wp-json\/wp\/v2\/pages"}],"about":[{"href":"https:\/\/ordemdosfisioterapeutas.pt\/fr\/wp-json\/wp\/v2\/types\/page"}],"author":[{"embeddable":true,"href":"https:\/\/ordemdosfisioterapeutas.pt\/fr\/wp-json\/wp\/v2\/users\/1"}],"replies":[{"embeddable":true,"href":"https:\/\/ordemdosfisioterapeutas.pt\/fr\/wp-json\/wp\/v2\/comments?post=4762"}],"version-history":[{"count":6,"href":"https:\/\/ordemdosfisioterapeutas.pt\/fr\/wp-json\/wp\/v2\/pages\/4762\/revisions"}],"predecessor-version":[{"id":13253,"href":"https:\/\/ordemdosfisioterapeutas.pt\/fr\/wp-json\/wp\/v2\/pages\/4762\/revisions\/13253"}],"wp:attachment":[{"href":"https:\/\/ordemdosfisioterapeutas.pt\/fr\/wp-json\/wp\/v2\/media?parent=4762"}],"curies":[{"name":"wp","href":"https:\/\/api.w.org\/{rel}","templated":true}]}}