{"id":36,"date":"2020-09-20T11:15:00","date_gmt":"2020-09-20T11:15:00","guid":{"rendered":"https:\/\/ordemdosfisioterapeutas.pt\/?page_id=36"},"modified":"2026-04-26T20:50:15","modified_gmt":"2026-04-26T19:50:15","slug":"ordem-dos-fisioterapeutas","status":"publish","type":"page","link":"https:\/\/ordemdosfisioterapeutas.pt\/fr\/","title":{"rendered":"Page d'accueil"},"content":{"rendered":"<div data-elementor-type=\"wp-page\" data-elementor-id=\"36\" class=\"elementor elementor-36\" data-elementor-post-type=\"page\">\n\t\t\t\t\t\t<section class=\"elementor-section elementor-top-section elementor-element elementor-element-467ebbf elementor-section-height-min-height elementor-section-full_width elementor-section-height-default elementor-section-items-middle\" data-id=\"467ebbf\" data-element_type=\"section\" data-e-type=\"section\" data-settings=\"{&quot;background_background&quot;:&quot;classic&quot;}\">\n\t\t\t\t\t\t\t<div class=\"elementor-background-overlay\"><\/div>\n\t\t\t\t\t\t\t<div class=\"elementor-container elementor-column-gap-no\">\n\t\t\t\t\t<div class=\"elementor-column elementor-col-100 elementor-top-column elementor-element elementor-element-5fedf9f\" data-id=\"5fedf9f\" data-element_type=\"column\" data-e-type=\"column\">\n\t\t\t<div class=\"elementor-widget-wrap elementor-element-populated\">\n\t\t\t\t\t\t<div class=\"elementor-element elementor-element-a77d719 elementor--h-position-center elementor--v-position-middle elementor-arrows-position-inside elementor-pagination-position-inside elementor-widget elementor-widget-slides\" data-id=\"a77d719\" data-element_type=\"widget\" data-e-type=\"widget\" data-settings=\"{&quot;navigation&quot;:&quot;both&quot;,&quot;autoplay&quot;:&quot;yes&quot;,&quot;pause_on_hover&quot;:&quot;yes&quot;,&quot;pause_on_interaction&quot;:&quot;yes&quot;,&quot;autoplay_speed&quot;:5000,&quot;infinite&quot;:&quot;yes&quot;,&quot;transition&quot;:&quot;slide&quot;,&quot;transition_speed&quot;:500}\" data-widget_type=\"slides.default\">\n\t\t\t\t<div class=\"elementor-widget-container\">\n\t\t\t\t\t\t\t\t\t<div class=\"elementor-swiper\">\n\t\t\t\t\t<div class=\"elementor-slides-wrapper elementor-main-swiper swiper\" role=\"region\" aria-roledescription=\"carousel\" aria-label=\"Diapositives\" dir=\"ltr\" data-animation=\"fadeInUp\">\n\t\t\t\t<div class=\"swiper-wrapper elementor-slides\">\n\t\t\t\t\t\t\t\t\t\t<div class=\"elementor-repeater-item-bfdb5ad swiper-slide\" role=\"group\" aria-roledescription=\"slide\"><div class=\"swiper-slide-bg\" role=\"img\" aria-label=\"sp\u00e9cialit\u00e9s - point fort\"><\/div><div class=\"elementor-background-overlay\"><\/div><a class=\"swiper-slide-inner\" href=\"https:\/\/portal.ordemdosfisioterapeutas.pt\/of-auth\/?app_ref=e985d1b30a025a19af003c638a7f64a2&#038;_gl=1*1yu67ax*_ga*Mjc4NDI1ODQ1LjE3NDE4NjE2MzY.*_ga_HPH7F868RJ*czE3NzcwMjEyNDUkbzE4OSRnMCR0MTc3NzAyMTI0NSRqNjAkbDAkaDA.\" target=\"_blank\"><div class=\"swiper-slide-contents\"><div class=\"elementor-slide-heading\">Comit\u00e9s d'installation sp\u00e9cialis\u00e9s<\/div><div class=\"elementor-slide-description\">Les candidatures sont ouvertes du 1er au 31 mai<\/div><div  class=\"elementor-button elementor-slide-button elementor-size-xs\"> Acc\u00e9der \u00e0 la zone r\u00e9serv\u00e9e<\/div><\/div><\/a><\/div><div class=\"elementor-repeater-item-9f8a270 swiper-slide\" role=\"group\" aria-roledescription=\"slide\"><div class=\"swiper-slide-bg\" role=\"img\" aria-label=\"page d&#039;accueil vedette OF copy\"><\/div><div class=\"elementor-background-overlay\"><\/div><div class=\"swiper-slide-inner\" ><div class=\"swiper-slide-contents\"><div class=\"elementor-slide-heading\">Activez votre carte professionnelle maintenant disponible sur l'application gov.pt<\/div><div class=\"elementor-slide-description\"> <a href=\"https:\/\/bit.ly\/Noticia_OF_govpt\" class=\"elementor-button elementor-slide-button elementor-size-xs\" target=\"_blank\" rel=\"noopener\">\n    En savoir plus\n  <\/a>\n<a href=\"https:\/\/bit.ly\/Comunicado_72_OF\" class=\"elementor-button elementor-slide-button elementor-size-xs\" target=\"_blank\" rel=\"noopener\">\n    Comment activer\n  <\/a><\/div><\/div><\/div><\/div><div class=\"elementor-repeater-item-3c5f046 swiper-slide\" role=\"group\" aria-roledescription=\"slide\"><div class=\"swiper-slide-bg\" role=\"img\" aria-label=\"\u00e9lections 2026 - faits marquants ACCUEIL\"><\/div><div class=\"elementor-background-overlay\"><\/div><div class=\"swiper-slide-inner\" ><div class=\"swiper-slide-contents\"><div class=\"elementor-slide-description\"><strong>\u00c9lections suppl\u00e9mentaires pour le conseil r\u00e9gional de Mad\u00e8re et le conseil de l'assembl\u00e9e r\u00e9gionale du Sud.<\/strong><br>\n\nLoi \u00e9lectorale : 18 mai 2026<br>\n\n<br>\n <a href=\"https:\/\/ordemdosfisioterapeutas.pt\/fr\/caderno-eleitoral-2026\/\" class=\"elementor-button elementor-slide-button elementor-size-xs\" target=\"_blank\" rel=\"noopener\">\n    Listes \u00e9lectorales\n  <\/a>\n<a href=\"https:\/\/ordemdosfisioterapeutas.pt\/fr\/comissao-eleitoral-2026\/\" class=\"elementor-button elementor-slide-button elementor-size-xs\" target=\"_blank\" rel=\"noopener\">\n    Commission \u00e9lectorale\n  <\/a>\n<a href=\"https:\/\/ordemdosfisioterapeutas.pt\/fr\/listas-candidatas-2026\/\" class=\"elementor-button elementor-slide-button elementor-size-xs\" target=\"_blank\" rel=\"noopener\">\n    Listes de candidats\n  <\/a>\n\n  <a href=\"https:\/\/ordemdosfisioterapeutas.pt\/fr\/perguntas-frequentes-2026\/\" class=\"elementor-button elementor-slide-button elementor-size-xs\" target=\"_blank\" rel=\"noopener\">\n    Questions fr\u00e9quemment pos\u00e9es\n  <\/a>\n<br>\n<br>\nVoir toutes les informations dans le menu Commande \u2192 Elections 2026<\/div><\/div><\/div><\/div><div class=\"elementor-repeater-item-64f61f8 swiper-slide\" role=\"group\" aria-roledescription=\"slide\"><div class=\"swiper-slide-bg\" role=\"img\" aria-label=\"Image WhatsApp 10\/12\/2025 \u00e0 17 h 27 min 34 s\"><\/div><div class=\"elementor-background-overlay\"><\/div><a class=\"swiper-slide-inner\" href=\"https:\/\/ordemdosfisioterapeutas.pt\/fr\/noticias\/lisboa-recebe-o-world-physiotherapy-congress-2029\/\"><div class=\"swiper-slide-contents\"><div class=\"elementor-slide-heading\">Lisbonne accueille le Congr\u00e8s mondial de physioth\u00e9rapie 2029<\/div><div class=\"elementor-slide-description\">World Physiotherapy a annonc\u00e9 que le Congr\u00e8s mondial de physioth\u00e9rapie 2029 se tiendra \u00e0 Lisbonne, au Portugal.<\/div><div  class=\"elementor-button elementor-slide-button elementor-size-xs\">Pour en savoir plus, cliquez ici <\/div><\/div><\/a><\/div><div class=\"elementor-repeater-item-9e97734 swiper-slide\" role=\"group\" aria-roledescription=\"slide\"><div class=\"swiper-slide-bg\" role=\"img\" aria-label=\"highlight_HOME_OF_partnerships (1)\"><\/div><div class=\"elementor-background-overlay\"><\/div><a class=\"swiper-slide-inner\" href=\"https:\/\/ordemdosfisioterapeutas.pt\/fr\/parcerias\/\"><div class=\"swiper-slide-contents\"><div class=\"elementor-slide-heading\">DE NOUVEAUX PARTENARIATS, PLUS D'AVANTAGES POUR LES MEMBRES !<\/div><div  class=\"elementor-button elementor-slide-button elementor-size-xs\">Pour en savoir plus, cliquez ici<\/div><\/div><\/a><\/div><div class=\"elementor-repeater-item-aa224a1 swiper-slide\" role=\"group\" aria-roledescription=\"slide\"><div class=\"swiper-slide-bg\" role=\"img\" aria-label=\"Mise en valeur du sac \u00e0 main\"><\/div><div class=\"elementor-background-overlay\"><\/div><a class=\"swiper-slide-inner\" href=\"https:\/\/ordemdosfisioterapeutas.pt\/fr\/portal-da-bolsa-de-ofertas-de-trabalho\/\"><div class=\"swiper-slide-contents\"><div class=\"elementor-slide-heading\">Connaissez-vous la bourse d'emploi de l'Ordre des physioth\u00e9rapeutes ?<\/div><div  class=\"elementor-button elementor-slide-button elementor-size-xs\">En savoir plus<\/div><\/div><\/a><\/div><div class=\"elementor-repeater-item-670fd52 swiper-slide\" role=\"group\" aria-roledescription=\"slide\"><div class=\"swiper-slide-bg\" role=\"img\" aria-label=\"home_app highlight\"><\/div><div class=\"elementor-background-overlay\"><\/div><a class=\"swiper-slide-inner\" href=\"https:\/\/ordemdosfisioterapeutas.pt\/fr\/noticias\/ja-esta-disponivel-a-app-da-ordem-dos-fisioterapeutas\/\" target=\"_blank\"><div class=\"swiper-slide-contents\"><div class=\"elementor-slide-heading\">Connaissez-vous l'application de l'Ordre des physioth\u00e9rapeutes ?<\/div><div class=\"elementor-slide-description\">Vous pouvez d\u00e9sormais acc\u00e9der \u00e0 votre bulletin de vote num\u00e9rique, \u00e0 votre espace r\u00e9serv\u00e9 et \u00e0 bien d'autres choses encore... le tout \u00e0 partir de votre t\u00e9l\u00e9phone portable.\n<\/div><div  class=\"elementor-button elementor-slide-button elementor-size-xs\">En savoir plus sur l'application<\/div><\/div><\/a><\/div><div class=\"elementor-repeater-item-b9b1ca5 swiper-slide\" role=\"group\" aria-roledescription=\"slide\"><div class=\"swiper-slide-bg\" role=\"img\" aria-label=\"highlight_dashboard\"><\/div><div class=\"elementor-background-overlay\"><\/div><a class=\"swiper-slide-inner\" href=\"https:\/\/ordemdosfisioterapeutas.pt\/fr\/dados-demograficos-dos-membros\/\"><div class=\"swiper-slide-contents\"><div class=\"elementor-slide-heading\">D\u00e9couvrez le nouveau panneau interactif !<\/div><div  class=\"elementor-button elementor-slide-button elementor-size-xs\">Ouvrir<\/div><\/div><\/a><\/div><div class=\"elementor-repeater-item-a5f1f3b swiper-slide\" role=\"group\" aria-roledescription=\"slide\"><div class=\"swiper-slide-bg\" role=\"img\" aria-label=\"highlight_HOME_OF_agenda__\"><\/div><div class=\"elementor-background-overlay\"><\/div><a class=\"swiper-slide-inner\" href=\"https:\/\/ordemdosfisioterapeutas.pt\/wp-content\/uploads\/2025\/02\/Relatorio_Agenda_09012025.pdf\"><div class=\"swiper-slide-contents\"><div class=\"elementor-slide-heading\">Programme de recherche sur la physioth\u00e9rapie au Portugal<\/div><div  class=\"elementor-button elementor-slide-button elementor-size-xs\">Rapport<\/div><\/div><\/a><\/div><div class=\"elementor-repeater-item-d817985 swiper-slide\" role=\"group\" aria-roledescription=\"slide\"><div class=\"swiper-slide-bg\" role=\"img\" aria-label=\"Mise en \u00e9vidence des donn\u00e9es d&#039;accueil\"><\/div><a class=\"swiper-slide-inner\" href=\"https:\/\/www.youtube.com\/watch?v=8KkcbL9JKNI\" target=\"_blank\" rel=\"noopener\"><div class=\"swiper-slide-contents\"><div class=\"elementor-slide-heading\"><br\/><\/div><div class=\"elementor-slide-description\"><br\/><\/div><div  class=\"elementor-button elementor-slide-button elementor-size-xs\">C'est simple et rapide gr\u00e2ce \u00e0 notre tutoriel vid\u00e9o !<\/div><\/div><\/a><\/div><div class=\"elementor-repeater-item-0e94094 swiper-slide\" role=\"group\" aria-roledescription=\"slide\"><div class=\"swiper-slide-bg\"><\/div><a class=\"swiper-slide-inner\" href=\"https:\/\/rift-gep.ordemdosfisioterapeutas.pt\" target=\"_blank\"><div class=\"swiper-slide-contents\"><div class=\"elementor-slide-heading\"><img decoding=\"async\" src=\"https:\/\/ordemdosfisioterapeutas.pt\/wp-content\/uploads\/2023\/08\/rift-logo.png\" style=\"width:200px\"><\/img><\/div><div class=\"elementor-slide-description\"><span class=\"elementor-slide-heading\">R\u00e9seau de chercheurs en physioth\u00e9rapie<\/span><\/div><div  class=\"elementor-button elementor-slide-button elementor-size-xs\">En savoir plus...<\/div><\/div><\/a><\/div><div class=\"elementor-repeater-item-919aa6e swiper-slide\" role=\"group\" aria-roledescription=\"slide\"><div class=\"swiper-slide-bg\" role=\"img\" aria-label=\"featured_home_news-2\"><\/div><div class=\"elementor-background-overlay\"><\/div><a class=\"swiper-slide-inner\" href=\"https:\/\/ordemdosfisioterapeutas.pt\/fr\/category\/noticias\/\"><div class=\"swiper-slide-contents\"><div class=\"elementor-slide-heading\">Nouvelles de l'Ordre !<\/div><div  class=\"elementor-button elementor-slide-button elementor-size-xs\">Lire ici<\/div><\/div><\/a><\/div><div class=\"elementor-repeater-item-d0351c6 swiper-slide\" role=\"group\" aria-roledescription=\"slide\"><div class=\"swiper-slide-bg\" role=\"img\" aria-label=\"ordre des membres\"><\/div><a class=\"swiper-slide-inner\" href=\"https:\/\/ordemdosfisioterapeutas.pt\/fr\/inscricao-na-ordem-dos-fisioterapeutas\/\"><div class=\"swiper-slide-contents\"><div class=\"elementor-slide-heading\">Devenez membre de l'Ordre !<\/div><div  class=\"elementor-button elementor-slide-button elementor-size-xs\">Inscrivez-vous ici<\/div><\/div><\/a><\/div>\t\t\t\t<\/div>\n\t\t\t\t\t\t\t\t\t\t\t\t\t\t\t<div class=\"elementor-swiper-button elementor-swiper-button-prev\" role=\"button\" tabindex=\"0\" aria-label=\"Glissement ant\u00e9rieur\">\n\t\t\t\t\t\t\t<i aria-hidden=\"true\" class=\"eicon-chevron-left\"><\/i>\t\t\t\t\t\t<\/div>\n\t\t\t\t\t\t<div class=\"elementor-swiper-button elementor-swiper-button-next\" role=\"button\" tabindex=\"0\" aria-label=\"Diapositive suivante\">\n\t\t\t\t\t\t\t<i aria-hidden=\"true\" class=\"eicon-chevron-right\"><\/i>\t\t\t\t\t\t<\/div>\n\t\t\t\t\t\t\t\t\t\t\t\t\t\t\t\t<div class=\"swiper-pagination\"><\/div>\n\t\t\t\t\t\t\t\t\t\t\t\t<\/div>\n\t\t\t\t<\/div>\n\t\t\t\t\t\t\t\t<\/div>\n\t\t\t\t<\/div>\n\t\t\t\t\t<\/div>\n\t\t<\/div>\n\t\t\t\t\t<\/div>\n\t\t<\/section>\n\t\t\t\t<section class=\"elementor-section elementor-top-section elementor-element elementor-element-5329405 elementor-section-boxed elementor-section-height-default elementor-section-height-default\" data-id=\"5329405\" data-element_type=\"section\" data-e-type=\"section\" data-settings=\"{&quot;background_background&quot;:&quot;classic&quot;}\">\n\t\t\t\t\t\t<div class=\"elementor-container elementor-column-gap-default\">\n\t\t\t\t\t<div class=\"elementor-column elementor-col-33 elementor-top-column elementor-element elementor-element-db31e62\" data-id=\"db31e62\" data-element_type=\"column\" data-e-type=\"column\">\n\t\t\t<div class=\"elementor-widget-wrap elementor-element-populated\">\n\t\t\t\t\t\t<div class=\"elementor-element elementor-element-d066c9f elementor-view-default elementor-position-block-start elementor-mobile-position-block-start elementor-widget elementor-widget-icon-box\" data-id=\"d066c9f\" data-element_type=\"widget\" data-e-type=\"widget\" data-widget_type=\"icon-box.default\">\n\t\t\t\t<div class=\"elementor-widget-container\">\n\t\t\t\t\t\t\t<div class=\"elementor-icon-box-wrapper\">\n\n\t\t\t\t\t\t<div class=\"elementor-icon-box-icon\">\n\t\t\t\t<a href=\"https:\/\/ordemdosfisioterapeutas.pt\/fr\/inscricao-na-ordem-dos-fisioterapeutas\/\" class=\"elementor-icon\" tabindex=\"-1\" aria-label=\"ENREGISTREMENT DES COMMANDES\">\n\t\t\t\t<i aria-hidden=\"true\" class=\"fas fa-pen-fancy\"><\/i>\t\t\t\t<\/a>\n\t\t\t<\/div>\n\t\t\t\n\t\t\t\t\t\t<div class=\"elementor-icon-box-content\">\n\n\t\t\t\t\t\t\t\t\t<h3 class=\"elementor-icon-box-title\">\n\t\t\t\t\t\t<a href=\"https:\/\/ordemdosfisioterapeutas.pt\/fr\/inscricao-na-ordem-dos-fisioterapeutas\/\">\n\t\t\t\t\t\t\tENREGISTREMENT DES COMMANDES\t\t\t\t\t\t<\/a>\n\t\t\t\t\t<\/h3>\n\t\t\t\t\n\t\t\t\t\t\t\t\t\t<p class=\"elementor-icon-box-description\">\n\t\t\t\t\t\tFormulaire d'inscription \u00e0 l'Ordre des kin\u00e9sith\u00e9rapeutes.\t\t\t\t\t<\/p>\n\t\t\t\t\n\t\t\t<\/div>\n\t\t\t\n\t\t<\/div>\n\t\t\t\t\t\t<\/div>\n\t\t\t\t<\/div>\n\t\t\t\t\t<\/div>\n\t\t<\/div>\n\t\t\t\t<div class=\"elementor-column elementor-col-33 elementor-top-column elementor-element elementor-element-15c0233\" data-id=\"15c0233\" data-element_type=\"column\" data-e-type=\"column\">\n\t\t\t<div class=\"elementor-widget-wrap elementor-element-populated\">\n\t\t\t\t\t\t<div class=\"elementor-element elementor-element-ab13ae2 elementor-view-default elementor-position-block-start elementor-mobile-position-block-start elementor-widget elementor-widget-icon-box\" data-id=\"ab13ae2\" data-element_type=\"widget\" data-e-type=\"widget\" data-widget_type=\"icon-box.default\">\n\t\t\t\t<div class=\"elementor-widget-container\">\n\t\t\t\t\t\t\t<div class=\"elementor-icon-box-wrapper\">\n\n\t\t\t\t\t\t<div class=\"elementor-icon-box-icon\">\n\t\t\t\t<a href=\"#\" class=\"elementor-icon\" tabindex=\"-1\" aria-label=\"LA D\u00c9LIVRANCE DE DOCUMENTS\">\n\t\t\t\t<i aria-hidden=\"true\" class=\"far fa-file-alt\"><\/i>\t\t\t\t<\/a>\n\t\t\t<\/div>\n\t\t\t\n\t\t\t\t\t\t<div class=\"elementor-icon-box-content\">\n\n\t\t\t\t\t\t\t\t\t<h3 class=\"elementor-icon-box-title\">\n\t\t\t\t\t\t<a href=\"#\" >\n\t\t\t\t\t\t\tLA D\u00c9LIVRANCE DE DOCUMENTS\t\t\t\t\t\t<\/a>\n\t\t\t\t\t<\/h3>\n\t\t\t\t\n\t\t\t\t\t\t\t\t\t<p class=\"elementor-icon-box-description\">\n\t\t\t\t\t\t<i class=\"fas fa-link\"><\/i> <a href=\"https:\/\/portal.ordemdosfisioterapeutas.pt\/of-auth\/?app_ref=e985d1b30a025a19af003c638a7f64a2\">\n<u>Physioth\u00e9rapeutes<\/u><\/a>\n<br>\n<i class=\"fas fa-link\"><\/i> <a href=\"https:\/\/portal.ordemdosfisioterapeutas.pt\/area-membros\/products-public\/\">\n\n<u>Citoyen<\/u><\/a>\t\t\t\t\t<\/p>\n\t\t\t\t\n\t\t\t<\/div>\n\t\t\t\n\t\t<\/div>\n\t\t\t\t\t\t<\/div>\n\t\t\t\t<\/div>\n\t\t\t\t\t<\/div>\n\t\t<\/div>\n\t\t\t\t<div class=\"elementor-column elementor-col-33 elementor-top-column elementor-element elementor-element-3227ddf\" data-id=\"3227ddf\" data-element_type=\"column\" data-e-type=\"column\">\n\t\t\t<div class=\"elementor-widget-wrap elementor-element-populated\">\n\t\t\t\t\t\t<div class=\"elementor-element elementor-element-45a8a34 elementor-view-default elementor-position-block-start elementor-mobile-position-block-start elementor-widget elementor-widget-icon-box\" data-id=\"45a8a34\" data-element_type=\"widget\" data-e-type=\"widget\" data-widget_type=\"icon-box.default\">\n\t\t\t\t<div class=\"elementor-widget-container\">\n\t\t\t\t\t\t\t<div class=\"elementor-icon-box-wrapper\">\n\n\t\t\t\t\t\t<div class=\"elementor-icon-box-icon\">\n\t\t\t\t<a href=\"https:\/\/ordemdosfisioterapeutas.pt\/fr\/cidadao\/\" class=\"elementor-icon\" tabindex=\"-1\" aria-label=\"CITOYEN\">\n\t\t\t\t<i aria-hidden=\"true\" class=\"fas fa-user\"><\/i>\t\t\t\t<\/a>\n\t\t\t<\/div>\n\t\t\t\n\t\t\t\t\t\t<div class=\"elementor-icon-box-content\">\n\n\t\t\t\t\t\t\t\t\t<h3 class=\"elementor-icon-box-title\">\n\t\t\t\t\t\t<a href=\"https:\/\/ordemdosfisioterapeutas.pt\/fr\/cidadao\/\">\n\t\t\t\t\t\t\tCITOYEN\t\t\t\t\t\t<\/a>\n\t\t\t\t\t<\/h3>\n\t\t\t\t\n\t\t\t\t\t\t\t\t\t<p class=\"elementor-icon-box-description\">\n\t\t\t\t\t\tInformations utiles pour le grand public.\t\t\t\t\t<\/p>\n\t\t\t\t\n\t\t\t<\/div>\n\t\t\t\n\t\t<\/div>\n\t\t\t\t\t\t<\/div>\n\t\t\t\t<\/div>\n\t\t\t\t\t<\/div>\n\t\t<\/div>\n\t\t\t\t\t<\/div>\n\t\t<\/section>\n\t\t\t\t<section class=\"elementor-section elementor-top-section elementor-element elementor-element-fafced3 elementor-section-boxed elementor-section-height-default elementor-section-height-default\" data-id=\"fafced3\" data-element_type=\"section\" data-e-type=\"section\">\n\t\t\t\t\t\t<div class=\"elementor-container elementor-column-gap-default\">\n\t\t\t\t\t<div class=\"elementor-column elementor-col-100 elementor-top-column elementor-element elementor-element-b47580f\" data-id=\"b47580f\" data-element_type=\"column\" data-e-type=\"column\">\n\t\t\t<div class=\"elementor-widget-wrap elementor-element-populated\">\n\t\t\t\t\t\t<div class=\"elementor-element elementor-element-ad79ea6 elementor-widget elementor-widget-heading\" data-id=\"ad79ea6\" data-element_type=\"widget\" data-e-type=\"widget\" data-widget_type=\"heading.default\">\n\t\t\t\t<div class=\"elementor-widget-container\">\n\t\t\t\t\t<h2 class=\"elementor-heading-title elementor-size-default\">NOUVELLES<\/h2>\t\t\t\t<\/div>\n\t\t\t\t<\/div>\n\t\t\t\t<div class=\"elementor-element elementor-element-3484107 elementor-grid-3 elementor-grid-tablet-2 elementor-grid-mobile-1 elementor-posts--thumbnail-top elementor-card-shadow-yes elementor-posts__hover-gradient elementor-widget elementor-widget-posts\" data-id=\"3484107\" data-element_type=\"widget\" data-e-type=\"widget\" data-settings=\"{&quot;cards_columns&quot;:&quot;3&quot;,&quot;cards_columns_tablet&quot;:&quot;2&quot;,&quot;cards_columns_mobile&quot;:&quot;1&quot;,&quot;cards_row_gap&quot;:{&quot;unit&quot;:&quot;px&quot;,&quot;size&quot;:35,&quot;sizes&quot;:[]},&quot;cards_row_gap_tablet&quot;:{&quot;unit&quot;:&quot;px&quot;,&quot;size&quot;:&quot;&quot;,&quot;sizes&quot;:[]},&quot;cards_row_gap_mobile&quot;:{&quot;unit&quot;:&quot;px&quot;,&quot;size&quot;:&quot;&quot;,&quot;sizes&quot;:[]}}\" data-widget_type=\"posts.cards\">\n\t\t\t\t<div class=\"elementor-widget-container\">\n\t\t\t\t\t\t\t<div class=\"elementor-posts-container elementor-posts elementor-posts--skin-cards elementor-grid\" role=\"list\">\n\t\t\t\t<article class=\"elementor-post elementor-grid-item post-4695 post type-post status-publish format-standard has-post-thumbnail hentry category-noticias\" role=\"listitem\">\n\t\t\t<div class=\"elementor-post__card\">\n\t\t\t\t<a class=\"elementor-post__thumbnail__link\" href=\"https:\/\/ordemdosfisioterapeutas.pt\/fr\/noticias\/fisioterapeutas-seguro-de-responsabilidade-civil-profissional\/\" tabindex=\"-1\"><div class=\"elementor-post__thumbnail\"><img fetchpriority=\"high\" decoding=\"async\" width=\"300\" height=\"200\" src=\"https:\/\/ordemdosfisioterapeutas.pt\/wp-content\/uploads\/2022\/06\/Fisioterapeutas-seguro-de-responsabilidade-civil-profissional-300x200.jpg\" class=\"attachment-medium size-medium wp-image-4696\" alt=\"Fisioterapeutas: seguro de responsabilidade civil profissional\" srcset=\"https:\/\/ordemdosfisioterapeutas.pt\/wp-content\/uploads\/2022\/06\/Fisioterapeutas-seguro-de-responsabilidade-civil-profissional-300x200.jpg 300w, https:\/\/ordemdosfisioterapeutas.pt\/wp-content\/uploads\/2022\/06\/Fisioterapeutas-seguro-de-responsabilidade-civil-profissional-1024x683.jpg 1024w, https:\/\/ordemdosfisioterapeutas.pt\/wp-content\/uploads\/2022\/06\/Fisioterapeutas-seguro-de-responsabilidade-civil-profissional-768x512.jpg 768w, https:\/\/ordemdosfisioterapeutas.pt\/wp-content\/uploads\/2022\/06\/Fisioterapeutas-seguro-de-responsabilidade-civil-profissional-18x12.jpg 18w, https:\/\/ordemdosfisioterapeutas.pt\/wp-content\/uploads\/2022\/06\/Fisioterapeutas-seguro-de-responsabilidade-civil-profissional.jpg 1500w\" sizes=\"(max-width: 300px) 100vw, 300px\" \/><\/div><\/a>\n\t\t\t\t<div class=\"elementor-post__text\">\n\t\t\t\t<h3 class=\"elementor-post__title\">\n\t\t\t<a href=\"https:\/\/ordemdosfisioterapeutas.pt\/fr\/noticias\/fisioterapeutas-seguro-de-responsabilidade-civil-profissional\/\">\n\t\t\t\tPhysioth\u00e9rapeutes : assurance responsabilit\u00e9 civile professionnelle\t\t\t<\/a>\n\t\t<\/h3>\n\t\t\t\t<div class=\"elementor-post__excerpt\">\n\t\t\t<p>L'assurance responsabilit\u00e9 civile professionnelle est d\u00e9j\u00e0 en vigueur, suite au concours public promu par l'Ordre des kin\u00e9sith\u00e9rapeutes. <\/p>\n\t\t<\/div>\n\t\t\n\t\t<a class=\"elementor-post__read-more\" href=\"https:\/\/ordemdosfisioterapeutas.pt\/fr\/noticias\/fisioterapeutas-seguro-de-responsabilidade-civil-profissional\/\" aria-label=\"En savoir plus sur Fisioterapeutas:\u00a0seguro de responsabilidade civil profissional\" tabindex=\"-1\">\n\t\t\tLIRE PLUS &gt;&gt;\t\t<\/a>\n\n\t\t\t\t<\/div>\n\t\t\t\t<div class=\"elementor-post__meta-data\">\n\t\t\t\t\t<span class=\"elementor-post-date\">\n\t\t\t16 avril 2026\t\t<\/span>\n\t\t\t\t<\/div>\n\t\t\t\t\t<\/div>\n\t\t<\/article>\n\t\t\t\t<article class=\"elementor-post elementor-grid-item post-13217 post type-post status-publish format-standard has-post-thumbnail hentry category-noticias\" role=\"listitem\">\n\t\t\t<div class=\"elementor-post__card\">\n\t\t\t\t<a class=\"elementor-post__thumbnail__link\" href=\"https:\/\/ordemdosfisioterapeutas.pt\/fr\/noticias\/dia-mundial-da-saude-juntos-pela-saude-ao-lado-da-ciencia\/\" tabindex=\"-1\"><div class=\"elementor-post__thumbnail\"><img decoding=\"async\" width=\"300\" height=\"169\" src=\"https:\/\/ordemdosfisioterapeutas.pt\/wp-content\/uploads\/2026\/04\/Uma-so-saude-300x169.jpg\" class=\"attachment-medium size-medium wp-image-13218\" alt=\"\" srcset=\"https:\/\/ordemdosfisioterapeutas.pt\/wp-content\/uploads\/2026\/04\/Uma-so-saude-300x169.jpg 300w, https:\/\/ordemdosfisioterapeutas.pt\/wp-content\/uploads\/2026\/04\/Uma-so-saude-1024x578.jpg 1024w, https:\/\/ordemdosfisioterapeutas.pt\/wp-content\/uploads\/2026\/04\/Uma-so-saude-768x433.jpg 768w, https:\/\/ordemdosfisioterapeutas.pt\/wp-content\/uploads\/2026\/04\/Uma-so-saude-1536x866.jpg 1536w, https:\/\/ordemdosfisioterapeutas.pt\/wp-content\/uploads\/2026\/04\/Uma-so-saude-2048x1155.jpg 2048w, https:\/\/ordemdosfisioterapeutas.pt\/wp-content\/uploads\/2026\/04\/Uma-so-saude-18x10.jpg 18w\" sizes=\"(max-width: 300px) 100vw, 300px\" \/><\/div><\/a>\n\t\t\t\t<div class=\"elementor-post__text\">\n\t\t\t\t<h3 class=\"elementor-post__title\">\n\t\t\t<a href=\"https:\/\/ordemdosfisioterapeutas.pt\/fr\/noticias\/dia-mundial-da-saude-juntos-pela-saude-ao-lado-da-ciencia\/\">\n\t\t\t\tJourn\u00e9e mondiale de la sant\u00e9 : Ensemble pour la sant\u00e9. Du c\u00f4t\u00e9 de la science\t\t\t<\/a>\n\t\t<\/h3>\n\t\t\t\t<div class=\"elementor-post__excerpt\">\n\t\t\t<p>Aujourd'hui, 7 avril, c'est la Journ\u00e9e mondiale de la sant\u00e9. En 2026, l'Organisation mondiale de la sant\u00e9 (OMS) marquera cette date avec la devise \u201cEnsemble pour la sant\u00e9. Aux c\u00f4t\u00e9s de la science\u201d, soulignant l'importance des d\u00e9cisions sanitaires fond\u00e9es sur des donn\u00e9es probantes, de la confiance dans des sources cr\u00e9dibles et de la collaboration comme base de r\u00e9ponses plus efficaces en mati\u00e8re de sant\u00e9 publique.<\/p>\n\t\t<\/div>\n\t\t\n\t\t<a class=\"elementor-post__read-more\" href=\"https:\/\/ordemdosfisioterapeutas.pt\/fr\/noticias\/dia-mundial-da-saude-juntos-pela-saude-ao-lado-da-ciencia\/\" aria-label=\"En savoir plus sur Dia Mundial da Sa\u00fade: Juntos pela sa\u00fade. Ao lado da ci\u00eancia\" tabindex=\"-1\">\n\t\t\tLIRE PLUS &gt;&gt;\t\t<\/a>\n\n\t\t\t\t<\/div>\n\t\t\t\t<div class=\"elementor-post__meta-data\">\n\t\t\t\t\t<span class=\"elementor-post-date\">\n\t\t\t7 avril 2026\t\t<\/span>\n\t\t\t\t<\/div>\n\t\t\t\t\t<\/div>\n\t\t<\/article>\n\t\t\t\t<article class=\"elementor-post elementor-grid-item post-13201 post type-post status-publish format-standard has-post-thumbnail hentry category-noticias\" role=\"listitem\">\n\t\t\t<div class=\"elementor-post__card\">\n\t\t\t\t<a class=\"elementor-post__thumbnail__link\" href=\"https:\/\/ordemdosfisioterapeutas.pt\/fr\/noticias\/dia-mundial-da-atividade-fisica-pelo-movimento-promovemos-mais-saude\/\" tabindex=\"-1\"><div class=\"elementor-post__thumbnail\"><img decoding=\"async\" width=\"300\" height=\"200\" src=\"https:\/\/ordemdosfisioterapeutas.pt\/wp-content\/uploads\/2026\/04\/facebook-6-abril-2026-300x200.jpg\" class=\"attachment-medium size-medium wp-image-13202\" alt=\"\" srcset=\"https:\/\/ordemdosfisioterapeutas.pt\/wp-content\/uploads\/2026\/04\/facebook-6-abril-2026-300x200.jpg 300w, https:\/\/ordemdosfisioterapeutas.pt\/wp-content\/uploads\/2026\/04\/facebook-6-abril-2026-1024x683.jpg 1024w, https:\/\/ordemdosfisioterapeutas.pt\/wp-content\/uploads\/2026\/04\/facebook-6-abril-2026-768x512.jpg 768w, https:\/\/ordemdosfisioterapeutas.pt\/wp-content\/uploads\/2026\/04\/facebook-6-abril-2026-1536x1024.jpg 1536w, https:\/\/ordemdosfisioterapeutas.pt\/wp-content\/uploads\/2026\/04\/facebook-6-abril-2026-2048x1365.jpg 2048w, https:\/\/ordemdosfisioterapeutas.pt\/wp-content\/uploads\/2026\/04\/facebook-6-abril-2026-18x12.jpg 18w\" sizes=\"(max-width: 300px) 100vw, 300px\" \/><\/div><\/a>\n\t\t\t\t<div class=\"elementor-post__text\">\n\t\t\t\t<h3 class=\"elementor-post__title\">\n\t\t\t<a href=\"https:\/\/ordemdosfisioterapeutas.pt\/fr\/noticias\/dia-mundial-da-atividade-fisica-pelo-movimento-promovemos-mais-saude\/\">\n\t\t\t\tJourn\u00e9e mondiale de l'activit\u00e9 physique : par le mouvement, nous favorisons une meilleure sant\u00e9\t\t\t<\/a>\n\t\t<\/h3>\n\t\t\t\t<div class=\"elementor-post__excerpt\">\n\t\t\t<p>C'est la Journ\u00e9e mondiale de l'activit\u00e9 physique, une date fix\u00e9e par l'Organisation mondiale de la sant\u00e9 (OMS) qui rappelle l'importance du mouvement pour la sant\u00e9 des personnes et des communaut\u00e9s.<\/p>\n\t\t<\/div>\n\t\t\n\t\t<a class=\"elementor-post__read-more\" href=\"https:\/\/ordemdosfisioterapeutas.pt\/fr\/noticias\/dia-mundial-da-atividade-fisica-pelo-movimento-promovemos-mais-saude\/\" aria-label=\"En savoir plus sur Dia Mundial da Atividade F\u00edsica: pelo movimento, promovemos mais sa\u00fade\" tabindex=\"-1\">\n\t\t\tLIRE PLUS &gt;&gt;\t\t<\/a>\n\n\t\t\t\t<\/div>\n\t\t\t\t<div class=\"elementor-post__meta-data\">\n\t\t\t\t\t<span class=\"elementor-post-date\">\n\t\t\t6 avril 2026\t\t<\/span>\n\t\t\t\t<\/div>\n\t\t\t\t\t<\/div>\n\t\t<\/article>\n\t\t\t\t<\/div>\n\t\t\n\t\t\t\t\t\t<\/div>\n\t\t\t\t<\/div>\n\t\t\t\t<div class=\"elementor-element elementor-element-7086937 elementor-align-center elementor-widget elementor-widget-button\" data-id=\"7086937\" data-element_type=\"widget\" data-e-type=\"widget\" data-widget_type=\"button.default\">\n\t\t\t\t<div class=\"elementor-widget-container\">\n\t\t\t\t\t\t\t\t\t<div class=\"elementor-button-wrapper\">\n\t\t\t\t\t<a class=\"elementor-button elementor-button-link elementor-size-xs elementor-animation-shrink\" href=\"https:\/\/ordemdosfisioterapeutas.pt\/fr\/category\/noticias\/\">\n\t\t\t\t\t\t<span class=\"elementor-button-content-wrapper\">\n\t\t\t\t\t\t<span class=\"elementor-button-icon\">\n\t\t\t\t<i aria-hidden=\"true\" class=\"fas fa-plus\"><\/i>\t\t\t<\/span>\n\t\t\t\t\t\t\t\t\t<span class=\"elementor-button-text\">Nouvelles<\/span>\n\t\t\t\t\t<\/span>\n\t\t\t\t\t<\/a>\n\t\t\t\t<\/div>\n\t\t\t\t\t\t\t\t<\/div>\n\t\t\t\t<\/div>\n\t\t\t\t<div class=\"elementor-element elementor-element-a4d7110 elementor-align-center elementor-widget elementor-widget-button\" data-id=\"a4d7110\" data-element_type=\"widget\" data-e-type=\"widget\" data-widget_type=\"button.default\">\n\t\t\t\t<div class=\"elementor-widget-container\">\n\t\t\t\t\t\t\t\t\t<div class=\"elementor-button-wrapper\">\n\t\t\t\t\t<a class=\"elementor-button elementor-button-link elementor-size-xs elementor-animation-shrink\" href=\"https:\/\/ordemdosfisioterapeutas.pt\/en\/category\/noticias\/\">\n\t\t\t\t\t\t<span class=\"elementor-button-content-wrapper\">\n\t\t\t\t\t\t<span class=\"elementor-button-icon\">\n\t\t\t\t<i aria-hidden=\"true\" class=\"fas fa-plus\"><\/i>\t\t\t<\/span>\n\t\t\t\t\t\t\t\t\t<span class=\"elementor-button-text\">Nouvelles<\/span>\n\t\t\t\t\t<\/span>\n\t\t\t\t\t<\/a>\n\t\t\t\t<\/div>\n\t\t\t\t\t\t\t\t<\/div>\n\t\t\t\t<\/div>\n\t\t\t\t\t<\/div>\n\t\t<\/div>\n\t\t\t\t\t<\/div>\n\t\t<\/section>\n\t\t\t\t<\/div>","protected":false},"excerpt":{"rendered":"<p>Comiss\u00f5es instaladoras das especialidadesCandidaturas abertas de 1 a 31 de maio Aceder na \u00e1rea reservadaAtive a sua c\u00e9dula profissional j\u00e1 dispon\u00edvel na app gov.pt Saber mais Como ativar Elei\u00e7\u00f5es complementares para a Dire\u00e7\u00e3o Regional da Madeira e para a Mesa da Assembleia Regional do Sul. Ato eleitoral: 18 de maio de 2026 Cadernos Eleitorais Comiss\u00e3o &#8230; <a title=\"Journ\u00e9e mondiale de l&#039;activit\u00e9 physique : par le mouvement, nous favorisons une meilleure sant\u00e9\" class=\"read-more\" href=\"https:\/\/ordemdosfisioterapeutas.pt\/fr\/noticias\/dia-mundial-da-atividade-fisica-pelo-movimento-promovemos-mais-saude\/\" aria-label=\"En savoir plus sur Dia Mundial da Atividade F\u00edsica: pelo movimento, promovemos mais sa\u00fade\">En savoir plus<\/a><\/p>","protected":false},"author":1,"featured_media":0,"parent":0,"menu_order":0,"comment_status":"closed","ping_status":"closed","template":"elementor_header_footer","meta":{"footnotes":""},"class_list":["post-36","page","type-page","status-publish","hentry"],"_links":{"self":[{"href":"https:\/\/ordemdosfisioterapeutas.pt\/fr\/wp-json\/wp\/v2\/pages\/36","targetHints":{"allow":["GET"]}}],"collection":[{"href":"https:\/\/ordemdosfisioterapeutas.pt\/fr\/wp-json\/wp\/v2\/pages"}],"about":[{"href":"https:\/\/ordemdosfisioterapeutas.pt\/fr\/wp-json\/wp\/v2\/types\/page"}],"author":[{"embeddable":true,"href":"https:\/\/ordemdosfisioterapeutas.pt\/fr\/wp-json\/wp\/v2\/users\/1"}],"replies":[{"embeddable":true,"href":"https:\/\/ordemdosfisioterapeutas.pt\/fr\/wp-json\/wp\/v2\/comments?post=36"}],"version-history":[{"count":102,"href":"https:\/\/ordemdosfisioterapeutas.pt\/fr\/wp-json\/wp\/v2\/pages\/36\/revisions"}],"predecessor-version":[{"id":13314,"href":"https:\/\/ordemdosfisioterapeutas.pt\/fr\/wp-json\/wp\/v2\/pages\/36\/revisions\/13314"}],"wp:attachment":[{"href":"https:\/\/ordemdosfisioterapeutas.pt\/fr\/wp-json\/wp\/v2\/media?parent=36"}],"curies":[{"name":"wp","href":"https:\/\/api.w.org\/{rel}","templated":true}]}}