{"id":336,"date":"2020-09-29T20:12:04","date_gmt":"2020-09-29T20:12:04","guid":{"rendered":"https:\/\/ordemdosfisioterapeutas.pt\/?page_id=336"},"modified":"2022-07-16T16:29:10","modified_gmt":"2022-07-16T15:29:10","slug":"historia-da-fisioterapia-em-portugal","status":"publish","type":"page","link":"https:\/\/ordemdosfisioterapeutas.pt\/fr\/historia-da-fisioterapia-em-portugal\/","title":{"rendered":"Histoire de la physioth\u00e9rapie au Portugal"},"content":{"rendered":"<p>La d\u00e9signation \"physioth\u00e9rapeute\" appara\u00eet au d\u00e9but du 20e si\u00e8cle. Jusqu'en 1957, cette d\u00e9signation \u00e9tait utilis\u00e9e comme une sp\u00e9cialit\u00e9 m\u00e9dicale, qui a ensuite \u00e9t\u00e9 remplac\u00e9e par Physiatrist, ou sp\u00e9cialiste en m\u00e9decine physique et r\u00e9adaptation.<\/p>\n\n\n\n<p>La formation de professionnels (non m\u00e9decins) en tant que physioth\u00e9rapeutes a commenc\u00e9 en 1957, par le biais des \"cours de r\u00e9habilitation\" cr\u00e9\u00e9s par la Santa Casa da Miseric\u00f3rdia de Lisboa (SCML). La premi\u00e8re responsable du cours de physioth\u00e9rapie a \u00e9t\u00e9 Mlle Anne Cepik, une physioth\u00e9rapeute des \u00c9tats-Unis d'Am\u00e9rique (USA). Les premiers physioth\u00e9rapeutes ont \u00e9t\u00e9 form\u00e9s par des professionnels des \u00c9tats-Unis, du Danemark et de la Grande-Bretagne.<\/p>\n\n\n\n<p>Le 12 novembre 1960, l'Association portugaise des physioth\u00e9rapeutes a \u00e9t\u00e9 cr\u00e9\u00e9e.<\/p>\n\n\n\n<p>Les premiers kin\u00e9sith\u00e9rapeutes form\u00e9s ont re\u00e7u une formation compl\u00e9mentaire aux \u00c9tats-Unis et, \u00e0 partir de 1963, des kin\u00e9sith\u00e9rapeutes portugais y ont particip\u00e9. Ces cours de r\u00e9habilitation ont conduit \u00e0 la cr\u00e9ation de l'\u00e9cole de r\u00e9habilitation d'Alcoit\u00e3o, en 1966, int\u00e9gr\u00e9e au centre m\u00e9dical et de r\u00e9habilitation d'Alcoit\u00e3o. Toujours en 1966, le Portaria 22034, du 4 juin 1966, marque l'introduction du \"Titre professionnel de physioth\u00e9rapeute\" au Portugal.<\/p>\n\n\n\n<p>Dans les premi\u00e8res ann\u00e9es de cette profession, les lignes dominantes de la formation des physioth\u00e9rapeutes et de l'exercice de la fonction respective suivaient deux grandes lignes : \u00c0 la Santa Casa da Miseric\u00f3rdia, avec la cr\u00e9ation des cours de r\u00e9adaptation et, plus tard, de l'\u00e9cole de r\u00e9adaptation Alcoit\u00e3o, et dans les h\u00f4pitaux publics, avec la cr\u00e9ation des cours d'assistant en physioth\u00e9rapie et de technicien physioth\u00e9rapeute. Il est \u00e9galement important de mentionner la formation sp\u00e9cifique dans les territoires d'outre-mer et dans le domaine militaire.<\/p>\n\n\n\n<p>Au d\u00e9but des ann\u00e9es 70, la restructuration du syst\u00e8me de sant\u00e9, par la publication du d\u00e9cret-loi 414\/71, du 27 septembre, a cr\u00e9\u00e9 la carri\u00e8re de \"th\u00e9rapeute technique\", dont l'acc\u00e8s \u00e9tait limit\u00e9 aux professionnels ayant le \"titre professionnel de physioth\u00e9rapeute\".<\/p>\n\n\n\n<p>En 1977, il est cr\u00e9\u00e9 l'enseignement sup\u00e9rieur de courte dur\u00e9e (Decreto Lei n\u00ba 427-B\/77). Par la suite, l'\u00e9cole de r\u00e9habilitation d'Alcoit\u00e3o a \u00e9t\u00e9 incluse comme formation d'enseignement sup\u00e9rieur.<\/p>\n\n\n\n<p>Malgr\u00e9 la tentative de maintenir la physioth\u00e9rapie en tant que qualification de l'enseignement sup\u00e9rieur, les Escolas T\u00e9cnicas dos Servi\u00e7os de S\u00e1ude de Lisboa, Porto et Coimbra ont \u00e9t\u00e9 cr\u00e9\u00e9es en 1982, qui comprenaient la formation de techniciens en physioth\u00e9rapie. En 1985, l'\u00e9volution de la carri\u00e8re professionnelle a remplac\u00e9 la d\u00e9nomination \"T\u00e9cnico Auxiliar dos Servi\u00e7os Complementares\" par \"T\u00e9cnico de Diagn\u00f3stico e Terap\u00eautica\", qui comptait 18 professions.<\/p>\n\n\n\n<p>Le nouveau plan d'\u00e9tudes en physioth\u00e9rapie est entr\u00e9 en vigueur au cours de l'ann\u00e9e universitaire 1990\/1991 \u00e0 l'Escola de Reabilita\u00e7\u00e3o do Alcoit\u00e3o. En 1993, les \u00e9coles sup\u00e9rieures des technologies de la sant\u00e9 de Lisbonne, Porto et Coimbra ont \u00e9t\u00e9 cr\u00e9\u00e9es et int\u00e9gr\u00e9es au syst\u00e8me \u00e9ducatif national de l'enseignement sup\u00e9rieur polytechnique.<\/p>\n\n\n\n<p>En 1993, le d\u00e9cret-loi n\u00ba 415\/93, du 23 d\u00e9cembre, int\u00e8gre la physioth\u00e9rapie dans l'enseignement sup\u00e9rieur.<\/p>\n\n\n\n<p>\u00c0 partir de 1999, le minist\u00e8re des Ressources humaines pour la sant\u00e9 (maintenant l'ACSS) a rendu obligatoire l'inscription au registre professionnel pour les titulaires du cours de physioth\u00e9rapie.<\/p>\n\n\n\n<p>\u00c0 la fin des ann\u00e9es 1990 et au d\u00e9but du si\u00e8cle, le nombre d'\u00e9tablissements d'enseignement de la physioth\u00e9rapie a consid\u00e9rablement augment\u00e9, avec la cr\u00e9ation de 11 \u00e9tablissements entre 1997 et 2009.<\/p>\n\n\n\n<p>En 2004, le \"Rapport sur la mise en \u0153uvre du processus de Bologne au niveau national, par domaines de connaissance - technologies de la sant\u00e9\" (Lopes.A, 2004) propose que le premier cycle, dans le mod\u00e8le de Bologne, dure 4 ans, correspondant \u00e0 240 ECTS.<\/p>","protected":false},"excerpt":{"rendered":"<p>Le nom de \"physioth\u00e9rapeute\" est apparu au d\u00e9but du 20e si\u00e8cle. Jusqu'en 1957, ce nom \u00e9tait utilis\u00e9 comme une sp\u00e9cialit\u00e9 m\u00e9dicale, qui a ensuite \u00e9t\u00e9 remplac\u00e9e par Physiatrist, ou sp\u00e9cialiste en m\u00e9decine physique et de r\u00e9adaptation. La formation de professionnels (non m\u00e9dicaux) en tant que kin\u00e9sith\u00e9rapeutes a d\u00e9but\u00e9 en 1957, par le biais des \"cours de r\u00e9\u00e9ducation\" cr\u00e9\u00e9s ... <a title=\"Histoire de la physioth\u00e9rapie au Portugal\" class=\"read-more\" href=\"https:\/\/ordemdosfisioterapeutas.pt\/fr\/historia-da-fisioterapia-em-portugal\/\" aria-label=\"En savoir plus sur Histoire de la physioth\u00e9rapie au Portugal\">En savoir plus<\/a><\/p>","protected":false},"author":1,"featured_media":0,"parent":0,"menu_order":0,"comment_status":"closed","ping_status":"closed","template":"","meta":{"footnotes":""},"class_list":["post-336","page","type-page","status-publish"],"_links":{"self":[{"href":"https:\/\/ordemdosfisioterapeutas.pt\/fr\/wp-json\/wp\/v2\/pages\/336","targetHints":{"allow":["GET"]}}],"collection":[{"href":"https:\/\/ordemdosfisioterapeutas.pt\/fr\/wp-json\/wp\/v2\/pages"}],"about":[{"href":"https:\/\/ordemdosfisioterapeutas.pt\/fr\/wp-json\/wp\/v2\/types\/page"}],"author":[{"embeddable":true,"href":"https:\/\/ordemdosfisioterapeutas.pt\/fr\/wp-json\/wp\/v2\/users\/1"}],"replies":[{"embeddable":true,"href":"https:\/\/ordemdosfisioterapeutas.pt\/fr\/wp-json\/wp\/v2\/comments?post=336"}],"version-history":[{"count":0,"href":"https:\/\/ordemdosfisioterapeutas.pt\/fr\/wp-json\/wp\/v2\/pages\/336\/revisions"}],"wp:attachment":[{"href":"https:\/\/ordemdosfisioterapeutas.pt\/fr\/wp-json\/wp\/v2\/media?parent=336"}],"curies":[{"name":"wp","href":"https:\/\/api.w.org\/{rel}","templated":true}]}}