{"id":2243,"date":"2021-05-12T21:10:26","date_gmt":"2021-05-12T20:10:26","guid":{"rendered":"https:\/\/ordemdosfisioterapeutas.pt\/?page_id=2243"},"modified":"2026-04-01T08:30:22","modified_gmt":"2026-04-01T07:30:22","slug":"relatorio-de-atividades","status":"publish","type":"page","link":"https:\/\/ordemdosfisioterapeutas.pt\/fr\/relatorio-de-atividades\/","title":{"rendered":"Rapports d'activit\u00e9"},"content":{"rendered":"<div data-elementor-type=\"wp-page\" data-elementor-id=\"2243\" class=\"elementor elementor-2243\" data-elementor-post-type=\"page\">\n\t\t\t\t\t\t<section class=\"elementor-section elementor-top-section elementor-element elementor-element-4b56588 elementor-section-boxed elementor-section-height-default elementor-section-height-default\" data-id=\"4b56588\" data-element_type=\"section\" data-e-type=\"section\">\n\t\t\t\t\t\t<div class=\"elementor-container elementor-column-gap-default\">\n\t\t\t\t\t<div class=\"elementor-column elementor-col-100 elementor-top-column elementor-element elementor-element-f28328d\" data-id=\"f28328d\" data-element_type=\"column\" data-e-type=\"column\">\n\t\t\t<div class=\"elementor-widget-wrap elementor-element-populated\">\n\t\t\t\t\t\t<div class=\"elementor-element elementor-element-06d33d7 elementor-widget elementor-widget-text-editor\" data-id=\"06d33d7\" data-element_type=\"widget\" data-e-type=\"widget\" data-widget_type=\"text-editor.default\">\n\t\t\t\t<div class=\"elementor-widget-container\">\n\t\t\t\t\t\t\t\t\t<p>Les rapports d'activit\u00e9 sont \u00e9tablis annuellement et repr\u00e9sentent la description des activit\u00e9s d\u00e9velopp\u00e9es par l'Ordre des kin\u00e9sith\u00e9rapeutes au cours de chaque ann\u00e9e civile, comme d\u00e9crit ci-dessous.<\/p>\t\t\t\t\t\t\t\t<\/div>\n\t\t\t\t<\/div>\n\t\t\t\t\t<\/div>\n\t\t<\/div>\n\t\t\t\t\t<\/div>\n\t\t<\/section>\n\t\t\t\t<section class=\"elementor-section elementor-top-section elementor-element elementor-element-fbfccd9 elementor-section-boxed elementor-section-height-default elementor-section-height-default\" data-id=\"fbfccd9\" data-element_type=\"section\" data-e-type=\"section\">\n\t\t\t\t\t\t<div class=\"elementor-container elementor-column-gap-default\">\n\t\t\t\t\t<div class=\"elementor-column elementor-col-100 elementor-top-column elementor-element elementor-element-8c2c6fb\" data-id=\"8c2c6fb\" data-element_type=\"column\" data-e-type=\"column\">\n\t\t\t<div class=\"elementor-widget-wrap elementor-element-populated\">\n\t\t\t\t\t\t<div class=\"elementor-element elementor-element-9b510dd elementor-widget elementor-widget-toggle\" data-id=\"9b510dd\" data-element_type=\"widget\" data-e-type=\"widget\" data-widget_type=\"toggle.default\">\n\t\t\t\t<div class=\"elementor-widget-container\">\n\t\t\t\t\t\t\t<div class=\"elementor-toggle\">\n\t\t\t\t\t\t\t<div class=\"elementor-toggle-item\">\n\t\t\t\t\t<div id=\"elementor-tab-title-1621\" class=\"elementor-tab-title\" data-tab=\"1\" role=\"button\" aria-controls=\"elementor-tab-content-1621\" aria-expanded=\"false\">\n\t\t\t\t\t\t\t\t\t\t\t\t<span class=\"elementor-toggle-icon elementor-toggle-icon-left\" aria-hidden=\"true\">\n\t\t\t\t\t\t\t\t\t\t\t\t\t\t\t<span class=\"elementor-toggle-icon-closed\"><i class=\"fas fa-caret-right\"><\/i><\/span>\n\t\t\t\t\t\t\t\t<span class=\"elementor-toggle-icon-opened\"><i class=\"elementor-toggle-icon-opened fas fa-caret-up\"><\/i><\/span>\n\t\t\t\t\t\t\t\t\t\t\t\t\t<\/span>\n\t\t\t\t\t\t\t\t\t\t\t\t<a class=\"elementor-toggle-title\" tabindex=\"0\">2025<\/a>\n\t\t\t\t\t<\/div>\n\n\t\t\t\t\t<div id=\"elementor-tab-content-1621\" class=\"elementor-tab-content elementor-clearfix\" data-tab=\"1\" role=\"region\" aria-labelledby=\"elementor-tab-title-1621\"><ul><li><span style=\"text-decoration: underline;\"><a href=\"https:\/\/ordemdosfisioterapeutas.pt\/wp-content\/uploads\/2026\/04\/Relatorio-de-Atividades-da-Direcao_2025.pdf\" target=\"_blank\" rel=\"noopener\">Rapport d'activit\u00e9 de la direction<\/a><\/span><\/li><li><span style=\"text-decoration: underline;\"><a href=\"https:\/\/ordemdosfisioterapeutas.pt\/wp-content\/uploads\/2026\/04\/Relatorio-de-Atividades-do-Conselho-Jurisdicional_2025.pdf\" target=\"_blank\" rel=\"noopener\">Rapport d'activit\u00e9 des conseils juridictionnels<\/a><\/span><\/li><li><span style=\"text-decoration: underline;\"><a href=\"https:\/\/ordemdosfisioterapeutas.pt\/wp-content\/uploads\/2026\/04\/Demonstracoes-Financeiras_2025.pdf\" target=\"_blank\" rel=\"noopener\">\u00c9tats financiers<\/a><\/span><\/li><li><span style=\"text-decoration: underline;\"><a href=\"https:\/\/ordemdosfisioterapeutas.pt\/wp-content\/uploads\/2026\/04\/Certificacao-Legal-de-Contas_2025.pdf\" target=\"_blank\" rel=\"noopener\">Certification l\u00e9gale des comptes<\/a><\/span><\/li><li><span style=\"text-decoration: underline;\"><a href=\"https:\/\/ordemdosfisioterapeutas.pt\/wp-content\/uploads\/2026\/04\/Parecer-do-CF_Relatorio-Atividades-Demonstracoes-Financeiras-2025.pdf\" target=\"_blank\" rel=\"noopener\">Avis du conseil de surveillance<\/a><\/span><\/li><\/ul><\/div>\n\t\t\t\t<\/div>\n\t\t\t\t\t\t\t<div class=\"elementor-toggle-item\">\n\t\t\t\t\t<div id=\"elementor-tab-title-1622\" class=\"elementor-tab-title\" data-tab=\"2\" role=\"button\" aria-controls=\"elementor-tab-content-1622\" aria-expanded=\"false\">\n\t\t\t\t\t\t\t\t\t\t\t\t<span class=\"elementor-toggle-icon elementor-toggle-icon-left\" aria-hidden=\"true\">\n\t\t\t\t\t\t\t\t\t\t\t\t\t\t\t<span class=\"elementor-toggle-icon-closed\"><i class=\"fas fa-caret-right\"><\/i><\/span>\n\t\t\t\t\t\t\t\t<span class=\"elementor-toggle-icon-opened\"><i class=\"elementor-toggle-icon-opened fas fa-caret-up\"><\/i><\/span>\n\t\t\t\t\t\t\t\t\t\t\t\t\t<\/span>\n\t\t\t\t\t\t\t\t\t\t\t\t<a class=\"elementor-toggle-title\" tabindex=\"0\">2024<\/a>\n\t\t\t\t\t<\/div>\n\n\t\t\t\t\t<div id=\"elementor-tab-content-1622\" class=\"elementor-tab-content elementor-clearfix\" data-tab=\"2\" role=\"region\" aria-labelledby=\"elementor-tab-title-1622\"><ul><li><span style=\"text-decoration: underline;\"><a href=\"https:\/\/ordemdosfisioterapeutas.pt\/wp-content\/uploads\/2025\/03\/1-Relatorio_Atividades_2024__signed_signed.pdf\" target=\"_blank\" rel=\"noopener\">Rapport d'activit\u00e9 de la direction<\/a><\/span><\/li><li><span style=\"text-decoration: underline;\"><a href=\"https:\/\/ordemdosfisioterapeutas.pt\/wp-content\/uploads\/2025\/03\/8-Relatorio_Atividades_Conselho_Jurisdicional_2024.pdf\" target=\"_blank\" rel=\"noopener\">Rapport d'activit\u00e9 des conseils juridictionnels<\/a><\/span><\/li><li><span style=\"text-decoration: underline;\"><a href=\"https:\/\/ordemdosfisioterapeutas.pt\/wp-content\/uploads\/2025\/03\/2-Demonstracoes_Financeiras_2024_signed_signed_signed.pdf\" target=\"_blank\" rel=\"noopener\">\u00c9tats financiers<\/a><\/span><\/li><li><span style=\"text-decoration: underline;\"><a href=\"https:\/\/ordemdosfisioterapeutas.pt\/wp-content\/uploads\/2025\/03\/5-Certificacao_Legal_de_Contas_2024.pdf\" target=\"_blank\" rel=\"noopener\">Certification l\u00e9gale des comptes<\/a><\/span><\/li><li><span style=\"text-decoration: underline;\"><a href=\"https:\/\/ordemdosfisioterapeutas.pt\/wp-content\/uploads\/2025\/03\/6-Parecer_Conselho_Fiscal_Relatorio_Atividades_Demonstracoes_Financeiras_2024_signed_signed_signed.pdf\" target=\"_blank\" rel=\"noopener\">Avis du conseil de surveillance<\/a><\/span><\/li><\/ul><\/div>\n\t\t\t\t<\/div>\n\t\t\t\t\t\t\t<div class=\"elementor-toggle-item\">\n\t\t\t\t\t<div id=\"elementor-tab-title-1623\" class=\"elementor-tab-title\" data-tab=\"3\" role=\"button\" aria-controls=\"elementor-tab-content-1623\" aria-expanded=\"false\">\n\t\t\t\t\t\t\t\t\t\t\t\t<span class=\"elementor-toggle-icon elementor-toggle-icon-left\" aria-hidden=\"true\">\n\t\t\t\t\t\t\t\t\t\t\t\t\t\t\t<span class=\"elementor-toggle-icon-closed\"><i class=\"fas fa-caret-right\"><\/i><\/span>\n\t\t\t\t\t\t\t\t<span class=\"elementor-toggle-icon-opened\"><i class=\"elementor-toggle-icon-opened fas fa-caret-up\"><\/i><\/span>\n\t\t\t\t\t\t\t\t\t\t\t\t\t<\/span>\n\t\t\t\t\t\t\t\t\t\t\t\t<a class=\"elementor-toggle-title\" tabindex=\"0\">2023<\/a>\n\t\t\t\t\t<\/div>\n\n\t\t\t\t\t<div id=\"elementor-tab-content-1623\" class=\"elementor-tab-content elementor-clearfix\" data-tab=\"3\" role=\"region\" aria-labelledby=\"elementor-tab-title-1623\"><p><a href=\"https:\/\/ordemdosfisioterapeutas.pt\/wp-content\/uploads\/2024\/04\/AF_Relatorio-de-Actividades_2023_25_03_24_II_signed_signed.pdf\" target=\"_blank\" rel=\"noopener\"><span style=\"text-decoration: underline;\">Rapport d'activit\u00e9s<\/span><\/a><\/p><p><a href=\"https:\/\/ordemdosfisioterapeutas.pt\/wp-content\/uploads\/2024\/04\/14-Demonstracoes-Financeiras-Aprovads-pelo-CG-2023_signed_signed_signed_signed_signed_signed_signed_signed.pdf\" target=\"_blank\" rel=\"noopener\"><span style=\"text-decoration: underline;\">\u00c9tats financiers<\/span> <\/a><\/p><p><a href=\"https:\/\/ordemdosfisioterapeutas.pt\/wp-content\/uploads\/2024\/04\/10-Certificacao-Legal-Contas-2023-Assinado.pdf\" target=\"_blank\" rel=\"noopener\"><span style=\"text-decoration: underline;\">Certification l\u00e9gale des comptes<\/span><\/a><\/p><p><a href=\"https:\/\/ordemdosfisioterapeutas.pt\/wp-content\/uploads\/2024\/04\/11-Parecer-do-Conselho-Fiscal-Contas_2023-Assinado.pdf\" target=\"_blank\" rel=\"noopener\"><span style=\"text-decoration: underline;\">Avis du conseil de surveillance<\/span><\/a><\/p><\/div>\n\t\t\t\t<\/div>\n\t\t\t\t\t\t\t<div class=\"elementor-toggle-item\">\n\t\t\t\t\t<div id=\"elementor-tab-title-1624\" class=\"elementor-tab-title\" data-tab=\"4\" role=\"button\" aria-controls=\"elementor-tab-content-1624\" aria-expanded=\"false\">\n\t\t\t\t\t\t\t\t\t\t\t\t<span class=\"elementor-toggle-icon elementor-toggle-icon-left\" aria-hidden=\"true\">\n\t\t\t\t\t\t\t\t\t\t\t\t\t\t\t<span class=\"elementor-toggle-icon-closed\"><i class=\"fas fa-caret-right\"><\/i><\/span>\n\t\t\t\t\t\t\t\t<span class=\"elementor-toggle-icon-opened\"><i class=\"elementor-toggle-icon-opened fas fa-caret-up\"><\/i><\/span>\n\t\t\t\t\t\t\t\t\t\t\t\t\t<\/span>\n\t\t\t\t\t\t\t\t\t\t\t\t<a class=\"elementor-toggle-title\" tabindex=\"0\">2022<\/a>\n\t\t\t\t\t<\/div>\n\n\t\t\t\t\t<div id=\"elementor-tab-content-1624\" class=\"elementor-tab-content elementor-clearfix\" data-tab=\"4\" role=\"region\" aria-labelledby=\"elementor-tab-title-1624\"><p><span style=\"text-decoration: underline;\"><a href=\"https:\/\/ordemdosfisioterapeutas.pt\/wp-content\/uploads\/2023\/04\/Rel_activ_31032023_Final_signed_signed.pdf\" target=\"_blank\" rel=\"noopener\">Rapport d'activit\u00e9s<\/a><\/span><\/p><p><span style=\"text-decoration: underline;\"><a href=\"https:\/\/ordemdosfisioterapeutas.pt\/wp-content\/uploads\/2023\/04\/AF_rel_activ-FINANCEIRO_31_03_2023_l_V_signed.pdf\" target=\"_blank\" rel=\"noopener\">\u00c9tat financier<\/a><\/span><\/p><p><span style=\"text-decoration: underline;\"><a href=\"https:\/\/ordemdosfisioterapeutas.pt\/wp-content\/uploads\/2023\/04\/Certificacao-Legal-de-Contas-2022.pdf\" target=\"_blank\" rel=\"noopener\">Certification l\u00e9gale des comptes<\/a><\/span><\/p><p><span style=\"text-decoration: underline;\"><a href=\"https:\/\/ordemdosfisioterapeutas.pt\/wp-content\/uploads\/2023\/04\/Conselho-Fiscal-Relatorio-e-Parecer-Contas-2022.pdf\" target=\"_blank\" rel=\"noopener\">Avis du conseil de surveillance<\/a><\/span><\/p><\/div>\n\t\t\t\t<\/div>\n\t\t\t\t\t\t\t<div class=\"elementor-toggle-item\">\n\t\t\t\t\t<div id=\"elementor-tab-title-1625\" class=\"elementor-tab-title\" data-tab=\"5\" role=\"button\" aria-controls=\"elementor-tab-content-1625\" aria-expanded=\"false\">\n\t\t\t\t\t\t\t\t\t\t\t\t<span class=\"elementor-toggle-icon elementor-toggle-icon-left\" aria-hidden=\"true\">\n\t\t\t\t\t\t\t\t\t\t\t\t\t\t\t<span class=\"elementor-toggle-icon-closed\"><i class=\"fas fa-caret-right\"><\/i><\/span>\n\t\t\t\t\t\t\t\t<span class=\"elementor-toggle-icon-opened\"><i class=\"elementor-toggle-icon-opened fas fa-caret-up\"><\/i><\/span>\n\t\t\t\t\t\t\t\t\t\t\t\t\t<\/span>\n\t\t\t\t\t\t\t\t\t\t\t\t<a class=\"elementor-toggle-title\" tabindex=\"0\">2021<\/a>\n\t\t\t\t\t<\/div>\n\n\t\t\t\t\t<div id=\"elementor-tab-content-1625\" class=\"elementor-tab-content elementor-clearfix\" data-tab=\"5\" role=\"region\" aria-labelledby=\"elementor-tab-title-1625\"><p><span style=\"text-decoration: underline;\"><a href=\"https:\/\/ordemdosfisioterapeutas.pt\/wp-content\/uploads\/2022\/05\/relatorio-de-atividades-2021.pdf\" target=\"_blank\" rel=\"noopener\">Rapport d'activit\u00e9s<\/a><\/span><\/p><p><span style=\"text-decoration: underline;\"><a href=\"https:\/\/ordemdosfisioterapeutas.pt\/wp-content\/uploads\/2022\/06\/A_Demontracoes-Financeiras-2021-Assinado.pdf\" target=\"_blank\" rel=\"noopener\">\u00c9tat financier<\/a><\/span><\/p><p><span style=\"text-decoration: underline;\"><a href=\"https:\/\/ordemdosfisioterapeutas.pt\/wp-content\/uploads\/2022\/06\/ROC_1_Certificacao_legal_contas_2021_signed.pdf\" target=\"_blank\" rel=\"noopener\">Certification l\u00e9gale des comptes<\/a><\/span><\/p><\/div>\n\t\t\t\t<\/div>\n\t\t\t\t\t\t\t<div class=\"elementor-toggle-item\">\n\t\t\t\t\t<div id=\"elementor-tab-title-1626\" class=\"elementor-tab-title\" data-tab=\"6\" role=\"button\" aria-controls=\"elementor-tab-content-1626\" aria-expanded=\"false\">\n\t\t\t\t\t\t\t\t\t\t\t\t<span class=\"elementor-toggle-icon elementor-toggle-icon-left\" aria-hidden=\"true\">\n\t\t\t\t\t\t\t\t\t\t\t\t\t\t\t<span class=\"elementor-toggle-icon-closed\"><i class=\"fas fa-caret-right\"><\/i><\/span>\n\t\t\t\t\t\t\t\t<span class=\"elementor-toggle-icon-opened\"><i class=\"elementor-toggle-icon-opened fas fa-caret-up\"><\/i><\/span>\n\t\t\t\t\t\t\t\t\t\t\t\t\t<\/span>\n\t\t\t\t\t\t\t\t\t\t\t\t<a class=\"elementor-toggle-title\" tabindex=\"0\">2020<\/a>\n\t\t\t\t\t<\/div>\n\n\t\t\t\t\t<div id=\"elementor-tab-content-1626\" class=\"elementor-tab-content elementor-clearfix\" data-tab=\"6\" role=\"region\" aria-labelledby=\"elementor-tab-title-1626\"><p><span style=\"text-decoration: underline;\"><a href=\"https:\/\/ordemdosfisioterapeutas.pt\/wp-content\/uploads\/2021\/05\/relatorio-de-atividades-2020-sumula2-2-rev-2.pdf\" target=\"_blank\" rel=\"noopener\">Rapport d'activit\u00e9s<\/a><\/span><\/p><\/div>\n\t\t\t\t<\/div>\n\t\t\t\t\t\t\t\t<\/div>\n\t\t\t\t\t\t<\/div>\n\t\t\t\t<\/div>\n\t\t\t\t\t<\/div>\n\t\t<\/div>\n\t\t\t\t\t<\/div>\n\t\t<\/section>\n\t\t\t\t<\/div>","protected":false},"excerpt":{"rendered":"<p>Os Relat\u00f3rios de atividades s\u00e3o realizados anualmente e representam a descri\u00e7\u00e3o das atividades desenvolvidas pela Ordem dos Fisioterapeutas em cada ano civil, como abaixo descrito. 2025 Relat\u00f3rio de Atividades da Dire\u00e7\u00e3o Relat\u00f3rio de Atividades do Conselho Jurisdicional Demonstra\u00e7\u00f5es Financeiras Certifica\u00e7\u00e3o Legal de Contas Parecer do Conselho Fiscal 2024 Relat\u00f3rio de Atividades da Dire\u00e7\u00e3o Relat\u00f3rio de &#8230; <a title=\"Rapports d&#039;activit\u00e9\" class=\"read-more\" href=\"https:\/\/ordemdosfisioterapeutas.pt\/fr\/relatorio-de-atividades\/\" aria-label=\"En savoir plus sur Rapports d&#039;activit\u00e9\">En savoir plus<\/a><\/p>","protected":false},"author":1,"featured_media":0,"parent":0,"menu_order":0,"comment_status":"closed","ping_status":"closed","template":"","meta":{"footnotes":""},"class_list":["post-2243","page","type-page","status-publish"],"_links":{"self":[{"href":"https:\/\/ordemdosfisioterapeutas.pt\/fr\/wp-json\/wp\/v2\/pages\/2243","targetHints":{"allow":["GET"]}}],"collection":[{"href":"https:\/\/ordemdosfisioterapeutas.pt\/fr\/wp-json\/wp\/v2\/pages"}],"about":[{"href":"https:\/\/ordemdosfisioterapeutas.pt\/fr\/wp-json\/wp\/v2\/types\/page"}],"author":[{"embeddable":true,"href":"https:\/\/ordemdosfisioterapeutas.pt\/fr\/wp-json\/wp\/v2\/users\/1"}],"replies":[{"embeddable":true,"href":"https:\/\/ordemdosfisioterapeutas.pt\/fr\/wp-json\/wp\/v2\/comments?post=2243"}],"version-history":[{"count":6,"href":"https:\/\/ordemdosfisioterapeutas.pt\/fr\/wp-json\/wp\/v2\/pages\/2243\/revisions"}],"predecessor-version":[{"id":13194,"href":"https:\/\/ordemdosfisioterapeutas.pt\/fr\/wp-json\/wp\/v2\/pages\/2243\/revisions\/13194"}],"wp:attachment":[{"href":"https:\/\/ordemdosfisioterapeutas.pt\/fr\/wp-json\/wp\/v2\/media?parent=2243"}],"curies":[{"name":"wp","href":"https:\/\/api.w.org\/{rel}","templated":true}]}}