{"id":11047,"date":"2025-08-02T12:20:05","date_gmt":"2025-08-02T11:20:05","guid":{"rendered":"https:\/\/ordemdosfisioterapeutas.pt\/?page_id=11047"},"modified":"2026-01-16T17:42:11","modified_gmt":"2026-01-16T17:42:11","slug":"resultados-oficiais-2025","status":"publish","type":"page","link":"https:\/\/ordemdosfisioterapeutas.pt\/fr\/resultados-oficiais-2025\/","title":{"rendered":"R\u00e9sultats officiels"},"content":{"rendered":"<div data-elementor-type=\"wp-page\" data-elementor-id=\"11047\" class=\"elementor elementor-11047\" data-elementor-post-type=\"page\">\n\t\t\t\t<div class=\"elementor-element elementor-element-04f39e5 e-flex e-con-boxed e-con e-parent\" data-id=\"04f39e5\" data-element_type=\"container\" data-e-type=\"container\">\n\t\t\t\t\t<div class=\"e-con-inner\">\n\t\t<div class=\"elementor-element elementor-element-22db3df e-grid e-con-full e-con e-child\" data-id=\"22db3df\" data-element_type=\"container\" data-e-type=\"container\">\n\t\t\t\t<div class=\"elementor-element elementor-element-2770b2c elementor-nav-menu__text-align-aside elementor-nav-menu--toggle elementor-nav-menu--burger elementor-widget elementor-widget-nav-menu\" data-id=\"2770b2c\" data-element_type=\"widget\" data-e-type=\"widget\" data-settings=\"{&quot;layout&quot;:&quot;dropdown&quot;,&quot;submenu_icon&quot;:{&quot;value&quot;:&quot;&quot;,&quot;library&quot;:&quot;&quot;},&quot;toggle&quot;:&quot;burger&quot;}\" data-widget_type=\"nav-menu.default\">\n\t\t\t\t<div class=\"elementor-widget-container\">\n\t\t\t\t\t\t\t<div class=\"elementor-menu-toggle\" role=\"button\" tabindex=\"0\" aria-label=\"Activer le menu\" aria-expanded=\"false\">\n\t\t\t<i aria-hidden=\"true\" role=\"presentation\" class=\"elementor-menu-toggle__icon--open eicon-menu-bar\"><\/i><i aria-hidden=\"true\" role=\"presentation\" class=\"elementor-menu-toggle__icon--close eicon-close\"><\/i>\t\t<\/div>\n\t\t\t\t\t<nav class=\"elementor-nav-menu--dropdown elementor-nav-menu__container\" aria-hidden=\"true\">\n\t\t\t\t<ul id=\"menu-2-2770b2c\" class=\"elementor-nav-menu\"><li class=\"menu-item menu-item-type-post_type menu-item-object-page menu-item-11230\"><a href=\"https:\/\/ordemdosfisioterapeutas.pt\/fr\/eleicoes-2025\/\" class=\"elementor-item\" tabindex=\"-1\">\u00c9lections<\/a><\/li>\n<li class=\"menu-item menu-item-type-post_type menu-item-object-page menu-item-11231\"><a href=\"https:\/\/ordemdosfisioterapeutas.pt\/fr\/calendario-eleitoral-2025\/\" class=\"elementor-item\" tabindex=\"-1\">Calendrier \u00e9lectoral<\/a><\/li>\n<li class=\"menu-item menu-item-type-post_type menu-item-object-page menu-item-11229\"><a href=\"https:\/\/ordemdosfisioterapeutas.pt\/fr\/comissao-eleitoral-2025\/\" class=\"elementor-item\" tabindex=\"-1\">Commission \u00e9lectorale<\/a><\/li>\n<li class=\"menu-item menu-item-type-post_type menu-item-object-page menu-item-11228\"><a href=\"https:\/\/ordemdosfisioterapeutas.pt\/fr\/recenseamento-2025\/\" class=\"elementor-item\" tabindex=\"-1\">Recensement<\/a><\/li>\n<li class=\"menu-item menu-item-type-post_type menu-item-object-page menu-item-11227\"><a href=\"https:\/\/ordemdosfisioterapeutas.pt\/fr\/caderno-eleitoral-2025\/\" class=\"elementor-item\" tabindex=\"-1\">Listes \u00e9lectorales<\/a><\/li>\n<li class=\"menu-item menu-item-type-post_type menu-item-object-page menu-item-11226\"><a href=\"https:\/\/ordemdosfisioterapeutas.pt\/fr\/candidaturas-2025\/\" class=\"elementor-item\" tabindex=\"-1\">Applications<\/a><\/li>\n<li class=\"menu-item menu-item-type-post_type menu-item-object-page menu-item-11225\"><a href=\"https:\/\/ordemdosfisioterapeutas.pt\/fr\/listas-candidatas-2025\/\" class=\"elementor-item\" tabindex=\"-1\">Listes de candidats<\/a><\/li>\n<li class=\"menu-item menu-item-type-post_type menu-item-object-page menu-item-11224\"><a href=\"https:\/\/ordemdosfisioterapeutas.pt\/fr\/campanha-eleitoral-2025\/\" class=\"elementor-item\" tabindex=\"-1\">Campagne \u00e9lectorale<\/a><\/li>\n<li class=\"menu-item menu-item-type-post_type menu-item-object-page menu-item-11223\"><a href=\"https:\/\/ordemdosfisioterapeutas.pt\/fr\/ato-eleitoral-2025\/\" class=\"elementor-item\" tabindex=\"-1\">Loi \u00e9lectorale<\/a><\/li>\n<li class=\"menu-item menu-item-type-post_type menu-item-object-page menu-item-11221\"><a href=\"https:\/\/ordemdosfisioterapeutas.pt\/fr\/resultados-provisorios-2025\/\" class=\"elementor-item\" tabindex=\"-1\">R\u00e9sultats provisoires<\/a><\/li>\n<li class=\"menu-item menu-item-type-post_type menu-item-object-page menu-item-11222\"><a href=\"https:\/\/ordemdosfisioterapeutas.pt\/fr\/resultados-oficiais-2025\/\" class=\"elementor-item\" tabindex=\"-1\">R\u00e9sultats officiels<\/a><\/li>\n<li class=\"menu-item menu-item-type-post_type menu-item-object-page menu-item-11220\"><a href=\"https:\/\/ordemdosfisioterapeutas.pt\/fr\/tomada-de-posse-2025\/\" class=\"elementor-item\" tabindex=\"-1\">Inauguration<\/a><\/li>\n<li class=\"menu-item menu-item-type-post_type menu-item-object-page menu-item-11216\"><a href=\"https:\/\/ordemdosfisioterapeutas.pt\/fr\/perguntas-frequentes-2025\/\" class=\"elementor-item\" tabindex=\"-1\">Questions fr\u00e9quemment pos\u00e9es<\/a><\/li>\n<\/ul>\t\t\t<\/nav>\n\t\t\t\t\t\t<\/div>\n\t\t\t\t<\/div>\n\t\t\t\t<\/div>\n\t\t\t\t<div class=\"elementor-element elementor-element-f088b4c elementor-widget elementor-widget-text-editor\" data-id=\"f088b4c\" data-element_type=\"widget\" data-e-type=\"widget\" data-widget_type=\"text-editor.default\">\n\t\t\t\t<div class=\"elementor-widget-container\">\n\t\t\t\t\t\t\t\t\t<p>Apr\u00e8s validation finale, ils ont \u00e9t\u00e9 publi\u00e9s dans\u00a0<em>Journal officiel<\/em>\u00a0les r\u00e9sultats officiels des \u00e9lections 2025 pour les organes sociaux de l'Ordre des kin\u00e9sith\u00e9rapeutes.\u00a0<strong>Consultez l'avis publi\u00e9 au Journal officiel, <span style=\"text-decoration: underline;\"><a href=\"https:\/\/ordemdosfisioterapeutas.pt\/wp-content\/uploads\/2025\/12\/Relatorios-Resultados-Eleicoes-2025.pdf\" target=\"_blank\" rel=\"noopener\">ici<\/a><\/span>.<\/strong><\/p><p><strong>La composition nominale des instances dirigeantes de l'Ordre des physioth\u00e9rapeutes, r\u00e9sultant du processus \u00e9lectoral et des m\u00e9canismes statutaires applicables, peut \u00eatre consult\u00e9e ci-dessous.<\/strong><\/p><h3><strong>Organes nationaux<\/strong><\/h3><p><strong>Conseil g\u00e9n\u00e9ral<\/strong><\/p><p><strong>Pr\u00e9sident du Conseil g\u00e9n\u00e9ral : <\/strong>Maria Ant\u00f3nio Ferreira de Castro, CP n\u00b0 410<\/p><p><strong>Secr\u00e9taire du Bureau : <\/strong>Ad\u00e9rito Ricardo Duarte Seixas, CP n\u00b0 1054<\/p><p><strong>Secr\u00e9taire du Bureau : <\/strong>Ana Catarina Monteiro Casaca, CP n\u00ba 1107<\/p><p><strong>Membres effectifs :<\/strong><\/p><p>Manuel Francisco Nunes de Medeiros, CP 3119<\/p><p>Cl\u00e1udia dos Ramos Aguiar, CP n\u00b0 1787<\/p><p>Jo\u00e3o Alberto Branco Valeriano, CP n\u00b0 129<\/p><p>Manuela da Concei\u00e7\u00e3o Ferreira Martinho, CP no. 4014<\/p><p>Paulo Jorge Cordeiro Gomes Pereira, CP n\u00ba 242<\/p><p>Ana Maria Nunes Machado Moreira, CP 4175<\/p><p>Bernardo de Amorim Gon\u00e7alves Monteiro Pinto, CP 3744<\/p><p>Ana Sofia Cardoso Pontes Magalh\u00e3es Pacheco, CP n\u00b0 1710<\/p><p>Pedro Ven\u00e2ncio Morais Maciel Barbosa, CP 1010<\/p><p>Beatriz Oliveira da Silva, CP n\u00b0 1586<\/p><p>V\u00edtor Hugo do Carmo Azevedo, CP no. 2358<\/p><p>Maria da Concei\u00e7\u00e3o Sanina Gra\u00e7a, CP n\u00b0 1268<\/p><p>Nelson Jo\u00e3o da Cunha Azevedo, CP no. 2227<\/p><p>Paula Clara Ribeiro Santos, CP n\u00b0 732<\/p><p>Nuno Filipe Pina, CP 3894<\/p><p>Anabela Gon\u00e7alves da Silva, CP n\u00ba 499<\/p><p>Duarte Rafael Sampaio Pereira, CP 548<\/p><p>Alda Sofia Pires de Dias Marques, CP n\u00b0 1299<\/p><p>H\u00e9lio Manuel Bragan\u00e7a da Silva, CP n\u00b0 3704<\/p><p>Ana Rita Carujo Saramago, CP n\u00b0 1066<\/p><p>Bruno Miguel Gon\u00e7alves da Silva, CP 3711<\/p><p>Mariana Miguel Santos Fonseca, CP n\u00b0 2247<\/p><p>Ana Maria Concei\u00e7\u00e3o Tom\u00e9, CP n\u00b0 1294<\/p><p>Rui Alberto Fernandes Antunes Viana, CP n\u00ba 1956<\/p><p>Eliana Cibel Abreu Sousa, CP n\u00b0 10850<\/p><p>S\u00e9rgio Mendes Neto, CP n\u00b0 326<\/p><p>Sara Palos Souto de Miranda, CP n\u00b0 1235<\/p><p>Germano Jos\u00e9 da Silva Ferreira, CP 3563<\/p><p>Mariana Rodrigues Sim\u00f5es Costa Fonseca, CP n\u00b0 136<\/p><p>Ricardo Jorge Afonso Dias, CP n\u00ba 1696<\/p><p>Marta In\u00eas Ribeiro Gon\u00e7alves, CP 4735<\/p><p>Carolina Maria Welbers, CP n\u00b0 6378<\/p><p>C\u00e9sar da Silva Nat\u00e1rio, CP 7038<\/p><p>Marta Pereira Duarte, CP n\u00b0 4926<\/p><p>T\u00e2nia Lu\u00edsa Tavares Santo, CP 3585<\/p><p>Cust\u00f3dio Gabriel Martins da Costa, CP 3816<\/p><p>Joaquina Vieira da Palma Cristina, CP n\u00b0 10946<\/p><p>Ana Maria Favinha Paraiba de Oliveira Ferreira Pinto, CP 3471<\/p><p>Jo\u00e3o Frederico de Amorim Gon\u00e7alves Monteiro Pinto, CP n\u00ba 2077<\/p><p>Angela Patricia \u00c1guas Bonaparte Vieira, CP n\u00b0 1505<\/p><p>Andreia Sara da Silva Rocha, CP n\u00ba 1353<\/p><p>Jo\u00e3o Pedro Oliveira dos Santos Neto, CP 1429<\/p><p>Elsa Maria Gil Louren\u00e7o da Silva, CP 3515<\/p><p>Telma Filipa Rodrigues Pereira Pires, CP n\u00b0 2847<\/p><p>Pedro Miguel da Silva Catarro, CP n\u00b0 2579<\/p><p>Teresa Miguel Marques Pinto, CP n\u00b0 2224<\/p><p>Cl\u00e1udia Sofia da Costa Ver\u00edssimo, CP 1258<\/p><p><strong>Alternatives :<\/strong><\/p><p>Emanuel Tiago Santos Heleno, CP n\u00ba 397<\/p><p>Francisco Lu\u00eds Rocha Neto, CP n\u00b0 3210<\/p><p>Susana Patr\u00edcia Tinoco da Silva Duarte, CP n\u00b0 2524<\/p><p>\u00c2ngela Jorge Mesquita, CP n\u00b0 3436<\/p><p>David Dam\u00e1sio Francisco, CP n\u00b0 974<\/p><p>S\u00f3nia Manuela Torrinha Machado, CP n\u00b0 7789<\/p><p>Rosa Maria de Sousa Andias, CP n\u00b0 2261<\/p><p>Tiago Miguel Figueiredo de Brito, CP n\u00ba 1980<\/p><p>Carla Mendes Pereira, CP 2732<\/p><p>Soraia Juliana Pires, CP 5570<\/p><p>Pedro Jorge Reis de Almeida, CP n\u00ba 243<\/p><p>Marlene Cris\udbc0\udd9fna Neves Rosa, CP no. 10043<\/p><p>Catarina Isabel Correia Pereira Teixeira de Almada, CP n\u00ba 1989<\/p><p>Bruno Teixeira de Carvalho, CP n\u00ba 11011<\/p><p>Clara Daniela Dias Ferreira, CP n\u00b0 3499<\/p><p>Lu\u00eds Miguel Eva Ferreira, CP n\u00ba 1538<\/p><p>Rita Maria Rodrigues Pires Afonso, CP n\u00b0 976<\/p><p>Rubina Lu\u00edsa Teixeira Moniz, CP n\u00b0 3089<\/p><p>Diogo Sousa Silva, CP n\u00ba 11329<\/p><p>Cristina Teresa Torr\u00e3o de Carvalho Mesquita, CP n\u00ba 4397<\/p><p>Joana Medeiros Andrade, CP 2709<\/p><p>Patrick Jimmy Soares Morais CP n\u00b0 9698<\/p><p>Joana Isabel Duarte Tiago, CP n\u00ba 2917<\/p><p>Andr\u00e9 Lu\u00eds Rocha Pinhal, CP n\u00ba 13121<\/p><p>Ana Sofia Garcez Barbosa do Couto, CP n\u00b0 1440<\/p><p><strong>Bastonaire<\/strong><\/p><p>Ant\u00f3nio Manuel Fernandes Lopes, CP n\u00b0 2<\/p><p><strong>Direction<br \/><\/strong><br \/><strong>Pr\u00e9sident :<\/strong> Ant\u00f3nio Manuel Fernandes Lopes, CP n\u00b0 2<br \/><br \/><strong>1er Vice-pr\u00e9sident :<\/strong> Maria da Concei\u00e7\u00e3o Mada\u00edl Caldeira Bettencourt, CP n\u00b0 5<br \/><br \/><strong>2\u00e8me Vice-Pr\u00e9sident :<\/strong> Pedro Jorge Lapa Rebelo, CP n\u00b0 4<br \/><br \/><strong>1er membre :<\/strong> Afonso Rodrigues Neutel, CP n\u00b0 8<br \/><br \/><strong>2\u00e8me membre :<\/strong> Sofia Mendes Alves Pereira Jord\u00e3o, CP n\u00ba4683<br \/><br \/><\/p><p><strong>Conseil juridictionnel<\/strong><\/p><p><strong>Pr\u00e9sident : <\/strong>Rui Manuel Tom\u00e9 Torres, CP n\u00b0 3050<\/p><p><strong>1er membre : <\/strong>Ana Cabral de Noronha e Menezes Cordeiro de Sousa, CP no. 3230<\/p><p><strong>2\u00e8me membre : <\/strong>Rui Miguel Monteiro Soles Gon\u00e7alves, CP n\u00b0 15<\/p><p><strong>3\u00e8me membre : <\/strong>L\u00facia Maria Sim\u00f5es Fernandes Costa<\/p><p><strong>4\u00e8me membre : <\/strong>Helder Rui Martins Fonseca<\/p><p><strong>Alternatives :<\/strong><\/p><p>Diana Filipa Salvador Bernardo, CP 5510<\/p><p>Rui Miguel Faria Furtado Cintra, CP n\u00b0 2697<\/p><p>Isabel Maria Pires Sebasti\u00e3o Ramalhinho<br \/><br \/><\/p><p><strong>Conseil Fiscal<\/strong><\/p><p><strong>Pr\u00e9sident :<\/strong> Jos\u00e9 Manuel Fernandes Esteves, CP n\u00ba605<\/p><p><strong>Membre : <\/strong>Ana Maria Campos Matias Marreiros Caissi\u00e8re, CP n\u00ba3238<\/p><p><strong>Comptable agr\u00e9\u00e9 : <\/strong>Joaquim Jos\u00e9 dos Santos Alves, CP ROC n\u00b0 1239<br \/><br \/><\/p><p><strong>Conseil de surveillance<\/strong><\/p><p><strong>Membres effectifs :<\/strong><\/p><p>Ana Isabel Alves Silva de Almeida, CP 3994<\/p><p>Rui Jorge Dias Costa, CP 11<\/p><p>Jorge Manuel dos Santos Conde<\/p><p>Maria Jo\u00e3o Moreira Gon\u00e7alves<\/p><p><strong>Alternatives :<\/strong><\/p><p>Joana Batista de Castro Pinto, CP 4178<\/p><p>Raul Alberto Carrilho Cordeiro<\/p><h3><strong>Organismes r\u00e9gionaux<\/strong><\/h3><p><strong>Direction r\u00e9gionale du Nord<\/strong><\/p><p><strong>Pr\u00e9sident : <\/strong>Jos\u00e9 Pedro Pinto Leite, CP n\u00ba 4512<\/p><p><strong>1er membre : <\/strong>Henriqueta Manuela Fernandes, CP n\u00ba 8304<\/p><p><strong>2\u00e8me membre : <\/strong>Jos\u00e9 Lu\u00eds Martins Alves Sousa, CP n\u00b0 2294<\/p><p><strong>Alternatives : <\/strong>Maria Gabriela Mendes da Rocha Brochado, CP n\u00b0 14<\/p><p><strong>Centre Direction r\u00e9gionale<\/strong><\/p><p><strong>Pr\u00e9sident : <\/strong>Lu\u00eds Manuel Pereira Br\u00e1s, CP n\u00b0 4158<\/p><p><strong>1er membre : <\/strong>Maria Leonor Ferreira de Oliveira Manuel Adri\u00e3o, CP 9441<\/p><p><strong>2\u00e8me membre : <\/strong>Joana Cristina de Oliveira Rosado, CP 1009<\/p><p><strong>Alternatives : <\/strong>Jo\u00e3o Afonso Belo Duarte Aires Moreira, CP 543<\/p><p><strong>Bureau r\u00e9gional du Sud<\/strong><\/p><p><strong>Pr\u00e9sident : <\/strong>Sandra Margarida Quintas Alves Veloso, CP n\u00ba 897<\/p><p><strong>1er membre : <\/strong>Cl\u00e1udio Miguel Dias Correia, CP 3851<\/p><p><strong>2\u00e8me membre : <\/strong>Carla Sofia Cruzinha de Sousa, CP 660<\/p><p><strong>Alternatives : <\/strong>Jos\u00e9 Alexandre de Ara\u00fajo Melo Marques Coelho, CP 415<\/p><p><strong>Bureau r\u00e9gional des A\u00e7ores<\/strong><\/p><p><strong>Pr\u00e9sident : <\/strong>Lu\u00eds Carlos Martins Duarte, CP n\u00ba 269<\/p><p><strong>1er membre : <\/strong>Juliana Sofia da Silva Fernandes, CP 560<\/p><p><strong>2\u00e8me membre : <\/strong>Nuno Miguel Leal Ribeiro, CP n\u00ba 4258<\/p><p><strong>Alternatives : <\/strong>Joana Amaral Silva da Costa Dias, CP 3196<\/p><p>Luciana Lib\u00e2nio da Silva, CP n\u00b0 3477<\/p><p><strong>Conseil de l'Assembl\u00e9e r\u00e9gionale du Nord<\/strong><\/p><p><strong>Pr\u00e9sident : <\/strong>Andrea Miguel Lopes Rodrigues Ribeiro Macedo, CP n\u00ba 802<\/p><p><strong>1er membre : <\/strong>M\u00e1rcio Miguel Fernandes Ferreira Vieira, CP n\u00ba 1347<\/p><p><strong>2\u00e8me membre : <\/strong>Sandrine Jorge Ferreira, CP 1464<\/p><p><strong>Alternatives : <\/strong>Jo\u00e3o Nuno Pereira dos Reis Sousa, CP n\u00ba 193<\/p><p><strong>Bureau de l'Assembl\u00e9e r\u00e9gionale du Centre<\/strong><\/p><p><strong>Pr\u00e9sident : <\/strong>Fernando Manuel Tavares da Silva Ribeiro, CP no. 2560<\/p><p><strong>1er membre : <\/strong>Ana Claudia Bexiga Monteiro, CP n\u00ba 8936<\/p><p><strong>2\u00e8me membre : <\/strong>Sofia P\u00e1scoa Tavares, CP n\u00ba 16<\/p><p><strong>Alternatives : <\/strong>Vitor Manuel Carvalho Ferreira Gon\u00e7alves, CP n\u00b0 7766<\/p><p><strong>Bureau de l'Assembl\u00e9e r\u00e9gionale des A\u00e7ores<\/strong><\/p><p><strong>Pr\u00e9sident : <\/strong>Carlos Alberto Medeiros Mendon\u00e7a, CP n\u00b0 10993<\/p><p><strong>1er membre : <\/strong>In\u00eas Margarida Pereira Cardoso, CP n\u00ba 1272<\/p><p><strong>2\u00e8me membre : <\/strong>L\u00facia Maria de Dias Matos, CP n\u00b0 11189<\/p><p><strong>Alternatives : <\/strong>Tib\u00e9rio Pereira Cabral, CP n\u00b0 2989<\/p><p><strong>Conseil de l'assembl\u00e9e r\u00e9gionale de Mad\u00e8re<\/strong><\/p><p><strong>Pr\u00e9sident : <\/strong>Carolina Lu\u00edsa Quintal Caldeira, CP n\u00ba 424<\/p><p><strong>1er membre : <\/strong>Jo\u00e3o Tiago Teixeira Silva, CP n\u00ba 12653<\/p><p><strong>2\u00e8me membre : <\/strong>Carolina Silva Vieira, CP 1725<\/p><p><strong>Alternatives : <\/strong>Jo\u00e3o Rodolfo Novita, CP 9556<\/p><p><span data-olk-copy-source=\"MessageBody\">\u00a0<\/span><\/p>\t\t\t\t\t\t\t\t<\/div>\n\t\t\t\t<\/div>\n\t\t\t\t\t<\/div>\n\t\t\t\t<\/div>\n\t\t\t\t<\/div>","protected":false},"excerpt":{"rendered":"<p>Apr\u00e8s la validation finale, les r\u00e9sultats officiels des \u00e9lections de 2025 aux organes dirigeants de l'Ordre des kin\u00e9sith\u00e9rapeutes ont \u00e9t\u00e9 publi\u00e9s au Journal officiel. Consultez l'avis publi\u00e9 au Journal officiel ici. La composition nominative des organes dirigeants de l'Ordre des kin\u00e9sith\u00e9rapeutes, r\u00e9sultant du processus \u00e9lectoral et des m\u00e9canismes statutaires applicables, est disponible ci-dessous pour consultation. Organes\u2026 <a title=\"R\u00e9sultats officiels\" class=\"read-more\" href=\"https:\/\/ordemdosfisioterapeutas.pt\/fr\/resultados-oficiais-2025\/\" aria-label=\"En savoir plus sur R\u00e9sultats officiels\">En savoir plus<\/a><\/p>","protected":false},"author":1,"featured_media":0,"parent":0,"menu_order":0,"comment_status":"closed","ping_status":"closed","template":"","meta":{"footnotes":""},"class_list":["post-11047","page","type-page","status-publish"],"_links":{"self":[{"href":"https:\/\/ordemdosfisioterapeutas.pt\/fr\/wp-json\/wp\/v2\/pages\/11047","targetHints":{"allow":["GET"]}}],"collection":[{"href":"https:\/\/ordemdosfisioterapeutas.pt\/fr\/wp-json\/wp\/v2\/pages"}],"about":[{"href":"https:\/\/ordemdosfisioterapeutas.pt\/fr\/wp-json\/wp\/v2\/types\/page"}],"author":[{"embeddable":true,"href":"https:\/\/ordemdosfisioterapeutas.pt\/fr\/wp-json\/wp\/v2\/users\/1"}],"replies":[{"embeddable":true,"href":"https:\/\/ordemdosfisioterapeutas.pt\/fr\/wp-json\/wp\/v2\/comments?post=11047"}],"version-history":[{"count":15,"href":"https:\/\/ordemdosfisioterapeutas.pt\/fr\/wp-json\/wp\/v2\/pages\/11047\/revisions"}],"predecessor-version":[{"id":12493,"href":"https:\/\/ordemdosfisioterapeutas.pt\/fr\/wp-json\/wp\/v2\/pages\/11047\/revisions\/12493"}],"wp:attachment":[{"href":"https:\/\/ordemdosfisioterapeutas.pt\/fr\/wp-json\/wp\/v2\/media?parent=11047"}],"curies":[{"name":"wp","href":"https:\/\/api.w.org\/{rel}","templated":true}]}}