{"id":9326,"date":"2024-11-12T16:03:12","date_gmt":"2024-11-12T16:03:12","guid":{"rendered":"https:\/\/ordemdosfisioterapeutas.pt\/?page_id=9326"},"modified":"2025-05-20T20:36:18","modified_gmt":"2025-05-20T19:36:18","slug":"conselho-de-supervisao","status":"publish","type":"page","link":"https:\/\/ordemdosfisioterapeutas.pt\/es\/conselho-de-supervisao\/","title":{"rendered":"Consejo de Supervisi\u00f3n"},"content":{"rendered":"<div data-elementor-type=\"wp-page\" data-elementor-id=\"9326\" class=\"elementor elementor-9326\" data-elementor-post-type=\"page\">\n\t\t\t\t<div class=\"elementor-element elementor-element-e80273f e-grid e-con-boxed e-con e-parent\" data-id=\"e80273f\" data-element_type=\"container\" data-e-type=\"container\">\n\t\t\t\t\t<div class=\"e-con-inner\">\n\t\t\t\t<div class=\"elementor-element elementor-element-89e62ed elementor-position-top elementor-widget elementor-widget-image-box\" data-id=\"89e62ed\" data-element_type=\"widget\" data-e-type=\"widget\" data-widget_type=\"image-box.default\">\n\t\t\t\t<div class=\"elementor-widget-container\">\n\t\t\t\t\t<div class=\"elementor-image-box-wrapper\"><figure class=\"elementor-image-box-img\"><a href=\"https:\/\/ordemdosfisioterapeutas.pt\/wp-content\/uploads\/2024\/12\/Paula-Clara-Santos.pdf\" target=\"_blank\" tabindex=\"-1\"><img fetchpriority=\"high\" decoding=\"async\" width=\"550\" height=\"383\" src=\"https:\/\/ordemdosfisioterapeutas.pt\/wp-content\/uploads\/2024\/12\/AF_paula-santos.jpg\" class=\"attachment-full size-full wp-image-9534\" alt=\"\" srcset=\"https:\/\/ordemdosfisioterapeutas.pt\/wp-content\/uploads\/2024\/12\/AF_paula-santos.jpg 550w, https:\/\/ordemdosfisioterapeutas.pt\/wp-content\/uploads\/2024\/12\/AF_paula-santos-300x209.jpg 300w, https:\/\/ordemdosfisioterapeutas.pt\/wp-content\/uploads\/2024\/12\/AF_paula-santos-18x12.jpg 18w\" sizes=\"(max-width: 550px) 100vw, 550px\" \/><\/a><\/figure><div class=\"elementor-image-box-content\"><h3 class=\"elementor-image-box-title\"><a href=\"https:\/\/ordemdosfisioterapeutas.pt\/wp-content\/uploads\/2024\/12\/Paula-Clara-Santos.pdf\" target=\"_blank\">Paula Clara Santos<\/a><\/h3><p class=\"elementor-image-box-description\"><br>\nC\u00e9dula n\u00ba: 732<\/p><\/div><\/div>\t\t\t\t<\/div>\n\t\t\t\t<\/div>\n\t\t\t\t<div class=\"elementor-element elementor-element-56dbef8 elementor-position-top elementor-widget elementor-widget-image-box\" data-id=\"56dbef8\" data-element_type=\"widget\" data-e-type=\"widget\" data-widget_type=\"image-box.default\">\n\t\t\t\t<div class=\"elementor-widget-container\">\n\t\t\t\t\t<div class=\"elementor-image-box-wrapper\"><figure class=\"elementor-image-box-img\"><a href=\"https:\/\/ordemdosfisioterapeutas.pt\/wp-content\/uploads\/2024\/12\/Luis-Bras.pdf\" target=\"_blank\" tabindex=\"-1\"><img decoding=\"async\" width=\"550\" height=\"383\" src=\"https:\/\/ordemdosfisioterapeutas.pt\/wp-content\/uploads\/2024\/12\/luis-bras.png\" class=\"attachment-full size-full wp-image-9535\" alt=\"\" srcset=\"https:\/\/ordemdosfisioterapeutas.pt\/wp-content\/uploads\/2024\/12\/luis-bras.png 550w, https:\/\/ordemdosfisioterapeutas.pt\/wp-content\/uploads\/2024\/12\/luis-bras-300x209.png 300w, https:\/\/ordemdosfisioterapeutas.pt\/wp-content\/uploads\/2024\/12\/luis-bras-18x12.png 18w\" sizes=\"(max-width: 550px) 100vw, 550px\" \/><\/a><\/figure><div class=\"elementor-image-box-content\"><h3 class=\"elementor-image-box-title\"><a href=\"https:\/\/ordemdosfisioterapeutas.pt\/wp-content\/uploads\/2024\/12\/Luis-Bras.pdf\" target=\"_blank\">Lu\u00eds Br\u00e1s<\/a><\/h3><p class=\"elementor-image-box-description\"><br>\nC\u00e9dula n\u00ba: 4158<\/p><\/div><\/div>\t\t\t\t<\/div>\n\t\t\t\t<\/div>\n\t\t\t\t<div class=\"elementor-element elementor-element-f6d1f8d elementor-position-top elementor-widget elementor-widget-image-box\" data-id=\"f6d1f8d\" data-element_type=\"widget\" data-e-type=\"widget\" data-widget_type=\"image-box.default\">\n\t\t\t\t<div class=\"elementor-widget-container\">\n\t\t\t\t\t<div class=\"elementor-image-box-wrapper\"><figure class=\"elementor-image-box-img\"><a href=\"https:\/\/ordemdosfisioterapeutas.pt\/wp-content\/uploads\/2024\/12\/Rui-F-Pinto.pdf\" target=\"_blank\" tabindex=\"-1\"><img decoding=\"async\" width=\"550\" height=\"383\" src=\"https:\/\/ordemdosfisioterapeutas.pt\/wp-content\/uploads\/2024\/12\/AF_rui-fonseca-pinto.jpg\" class=\"attachment-full size-full wp-image-9536\" alt=\"\" srcset=\"https:\/\/ordemdosfisioterapeutas.pt\/wp-content\/uploads\/2024\/12\/AF_rui-fonseca-pinto.jpg 550w, https:\/\/ordemdosfisioterapeutas.pt\/wp-content\/uploads\/2024\/12\/AF_rui-fonseca-pinto-300x209.jpg 300w, https:\/\/ordemdosfisioterapeutas.pt\/wp-content\/uploads\/2024\/12\/AF_rui-fonseca-pinto-18x12.jpg 18w\" sizes=\"(max-width: 550px) 100vw, 550px\" \/><\/a><\/figure><div class=\"elementor-image-box-content\"><h3 class=\"elementor-image-box-title\"><a href=\"https:\/\/ordemdosfisioterapeutas.pt\/wp-content\/uploads\/2024\/12\/Rui-F-Pinto.pdf\" target=\"_blank\">Rui Fonseca Pinto<\/a><\/h3><\/div><\/div>\t\t\t\t<\/div>\n\t\t\t\t<\/div>\n\t\t\t\t<div class=\"elementor-element elementor-element-f693ca4 elementor-position-top elementor-widget elementor-widget-image-box\" data-id=\"f693ca4\" data-element_type=\"widget\" data-e-type=\"widget\" data-widget_type=\"image-box.default\">\n\t\t\t\t<div class=\"elementor-widget-container\">\n\t\t\t\t\t<div class=\"elementor-image-box-wrapper\"><figure class=\"elementor-image-box-img\"><a href=\"https:\/\/ordemdosfisioterapeutas.pt\/wp-content\/uploads\/2024\/12\/Mara-Pereira-Guerreiro.pdf\" target=\"_blank\" tabindex=\"-1\"><img loading=\"lazy\" decoding=\"async\" width=\"550\" height=\"383\" src=\"https:\/\/ordemdosfisioterapeutas.pt\/wp-content\/uploads\/2024\/12\/Mara.png\" class=\"attachment-full size-full wp-image-9537\" alt=\"\" srcset=\"https:\/\/ordemdosfisioterapeutas.pt\/wp-content\/uploads\/2024\/12\/Mara.png 550w, https:\/\/ordemdosfisioterapeutas.pt\/wp-content\/uploads\/2024\/12\/Mara-300x209.png 300w, https:\/\/ordemdosfisioterapeutas.pt\/wp-content\/uploads\/2024\/12\/Mara-18x12.png 18w\" sizes=\"(max-width: 550px) 100vw, 550px\" \/><\/a><\/figure><div class=\"elementor-image-box-content\"><h3 class=\"elementor-image-box-title\"><a href=\"https:\/\/ordemdosfisioterapeutas.pt\/wp-content\/uploads\/2024\/12\/Mara-Pereira-Guerreiro.pdf\" target=\"_blank\">Mara Guerreiro<\/a><\/h3><\/div><\/div>\t\t\t\t<\/div>\n\t\t\t\t<\/div>\n\t\t\t\t<div class=\"elementor-element elementor-element-bcb6271 elementor-position-top elementor-widget elementor-widget-image-box\" data-id=\"bcb6271\" data-element_type=\"widget\" data-e-type=\"widget\" data-widget_type=\"image-box.default\">\n\t\t\t\t<div class=\"elementor-widget-container\">\n\t\t\t\t\t<div class=\"elementor-image-box-wrapper\"><figure class=\"elementor-image-box-img\"><a href=\"https:\/\/ordemdosfisioterapeutas.pt\/wp-content\/uploads\/2025\/05\/Andre-Pereira.pdf\" target=\"_blank\" tabindex=\"-1\"><img loading=\"lazy\" decoding=\"async\" width=\"550\" height=\"383\" src=\"https:\/\/ordemdosfisioterapeutas.pt\/wp-content\/uploads\/2025\/05\/conselheiro-Andre.png\" class=\"attachment-full size-full wp-image-10414\" alt=\"\" srcset=\"https:\/\/ordemdosfisioterapeutas.pt\/wp-content\/uploads\/2025\/05\/conselheiro-Andre.png 550w, https:\/\/ordemdosfisioterapeutas.pt\/wp-content\/uploads\/2025\/05\/conselheiro-Andre-300x209.png 300w, https:\/\/ordemdosfisioterapeutas.pt\/wp-content\/uploads\/2025\/05\/conselheiro-Andre-18x12.png 18w\" sizes=\"(max-width: 550px) 100vw, 550px\" \/><\/a><\/figure><div class=\"elementor-image-box-content\"><h3 class=\"elementor-image-box-title\"><a href=\"https:\/\/ordemdosfisioterapeutas.pt\/wp-content\/uploads\/2025\/05\/Andre-Pereira.pdf\" target=\"_blank\">Andr\u00e9 Pereira<\/a><\/h3><\/div><\/div>\t\t\t\t<\/div>\n\t\t\t\t<\/div>\n\t\t\t\t\t<\/div>\n\t\t\t\t<\/div>\n\t\t\t\t<\/div>","protected":false},"excerpt":{"rendered":"<p>Paula Clara Santos C\u00e9dula n\u00ba: 732 Lu\u00eds Br\u00e1s C\u00e9dula n\u00ba: 4158 Rui Fonseca Pinto Mara Guerreiro Andr\u00e9 Pereira<\/p>","protected":false},"author":1,"featured_media":0,"parent":0,"menu_order":0,"comment_status":"closed","ping_status":"closed","template":"","meta":{"footnotes":""},"class_list":["post-9326","page","type-page","status-publish"],"_links":{"self":[{"href":"https:\/\/ordemdosfisioterapeutas.pt\/es\/wp-json\/wp\/v2\/pages\/9326","targetHints":{"allow":["GET"]}}],"collection":[{"href":"https:\/\/ordemdosfisioterapeutas.pt\/es\/wp-json\/wp\/v2\/pages"}],"about":[{"href":"https:\/\/ordemdosfisioterapeutas.pt\/es\/wp-json\/wp\/v2\/types\/page"}],"author":[{"embeddable":true,"href":"https:\/\/ordemdosfisioterapeutas.pt\/es\/wp-json\/wp\/v2\/users\/1"}],"replies":[{"embeddable":true,"href":"https:\/\/ordemdosfisioterapeutas.pt\/es\/wp-json\/wp\/v2\/comments?post=9326"}],"version-history":[{"count":0,"href":"https:\/\/ordemdosfisioterapeutas.pt\/es\/wp-json\/wp\/v2\/pages\/9326\/revisions"}],"wp:attachment":[{"href":"https:\/\/ordemdosfisioterapeutas.pt\/es\/wp-json\/wp\/v2\/media?parent=9326"}],"curies":[{"name":"wp","href":"https:\/\/api.w.org\/{rel}","templated":true}]}}