{"id":36,"date":"2020-09-20T11:15:00","date_gmt":"2020-09-20T11:15:00","guid":{"rendered":"https:\/\/ordemdosfisioterapeutas.pt\/?page_id=36"},"modified":"2026-04-26T20:50:15","modified_gmt":"2026-04-26T19:50:15","slug":"ordem-dos-fisioterapeutas","status":"publish","type":"page","link":"https:\/\/ordemdosfisioterapeutas.pt\/es\/","title":{"rendered":"P\u00e1gina de inicio"},"content":{"rendered":"<div data-elementor-type=\"wp-page\" data-elementor-id=\"36\" class=\"elementor elementor-36\" data-elementor-post-type=\"page\">\n\t\t\t\t\t\t<section class=\"elementor-section elementor-top-section elementor-element elementor-element-467ebbf elementor-section-height-min-height elementor-section-full_width elementor-section-height-default elementor-section-items-middle\" data-id=\"467ebbf\" data-element_type=\"section\" data-e-type=\"section\" data-settings=\"{&quot;background_background&quot;:&quot;classic&quot;}\">\n\t\t\t\t\t\t\t<div class=\"elementor-background-overlay\"><\/div>\n\t\t\t\t\t\t\t<div class=\"elementor-container elementor-column-gap-no\">\n\t\t\t\t\t<div class=\"elementor-column elementor-col-100 elementor-top-column elementor-element elementor-element-5fedf9f\" data-id=\"5fedf9f\" data-element_type=\"column\" data-e-type=\"column\">\n\t\t\t<div class=\"elementor-widget-wrap elementor-element-populated\">\n\t\t\t\t\t\t<div class=\"elementor-element elementor-element-a77d719 elementor--h-position-center elementor--v-position-middle elementor-arrows-position-inside elementor-pagination-position-inside elementor-widget elementor-widget-slides\" data-id=\"a77d719\" data-element_type=\"widget\" data-e-type=\"widget\" data-settings=\"{&quot;navigation&quot;:&quot;both&quot;,&quot;autoplay&quot;:&quot;yes&quot;,&quot;pause_on_hover&quot;:&quot;yes&quot;,&quot;pause_on_interaction&quot;:&quot;yes&quot;,&quot;autoplay_speed&quot;:5000,&quot;infinite&quot;:&quot;yes&quot;,&quot;transition&quot;:&quot;slide&quot;,&quot;transition_speed&quot;:500}\" data-widget_type=\"slides.default\">\n\t\t\t\t<div class=\"elementor-widget-container\">\n\t\t\t\t\t\t\t\t\t<div class=\"elementor-swiper\">\n\t\t\t\t\t<div class=\"elementor-slides-wrapper elementor-main-swiper swiper\" role=\"region\" aria-roledescription=\"carousel\" aria-label=\"Diapositivas\" dir=\"ltr\" data-animation=\"fadeInUp\">\n\t\t\t\t<div class=\"swiper-wrapper elementor-slides\">\n\t\t\t\t\t\t\t\t\t\t<div class=\"elementor-repeater-item-bfdb5ad swiper-slide\" role=\"group\" aria-roledescription=\"slide\"><div class=\"swiper-slide-bg\" role=\"img\" aria-label=\"especialidades - highlight\"><\/div><div class=\"elementor-background-overlay\"><\/div><a class=\"swiper-slide-inner\" href=\"https:\/\/portal.ordemdosfisioterapeutas.pt\/of-auth\/?app_ref=e985d1b30a025a19af003c638a7f64a2&#038;_gl=1*1yu67ax*_ga*Mjc4NDI1ODQ1LjE3NDE4NjE2MzY.*_ga_HPH7F868RJ*czE3NzcwMjEyNDUkbzE4OSRnMCR0MTc3NzAyMTI0NSRqNjAkbDAkaDA.\" target=\"_blank\"><div class=\"swiper-slide-contents\"><div class=\"elementor-slide-heading\">Comit\u00e9s de instalaci\u00f3n especializados<\/div><div class=\"elementor-slide-description\">Solicitudes abiertas del 1 al 31 de mayo<\/div><div  class=\"elementor-button elementor-slide-button elementor-size-xs\"> Acceder al \u00e1rea reservada<\/div><\/div><\/a><\/div><div class=\"elementor-repeater-item-9f8a270 swiper-slide\" role=\"group\" aria-roledescription=\"slide\"><div class=\"swiper-slide-bg\" role=\"img\" aria-label=\"featured homepage OF copy\"><\/div><div class=\"elementor-background-overlay\"><\/div><div class=\"swiper-slide-inner\" ><div class=\"swiper-slide-contents\"><div class=\"elementor-slide-heading\">Activa tu tarjeta profesional ya disponible en la app gov.pt<\/div><div class=\"elementor-slide-description\"> <a href=\"https:\/\/bit.ly\/Noticia_OF_govpt\" class=\"elementor-button elementor-slide-button elementor-size-xs\" target=\"_blank\" rel=\"noopener\">\n    M\u00e1s informaci\u00f3n\n  <\/a>\n<a href=\"https:\/\/bit.ly\/Comunicado_72_OF\" class=\"elementor-button elementor-slide-button elementor-size-xs\" target=\"_blank\" rel=\"noopener\">\n    C\u00f3mo activar\n  <\/a><\/div><\/div><\/div><\/div><div class=\"elementor-repeater-item-3c5f046 swiper-slide\" role=\"group\" aria-roledescription=\"slide\"><div class=\"swiper-slide-bg\" role=\"img\" aria-label=\"elecciones 2026 - destacados INICIO\"><\/div><div class=\"elementor-background-overlay\"><\/div><div class=\"swiper-slide-inner\" ><div class=\"swiper-slide-contents\"><div class=\"elementor-slide-description\"><strong>Elecciones adicionales para la Junta Regional de Madeira y la Junta de la Asamblea Regional del Sur.<\/strong><br>\n\nActo electoral: 18 de mayo de 2026<br>\n\n<br>\n <a href=\"https:\/\/ordemdosfisioterapeutas.pt\/es\/caderno-eleitoral-2026\/\" class=\"elementor-button elementor-slide-button elementor-size-xs\" target=\"_blank\" rel=\"noopener\">\n    Censo electoral\n  <\/a>\n<a href=\"https:\/\/ordemdosfisioterapeutas.pt\/es\/comissao-eleitoral-2026\/\" class=\"elementor-button elementor-slide-button elementor-size-xs\" target=\"_blank\" rel=\"noopener\">\n    Comisi\u00f3n Electoral\n  <\/a>\n<a href=\"https:\/\/ordemdosfisioterapeutas.pt\/es\/listas-candidatas-2026\/\" class=\"elementor-button elementor-slide-button elementor-size-xs\" target=\"_blank\" rel=\"noopener\">\n    Listas de candidatos\n  <\/a>\n\n  <a href=\"https:\/\/ordemdosfisioterapeutas.pt\/es\/perguntas-frequentes-2026\/\" class=\"elementor-button elementor-slide-button elementor-size-xs\" target=\"_blank\" rel=\"noopener\">\n    Preguntas frecuentes\n  <\/a>\n<br>\n<br>\nVer toda la informaci\u00f3n en el men\u00fa Orden \u2192 Elecciones 2026<\/div><\/div><\/div><\/div><div class=\"elementor-repeater-item-64f61f8 swiper-slide\" role=\"group\" aria-roledescription=\"slide\"><div class=\"swiper-slide-bg\" role=\"img\" aria-label=\"Imagen de WhatsApp 10\/12\/2025 a las 17:27:34\"><\/div><div class=\"elementor-background-overlay\"><\/div><a class=\"swiper-slide-inner\" href=\"https:\/\/ordemdosfisioterapeutas.pt\/es\/noticias\/lisboa-recebe-o-world-physiotherapy-congress-2029\/\"><div class=\"swiper-slide-contents\"><div class=\"elementor-slide-heading\">Lisboa acoge el Congreso Mundial de Fisioterapia 2029<\/div><div class=\"elementor-slide-description\">World Physiotherapy ha anunciado que el Congreso Mundial de Fisioterapia 2029 se celebrar\u00e1 en Lisboa, Portugal.<\/div><div  class=\"elementor-button elementor-slide-button elementor-size-xs\">M\u00e1s informaci\u00f3n <\/div><\/div><\/a><\/div><div class=\"elementor-repeater-item-9e97734 swiper-slide\" role=\"group\" aria-roledescription=\"slide\"><div class=\"swiper-slide-bg\" role=\"img\" aria-label=\"highlight_HOME_OF_partnerships (1)\"><\/div><div class=\"elementor-background-overlay\"><\/div><a class=\"swiper-slide-inner\" href=\"https:\/\/ordemdosfisioterapeutas.pt\/es\/parcerias\/\"><div class=\"swiper-slide-contents\"><div class=\"elementor-slide-heading\">NUEVAS ASOCIACIONES, M\u00c1S VENTAJAS PARA LOS AFILIADOS<\/div><div  class=\"elementor-button elementor-slide-button elementor-size-xs\">M\u00e1s informaci\u00f3n<\/div><\/div><\/a><\/div><div class=\"elementor-repeater-item-aa224a1 swiper-slide\" role=\"group\" aria-roledescription=\"slide\"><div class=\"swiper-slide-bg\" role=\"img\" aria-label=\"Destacado-Bolsa de casa\"><\/div><div class=\"elementor-background-overlay\"><\/div><a class=\"swiper-slide-inner\" href=\"https:\/\/ordemdosfisioterapeutas.pt\/es\/portal-da-bolsa-de-ofertas-de-trabalho\/\"><div class=\"swiper-slide-contents\"><div class=\"elementor-slide-heading\">\u00bfConoce la Bolsa de Empleo del Colegio de Fisioterapeutas?<\/div><div  class=\"elementor-button elementor-slide-button elementor-size-xs\">Seguir leyendo<\/div><\/div><\/a><\/div><div class=\"elementor-repeater-item-670fd52 swiper-slide\" role=\"group\" aria-roledescription=\"slide\"><div class=\"swiper-slide-bg\" role=\"img\" aria-label=\"home_app destacar\"><\/div><div class=\"elementor-background-overlay\"><\/div><a class=\"swiper-slide-inner\" href=\"https:\/\/ordemdosfisioterapeutas.pt\/es\/noticias\/ja-esta-disponivel-a-app-da-ordem-dos-fisioterapeutas\/\" target=\"_blank\"><div class=\"swiper-slide-contents\"><div class=\"elementor-slide-heading\">\u00bfConoce la aplicaci\u00f3n de la Orden de Fisioterapeutas?<\/div><div class=\"elementor-slide-description\">Ahora puede acceder a su papeleta digital, zona reservada y mucho m\u00e1s... todo desde su tel\u00e9fono m\u00f3vil.\n<\/div><div  class=\"elementor-button elementor-slide-button elementor-size-xs\">M\u00e1s informaci\u00f3n sobre la aplicaci\u00f3n<\/div><\/div><\/a><\/div><div class=\"elementor-repeater-item-b9b1ca5 swiper-slide\" role=\"group\" aria-roledescription=\"slide\"><div class=\"swiper-slide-bg\" role=\"img\" aria-label=\"highlight_dashboard\"><\/div><div class=\"elementor-background-overlay\"><\/div><a class=\"swiper-slide-inner\" href=\"https:\/\/ordemdosfisioterapeutas.pt\/es\/dados-demograficos-dos-membros\/\"><div class=\"swiper-slide-contents\"><div class=\"elementor-slide-heading\">Descubra el nuevo panel interactivo<\/div><div  class=\"elementor-button elementor-slide-button elementor-size-xs\">Abrir<\/div><\/div><\/a><\/div><div class=\"elementor-repeater-item-a5f1f3b swiper-slide\" role=\"group\" aria-roledescription=\"slide\"><div class=\"swiper-slide-bg\" role=\"img\" aria-label=\"highlight_HOME_OF_agenda__\"><\/div><div class=\"elementor-background-overlay\"><\/div><a class=\"swiper-slide-inner\" href=\"https:\/\/ordemdosfisioterapeutas.pt\/wp-content\/uploads\/2025\/02\/Relatorio_Agenda_09012025.pdf\"><div class=\"swiper-slide-contents\"><div class=\"elementor-slide-heading\">Agenda de investigaci\u00f3n para la fisioterapia en Portugal<\/div><div  class=\"elementor-button elementor-slide-button elementor-size-xs\">Informe<\/div><\/div><\/a><\/div><div class=\"elementor-repeater-item-d817985 swiper-slide\" role=\"group\" aria-roledescription=\"slide\"><div class=\"swiper-slide-bg\" role=\"img\" aria-label=\"Highlight-Home-data\"><\/div><a class=\"swiper-slide-inner\" href=\"https:\/\/www.youtube.com\/watch?v=8KkcbL9JKNI\" target=\"_blank\" rel=\"noopener\"><div class=\"swiper-slide-contents\"><div class=\"elementor-slide-heading\"><br\/><\/div><div class=\"elementor-slide-description\"><br\/><\/div><div  class=\"elementor-button elementor-slide-button elementor-size-xs\">Es f\u00e1cil y r\u00e1pido con nuestro tutorial en v\u00eddeo.<\/div><\/div><\/a><\/div><div class=\"elementor-repeater-item-0e94094 swiper-slide\" role=\"group\" aria-roledescription=\"slide\"><div class=\"swiper-slide-bg\"><\/div><a class=\"swiper-slide-inner\" href=\"https:\/\/rift-gep.ordemdosfisioterapeutas.pt\" target=\"_blank\"><div class=\"swiper-slide-contents\"><div class=\"elementor-slide-heading\"><img decoding=\"async\" src=\"https:\/\/ordemdosfisioterapeutas.pt\/wp-content\/uploads\/2023\/08\/rift-logo.png\" style=\"width:200px\"><\/img><\/div><div class=\"elementor-slide-description\"><span class=\"elementor-slide-heading\">Red de Investigadores en Fisioterapia<\/span><\/div><div  class=\"elementor-button elementor-slide-button elementor-size-xs\">M\u00e1s informaci\u00f3n...<\/div><\/div><\/a><\/div><div class=\"elementor-repeater-item-919aa6e swiper-slide\" role=\"group\" aria-roledescription=\"slide\"><div class=\"swiper-slide-bg\" role=\"img\" aria-label=\"featured_home_news-2\"><\/div><div class=\"elementor-background-overlay\"><\/div><a class=\"swiper-slide-inner\" href=\"https:\/\/ordemdosfisioterapeutas.pt\/es\/category\/noticias\/\"><div class=\"swiper-slide-contents\"><div class=\"elementor-slide-heading\">Noticias de la Orden<\/div><div  class=\"elementor-button elementor-slide-button elementor-size-xs\">Lea aqu\u00ed<\/div><\/div><\/a><\/div><div class=\"elementor-repeater-item-d0351c6 swiper-slide\" role=\"group\" aria-roledescription=\"slide\"><div class=\"swiper-slide-bg\" role=\"img\" aria-label=\"pedido_de_miembros\"><\/div><a class=\"swiper-slide-inner\" href=\"https:\/\/ordemdosfisioterapeutas.pt\/es\/inscricao-na-ordem-dos-fisioterapeutas\/\"><div class=\"swiper-slide-contents\"><div class=\"elementor-slide-heading\">H\u00e1gase miembro de la Orden<\/div><div  class=\"elementor-button elementor-slide-button elementor-size-xs\">Inscr\u00edbete aqu\u00ed<\/div><\/div><\/a><\/div>\t\t\t\t<\/div>\n\t\t\t\t\t\t\t\t\t\t\t\t\t\t\t<div class=\"elementor-swiper-button elementor-swiper-button-prev\" role=\"button\" tabindex=\"0\" aria-label=\"Deslizamiento anterior\">\n\t\t\t\t\t\t\t<i aria-hidden=\"true\" class=\"eicon-chevron-left\"><\/i>\t\t\t\t\t\t<\/div>\n\t\t\t\t\t\t<div class=\"elementor-swiper-button elementor-swiper-button-next\" role=\"button\" tabindex=\"0\" aria-label=\"Siguiente diapositiva\">\n\t\t\t\t\t\t\t<i aria-hidden=\"true\" class=\"eicon-chevron-right\"><\/i>\t\t\t\t\t\t<\/div>\n\t\t\t\t\t\t\t\t\t\t\t\t\t\t\t\t<div class=\"swiper-pagination\"><\/div>\n\t\t\t\t\t\t\t\t\t\t\t\t<\/div>\n\t\t\t\t<\/div>\n\t\t\t\t\t\t\t\t<\/div>\n\t\t\t\t<\/div>\n\t\t\t\t\t<\/div>\n\t\t<\/div>\n\t\t\t\t\t<\/div>\n\t\t<\/section>\n\t\t\t\t<section class=\"elementor-section elementor-top-section elementor-element elementor-element-5329405 elementor-section-boxed elementor-section-height-default elementor-section-height-default\" data-id=\"5329405\" data-element_type=\"section\" data-e-type=\"section\" data-settings=\"{&quot;background_background&quot;:&quot;classic&quot;}\">\n\t\t\t\t\t\t<div class=\"elementor-container elementor-column-gap-default\">\n\t\t\t\t\t<div class=\"elementor-column elementor-col-33 elementor-top-column elementor-element elementor-element-db31e62\" data-id=\"db31e62\" data-element_type=\"column\" data-e-type=\"column\">\n\t\t\t<div class=\"elementor-widget-wrap elementor-element-populated\">\n\t\t\t\t\t\t<div class=\"elementor-element elementor-element-d066c9f elementor-view-default elementor-position-block-start elementor-mobile-position-block-start elementor-widget elementor-widget-icon-box\" data-id=\"d066c9f\" data-element_type=\"widget\" data-e-type=\"widget\" data-widget_type=\"icon-box.default\">\n\t\t\t\t<div class=\"elementor-widget-container\">\n\t\t\t\t\t\t\t<div class=\"elementor-icon-box-wrapper\">\n\n\t\t\t\t\t\t<div class=\"elementor-icon-box-icon\">\n\t\t\t\t<a href=\"https:\/\/ordemdosfisioterapeutas.pt\/es\/inscricao-na-ordem-dos-fisioterapeutas\/\" class=\"elementor-icon\" tabindex=\"-1\" aria-label=\"REGISTRO DE PEDIDOS\">\n\t\t\t\t<i aria-hidden=\"true\" class=\"fas fa-pen-fancy\"><\/i>\t\t\t\t<\/a>\n\t\t\t<\/div>\n\t\t\t\n\t\t\t\t\t\t<div class=\"elementor-icon-box-content\">\n\n\t\t\t\t\t\t\t\t\t<h3 class=\"elementor-icon-box-title\">\n\t\t\t\t\t\t<a href=\"https:\/\/ordemdosfisioterapeutas.pt\/es\/inscricao-na-ordem-dos-fisioterapeutas\/\">\n\t\t\t\t\t\t\tREGISTRO DE PEDIDOS\t\t\t\t\t\t<\/a>\n\t\t\t\t\t<\/h3>\n\t\t\t\t\n\t\t\t\t\t\t\t\t\t<p class=\"elementor-icon-box-description\">\n\t\t\t\t\t\tFormulario de inscripci\u00f3n en la Orden de Fisioterapeutas.\t\t\t\t\t<\/p>\n\t\t\t\t\n\t\t\t<\/div>\n\t\t\t\n\t\t<\/div>\n\t\t\t\t\t\t<\/div>\n\t\t\t\t<\/div>\n\t\t\t\t\t<\/div>\n\t\t<\/div>\n\t\t\t\t<div class=\"elementor-column elementor-col-33 elementor-top-column elementor-element elementor-element-15c0233\" data-id=\"15c0233\" data-element_type=\"column\" data-e-type=\"column\">\n\t\t\t<div class=\"elementor-widget-wrap elementor-element-populated\">\n\t\t\t\t\t\t<div class=\"elementor-element elementor-element-ab13ae2 elementor-view-default elementor-position-block-start elementor-mobile-position-block-start elementor-widget elementor-widget-icon-box\" data-id=\"ab13ae2\" data-element_type=\"widget\" data-e-type=\"widget\" data-widget_type=\"icon-box.default\">\n\t\t\t\t<div class=\"elementor-widget-container\">\n\t\t\t\t\t\t\t<div class=\"elementor-icon-box-wrapper\">\n\n\t\t\t\t\t\t<div class=\"elementor-icon-box-icon\">\n\t\t\t\t<a href=\"#\" class=\"elementor-icon\" tabindex=\"-1\" aria-label=\"EXPEDICI\u00d3N DE DOCUMENTOS\">\n\t\t\t\t<i aria-hidden=\"true\" class=\"far fa-file-alt\"><\/i>\t\t\t\t<\/a>\n\t\t\t<\/div>\n\t\t\t\n\t\t\t\t\t\t<div class=\"elementor-icon-box-content\">\n\n\t\t\t\t\t\t\t\t\t<h3 class=\"elementor-icon-box-title\">\n\t\t\t\t\t\t<a href=\"#\" >\n\t\t\t\t\t\t\tEXPEDICI\u00d3N DE DOCUMENTOS\t\t\t\t\t\t<\/a>\n\t\t\t\t\t<\/h3>\n\t\t\t\t\n\t\t\t\t\t\t\t\t\t<p class=\"elementor-icon-box-description\">\n\t\t\t\t\t\t<i class=\"fas fa-link\"><\/i> <a href=\"https:\/\/portal.ordemdosfisioterapeutas.pt\/of-auth\/?app_ref=e985d1b30a025a19af003c638a7f64a2\">\n<u>Fisioterapeutas<\/u><\/a>\n<br>\n<i class=\"fas fa-link\"><\/i> <a href=\"https:\/\/portal.ordemdosfisioterapeutas.pt\/area-membros\/products-public\/\">\n\n<u>Ciudadano<\/u><\/a>\t\t\t\t\t<\/p>\n\t\t\t\t\n\t\t\t<\/div>\n\t\t\t\n\t\t<\/div>\n\t\t\t\t\t\t<\/div>\n\t\t\t\t<\/div>\n\t\t\t\t\t<\/div>\n\t\t<\/div>\n\t\t\t\t<div class=\"elementor-column elementor-col-33 elementor-top-column elementor-element elementor-element-3227ddf\" data-id=\"3227ddf\" data-element_type=\"column\" data-e-type=\"column\">\n\t\t\t<div class=\"elementor-widget-wrap elementor-element-populated\">\n\t\t\t\t\t\t<div class=\"elementor-element elementor-element-45a8a34 elementor-view-default elementor-position-block-start elementor-mobile-position-block-start elementor-widget elementor-widget-icon-box\" data-id=\"45a8a34\" data-element_type=\"widget\" data-e-type=\"widget\" data-widget_type=\"icon-box.default\">\n\t\t\t\t<div class=\"elementor-widget-container\">\n\t\t\t\t\t\t\t<div class=\"elementor-icon-box-wrapper\">\n\n\t\t\t\t\t\t<div class=\"elementor-icon-box-icon\">\n\t\t\t\t<a href=\"https:\/\/ordemdosfisioterapeutas.pt\/es\/cidadao\/\" class=\"elementor-icon\" tabindex=\"-1\" aria-label=\"CIUDADANO\">\n\t\t\t\t<i aria-hidden=\"true\" class=\"fas fa-user\"><\/i>\t\t\t\t<\/a>\n\t\t\t<\/div>\n\t\t\t\n\t\t\t\t\t\t<div class=\"elementor-icon-box-content\">\n\n\t\t\t\t\t\t\t\t\t<h3 class=\"elementor-icon-box-title\">\n\t\t\t\t\t\t<a href=\"https:\/\/ordemdosfisioterapeutas.pt\/es\/cidadao\/\">\n\t\t\t\t\t\t\tCIUDADANO\t\t\t\t\t\t<\/a>\n\t\t\t\t\t<\/h3>\n\t\t\t\t\n\t\t\t\t\t\t\t\t\t<p class=\"elementor-icon-box-description\">\n\t\t\t\t\t\tInformaci\u00f3n \u00fatil para el p\u00fablico en general.\t\t\t\t\t<\/p>\n\t\t\t\t\n\t\t\t<\/div>\n\t\t\t\n\t\t<\/div>\n\t\t\t\t\t\t<\/div>\n\t\t\t\t<\/div>\n\t\t\t\t\t<\/div>\n\t\t<\/div>\n\t\t\t\t\t<\/div>\n\t\t<\/section>\n\t\t\t\t<section class=\"elementor-section elementor-top-section elementor-element elementor-element-fafced3 elementor-section-boxed elementor-section-height-default elementor-section-height-default\" data-id=\"fafced3\" data-element_type=\"section\" data-e-type=\"section\">\n\t\t\t\t\t\t<div class=\"elementor-container elementor-column-gap-default\">\n\t\t\t\t\t<div class=\"elementor-column elementor-col-100 elementor-top-column elementor-element elementor-element-b47580f\" data-id=\"b47580f\" data-element_type=\"column\" data-e-type=\"column\">\n\t\t\t<div class=\"elementor-widget-wrap elementor-element-populated\">\n\t\t\t\t\t\t<div class=\"elementor-element elementor-element-ad79ea6 elementor-widget elementor-widget-heading\" data-id=\"ad79ea6\" data-element_type=\"widget\" data-e-type=\"widget\" data-widget_type=\"heading.default\">\n\t\t\t\t<div class=\"elementor-widget-container\">\n\t\t\t\t\t<h2 class=\"elementor-heading-title elementor-size-default\">NOTICIAS<\/h2>\t\t\t\t<\/div>\n\t\t\t\t<\/div>\n\t\t\t\t<div class=\"elementor-element elementor-element-3484107 elementor-grid-3 elementor-grid-tablet-2 elementor-grid-mobile-1 elementor-posts--thumbnail-top elementor-card-shadow-yes elementor-posts__hover-gradient elementor-widget elementor-widget-posts\" data-id=\"3484107\" data-element_type=\"widget\" data-e-type=\"widget\" data-settings=\"{&quot;cards_columns&quot;:&quot;3&quot;,&quot;cards_columns_tablet&quot;:&quot;2&quot;,&quot;cards_columns_mobile&quot;:&quot;1&quot;,&quot;cards_row_gap&quot;:{&quot;unit&quot;:&quot;px&quot;,&quot;size&quot;:35,&quot;sizes&quot;:[]},&quot;cards_row_gap_tablet&quot;:{&quot;unit&quot;:&quot;px&quot;,&quot;size&quot;:&quot;&quot;,&quot;sizes&quot;:[]},&quot;cards_row_gap_mobile&quot;:{&quot;unit&quot;:&quot;px&quot;,&quot;size&quot;:&quot;&quot;,&quot;sizes&quot;:[]}}\" data-widget_type=\"posts.cards\">\n\t\t\t\t<div class=\"elementor-widget-container\">\n\t\t\t\t\t\t\t<div class=\"elementor-posts-container elementor-posts elementor-posts--skin-cards elementor-grid\" role=\"list\">\n\t\t\t\t<article class=\"elementor-post elementor-grid-item post-4695 post type-post status-publish format-standard has-post-thumbnail hentry category-noticias\" role=\"listitem\">\n\t\t\t<div class=\"elementor-post__card\">\n\t\t\t\t<a class=\"elementor-post__thumbnail__link\" href=\"https:\/\/ordemdosfisioterapeutas.pt\/es\/noticias\/fisioterapeutas-seguro-de-responsabilidade-civil-profissional\/\" tabindex=\"-1\"><div class=\"elementor-post__thumbnail\"><img fetchpriority=\"high\" decoding=\"async\" width=\"300\" height=\"200\" src=\"https:\/\/ordemdosfisioterapeutas.pt\/wp-content\/uploads\/2022\/06\/Fisioterapeutas-seguro-de-responsabilidade-civil-profissional-300x200.jpg\" class=\"attachment-medium size-medium wp-image-4696\" alt=\"Fisioterapeutas: seguro de responsabilidade civil profissional\" srcset=\"https:\/\/ordemdosfisioterapeutas.pt\/wp-content\/uploads\/2022\/06\/Fisioterapeutas-seguro-de-responsabilidade-civil-profissional-300x200.jpg 300w, https:\/\/ordemdosfisioterapeutas.pt\/wp-content\/uploads\/2022\/06\/Fisioterapeutas-seguro-de-responsabilidade-civil-profissional-1024x683.jpg 1024w, https:\/\/ordemdosfisioterapeutas.pt\/wp-content\/uploads\/2022\/06\/Fisioterapeutas-seguro-de-responsabilidade-civil-profissional-768x512.jpg 768w, https:\/\/ordemdosfisioterapeutas.pt\/wp-content\/uploads\/2022\/06\/Fisioterapeutas-seguro-de-responsabilidade-civil-profissional-18x12.jpg 18w, https:\/\/ordemdosfisioterapeutas.pt\/wp-content\/uploads\/2022\/06\/Fisioterapeutas-seguro-de-responsabilidade-civil-profissional.jpg 1500w\" sizes=\"(max-width: 300px) 100vw, 300px\" \/><\/div><\/a>\n\t\t\t\t<div class=\"elementor-post__text\">\n\t\t\t\t<h3 class=\"elementor-post__title\">\n\t\t\t<a href=\"https:\/\/ordemdosfisioterapeutas.pt\/es\/noticias\/fisioterapeutas-seguro-de-responsabilidade-civil-profissional\/\">\n\t\t\t\tFisioterapeutas: seguro de responsabilidad profesional\t\t\t<\/a>\n\t\t<\/h3>\n\t\t\t\t<div class=\"elementor-post__excerpt\">\n\t\t\t<p>El seguro de responsabilidad civil profesional ya est\u00e1 en vigor, tras el concurso p\u00fablico promovido por el Colegio de Fisioterapeutas. <\/p>\n\t\t<\/div>\n\t\t\n\t\t<a class=\"elementor-post__read-more\" href=\"https:\/\/ordemdosfisioterapeutas.pt\/es\/noticias\/fisioterapeutas-seguro-de-responsabilidade-civil-profissional\/\" aria-label=\"M\u00e1s informaci\u00f3n sobre Fisioterapeutas:\u00a0seguro de responsabilidade civil profissional\" tabindex=\"-1\">\n\t\t\tLEER M\u00c1S &gt;&gt;\t\t<\/a>\n\n\t\t\t\t<\/div>\n\t\t\t\t<div class=\"elementor-post__meta-data\">\n\t\t\t\t\t<span class=\"elementor-post-date\">\n\t\t\t16 de abril de 2026\t\t<\/span>\n\t\t\t\t<\/div>\n\t\t\t\t\t<\/div>\n\t\t<\/article>\n\t\t\t\t<article class=\"elementor-post elementor-grid-item post-13217 post type-post status-publish format-standard has-post-thumbnail hentry category-noticias\" role=\"listitem\">\n\t\t\t<div class=\"elementor-post__card\">\n\t\t\t\t<a class=\"elementor-post__thumbnail__link\" href=\"https:\/\/ordemdosfisioterapeutas.pt\/es\/noticias\/dia-mundial-da-saude-juntos-pela-saude-ao-lado-da-ciencia\/\" tabindex=\"-1\"><div class=\"elementor-post__thumbnail\"><img decoding=\"async\" width=\"300\" height=\"169\" src=\"https:\/\/ordemdosfisioterapeutas.pt\/wp-content\/uploads\/2026\/04\/Uma-so-saude-300x169.jpg\" class=\"attachment-medium size-medium wp-image-13218\" alt=\"\" srcset=\"https:\/\/ordemdosfisioterapeutas.pt\/wp-content\/uploads\/2026\/04\/Uma-so-saude-300x169.jpg 300w, https:\/\/ordemdosfisioterapeutas.pt\/wp-content\/uploads\/2026\/04\/Uma-so-saude-1024x578.jpg 1024w, https:\/\/ordemdosfisioterapeutas.pt\/wp-content\/uploads\/2026\/04\/Uma-so-saude-768x433.jpg 768w, https:\/\/ordemdosfisioterapeutas.pt\/wp-content\/uploads\/2026\/04\/Uma-so-saude-1536x866.jpg 1536w, https:\/\/ordemdosfisioterapeutas.pt\/wp-content\/uploads\/2026\/04\/Uma-so-saude-2048x1155.jpg 2048w, https:\/\/ordemdosfisioterapeutas.pt\/wp-content\/uploads\/2026\/04\/Uma-so-saude-18x10.jpg 18w\" sizes=\"(max-width: 300px) 100vw, 300px\" \/><\/div><\/a>\n\t\t\t\t<div class=\"elementor-post__text\">\n\t\t\t\t<h3 class=\"elementor-post__title\">\n\t\t\t<a href=\"https:\/\/ordemdosfisioterapeutas.pt\/es\/noticias\/dia-mundial-da-saude-juntos-pela-saude-ao-lado-da-ciencia\/\">\n\t\t\t\tD\u00eda Mundial de la Salud: Juntos por la salud. Del lado de la ciencia\t\t\t<\/a>\n\t\t<\/h3>\n\t\t\t\t<div class=\"elementor-post__excerpt\">\n\t\t\t<p>Hoy, 7 de abril, es el D\u00eda Mundial de la Salud. En 2026, la Organizaci\u00f3n Mundial de la Salud (OMS) conmemorar\u00e1 esta fecha con el lema \u201cJuntos por la salud. Junto a la ciencia\u201d, haciendo hincapi\u00e9 en la importancia de las decisiones sanitarias basadas en datos cient\u00edficos, la confianza en fuentes cre\u00edbles y la colaboraci\u00f3n como base de respuestas de salud p\u00fablica m\u00e1s eficaces.<\/p>\n\t\t<\/div>\n\t\t\n\t\t<a class=\"elementor-post__read-more\" href=\"https:\/\/ordemdosfisioterapeutas.pt\/es\/noticias\/dia-mundial-da-saude-juntos-pela-saude-ao-lado-da-ciencia\/\" aria-label=\"M\u00e1s informaci\u00f3n sobre Dia Mundial da Sa\u00fade: Juntos pela sa\u00fade. Ao lado da ci\u00eancia\" tabindex=\"-1\">\n\t\t\tLEER M\u00c1S &gt;&gt;\t\t<\/a>\n\n\t\t\t\t<\/div>\n\t\t\t\t<div class=\"elementor-post__meta-data\">\n\t\t\t\t\t<span class=\"elementor-post-date\">\n\t\t\t7 de abril de 2026\t\t<\/span>\n\t\t\t\t<\/div>\n\t\t\t\t\t<\/div>\n\t\t<\/article>\n\t\t\t\t<article class=\"elementor-post elementor-grid-item post-13201 post type-post status-publish format-standard has-post-thumbnail hentry category-noticias\" role=\"listitem\">\n\t\t\t<div class=\"elementor-post__card\">\n\t\t\t\t<a class=\"elementor-post__thumbnail__link\" href=\"https:\/\/ordemdosfisioterapeutas.pt\/es\/noticias\/dia-mundial-da-atividade-fisica-pelo-movimento-promovemos-mais-saude\/\" tabindex=\"-1\"><div class=\"elementor-post__thumbnail\"><img decoding=\"async\" width=\"300\" height=\"200\" src=\"https:\/\/ordemdosfisioterapeutas.pt\/wp-content\/uploads\/2026\/04\/facebook-6-abril-2026-300x200.jpg\" class=\"attachment-medium size-medium wp-image-13202\" alt=\"\" srcset=\"https:\/\/ordemdosfisioterapeutas.pt\/wp-content\/uploads\/2026\/04\/facebook-6-abril-2026-300x200.jpg 300w, https:\/\/ordemdosfisioterapeutas.pt\/wp-content\/uploads\/2026\/04\/facebook-6-abril-2026-1024x683.jpg 1024w, https:\/\/ordemdosfisioterapeutas.pt\/wp-content\/uploads\/2026\/04\/facebook-6-abril-2026-768x512.jpg 768w, https:\/\/ordemdosfisioterapeutas.pt\/wp-content\/uploads\/2026\/04\/facebook-6-abril-2026-1536x1024.jpg 1536w, https:\/\/ordemdosfisioterapeutas.pt\/wp-content\/uploads\/2026\/04\/facebook-6-abril-2026-2048x1365.jpg 2048w, https:\/\/ordemdosfisioterapeutas.pt\/wp-content\/uploads\/2026\/04\/facebook-6-abril-2026-18x12.jpg 18w\" sizes=\"(max-width: 300px) 100vw, 300px\" \/><\/div><\/a>\n\t\t\t\t<div class=\"elementor-post__text\">\n\t\t\t\t<h3 class=\"elementor-post__title\">\n\t\t\t<a href=\"https:\/\/ordemdosfisioterapeutas.pt\/es\/noticias\/dia-mundial-da-atividade-fisica-pelo-movimento-promovemos-mais-saude\/\">\n\t\t\t\tD\u00eda Mundial de la Actividad F\u00edsica: a trav\u00e9s del movimiento, promovemos una mejor salud\t\t\t<\/a>\n\t\t<\/h3>\n\t\t\t\t<div class=\"elementor-post__excerpt\">\n\t\t\t<p>Es el D\u00eda Mundial de la Actividad F\u00edsica, una fecha establecida por la Organizaci\u00f3n Mundial de la Salud (OMS) que recuerda la importancia del movimiento para la salud de las personas y las comunidades.<\/p>\n\t\t<\/div>\n\t\t\n\t\t<a class=\"elementor-post__read-more\" href=\"https:\/\/ordemdosfisioterapeutas.pt\/es\/noticias\/dia-mundial-da-atividade-fisica-pelo-movimento-promovemos-mais-saude\/\" aria-label=\"M\u00e1s informaci\u00f3n sobre Dia Mundial da Atividade F\u00edsica: pelo movimento, promovemos mais sa\u00fade\" tabindex=\"-1\">\n\t\t\tLEER M\u00c1S &gt;&gt;\t\t<\/a>\n\n\t\t\t\t<\/div>\n\t\t\t\t<div class=\"elementor-post__meta-data\">\n\t\t\t\t\t<span class=\"elementor-post-date\">\n\t\t\t6 de abril de 2026\t\t<\/span>\n\t\t\t\t<\/div>\n\t\t\t\t\t<\/div>\n\t\t<\/article>\n\t\t\t\t<\/div>\n\t\t\n\t\t\t\t\t\t<\/div>\n\t\t\t\t<\/div>\n\t\t\t\t<div class=\"elementor-element elementor-element-7086937 elementor-align-center elementor-widget elementor-widget-button\" data-id=\"7086937\" data-element_type=\"widget\" data-e-type=\"widget\" data-widget_type=\"button.default\">\n\t\t\t\t<div class=\"elementor-widget-container\">\n\t\t\t\t\t\t\t\t\t<div class=\"elementor-button-wrapper\">\n\t\t\t\t\t<a class=\"elementor-button elementor-button-link elementor-size-xs elementor-animation-shrink\" href=\"https:\/\/ordemdosfisioterapeutas.pt\/es\/category\/noticias\/\">\n\t\t\t\t\t\t<span class=\"elementor-button-content-wrapper\">\n\t\t\t\t\t\t<span class=\"elementor-button-icon\">\n\t\t\t\t<i aria-hidden=\"true\" class=\"fas fa-plus\"><\/i>\t\t\t<\/span>\n\t\t\t\t\t\t\t\t\t<span class=\"elementor-button-text\">Noticias<\/span>\n\t\t\t\t\t<\/span>\n\t\t\t\t\t<\/a>\n\t\t\t\t<\/div>\n\t\t\t\t\t\t\t\t<\/div>\n\t\t\t\t<\/div>\n\t\t\t\t<div class=\"elementor-element elementor-element-a4d7110 elementor-align-center elementor-widget elementor-widget-button\" data-id=\"a4d7110\" data-element_type=\"widget\" data-e-type=\"widget\" data-widget_type=\"button.default\">\n\t\t\t\t<div class=\"elementor-widget-container\">\n\t\t\t\t\t\t\t\t\t<div class=\"elementor-button-wrapper\">\n\t\t\t\t\t<a class=\"elementor-button elementor-button-link elementor-size-xs elementor-animation-shrink\" href=\"https:\/\/ordemdosfisioterapeutas.pt\/en\/category\/noticias\/\">\n\t\t\t\t\t\t<span class=\"elementor-button-content-wrapper\">\n\t\t\t\t\t\t<span class=\"elementor-button-icon\">\n\t\t\t\t<i aria-hidden=\"true\" class=\"fas fa-plus\"><\/i>\t\t\t<\/span>\n\t\t\t\t\t\t\t\t\t<span class=\"elementor-button-text\">Noticias<\/span>\n\t\t\t\t\t<\/span>\n\t\t\t\t\t<\/a>\n\t\t\t\t<\/div>\n\t\t\t\t\t\t\t\t<\/div>\n\t\t\t\t<\/div>\n\t\t\t\t\t<\/div>\n\t\t<\/div>\n\t\t\t\t\t<\/div>\n\t\t<\/section>\n\t\t\t\t<\/div>","protected":false},"excerpt":{"rendered":"<p>Comiss\u00f5es instaladoras das especialidadesCandidaturas abertas de 1 a 31 de maio Aceder na \u00e1rea reservadaAtive a sua c\u00e9dula profissional j\u00e1 dispon\u00edvel na app gov.pt Saber mais Como ativar Elei\u00e7\u00f5es complementares para a Dire\u00e7\u00e3o Regional da Madeira e para a Mesa da Assembleia Regional do Sul. Ato eleitoral: 18 de maio de 2026 Cadernos Eleitorais Comiss\u00e3o &#8230; <a title=\"D\u00eda Mundial de la Actividad F\u00edsica: a trav\u00e9s del movimiento, promovemos una mejor salud\" class=\"read-more\" href=\"https:\/\/ordemdosfisioterapeutas.pt\/es\/noticias\/dia-mundial-da-atividade-fisica-pelo-movimento-promovemos-mais-saude\/\" aria-label=\"Leer m\u00e1s sobre Dia Mundial da Atividade F\u00edsica: pelo movimento, promovemos mais sa\u00fade\">Seguir leyendo<\/a><\/p>","protected":false},"author":1,"featured_media":0,"parent":0,"menu_order":0,"comment_status":"closed","ping_status":"closed","template":"elementor_header_footer","meta":{"footnotes":""},"class_list":["post-36","page","type-page","status-publish","hentry"],"_links":{"self":[{"href":"https:\/\/ordemdosfisioterapeutas.pt\/es\/wp-json\/wp\/v2\/pages\/36","targetHints":{"allow":["GET"]}}],"collection":[{"href":"https:\/\/ordemdosfisioterapeutas.pt\/es\/wp-json\/wp\/v2\/pages"}],"about":[{"href":"https:\/\/ordemdosfisioterapeutas.pt\/es\/wp-json\/wp\/v2\/types\/page"}],"author":[{"embeddable":true,"href":"https:\/\/ordemdosfisioterapeutas.pt\/es\/wp-json\/wp\/v2\/users\/1"}],"replies":[{"embeddable":true,"href":"https:\/\/ordemdosfisioterapeutas.pt\/es\/wp-json\/wp\/v2\/comments?post=36"}],"version-history":[{"count":102,"href":"https:\/\/ordemdosfisioterapeutas.pt\/es\/wp-json\/wp\/v2\/pages\/36\/revisions"}],"predecessor-version":[{"id":13314,"href":"https:\/\/ordemdosfisioterapeutas.pt\/es\/wp-json\/wp\/v2\/pages\/36\/revisions\/13314"}],"wp:attachment":[{"href":"https:\/\/ordemdosfisioterapeutas.pt\/es\/wp-json\/wp\/v2\/media?parent=36"}],"curies":[{"name":"wp","href":"https:\/\/api.w.org\/{rel}","templated":true}]}}