{"id":336,"date":"2020-09-29T20:12:04","date_gmt":"2020-09-29T20:12:04","guid":{"rendered":"https:\/\/ordemdosfisioterapeutas.pt\/?page_id=336"},"modified":"2022-07-16T16:29:10","modified_gmt":"2022-07-16T15:29:10","slug":"historia-da-fisioterapia-em-portugal","status":"publish","type":"page","link":"https:\/\/ordemdosfisioterapeutas.pt\/es\/historia-da-fisioterapia-em-portugal\/","title":{"rendered":"Historia de la fisioterapia en Portugal"},"content":{"rendered":"<p>La denominaci\u00f3n \"fisioterapeuta\" aparece a principios del siglo XX. Hasta 1957, esta denominaci\u00f3n se utilizaba como especialidad m\u00e9dica, que posteriormente fue sustituida por la de Fisiatra, o especialista en Medicina F\u00edsica y Rehabilitaci\u00f3n.<\/p>\n\n\n\n<p>La formaci\u00f3n de profesionales (no m\u00e9dicos) como Fisioterapeutas comenz\u00f3 en 1957, a trav\u00e9s de los \"cursos de rehabilitaci\u00f3n\" creados por la Santa Casa da Miseric\u00f3rdia de Lisboa (SCML). La primera responsable del curso de Fisioterapia fue la se\u00f1orita Anne Cepik, fisioterapeuta de los Estados Unidos de Am\u00e9rica (EE.UU.). Los primeros fisioterapeutas fueron formados por profesionales de EE.UU., Dinamarca y Gran Breta\u00f1a.<\/p>\n\n\n\n<p>El 12 de noviembre de 1960 se cre\u00f3 la Asociaci\u00f3n Portuguesa de Fisioterapeutas.<\/p>\n\n\n\n<p>Los primeros fisioterapeutas formados tuvieron una formaci\u00f3n complementaria en EE.UU. y a partir de 1963 participaron fisioterapeutas portugueses. Estos cursos de Rehabilitaci\u00f3n llevaron a la creaci\u00f3n de la Escuela de Rehabilitaci\u00f3n de Alcoit\u00e3o, en 1966, integrada en el Centro M\u00e9dico y de Rehabilitaci\u00f3n de Alcoit\u00e3o. Tambi\u00e9n en 1966, la Portaria 22034, de 4 de junio de 1966, marca la introducci\u00f3n del \"T\u00edtulo Profesional de Fisioterapeuta\" en Portugal.<\/p>\n\n\n\n<p>En los primeros a\u00f1os de esta profesi\u00f3n, las l\u00edneas dominantes de formaci\u00f3n de los Fisioterapeutas y de desempe\u00f1o de la funci\u00f3n respectiva segu\u00edan dos grandes l\u00edneas: En la Santa Casa da Miseric\u00f3rdia, con la creaci\u00f3n de los cursos de Rehabilitaci\u00f3n y posteriormente de la Escuela de Rehabilitaci\u00f3n de Alcoit\u00e3o, y en los Hospitales del Estado, con la creaci\u00f3n de los cursos de Auxiliar de Fisioterapia y de T\u00e9cnico Fisioterapeuta. Tambi\u00e9n es importante mencionar la formaci\u00f3n espec\u00edfica en los territorios de ultramar y en el \u00e1mbito militar.<\/p>\n\n\n\n<p>A principios de los a\u00f1os 70, la reestructuraci\u00f3n del sistema de Salud, por la publicaci\u00f3n del Decreto Ley 414\/71, de 27 de septiembre, donde se cre\u00f3 la carrera de \"Terapeuta T\u00e9cnico\", donde el acceso se limit\u00f3 a los profesionales con el \"T\u00edtulo Profesional de Fisioterapeuta\".<\/p>\n\n\n\n<p>En 1977, se crea la ense\u00f1anza superior de corta duraci\u00f3n ( Decreto Lei n\u00ba 427-B\/77 ). A continuaci\u00f3n, se incluy\u00f3 la Escuela de Rehabilitaci\u00f3n de Alcoit\u00e3o como formaci\u00f3n de ense\u00f1anza superior.<\/p>\n\n\n\n<p>A pesar del intento de mantener la Fisioterapia como titulaci\u00f3n de Educaci\u00f3n Superior, en 1982 se crearon las Escolas T\u00e9cnicas dos Servi\u00e7os de S\u00e1ude de Lisboa, Porto y Coimbra, que inclu\u00edan la formaci\u00f3n de t\u00e9cnicos en Fisioterapia. En 1985, la evoluci\u00f3n de la carrera profesional sustituy\u00f3 la denominaci\u00f3n \"T\u00e9cnico Auxiliar dos Servi\u00e7os Complementares\" por la de \"T\u00e9cnico de Diagn\u00f3stico e Terap\u00eautica\", que contaba con 18 profesiones.<\/p>\n\n\n\n<p>El nuevo plan de estudios de Fisioterapia entr\u00f3 en vigor en el curso 1990\/1991 en la Escola de Reabilita\u00e7\u00e3o do Alcoit\u00e3o. En 1993 se crearon las Escuelas Superiores de Tecnolog\u00edas Sanitarias de Lisboa, Oporto y Coimbra, que se integraron en el sistema educativo nacional de Ense\u00f1anza Superior Polit\u00e9cnica.<\/p>\n\n\n\n<p>En 1993, el Decreto-Ley n\u00ba 415\/93, de 23 de diciembre, integra la Fisioterapia en la Ense\u00f1anza Superior.<\/p>\n\n\n\n<p>A partir de 1999, el Departamento de Recursos Humanos para la Salud (ahora ACSS) hizo obligatorio que los titulares del Curso de Fisioterapia tuvieran un Registro Profesional.<\/p>\n\n\n\n<p>A finales de los a\u00f1os 90 y principios de siglo, el n\u00famero de Instituciones de Ense\u00f1anza de Fisioterapia creci\u00f3 considerablemente, con la creaci\u00f3n de 11 instituciones entre 1997 y 2009.<\/p>\n\n\n\n<p>En 2004, el \"Informe sobre la implantaci\u00f3n del proceso de Bolonia a nivel nacional, por \u00e1reas de conocimiento - Tecnolog\u00edas sanitarias\" (Lopes.A, 2004) propone que el primer ciclo, en el modelo de Bolonia, dure 4 a\u00f1os, correspondientes a 240 ECTS.<\/p>","protected":false},"excerpt":{"rendered":"<p>La denominaci\u00f3n \"Fisioterapeuta\" apareci\u00f3 a principios del siglo XX. Hasta 1957, este nombre se utilizaba como especialidad m\u00e9dica, que posteriormente fue sustituido por el de Fisiatra, o especialista en Medicina F\u00edsica y Rehabilitaci\u00f3n. La formaci\u00f3n de profesionales (no m\u00e9dicos) como fisioterapeutas comenz\u00f3 en 1957, a trav\u00e9s de los \"cursos de rehabilitaci\u00f3n\" creados ... <a title=\"Historia de la fisioterapia en Portugal\" class=\"read-more\" href=\"https:\/\/ordemdosfisioterapeutas.pt\/es\/historia-da-fisioterapia-em-portugal\/\" aria-label=\"Leer m\u00e1s sobre Historia de la fisioterapia en Portugal\">Seguir leyendo<\/a><\/p>","protected":false},"author":1,"featured_media":0,"parent":0,"menu_order":0,"comment_status":"closed","ping_status":"closed","template":"","meta":{"footnotes":""},"class_list":["post-336","page","type-page","status-publish"],"_links":{"self":[{"href":"https:\/\/ordemdosfisioterapeutas.pt\/es\/wp-json\/wp\/v2\/pages\/336","targetHints":{"allow":["GET"]}}],"collection":[{"href":"https:\/\/ordemdosfisioterapeutas.pt\/es\/wp-json\/wp\/v2\/pages"}],"about":[{"href":"https:\/\/ordemdosfisioterapeutas.pt\/es\/wp-json\/wp\/v2\/types\/page"}],"author":[{"embeddable":true,"href":"https:\/\/ordemdosfisioterapeutas.pt\/es\/wp-json\/wp\/v2\/users\/1"}],"replies":[{"embeddable":true,"href":"https:\/\/ordemdosfisioterapeutas.pt\/es\/wp-json\/wp\/v2\/comments?post=336"}],"version-history":[{"count":0,"href":"https:\/\/ordemdosfisioterapeutas.pt\/es\/wp-json\/wp\/v2\/pages\/336\/revisions"}],"wp:attachment":[{"href":"https:\/\/ordemdosfisioterapeutas.pt\/es\/wp-json\/wp\/v2\/media?parent=336"}],"curies":[{"name":"wp","href":"https:\/\/api.w.org\/{rel}","templated":true}]}}