{"id":3068,"date":"2021-09-29T11:54:24","date_gmt":"2021-09-29T10:54:24","guid":{"rendered":"https:\/\/ordemdosfisioterapeutas.pt\/?page_id=3068"},"modified":"2026-07-25T21:27:14","modified_gmt":"2026-07-25T20:27:14","slug":"comunicados","status":"publish","type":"page","link":"https:\/\/ordemdosfisioterapeutas.pt\/es\/comunicados\/","title":{"rendered":"Anuncios"},"content":{"rendered":"<div data-elementor-type=\"wp-page\" data-elementor-id=\"3068\" class=\"elementor elementor-3068\" data-elementor-post-type=\"page\">\n\t\t\t\t\t\t<section class=\"elementor-section elementor-top-section elementor-element elementor-element-c7347c2 elementor-section-boxed elementor-section-height-default elementor-section-height-default\" data-id=\"c7347c2\" data-element_type=\"section\" data-e-type=\"section\">\n\t\t\t\t\t\t<div class=\"elementor-container elementor-column-gap-default\">\n\t\t\t\t\t<div class=\"elementor-column elementor-col-100 elementor-top-column elementor-element elementor-element-9592e5d\" data-id=\"9592e5d\" data-element_type=\"column\" data-e-type=\"column\">\n\t\t\t<div class=\"elementor-widget-wrap elementor-element-populated\">\n\t\t\t\t\t\t<div class=\"elementor-element elementor-element-e216ebc elementor-widget elementor-widget-n-accordion\" data-id=\"e216ebc\" data-element_type=\"widget\" data-e-type=\"widget\" data-settings=\"{&quot;default_state&quot;:&quot;expanded&quot;,&quot;max_items_expended&quot;:&quot;one&quot;,&quot;n_accordion_animation_duration&quot;:{&quot;unit&quot;:&quot;ms&quot;,&quot;size&quot;:400,&quot;sizes&quot;:[]}}\" data-widget_type=\"nested-accordion.default\">\n\t\t\t\t<div class=\"elementor-widget-container\">\n\t\t\t\t\t\t\t<div class=\"e-n-accordion\" aria-label=\"Acorde\u00f3n. Abra los enlaces con Intro o Espacio, ci\u00e9rrelos con Escape y navegue con las teclas de flecha.\">\n\t\t\t\t\t\t<details id=\"e-n-accordion-item-2370\" class=\"e-n-accordion-item\" open>\n\t\t\t\t<summary class=\"e-n-accordion-item-title\" data-accordion-index=\"1\" tabindex=\"0\" aria-expanded=\"true\" aria-controls=\"e-n-accordion-item-2370\" >\n\t\t\t\t\t<span class='e-n-accordion-item-title-header'><div class=\"e-n-accordion-item-title-text\"> 2026 <\/div><\/span>\n\t\t\t\t\t\t\t<span class='e-n-accordion-item-title-icon'>\n\t\t\t<span class='e-opened' ><i aria-hidden=\"true\" class=\"fas fa-minus\"><\/i><\/span>\n\t\t\t<span class='e-closed'><i aria-hidden=\"true\" class=\"fas fa-plus\"><\/i><\/span>\n\t\t<\/span>\n\n\t\t\t\t\t\t<\/summary>\n\t\t\t\t<div role=\"region\" aria-labelledby=\"e-n-accordion-item-2370\" class=\"elementor-element elementor-element-2ea5771 e-flex e-con-boxed e-con e-child\" data-id=\"2ea5771\" data-element_type=\"container\" data-e-type=\"container\">\n\t\t\t\t\t<div class=\"e-con-inner\">\n\t\t\t\t<div class=\"elementor-element elementor-element-715277c elementor-icon-list--layout-traditional elementor-list-item-link-full_width elementor-widget elementor-widget-icon-list\" data-id=\"715277c\" data-element_type=\"widget\" data-e-type=\"widget\" data-widget_type=\"icon-list.default\">\n\t\t\t\t<div class=\"elementor-widget-container\">\n\t\t\t\t\t\t\t<ul class=\"elementor-icon-list-items\">\n\t\t\t\t\t\t\t<li class=\"elementor-icon-list-item\">\n\t\t\t\t\t\t\t\t\t\t\t<a href=\"https:\/\/ordemdosfisioterapeutas.pt\/wp-content\/uploads\/2026\/07\/comunicado-n85.html\" target=\"_blank\">\n\n\t\t\t\t\t\t\t\t\t\t\t\t<span class=\"elementor-icon-list-icon\">\n\t\t\t\t\t\t\t<i aria-hidden=\"true\" class=\"fas fa-bullhorn\"><\/i>\t\t\t\t\t\t<\/span>\n\t\t\t\t\t\t\t\t\t\t<span class=\"elementor-icon-list-text\">Comunicado n.\u00ba 85 - Comisiones de admisi\u00f3n de los colegios de especialidad \u2014 publicaci\u00f3n de las listas de candidatos admitidos<\/span>\n\t\t\t\t\t\t\t\t\t\t\t<\/a>\n\t\t\t\t\t\t\t\t\t<\/li>\n\t\t\t\t\t\t\t\t<li class=\"elementor-icon-list-item\">\n\t\t\t\t\t\t\t\t\t\t\t<a href=\"https:\/\/ordemdosfisioterapeutas.pt\/wp-content\/uploads\/2026\/07\/comunicado-no-84.html\" target=\"_blank\">\n\n\t\t\t\t\t\t\t\t\t\t\t\t<span class=\"elementor-icon-list-icon\">\n\t\t\t\t\t\t\t<i aria-hidden=\"true\" class=\"fas fa-bullhorn\"><\/i>\t\t\t\t\t\t<\/span>\n\t\t\t\t\t\t\t\t\t\t<span class=\"elementor-icon-list-text\">Comunicado n.\u00ba 84: El Colegio de Fisioterapeutas aprueba un dictamen sobre el uso de la inteligencia artificial y las tecnolog\u00edas digitales en la prestaci\u00f3n de cuidados de fisioterapia<\/span>\n\t\t\t\t\t\t\t\t\t\t\t<\/a>\n\t\t\t\t\t\t\t\t\t<\/li>\n\t\t\t\t\t\t\t\t<li class=\"elementor-icon-list-item\">\n\t\t\t\t\t\t\t\t\t\t\t<a href=\"https:\/\/ordemdosfisioterapeutas.pt\/wp-content\/uploads\/2026\/07\/comunicado-no-83_WPTD.html\" target=\"_blank\">\n\n\t\t\t\t\t\t\t\t\t\t\t\t<span class=\"elementor-icon-list-icon\">\n\t\t\t\t\t\t\t<i aria-hidden=\"true\" class=\"fas fa-bullhorn\"><\/i>\t\t\t\t\t\t<\/span>\n\t\t\t\t\t\t\t\t\t\t<span class=\"elementor-icon-list-text\">Comunicado n.\u00ba 83: El D\u00eda Mundial de la Fisioterapia 2026 destaca el papel de la fisioterapia en la prevenci\u00f3n, el tratamiento y la rehabilitaci\u00f3n de las enfermedades cardiovasculares y el ictus <\/span>\n\t\t\t\t\t\t\t\t\t\t\t<\/a>\n\t\t\t\t\t\t\t\t\t<\/li>\n\t\t\t\t\t\t\t\t<li class=\"elementor-icon-list-item\">\n\t\t\t\t\t\t\t\t\t\t\t<a href=\"https:\/\/ordemdosfisioterapeutas.pt\/wp-content\/uploads\/2026\/06\/comunicado-no-82_.html\" target=\"_blank\">\n\n\t\t\t\t\t\t\t\t\t\t\t\t<span class=\"elementor-icon-list-icon\">\n\t\t\t\t\t\t\t<i aria-hidden=\"true\" class=\"fas fa-bullhorn\"><\/i>\t\t\t\t\t\t<\/span>\n\t\t\t\t\t\t\t\t\t\t<span class=\"elementor-icon-list-text\">Comunicado n.\u00ba 82: El Colegio de Fisioterapeutas supervisa la implantaci\u00f3n de soluciones digitales de fisioterapia en el Sistema Nacional de Salud (SNS)<\/span>\n\t\t\t\t\t\t\t\t\t\t\t<\/a>\n\t\t\t\t\t\t\t\t\t<\/li>\n\t\t\t\t\t\t\t\t<li class=\"elementor-icon-list-item\">\n\t\t\t\t\t\t\t\t\t\t\t<a href=\"https:\/\/ordemdosfisioterapeutas.pt\/wp-content\/uploads\/2026\/06\/comunicado-81.html\" target=\"_blank\">\n\n\t\t\t\t\t\t\t\t\t\t\t\t<span class=\"elementor-icon-list-icon\">\n\t\t\t\t\t\t\t<i aria-hidden=\"true\" class=\"fas fa-bullhorn\"><\/i>\t\t\t\t\t\t<\/span>\n\t\t\t\t\t\t\t\t\t\t<span class=\"elementor-icon-list-text\">Comunicado n.\u00ba 81: El Colegio de Fisioterapeutas debate en Madeira las nuevas normas y aboga por mejorar el acceso a la asistencia sanitaria<\/span>\n\t\t\t\t\t\t\t\t\t\t\t<\/a>\n\t\t\t\t\t\t\t\t\t<\/li>\n\t\t\t\t\t\t\t\t<li class=\"elementor-icon-list-item\">\n\t\t\t\t\t\t\t\t\t\t\t<a href=\"https:\/\/ordemdosfisioterapeutas.pt\/wp-content\/uploads\/2026\/05\/comunicado-no-80_.html\" target=\"_blank\">\n\n\t\t\t\t\t\t\t\t\t\t\t\t<span class=\"elementor-icon-list-icon\">\n\t\t\t\t\t\t\t<i aria-hidden=\"true\" class=\"fas fa-bullhorn\"><\/i>\t\t\t\t\t\t<\/span>\n\t\t\t\t\t\t\t\t\t\t<span class=\"elementor-icon-list-text\">Comunicado 80 - Comisiones de instalaci\u00f3n de los colegios de especialidades - Ampliaci\u00f3n del plazo de presentaci\u00f3n de candidaturas<\/span>\n\t\t\t\t\t\t\t\t\t\t\t<\/a>\n\t\t\t\t\t\t\t\t\t<\/li>\n\t\t\t\t\t\t\t\t<li class=\"elementor-icon-list-item\">\n\t\t\t\t\t\t\t\t\t\t\t<a href=\"https:\/\/ordemdosfisioterapeutas.pt\/wp-content\/uploads\/2026\/05\/comunicado-TOMADA-DE-POSSE.html\" target=\"_blank\">\n\n\t\t\t\t\t\t\t\t\t\t\t\t<span class=\"elementor-icon-list-icon\">\n\t\t\t\t\t\t\t<i aria-hidden=\"true\" class=\"fas fa-bullhorn\"><\/i>\t\t\t\t\t\t<\/span>\n\t\t\t\t\t\t\t\t\t\t<span class=\"elementor-icon-list-text\">Comunicado 79 - Elecciones 2026 - Toma de posesi\u00f3n de los \u00f3rganos electos<\/span>\n\t\t\t\t\t\t\t\t\t\t\t<\/a>\n\t\t\t\t\t\t\t\t\t<\/li>\n\t\t\t\t\t\t\t\t<li class=\"elementor-icon-list-item\">\n\t\t\t\t\t\t\t\t\t\t\t<a href=\"https:\/\/ordemdosfisioterapeutas.pt\/wp-content\/uploads\/2026\/05\/comunicado-no-78_2026-05-19-INQUERITO.html\" target=\"_blank\">\n\n\t\t\t\t\t\t\t\t\t\t\t\t<span class=\"elementor-icon-list-icon\">\n\t\t\t\t\t\t\t<i aria-hidden=\"true\" class=\"fas fa-bullhorn\"><\/i>\t\t\t\t\t\t<\/span>\n\t\t\t\t\t\t\t\t\t\t<span class=\"elementor-icon-list-text\">Comunicado de prensa 78 - Encuesta de opini\u00f3n 2026 - Participe<\/span>\n\t\t\t\t\t\t\t\t\t\t\t<\/a>\n\t\t\t\t\t\t\t\t\t<\/li>\n\t\t\t\t\t\t\t\t<li class=\"elementor-icon-list-item\">\n\t\t\t\t\t\t\t\t\t\t\t<a href=\"https:\/\/ordemdosfisioterapeutas.pt\/wp-content\/uploads\/2026\/05\/comunicado-no-77_2026-05-18.html\" target=\"_blank\">\n\n\t\t\t\t\t\t\t\t\t\t\t\t<span class=\"elementor-icon-list-icon\">\n\t\t\t\t\t\t\t<i aria-hidden=\"true\" class=\"fas fa-bullhorn\"><\/i>\t\t\t\t\t\t<\/span>\n\t\t\t\t\t\t\t\t\t\t<span class=\"elementor-icon-list-text\">Comunicado 77 - Elecciones 2026 - Anuncio de los resultados provisionales<\/span>\n\t\t\t\t\t\t\t\t\t\t\t<\/a>\n\t\t\t\t\t\t\t\t\t<\/li>\n\t\t\t\t\t\t\t\t<li class=\"elementor-icon-list-item\">\n\t\t\t\t\t\t\t\t\t\t\t<a href=\"https:\/\/ordemdosfisioterapeutas.pt\/wp-content\/uploads\/2026\/05\/Comunicado-no-76.html\" target=\"_blank\">\n\n\t\t\t\t\t\t\t\t\t\t\t\t<span class=\"elementor-icon-list-icon\">\n\t\t\t\t\t\t\t<i aria-hidden=\"true\" class=\"fas fa-bullhorn\"><\/i>\t\t\t\t\t\t<\/span>\n\t\t\t\t\t\t\t\t\t\t<span class=\"elementor-icon-list-text\">Comunicado 76 - Elecciones 2026 - Publicaci\u00f3n del censo electoral definitivo e inicio de la campa\u00f1a electoral<\/span>\n\t\t\t\t\t\t\t\t\t\t\t<\/a>\n\t\t\t\t\t\t\t\t\t<\/li>\n\t\t\t\t\t\t\t\t<li class=\"elementor-icon-list-item\">\n\t\t\t\t\t\t\t\t\t\t\t<a href=\"https:\/\/ordemdosfisioterapeutas.pt\/wp-content\/uploads\/2026\/04\/comunicado-no-75_OF.html\" target=\"_blank\">\n\n\t\t\t\t\t\t\t\t\t\t\t\t<span class=\"elementor-icon-list-icon\">\n\t\t\t\t\t\t\t<i aria-hidden=\"true\" class=\"fas fa-bullhorn\"><\/i>\t\t\t\t\t\t<\/span>\n\t\t\t\t\t\t\t\t\t\t<span class=\"elementor-icon-list-text\">Comunicado 75 - Comisiones de instalaci\u00f3n de los colegios de especialidades Anuncio de convocatoria de candidaturas<\/span>\n\t\t\t\t\t\t\t\t\t\t\t<\/a>\n\t\t\t\t\t\t\t\t\t<\/li>\n\t\t\t\t\t\t\t\t<li class=\"elementor-icon-list-item\">\n\t\t\t\t\t\t\t\t\t\t\t<a href=\"https:\/\/ordemdosfisioterapeutas.pt\/wp-content\/uploads\/2026\/04\/comunicado-no-74_.html\" target=\"_blank\">\n\n\t\t\t\t\t\t\t\t\t\t\t\t<span class=\"elementor-icon-list-icon\">\n\t\t\t\t\t\t\t<i aria-hidden=\"true\" class=\"fas fa-bullhorn\"><\/i>\t\t\t\t\t\t<\/span>\n\t\t\t\t\t\t\t\t\t\t<span class=\"elementor-icon-list-text\">Comunicado 74 - Publicaci\u00f3n del censo electoral - Elecciones 2026<\/span>\n\t\t\t\t\t\t\t\t\t\t\t<\/a>\n\t\t\t\t\t\t\t\t\t<\/li>\n\t\t\t\t\t\t\t\t<li class=\"elementor-icon-list-item\">\n\t\t\t\t\t\t\t\t\t\t\t<a href=\"https:\/\/ordemdosfisioterapeutas.pt\/wp-content\/uploads\/2026\/03\/comunicado-no-73.html\" target=\"_blank\">\n\n\t\t\t\t\t\t\t\t\t\t\t\t<span class=\"elementor-icon-list-icon\">\n\t\t\t\t\t\t\t<i aria-hidden=\"true\" class=\"fas fa-bullhorn\"><\/i>\t\t\t\t\t\t<\/span>\n\t\t\t\t\t\t\t\t\t\t<span class=\"elementor-icon-list-text\">Comunicado 73 - Listas admitidas - Elecciones 2026<\/span>\n\t\t\t\t\t\t\t\t\t\t\t<\/a>\n\t\t\t\t\t\t\t\t\t<\/li>\n\t\t\t\t\t\t\t\t<li class=\"elementor-icon-list-item\">\n\t\t\t\t\t\t\t\t\t\t\t<a href=\"https:\/\/ordemdosfisioterapeutas.pt\/wp-content\/uploads\/2026\/03\/comunicado-no-72.html\" target=\"_blank\">\n\n\t\t\t\t\t\t\t\t\t\t\t\t<span class=\"elementor-icon-list-icon\">\n\t\t\t\t\t\t\t<i aria-hidden=\"true\" class=\"fas fa-bullhorn\"><\/i>\t\t\t\t\t\t<\/span>\n\t\t\t\t\t\t\t\t\t\t<span class=\"elementor-icon-list-text\">Comunicado de prensa 72 - Active su tarjeta profesional digital<\/span>\n\t\t\t\t\t\t\t\t\t\t\t<\/a>\n\t\t\t\t\t\t\t\t\t<\/li>\n\t\t\t\t\t\t\t\t<li class=\"elementor-icon-list-item\">\n\t\t\t\t\t\t\t\t\t\t\t<a href=\"https:\/\/ordemdosfisioterapeutas.pt\/wp-content\/uploads\/2026\/03\/comunicado-no-71_2026-03-20.html\" target=\"_blank\">\n\n\t\t\t\t\t\t\t\t\t\t\t\t<span class=\"elementor-icon-list-icon\">\n\t\t\t\t\t\t\t<i aria-hidden=\"true\" class=\"fas fa-bullhorn\"><\/i>\t\t\t\t\t\t<\/span>\n\t\t\t\t\t\t\t\t\t\t<span class=\"elementor-icon-list-text\">Comunicado 71 - Elecciones 2026 - Ley Electoral Suplementaria - Comisi\u00f3n Electoral<\/span>\n\t\t\t\t\t\t\t\t\t\t\t<\/a>\n\t\t\t\t\t\t\t\t\t<\/li>\n\t\t\t\t\t\t\t\t<li class=\"elementor-icon-list-item\">\n\t\t\t\t\t\t\t\t\t\t\t<a href=\"https:\/\/ordemdosfisioterapeutas.pt\/wp-content\/uploads\/2026\/02\/comunicado-no-70_2026-02-12.html\" target=\"_blank\">\n\n\t\t\t\t\t\t\t\t\t\t\t\t<span class=\"elementor-icon-list-icon\">\n\t\t\t\t\t\t\t<i aria-hidden=\"true\" class=\"fas fa-bullhorn\"><\/i>\t\t\t\t\t\t<\/span>\n\t\t\t\t\t\t\t\t\t\t<span class=\"elementor-icon-list-text\">Comunicado 70 - Elecciones 2026 - Ley Electoral Suplementaria<\/span>\n\t\t\t\t\t\t\t\t\t\t\t<\/a>\n\t\t\t\t\t\t\t\t\t<\/li>\n\t\t\t\t\t\t\t\t<li class=\"elementor-icon-list-item\">\n\t\t\t\t\t\t\t\t\t\t\t<a href=\"https:\/\/ordemdosfisioterapeutas.pt\/wp-content\/uploads\/2026\/02\/Comunicado-69_.html\" target=\"_blank\">\n\n\t\t\t\t\t\t\t\t\t\t\t\t<span class=\"elementor-icon-list-icon\">\n\t\t\t\t\t\t\t<i aria-hidden=\"true\" class=\"fas fa-bullhorn\"><\/i>\t\t\t\t\t\t<\/span>\n\t\t\t\t\t\t\t\t\t\t<span class=\"elementor-icon-list-text\">Comunicado 69 - El Colegio de Fisioterapeutas expresa su solidaridad con las regiones afectadas por la tormenta Kristin<\/span>\n\t\t\t\t\t\t\t\t\t\t\t<\/a>\n\t\t\t\t\t\t\t\t\t<\/li>\n\t\t\t\t\t\t\t\t<li class=\"elementor-icon-list-item\">\n\t\t\t\t\t\t\t\t\t\t\t<a href=\"https:\/\/ordemdosfisioterapeutas.pt\/wp-content\/uploads\/2026\/01\/comunicado-no-68.html\" target=\"_blank\">\n\n\t\t\t\t\t\t\t\t\t\t\t\t<span class=\"elementor-icon-list-icon\">\n\t\t\t\t\t\t\t<i aria-hidden=\"true\" class=\"fas fa-bullhorn\"><\/i>\t\t\t\t\t\t<\/span>\n\t\t\t\t\t\t\t\t\t\t<span class=\"elementor-icon-list-text\">Comunicado 68 - \u00d3rganos de Gobierno de la Orden de Fisioterapeutas - cuatrienio 2025-2029<\/span>\n\t\t\t\t\t\t\t\t\t\t\t<\/a>\n\t\t\t\t\t\t\t\t\t<\/li>\n\t\t\t\t\t\t\t\t<li class=\"elementor-icon-list-item\">\n\t\t\t\t\t\t\t\t\t\t\t<a href=\"https:\/\/ordemdosfisioterapeutas.pt\/wp-content\/uploads\/2026\/01\/Comunicado67_2026-01-02_Quotas-de-Membro-2026.html\" target=\"_blank\">\n\n\t\t\t\t\t\t\t\t\t\t\t\t<span class=\"elementor-icon-list-icon\">\n\t\t\t\t\t\t\t<i aria-hidden=\"true\" class=\"fas fa-bullhorn\"><\/i>\t\t\t\t\t\t<\/span>\n\t\t\t\t\t\t\t\t\t\t<span class=\"elementor-icon-list-text\">Comunicado 67 - Cuotas de membres\u00eda 2026<\/span>\n\t\t\t\t\t\t\t\t\t\t\t<\/a>\n\t\t\t\t\t\t\t\t\t<\/li>\n\t\t\t\t\t\t<\/ul>\n\t\t\t\t\t\t<\/div>\n\t\t\t\t<\/div>\n\t\t\t\t\t<\/div>\n\t\t\t\t<\/div>\n\t\t\t\t\t<\/details>\n\t\t\t\t\t\t<details id=\"e-n-accordion-item-2371\" class=\"e-n-accordion-item\" >\n\t\t\t\t<summary class=\"e-n-accordion-item-title\" data-accordion-index=\"2\" tabindex=\"-1\" aria-expanded=\"false\" aria-controls=\"e-n-accordion-item-2371\" >\n\t\t\t\t\t<span class='e-n-accordion-item-title-header'><div class=\"e-n-accordion-item-title-text\"> 2025 <\/div><\/span>\n\t\t\t\t\t\t\t<span class='e-n-accordion-item-title-icon'>\n\t\t\t<span class='e-opened' ><i aria-hidden=\"true\" class=\"fas fa-minus\"><\/i><\/span>\n\t\t\t<span class='e-closed'><i aria-hidden=\"true\" class=\"fas fa-plus\"><\/i><\/span>\n\t\t<\/span>\n\n\t\t\t\t\t\t<\/summary>\n\t\t\t\t<div role=\"region\" aria-labelledby=\"e-n-accordion-item-2371\" class=\"elementor-element elementor-element-ddf4301 e-flex e-con-boxed e-con e-child\" data-id=\"ddf4301\" data-element_type=\"container\" data-e-type=\"container\">\n\t\t\t\t\t<div class=\"e-con-inner\">\n\t\t\t\t<div class=\"elementor-element elementor-element-fc710cc elementor-widget elementor-widget-text-editor\" data-id=\"fc710cc\" data-element_type=\"widget\" data-e-type=\"widget\" data-widget_type=\"text-editor.default\">\n\t\t\t\t<div class=\"elementor-widget-container\">\n\t\t\t\t\t\t\t\t\t<p><a href=\"https:\/\/ordemdosfisioterapeutas.pt\/wp-content\/uploads\/2025\/12\/comunicado-66_mensagem_natal_2025.html\" target=\"_blank\" rel=\"noopener\"><span style=\"text-decoration: underline;\">Comunicado n.\u00ba 66<\/span><\/a><br \/>Mensaje de Navidad 2025<\/p>\t\t\t\t\t\t\t\t<\/div>\n\t\t\t\t<\/div>\n\t\t\t\t<div class=\"elementor-element elementor-element-2d6ea8f elementor-widget elementor-widget-text-editor\" data-id=\"2d6ea8f\" data-element_type=\"widget\" data-e-type=\"widget\" data-widget_type=\"text-editor.default\">\n\t\t\t\t<div class=\"elementor-widget-container\">\n\t\t\t\t\t\t\t\t\t<p><a href=\"https:\/\/ordemdosfisioterapeutas.pt\/wp-content\/uploads\/2025\/12\/comunicado-no-65_2025-12-12.html\" target=\"_blank\" rel=\"noopener\"><span style=\"text-decoration: underline;\">Comunicado n.\u00ba 65<\/span><\/a><br \/>Elecciones 2025 \u2013 Ceremonia de toma de posesi\u00f3n de los \u00f3rganos sociales<\/p>\t\t\t\t\t\t\t\t<\/div>\n\t\t\t\t<\/div>\n\t\t\t\t<div class=\"elementor-element elementor-element-336ac2f elementor-widget elementor-widget-text-editor\" data-id=\"336ac2f\" data-element_type=\"widget\" data-e-type=\"widget\" data-widget_type=\"text-editor.default\">\n\t\t\t\t<div class=\"elementor-widget-container\">\n\t\t\t\t\t\t\t\t\t<p><a href=\"https:\/\/ordemdosfisioterapeutas.pt\/wp-content\/uploads\/2025\/12\/comunicado-64_result_provisorios.html\" target=\"_blank\" rel=\"noopener\"><span style=\"text-decoration: underline;\">Comunicado n\u00ba 64<\/span><\/a><br \/>Elecciones 2025 - Resultados provisionales\u00a0<\/p>\t\t\t\t\t\t\t\t<\/div>\n\t\t\t\t<\/div>\n\t\t\t\t<div class=\"elementor-element elementor-element-d3cb59e elementor-widget elementor-widget-text-editor\" data-id=\"d3cb59e\" data-element_type=\"widget\" data-e-type=\"widget\" data-widget_type=\"text-editor.default\">\n\t\t\t\t<div class=\"elementor-widget-container\">\n\t\t\t\t\t\t\t\t\t<p><a href=\"https:\/\/ordemdosfisioterapeutas.pt\/wp-content\/uploads\/2025\/12\/comunicado-63-eleicoes.html\" target=\"_blank\" rel=\"noopener\"><span style=\"text-decoration: underline;\">Comunicado n\u00ba 63<\/span><\/a><br \/>Elecciones 2025 - Inicio del proceso electoral<\/p>\t\t\t\t\t\t\t\t<\/div>\n\t\t\t\t<\/div>\n\t\t\t\t<div class=\"elementor-element elementor-element-f681fab elementor-widget elementor-widget-text-editor\" data-id=\"f681fab\" data-element_type=\"widget\" data-e-type=\"widget\" data-widget_type=\"text-editor.default\">\n\t\t\t\t<div class=\"elementor-widget-container\">\n\t\t\t\t\t\t\t\t\t<p><a href=\"https:\/\/ordemdosfisioterapeutas.pt\/wp-content\/uploads\/2025\/12\/Comunicado-Eleicoes-fim-da-campanha-eleitoral-e-instrucoes-de-voto.html\" target=\"_blank\" rel=\"noopener\"><span style=\"text-decoration: underline;\">Comunicado n\u00ba 62<\/span><\/a><br \/>Elecciones 2025 - Elecciones a los \u00f3rganos nacionales<br \/>y Oficinas Regionales del Colegio de Fisioterapeutas<\/p>\t\t\t\t\t\t\t\t<\/div>\n\t\t\t\t<\/div>\n\t\t\t\t<div class=\"elementor-element elementor-element-5240088 elementor-widget elementor-widget-text-editor\" data-id=\"5240088\" data-element_type=\"widget\" data-e-type=\"widget\" data-widget_type=\"text-editor.default\">\n\t\t\t\t<div class=\"elementor-widget-container\">\n\t\t\t\t\t\t\t\t\t<p><a href=\"https:\/\/ordemdosfisioterapeutas.pt\/wp-content\/uploads\/2025\/11\/comunicado-n-61_2025-11-18.html\" target=\"_blank\" rel=\"noopener\"><span style=\"text-decoration: underline;\">Comunicado n\u00ba 61<\/span><\/a><br \/>Elecciones 2025 - Inicio de la campa\u00f1a electoral<\/p>\t\t\t\t\t\t\t\t<\/div>\n\t\t\t\t<\/div>\n\t\t\t\t<div class=\"elementor-element elementor-element-8d72ec7 elementor-widget elementor-widget-text-editor\" data-id=\"8d72ec7\" data-element_type=\"widget\" data-e-type=\"widget\" data-widget_type=\"text-editor.default\">\n\t\t\t\t<div class=\"elementor-widget-container\">\n\t\t\t\t\t\t\t\t\t<p><a href=\"https:\/\/ordemdosfisioterapeutas.pt\/wp-content\/uploads\/2025\/10\/comunicado-no-60_2025-10-31T114240.839284.html\" target=\"_blank\" rel=\"noopener\"><span style=\"text-decoration: underline;\">Comunicado n\u00ba 60<\/span><\/a><br \/>Elecciones 2025 - Publicaci\u00f3n del censo electoral<\/p>\t\t\t\t\t\t\t\t<\/div>\n\t\t\t\t<\/div>\n\t\t\t\t<div class=\"elementor-element elementor-element-f9c2275 elementor-widget elementor-widget-text-editor\" data-id=\"f9c2275\" data-element_type=\"widget\" data-e-type=\"widget\" data-widget_type=\"text-editor.default\">\n\t\t\t\t<div class=\"elementor-widget-container\">\n\t\t\t\t\t\t\t\t\t<p><a href=\"https:\/\/ordemdosfisioterapeutas.pt\/wp-content\/uploads\/2025\/10\/comunicado-no-44-resultados-definitivos_2025-10-24T115213.244694.html\" target=\"_blank\" rel=\"noopener\"><span style=\"text-decoration: underline;\">Comunicado n\u00ba 59<\/span><\/a><br \/>Elecciones 2025 - Sorteo de listas<\/p>\t\t\t\t\t\t\t\t<\/div>\n\t\t\t\t<\/div>\n\t\t\t\t<div class=\"elementor-element elementor-element-e987497 elementor-widget elementor-widget-text-editor\" data-id=\"e987497\" data-element_type=\"widget\" data-e-type=\"widget\" data-widget_type=\"text-editor.default\">\n\t\t\t\t<div class=\"elementor-widget-container\">\n\t\t\t\t\t\t\t\t\t<p><a href=\"https:\/\/ordemdosfisioterapeutas.pt\/wp-content\/uploads\/2025\/10\/index.html\" target=\"_blank\" rel=\"noopener\"><span style=\"text-decoration: underline;\">Comunicado n\u00ba 58<\/span><\/a><br \/>Comisi\u00f3n Electoral - Elecciones 2025<\/p>\t\t\t\t\t\t\t\t<\/div>\n\t\t\t\t<\/div>\n\t\t\t\t<div class=\"elementor-element elementor-element-38231fc elementor-widget elementor-widget-text-editor\" data-id=\"38231fc\" data-element_type=\"widget\" data-e-type=\"widget\" data-widget_type=\"text-editor.default\">\n\t\t\t\t<div class=\"elementor-widget-container\">\n\t\t\t\t\t\t\t\t\t<p><a href=\"https:\/\/ordemdosfisioterapeutas.pt\/wp-content\/uploads\/2025\/09\/comunicado_seguranca_doente.html\" target=\"_blank\" rel=\"noopener\"><span style=\"text-decoration: underline;\">Comunicado n\u00ba 57<\/span><\/a><br \/>D\u00eda Mundial para la Seguridad del Paciente 2025<\/p>\t\t\t\t\t\t\t\t<\/div>\n\t\t\t\t<\/div>\n\t\t\t\t<div class=\"elementor-element elementor-element-3b0c303 elementor-widget elementor-widget-text-editor\" data-id=\"3b0c303\" data-element_type=\"widget\" data-e-type=\"widget\" data-widget_type=\"text-editor.default\">\n\t\t\t\t<div class=\"elementor-widget-container\">\n\t\t\t\t\t\t\t\t\t<p><a href=\"https:\/\/ordemdosfisioterapeutas.pt\/wp-content\/uploads\/2025\/09\/email-1.html\" target=\"_blank\" rel=\"noopener\"><span style=\"text-decoration: underline;\">Comunicado n\u00ba 56<\/span><\/a><br \/><span data-olk-copy-source=\"MessageBody\">Seminario en l\u00ednea - <strong>Fisioterapia acu\u00e1tica<\/strong><\/span><\/p>\t\t\t\t\t\t\t\t<\/div>\n\t\t\t\t<\/div>\n\t\t\t\t<div class=\"elementor-element elementor-element-eaa95ca elementor-widget elementor-widget-text-editor\" data-id=\"eaa95ca\" data-element_type=\"widget\" data-e-type=\"widget\" data-widget_type=\"text-editor.default\">\n\t\t\t\t<div class=\"elementor-widget-container\">\n\t\t\t\t\t\t\t\t\t<p><a href=\"https:\/\/ordemdosfisioterapeutas.pt\/wp-content\/uploads\/2025\/09\/email.html\" target=\"_blank\" rel=\"noopener\"><span style=\"text-decoration: underline;\">Comunicado n\u00ba 55<\/span><\/a><br \/>Candidaturas para las elecciones a los \u00f3rganos del Colegio de Fisioterapeutas 2025<\/p>\t\t\t\t\t\t\t\t<\/div>\n\t\t\t\t<\/div>\n\t\t\t\t<div class=\"elementor-element elementor-element-a292420 elementor-widget elementor-widget-text-editor\" data-id=\"a292420\" data-element_type=\"widget\" data-e-type=\"widget\" data-widget_type=\"text-editor.default\">\n\t\t\t\t<div class=\"elementor-widget-container\">\n\t\t\t\t\t\t\t\t\t<p><a href=\"https:\/\/ordemdosfisioterapeutas.pt\/wp-content\/uploads\/2025\/07\/comunicado-54-final-4.html\" target=\"_blank\" rel=\"noopener\"><span style=\"text-decoration: underline;\">Comunicado n\u00ba 54<\/span><\/a><br \/>La fisioterapia desempe\u00f1a un papel decisivo en la promoci\u00f3n de buenas pr\u00e1cticas sostenibles<\/p>\t\t\t\t\t\t\t\t<\/div>\n\t\t\t\t<\/div>\n\t\t\t\t<div class=\"elementor-element elementor-element-0d48654 elementor-widget elementor-widget-text-editor\" data-id=\"0d48654\" data-element_type=\"widget\" data-e-type=\"widget\" data-widget_type=\"text-editor.default\">\n\t\t\t\t<div class=\"elementor-widget-container\">\n\t\t\t\t\t\t\t\t\t<p><a href=\"https:\/\/ordemdosfisioterapeutas.pt\/wp-content\/uploads\/2025\/07\/email-1.html\" target=\"_blank\" rel=\"noopener\"><span style=\"text-decoration: underline;\">Comunicado n\u00ba 53<\/span><\/a><br \/><span data-olk-copy-source=\"MessageBody\">El D\u00eda Mundial de la Fisioterapia se centra en el envejecimiento saludable y la prevenci\u00f3n de ca\u00eddas<\/span><\/p>\t\t\t\t\t\t\t\t<\/div>\n\t\t\t\t<\/div>\n\t\t\t\t<div class=\"elementor-element elementor-element-69bf8ff elementor-widget elementor-widget-text-editor\" data-id=\"69bf8ff\" data-element_type=\"widget\" data-e-type=\"widget\" data-widget_type=\"text-editor.default\">\n\t\t\t\t<div class=\"elementor-widget-container\">\n\t\t\t\t\t\t\t\t\t<p><a href=\"https:\/\/ordemdosfisioterapeutas.pt\/wp-content\/uploads\/2025\/07\/email.html\" target=\"_blank\" rel=\"noopener\"><span style=\"text-decoration: underline;\">Comunicado n\u00ba 52<\/span><\/a><br \/>Elecciones de los \u00d3rganos Nacionales y Regionales de la Orden de Fisioterapeutas - 2025<\/p>\t\t\t\t\t\t\t\t<\/div>\n\t\t\t\t<\/div>\n\t\t\t\t<div class=\"elementor-element elementor-element-a66cac0 elementor-widget elementor-widget-text-editor\" data-id=\"a66cac0\" data-element_type=\"widget\" data-e-type=\"widget\" data-widget_type=\"text-editor.default\">\n\t\t\t\t<div class=\"elementor-widget-container\">\n\t\t\t\t\t\t\t\t\t<p><a href=\"https:\/\/ordemdosfisioterapeutas.pt\/wp-content\/uploads\/2025\/05\/email-1.html\" target=\"_blank\" rel=\"noopener\"><span style=\"text-decoration: underline;\">Comunicado n\u00ba 51<\/span><\/a><br \/>Seminario en l\u00ednea - <strong>Registro y autorizaci\u00f3n de unidades de fisioterapia<\/strong><\/p>\t\t\t\t\t\t\t\t<\/div>\n\t\t\t\t<\/div>\n\t\t\t\t<div class=\"elementor-element elementor-element-6179b03 elementor-widget elementor-widget-text-editor\" data-id=\"6179b03\" data-element_type=\"widget\" data-e-type=\"widget\" data-widget_type=\"text-editor.default\">\n\t\t\t\t<div class=\"elementor-widget-container\">\n\t\t\t\t\t\t\t\t\t<p><a href=\"https:\/\/ordemdosfisioterapeutas.pt\/wp-content\/uploads\/2025\/05\/email.html\" target=\"_blank\" rel=\"noopener\"><span style=\"text-decoration: underline;\">Comunicado n\u00ba 50<\/span><\/a><br \/>XII Congreso Nacional de Fisioterapeutas<b> - Conclusiones<\/b><\/p>\t\t\t\t\t\t\t\t<\/div>\n\t\t\t\t<\/div>\n\t\t\t\t<div class=\"elementor-element elementor-element-7af2206 elementor-widget elementor-widget-text-editor\" data-id=\"7af2206\" data-element_type=\"widget\" data-e-type=\"widget\" data-widget_type=\"text-editor.default\">\n\t\t\t\t<div class=\"elementor-widget-container\">\n\t\t\t\t\t\t\t\t\t<p><a href=\"https:\/\/ordemdosfisioterapeutas.pt\/wp-content\/uploads\/2025\/04\/email.html\" target=\"_blank\" rel=\"noopener\"><span style=\"text-decoration: underline;\">Comunicado n\u00ba 49<\/span><\/a><br \/>Salud laboral y ergonom\u00eda: <strong>Impacto global del fisioterapeuta en el trabajo<\/strong><\/p>\t\t\t\t\t\t\t\t<\/div>\n\t\t\t\t<\/div>\n\t\t\t\t<div class=\"elementor-element elementor-element-c4d937f elementor-widget elementor-widget-text-editor\" data-id=\"c4d937f\" data-element_type=\"widget\" data-e-type=\"widget\" data-widget_type=\"text-editor.default\">\n\t\t\t\t<div class=\"elementor-widget-container\">\n\t\t\t\t\t\t\t\t\t<p><a href=\"https:\/\/ordemdosfisioterapeutas.pt\/wp-content\/uploads\/2025\/03\/WEBINAR_26marco.html\" target=\"_blank\" rel=\"noopener\"><span style=\"text-decoration: underline;\">Comunicado n\u00ba 48<\/span><\/a><br \/><strong>El valor de la cultura de la seguridad en fisioterapia<\/strong><\/p>\t\t\t\t\t\t\t\t<\/div>\n\t\t\t\t<\/div>\n\t\t\t\t<div class=\"elementor-element elementor-element-230be2c elementor-widget elementor-widget-text-editor\" data-id=\"230be2c\" data-element_type=\"widget\" data-e-type=\"widget\" data-widget_type=\"text-editor.default\">\n\t\t\t\t<div class=\"elementor-widget-container\">\n\t\t\t\t\t\t\t\t\t<p><a href=\"https:\/\/ordemdosfisioterapeutas.pt\/wp-content\/uploads\/2025\/02\/Comunicado-47.html\" target=\"_blank\" rel=\"noopener\"><span style=\"text-decoration: underline;\">Comunicado n\u00ba 47<\/span><\/a><br \/>Sobre la reciente nota de la Autoridad de Regulaci\u00f3n Sanitaria a los medios de comunicaci\u00f3n titulada: <strong>ERS SUSPENDE LA ACTIVIDAD DE TRES (3) ESTABLECIMIENTOS SANITARIOS<\/strong><\/p>\t\t\t\t\t\t\t\t<\/div>\n\t\t\t\t<\/div>\n\t\t\t\t<div class=\"elementor-element elementor-element-1e63bec elementor-widget elementor-widget-text-editor\" data-id=\"1e63bec\" data-element_type=\"widget\" data-e-type=\"widget\" data-widget_type=\"text-editor.default\">\n\t\t\t\t<div class=\"elementor-widget-container\">\n\t\t\t\t\t\t\t\t\t<p><a href=\"https:\/\/ordemdosfisioterapeutas.pt\/wp-content\/uploads\/2025\/01\/Comunicado-46-Quotas-de-Membro-2025.html\" target=\"_blank\" rel=\"noopener\"><span style=\"text-decoration: underline;\">Comunicado n\u00ba 46<\/span><\/a><br \/>Cuotas de afiliaci\u00f3n 2025<\/p>\t\t\t\t\t\t\t\t<\/div>\n\t\t\t\t<\/div>\n\t\t\t\t\t<\/div>\n\t\t\t\t<\/div>\n\t\t\t\t\t<\/details>\n\t\t\t\t\t\t<details id=\"e-n-accordion-item-2372\" class=\"e-n-accordion-item\" >\n\t\t\t\t<summary class=\"e-n-accordion-item-title\" data-accordion-index=\"3\" tabindex=\"-1\" aria-expanded=\"false\" aria-controls=\"e-n-accordion-item-2372\" >\n\t\t\t\t\t<span class='e-n-accordion-item-title-header'><div class=\"e-n-accordion-item-title-text\"> 2024 <\/div><\/span>\n\t\t\t\t\t\t\t<span class='e-n-accordion-item-title-icon'>\n\t\t\t<span class='e-opened' ><i aria-hidden=\"true\" class=\"fas fa-minus\"><\/i><\/span>\n\t\t\t<span class='e-closed'><i aria-hidden=\"true\" class=\"fas fa-plus\"><\/i><\/span>\n\t\t<\/span>\n\n\t\t\t\t\t\t<\/summary>\n\t\t\t\t<div role=\"region\" aria-labelledby=\"e-n-accordion-item-2372\" class=\"elementor-element elementor-element-7de08ba e-con-full e-flex e-con e-child\" data-id=\"7de08ba\" data-element_type=\"container\" data-e-type=\"container\">\n\t\t\t\t<div class=\"elementor-element elementor-element-7165e61 elementor-widget elementor-widget-text-editor\" data-id=\"7165e61\" data-element_type=\"widget\" data-e-type=\"widget\" data-widget_type=\"text-editor.default\">\n\t\t\t\t<div class=\"elementor-widget-container\">\n\t\t\t\t\t\t\t\t\t<p><a href=\"https:\/\/ordemdosfisioterapeutas.pt\/wp-content\/uploads\/2024\/12\/Tomada_Posse_CS.html\" target=\"_blank\" rel=\"noopener\"><span style=\"text-decoration: underline;\">Comunicado n\u00ba 45<\/span><\/a><br \/>Investidura del Consejo de Supervisi\u00f3n<\/p><p><a href=\"https:\/\/ordemdosfisioterapeutas.pt\/wp-content\/uploads\/2024\/11\/Comunicado-no-44-Resultados-Definitivos_.html\" target=\"_blank\" rel=\"noopener\"><span style=\"text-decoration: underline;\">Comunicado n\u00ba 44<\/span><\/a><br \/>Elecci\u00f3n del Consejo de Supervisi\u00f3n - Resultados oficiales<\/p><p><a href=\"https:\/\/ordemdosfisioterapeutas.pt\/wp-content\/uploads\/2024\/11\/resultados-provisorios_43.html\" target=\"_blank\" rel=\"noopener\"><span style=\"text-decoration: underline;\">Comunicado n\u00ba 43<\/span><\/a><br \/>Anuncio de resultados provisionales<\/p><p><a href=\"https:\/\/ordemdosfisioterapeutas.pt\/wp-content\/uploads\/2024\/11\/Comunicado-42.html\" target=\"_blank\" rel=\"noopener\"><span style=\"text-decoration: underline;\">Anuncio n\u00ba 42<\/span><\/a><br \/>Inicio de la votaci\u00f3n electr\u00f3nica para el Consejo de Supervisi\u00f3n<\/p><p><a href=\"https:\/\/ordemdosfisioterapeutas.pt\/wp-content\/uploads\/2024\/11\/comunicado_41.html\" target=\"_blank\" rel=\"noopener\"><span style=\"text-decoration: underline;\">Comunicado n\u00ba 41<\/span><\/a><br \/>Cierre de campa\u00f1a electoral y jornada de votaci\u00f3n<\/p><p><a href=\"https:\/\/ordemdosfisioterapeutas.pt\/wp-content\/uploads\/2024\/11\/Comunicado-40_Eleicao_Conselho_Supervisao-OF.html\" target=\"_blank\" rel=\"noopener\"><span style=\"text-decoration: underline;\">Comunicado n\u00ba 40<\/span><\/a><br \/>Elecci\u00f3n al Consejo de Supervisi\u00f3n del Colegio de Fisioterapeutas<\/p><p><a href=\"https:\/\/ordemdosfisioterapeutas.pt\/wp-content\/uploads\/2024\/11\/Publicacao-dos-Cadernos-Eleitorais-Finais.html\" target=\"_blank\" rel=\"noopener\"><span style=\"text-decoration: underline;\">Comunicado n\u00ba 39<\/span><\/a><br \/>Publicaci\u00f3n del censo electoral definitivo<\/p><p><a href=\"https:\/\/ordemdosfisioterapeutas.pt\/wp-content\/uploads\/2024\/10\/Consulta-Publica.html\" target=\"_blank\" rel=\"noopener\"><span style=\"text-decoration: underline;\">Comunicado n\u00ba 38<\/span><\/a><br \/>Consulta p\u00fablica<\/p><p><a href=\"https:\/\/ordemdosfisioterapeutas.pt\/wp-content\/uploads\/2024\/10\/Cadernos_Eleitorais.html\" target=\"_blank\" rel=\"noopener\"><span style=\"text-decoration: underline;\">Comunicado n\u00ba 37<\/span><\/a><br \/>Publicaci\u00f3n del censo electoral<\/p><p><a href=\"https:\/\/ordemdosfisioterapeutas.pt\/wp-content\/uploads\/2024\/09\/CnFt_2025.html\" target=\"_blank\" rel=\"noopener\"><span style=\"text-decoration: underline;\">Comunicado n\u00ba 36<\/span><\/a><br \/>\u00a1Reserve la fecha para el XII Congreso Nacional de Fisioterapeutas 2025!<\/p><p><a href=\"https:\/\/ordemdosfisioterapeutas.pt\/wp-content\/uploads\/2024\/08\/Dia_da_Fisioterapia_2024.html\" target=\"_blank\" rel=\"noopener\"><span style=\"text-decoration: underline;\">Comunicado n\u00ba 35<\/span><\/a><br \/>El D\u00eda Mundial de la Fisioterapia 2024 se centra en el dolor lumbar (lumbalgia)<\/p><p><a href=\"https:\/\/ordemdosfisioterapeutas.pt\/wp-content\/uploads\/2024\/08\/Comunicado_34_reg_eleitoral_.html\" target=\"_blank\" rel=\"noopener\"><span style=\"text-decoration: underline;\">Comunicado n\u00ba 34<\/span><\/a><br \/>Elecci\u00f3n del Consejo de Supervisi\u00f3n del Colegio de Fisioterapeutas<\/p><p><a href=\"https:\/\/ordemdosfisioterapeutas.pt\/wp-content\/uploads\/2024\/06\/Comunicado_33.html\" target=\"_blank\" rel=\"noopener\"><span style=\"text-decoration: underline;\">Comunicado n\u00ba 33<\/span><\/a><br \/>Hacia un mejor sistema de informaci\u00f3n sanitaria para las personas<\/p><p><a href=\"https:\/\/ordemdosfisioterapeutas.pt\/wp-content\/uploads\/2024\/06\/comunicado-32-ordem-fisioterapeutas.html\" target=\"_blank\" rel=\"noopener\"><span style=\"text-decoration: underline;\">Comunicado n\u00ba 32<\/span><\/a><br \/>La importancia de actualizar sus datos personales<\/p><p><a href=\"https:\/\/ordemdosfisioterapeutas.pt\/wp-content\/uploads\/2024\/05\/Comunicado_31_reg_eleitoral.html\" target=\"_blank\" rel=\"noopener\"><span style=\"text-decoration: underline;\">Comunicado n\u00ba 31<\/span><\/a><br \/>Propuesta de Reglamento Electoral del Colegio de Fisioterapeutas<\/p><p><a href=\"https:\/\/ordemdosfisioterapeutas.pt\/wp-content\/uploads\/2024\/04\/Comunicado_30.html\" target=\"_blank\" rel=\"noopener\"><span style=\"text-decoration: underline;\">Comunicado n\u00ba 30<\/span><\/a><br \/>Contribuci\u00f3n a una pol\u00edtica sanitaria<\/p><p><a href=\"https:\/\/ordemdosfisioterapeutas.pt\/wp-content\/uploads\/2024\/03\/Comunicado-29_portaria.html\" target=\"_blank\" rel=\"noopener\"><span style=\"text-decoration: underline;\">Comunicado n\u00ba 29<\/span><\/a><br \/>Una orden publicada en el Di\u00e1rio da Rep\u00fablica reconoce las Unidades de Fisioterapia<\/p><p><a href=\"https:\/\/ordemdosfisioterapeutas.pt\/wp-content\/uploads\/2024\/03\/Comunicado_28_ULS.html\" target=\"_blank\" rel=\"noopener\"><span style=\"text-decoration: underline;\">Comunicado n\u00ba 28<\/span><\/a><br \/>Servicios y unidades de fisioterapia en el Servicio Nacional de Salud<\/p><p><a href=\"https:\/\/ordemdosfisioterapeutas.pt\/wp-content\/uploads\/2024\/02\/Estatuto-Fisioterapeuta.html\" target=\"_blank\" rel=\"noopener\"><span style=\"text-decoration: underline;\">Comunicado n\u00ba 27<\/span><\/a><br \/>Nuevo Estatuto de la Orden de Fisioterapeutas<\/p><p><a href=\"https:\/\/ordemdosfisioterapeutas.pt\/wp-content\/uploads\/2023\/12\/Quotas_.html\" target=\"_blank\" rel=\"noopener\"><span style=\"text-decoration: underline;\">Comunicado n\u00ba 26<\/span><\/a><br \/>Cuotas de afiliaci\u00f3n 2024<\/p>\t\t\t\t\t\t\t\t<\/div>\n\t\t\t\t<\/div>\n\t\t\t\t<\/div>\n\t\t\t\t\t<\/details>\n\t\t\t\t\t\t<details id=\"e-n-accordion-item-2373\" class=\"e-n-accordion-item\" >\n\t\t\t\t<summary class=\"e-n-accordion-item-title\" data-accordion-index=\"4\" tabindex=\"-1\" aria-expanded=\"false\" aria-controls=\"e-n-accordion-item-2373\" >\n\t\t\t\t\t<span class='e-n-accordion-item-title-header'><div class=\"e-n-accordion-item-title-text\"> 2023 <\/div><\/span>\n\t\t\t\t\t\t\t<span class='e-n-accordion-item-title-icon'>\n\t\t\t<span class='e-opened' ><i aria-hidden=\"true\" class=\"fas fa-minus\"><\/i><\/span>\n\t\t\t<span class='e-closed'><i aria-hidden=\"true\" class=\"fas fa-plus\"><\/i><\/span>\n\t\t<\/span>\n\n\t\t\t\t\t\t<\/summary>\n\t\t\t\t<div role=\"region\" aria-labelledby=\"e-n-accordion-item-2373\" class=\"elementor-element elementor-element-2d00456 e-con-full e-flex e-con e-child\" data-id=\"2d00456\" data-element_type=\"container\" data-e-type=\"container\">\n\t\t\t\t<div class=\"elementor-element elementor-element-5e6d299 elementor-widget elementor-widget-text-editor\" data-id=\"5e6d299\" data-element_type=\"widget\" data-e-type=\"widget\" data-widget_type=\"text-editor.default\">\n\t\t\t\t<div class=\"elementor-widget-container\">\n\t\t\t\t\t\t\t\t\t<p><a href=\"https:\/\/ordemdosfisioterapeutas.pt\/wp-content\/uploads\/2023\/12\/Comunicado_25_estatudo_DR__.html\" target=\"_blank\" rel=\"noopener\"><span style=\"text-decoration: underline;\">Comunicado n\u00ba 25<\/span><\/a><br \/>Modificaci\u00f3n del Estatuto del Colegio de Fisioterapeutas<\/p><p><a href=\"https:\/\/ordemdosfisioterapeutas.pt\/wp-content\/uploads\/2023\/09\/Comunicado-24-juntos.html\" target=\"_blank\" rel=\"noopener\"><span style=\"text-decoration: underline;\">Comunicado n\u00ba 24<\/span><\/a><br \/>Campa\u00f1a: Juntos, por la excelencia en fisioterapia<\/p><p><a href=\"https:\/\/ordemdosfisioterapeutas.pt\/wp-content\/uploads\/2023\/09\/17setembro_.html\" target=\"_blank\" rel=\"noopener\"><span style=\"text-decoration: underline;\">Comunicado n\u00ba 23<\/span><\/a><br \/>D\u00eda Mundial para la Seguridad del Paciente<\/p><p><a href=\"https:\/\/ordemdosfisioterapeutas.pt\/wp-content\/uploads\/2023\/07\/Comunicado_22.html\" target=\"_blank\" rel=\"noopener\"><span style=\"text-decoration: underline;\">Comunicado n\u00ba 22<\/span><\/a><br \/>D\u00eda Mundial de la Fisioterapia 2023<\/p><p><a href=\"https:\/\/ordemdosfisioterapeutas.pt\/wp-content\/uploads\/2023\/07\/Comunicado_21_OF__-1.html\" target=\"_blank\" rel=\"noopener\"><span style=\"text-decoration: underline;\">Comunicado n\u00ba 21<\/span><\/a><br \/>Manifiesto de la Orden de Fisioterapeutas<\/p><p><a href=\"https:\/\/ordemdosfisioterapeutas.pt\/wp-content\/uploads\/2023\/06\/Comunicado_20.html\" target=\"_blank\" rel=\"noopener\"><span style=\"text-decoration: underline;\">Comunicado de prensa n\u00ba 20<\/span><\/a><br \/>Revisi\u00f3n del Estatuto del Colegio de Fisioterapeutas<\/p><p><a href=\"https:\/\/ordemdosfisioterapeutas.pt\/wp-content\/uploads\/2023\/05\/Comunicado_19_OF__.html\" target=\"_blank\" rel=\"noopener\"><span style=\"text-decoration: underline;\">Comunicado de prensa n\u00ba 19<\/span><\/a><br \/>Propuesta de modificaci\u00f3n del Estatuto del Colegio de Fisioterapeutas<\/p><p><a href=\"https:\/\/ordemdosfisioterapeutas.pt\/wp-content\/uploads\/2023\/05\/Comunicado_18_3maio2023.html\" target=\"_blank\" rel=\"noopener\"><span style=\"text-decoration: underline;\">Comunicado de prensa n\u00ba 18<\/span><\/a><br \/>Reglamento de la Ley del Fisioterapeuta incorporado a la propuesta de nuevo Estatuto entregada al Gobierno<\/p><p><a href=\"https:\/\/ordemdosfisioterapeutas.pt\/wp-content\/uploads\/2023\/04\/Comunicado_17_consulta_publica.html\" target=\"_blank\" rel=\"noopener\"><span style=\"text-decoration: underline;\">Comunicado de prensa n\u00ba 17<\/span><\/a><br \/>Consulta p\u00fablica<\/p><p><a href=\"https:\/\/ordemdosfisioterapeutas.pt\/wp-content\/uploads\/2023\/02\/comunicado16-consulta-publica-web.html\" target=\"_blank\" rel=\"noopener\"><span style=\"text-decoration: underline;\">Comunicado de prensa n\u00ba 16<\/span><\/a><br \/>Consulta p\u00fablica sobre el C\u00f3digo Deontol\u00f3gico y el Reglamento Disciplinario de los Fisioterapeutas<\/p><p><a href=\"https:\/\/ordemdosfisioterapeutas.pt\/wp-content\/uploads\/2023\/01\/COMUNICADO_15_2023_.html\" target=\"_blank\" rel=\"noopener\"><span style=\"text-decoration: underline;\">Comunicado de prensa n\u00ba 15<\/span><\/a><br \/>Deducci\u00f3n de cuotas en la declaraci\u00f3n anual del IRPF<\/p>\t\t\t\t\t\t\t\t<\/div>\n\t\t\t\t<\/div>\n\t\t\t\t<\/div>\n\t\t\t\t\t<\/details>\n\t\t\t\t\t\t<details id=\"e-n-accordion-item-2374\" class=\"e-n-accordion-item\" >\n\t\t\t\t<summary class=\"e-n-accordion-item-title\" data-accordion-index=\"5\" tabindex=\"-1\" aria-expanded=\"false\" aria-controls=\"e-n-accordion-item-2374\" >\n\t\t\t\t\t<span class='e-n-accordion-item-title-header'><div class=\"e-n-accordion-item-title-text\"> 2022 <\/div><\/span>\n\t\t\t\t\t\t\t<span class='e-n-accordion-item-title-icon'>\n\t\t\t<span class='e-opened' ><i aria-hidden=\"true\" class=\"fas fa-minus\"><\/i><\/span>\n\t\t\t<span class='e-closed'><i aria-hidden=\"true\" class=\"fas fa-plus\"><\/i><\/span>\n\t\t<\/span>\n\n\t\t\t\t\t\t<\/summary>\n\t\t\t\t<div role=\"region\" aria-labelledby=\"e-n-accordion-item-2374\" class=\"elementor-element elementor-element-7e4d545 e-con-full e-flex e-con e-child\" data-id=\"7e4d545\" data-element_type=\"container\" data-e-type=\"container\">\n\t\t\t\t<div class=\"elementor-element elementor-element-264c7fe elementor-widget elementor-widget-text-editor\" data-id=\"264c7fe\" data-element_type=\"widget\" data-e-type=\"widget\" data-widget_type=\"text-editor.default\">\n\t\t\t\t<div class=\"elementor-widget-container\">\n\t\t\t\t\t\t\t\t\t<p><a href=\"https:\/\/ordemdosfisioterapeutas.pt\/wp-content\/uploads\/2022\/12\/Comunicado_14_.html\" target=\"_blank\" rel=\"noopener\"><span style=\"text-decoration: underline;\">Comunicado de prensa n\u00ba 14<\/span><\/a><br \/>Comunicado de prensa 14<\/p><p><a href=\"https:\/\/ordemdosfisioterapeutas.pt\/wp-content\/uploads\/2022\/11\/Comunicado-n_13_.html\" target=\"_blank\" rel=\"noopener\"><span style=\"text-decoration: underline;\">Comunicado de prensa n\u00ba 13<\/span><\/a><br \/>Congreso Mundial de Fisioterapia 2023 - convocatoria de presidentes de sesi\u00f3n<\/p><p><a href=\"https:\/\/ordemdosfisioterapeutas.pt\/wp-content\/uploads\/2022\/08\/Comunicado_12.html\" target=\"_blank\" rel=\"noopener\"><span style=\"text-decoration: underline;\">Comunicado de prensa n\u00ba 12<\/span><\/a><br \/>Creaci\u00f3n del Consejo de Especialidades<\/p><p><a href=\"https:\/\/ordemdosfisioterapeutas.pt\/wp-content\/uploads\/2022\/07\/Comunicado_11_vinheta.html\" target=\"_blank\" rel=\"noopener\"><span style=\"text-decoration: underline;\">Comunicado de prensa n\u00ba 11<\/span><\/a><br \/>Orientaci\u00f3n sobre la existencia, las pruebas y el uso de vi\u00f1etas<\/p><p><a href=\"https:\/\/ordemdosfisioterapeutas.pt\/wp-content\/uploads\/2022\/06\/Comunicado-10.html\" target=\"_blank\" rel=\"noopener\"><span style=\"text-decoration: underline;\">Comunicado de prensa n\u00ba 10<\/span><\/a><br \/>Comunicado de prensa 10<\/p><p><a href=\"https:\/\/ordemdosfisioterapeutas.pt\/wp-content\/uploads\/2022\/06\/Comunicado9.html\" target=\"_blank\" rel=\"noopener\"><span style=\"text-decoration: underline;\">Comunicado de prensa n\u00ba 9<\/span><\/a><br \/>Informaci\u00f3n sobre las cuotas y el c\u00e1lculo de los intereses de demora<\/p><p><a href=\"https:\/\/ordemdosfisioterapeutas.pt\/wp-content\/uploads\/2022\/05\/mailing-quotas.html\" target=\"_blank\" rel=\"noopener\"><span style=\"text-decoration: underline;\">Comunicado de prensa n\u00ba 8<\/span><\/a><br \/>Cuotas de afiliaci\u00f3n | Formas y modalidades de pago<\/p><p><a href=\"https:\/\/ordemdosfisioterapeutas.pt\/wp-content\/uploads\/2022\/03\/Comunicado-N_7.html\" target=\"_blank\" rel=\"noopener\"><span style=\"text-decoration: underline;\">Comunicado de prensa n\u00ba 7<\/span><\/a><br \/>Comunicado de prensa 7<\/p><p><a href=\"https:\/\/ordemdosfisioterapeutas.pt\/wp-content\/uploads\/2022\/03\/Comunicado-n6_Ucrania_.html\" target=\"_blank\" rel=\"noopener\"><span style=\"text-decoration: underline;\">Comunicado de prensa n\u00ba 6<\/span><\/a><br \/>\u00a1La fisioterapia siempre estar\u00e1 ah\u00ed!<\/p><p><span style=\"text-decoration: underline;\"><a href=\"https:\/\/ordemdosfisioterapeutas.pt\/wp-content\/uploads\/2022\/03\/Comunicado_5_.html\" target=\"_blank\" rel=\"noopener\">Comunicado de prensa n\u00ba 5<\/a><\/span><br \/>Anuncio 5<\/p><p><a href=\"https:\/\/ordemdosfisioterapeutas.pt\/wp-content\/uploads\/2022\/04\/comunicado_4.html\" target=\"_blank\" rel=\"noopener\"><span style=\"text-decoration: underline;\">Comunicado de prensa n\u00ba 4<\/span><\/a><br \/>Primeras Elecciones a los \u00d3rganos Estatutarios de la Orden de Fisioterapeutas Portugueses<\/p><p><span style=\"text-decoration: underline;\"><a href=\"https:\/\/ordemdosfisioterapeutas.pt\/wp-content\/uploads\/2022\/04\/comunicado-3.html\" target=\"_blank\" rel=\"noopener\">Comunicado de prensa n\u00ba 3<\/a><\/span><br \/>Comisi\u00f3n Electoral | Listas de candidatos aprobados | Campa\u00f1a electoral<\/p><p><a href=\"https:\/\/ordemdosfisioterapeutas.pt\/wp-content\/uploads\/2022\/04\/comunicado_2.html\" target=\"_blank\" rel=\"noopener\"><span style=\"text-decoration: underline;\">Comunicado de prensa n\u00ba 2<\/span><\/a><br \/>Su presencia en el sitio de la Orden de Fisioterapeutas\u00a0<\/p>\t\t\t\t\t\t\t\t<\/div>\n\t\t\t\t<\/div>\n\t\t\t\t<\/div>\n\t\t\t\t\t<\/details>\n\t\t\t\t\t\t<details id=\"e-n-accordion-item-2375\" class=\"e-n-accordion-item\" >\n\t\t\t\t<summary class=\"e-n-accordion-item-title\" data-accordion-index=\"6\" tabindex=\"-1\" aria-expanded=\"false\" aria-controls=\"e-n-accordion-item-2375\" >\n\t\t\t\t\t<span class='e-n-accordion-item-title-header'><div class=\"e-n-accordion-item-title-text\"> 2021 <\/div><\/span>\n\t\t\t\t\t\t\t<span class='e-n-accordion-item-title-icon'>\n\t\t\t<span class='e-opened' ><i aria-hidden=\"true\" class=\"fas fa-minus\"><\/i><\/span>\n\t\t\t<span class='e-closed'><i aria-hidden=\"true\" class=\"fas fa-plus\"><\/i><\/span>\n\t\t<\/span>\n\n\t\t\t\t\t\t<\/summary>\n\t\t\t\t<div role=\"region\" aria-labelledby=\"e-n-accordion-item-2375\" class=\"elementor-element elementor-element-8050d99 e-flex e-con-boxed e-con e-child\" data-id=\"8050d99\" data-element_type=\"container\" data-e-type=\"container\">\n\t\t\t\t\t<div class=\"e-con-inner\">\n\t\t\t\t<div class=\"elementor-element elementor-element-98cbf93 elementor-widget elementor-widget-text-editor\" data-id=\"98cbf93\" data-element_type=\"widget\" data-e-type=\"widget\" data-widget_type=\"text-editor.default\">\n\t\t\t\t<div class=\"elementor-widget-container\">\n\t\t\t\t\t\t\t\t\t<p><a href=\"https:\/\/ordemdosfisioterapeutas.pt\/wp-content\/uploads\/2021\/09\/Comunicado-N1-18082021.png\" target=\"_blank\" rel=\"noopener\"><span style=\"text-decoration: underline;\">Comunicado de prensa n\u00ba 1<\/span><\/a><br \/>Inscripci\u00f3n en el Colegio de Fisioterapeutas<\/p>\t\t\t\t\t\t\t\t<\/div>\n\t\t\t\t<\/div>\n\t\t\t\t\t<\/div>\n\t\t\t\t<\/div>\n\t\t\t\t\t<\/details>\n\t\t\t\t\t<\/div>\n\t\t\t\t\t\t<\/div>\n\t\t\t\t<\/div>\n\t\t\t\t\t<\/div>\n\t\t<\/div>\n\t\t\t\t\t<\/div>\n\t\t<\/section>\n\t\t\t\t<\/div>","protected":false},"excerpt":{"rendered":"<p>2026 Comunicado 85 \u2013 Comisiones de admisi\u00f3n de los Colegios de Especialidad \u2014 publicaci\u00f3n de las listas de candidatos admitidos Comunicado 84 \u2013 El Colegio de Fisioterapeutas aprueba un dictamen sobre el uso de la inteligencia artificial y las tecnolog\u00edas digitales en la prestaci\u00f3n de cuidados de fisioterapia. Comunicado 83 \u2013 El D\u00eda Mundial de la Fisioterapia 2026 destaca el papel de la fisioterapia en la prevenci\u00f3n, el tratamiento\u2026 <a title=\"Anuncios\" class=\"read-more\" href=\"https:\/\/ordemdosfisioterapeutas.pt\/es\/comunicados\/\" aria-label=\"Leer m\u00e1s sobre Comunicados de prensa\">Seguir leyendo<\/a><\/p>","protected":false},"author":1,"featured_media":0,"parent":0,"menu_order":0,"comment_status":"closed","ping_status":"closed","template":"","meta":{"footnotes":""},"class_list":["post-3068","page","type-page","status-publish"],"_links":{"self":[{"href":"https:\/\/ordemdosfisioterapeutas.pt\/es\/wp-json\/wp\/v2\/pages\/3068","targetHints":{"allow":["GET"]}}],"collection":[{"href":"https:\/\/ordemdosfisioterapeutas.pt\/es\/wp-json\/wp\/v2\/pages"}],"about":[{"href":"https:\/\/ordemdosfisioterapeutas.pt\/es\/wp-json\/wp\/v2\/types\/page"}],"author":[{"embeddable":true,"href":"https:\/\/ordemdosfisioterapeutas.pt\/es\/wp-json\/wp\/v2\/users\/1"}],"replies":[{"embeddable":true,"href":"https:\/\/ordemdosfisioterapeutas.pt\/es\/wp-json\/wp\/v2\/comments?post=3068"}],"version-history":[{"count":111,"href":"https:\/\/ordemdosfisioterapeutas.pt\/es\/wp-json\/wp\/v2\/pages\/3068\/revisions"}],"predecessor-version":[{"id":14260,"href":"https:\/\/ordemdosfisioterapeutas.pt\/es\/wp-json\/wp\/v2\/pages\/3068\/revisions\/14260"}],"wp:attachment":[{"href":"https:\/\/ordemdosfisioterapeutas.pt\/es\/wp-json\/wp\/v2\/media?parent=3068"}],"curies":[{"name":"wp","href":"https:\/\/api.w.org\/{rel}","templated":true}]}}