{"id":2740,"date":"2021-08-17T14:31:35","date_gmt":"2021-08-17T13:31:35","guid":{"rendered":"https:\/\/ordemdosfisioterapeutas.pt\/?page_id=2740"},"modified":"2024-03-01T12:22:58","modified_gmt":"2024-03-01T12:22:58","slug":"erros-frequentes-preenchimento-requerimento-inscricao","status":"publish","type":"page","link":"https:\/\/ordemdosfisioterapeutas.pt\/es\/erros-frequentes-preenchimento-requerimento-inscricao\/","title":{"rendered":"Errores frecuentes al cumplimentar el formulario de solicitud"},"content":{"rendered":"<div data-elementor-type=\"wp-page\" data-elementor-id=\"2740\" class=\"elementor elementor-2740\" data-elementor-post-type=\"page\">\n\t\t\t\t\t\t<section class=\"elementor-section elementor-top-section elementor-element elementor-element-19dd88d9 elementor-section-boxed elementor-section-height-default elementor-section-height-default\" data-id=\"19dd88d9\" data-element_type=\"section\" data-e-type=\"section\">\n\t\t\t\t\t\t<div class=\"elementor-container elementor-column-gap-default\">\n\t\t\t\t\t<div class=\"elementor-column elementor-col-100 elementor-top-column elementor-element elementor-element-36417d4e\" data-id=\"36417d4e\" data-element_type=\"column\" data-e-type=\"column\">\n\t\t\t<div class=\"elementor-widget-wrap elementor-element-populated\">\n\t\t\t\t\t\t<div class=\"elementor-element elementor-element-2d94bdcb elementor-widget elementor-widget-text-editor\" data-id=\"2d94bdcb\" data-element_type=\"widget\" data-e-type=\"widget\" data-widget_type=\"text-editor.default\">\n\t\t\t\t<div class=\"elementor-widget-container\">\n\t\t\t\t\t\t\t\t\t<p>Ay\u00fadenos a mejorar la eficacia del proceso de inscripci\u00f3n. Hemos observado una serie de dificultades y errores frecuentes que obligan a devolver las solicitudes y retrasan todo el proceso de inscripci\u00f3n.<\/p>\n<p>Evite la devoluci\u00f3n de su solicitud.<\/p>\n<p><strong>Principales dificultades y errores frecuentes que puede evitar f\u00e1cilmente:<\/strong><\/p>\t\t\t\t\t\t\t\t<\/div>\n\t\t\t\t<\/div>\n\t\t\t\t<div class=\"elementor-element elementor-element-616b1955 elementor-widget elementor-widget-heading\" data-id=\"616b1955\" data-element_type=\"widget\" data-e-type=\"widget\" data-widget_type=\"heading.default\">\n\t\t\t\t<div class=\"elementor-widget-container\">\n\t\t\t\t\t<h2 class=\"elementor-heading-title elementor-size-default\">1. elija la opci\u00f3n de rellenar el formulario<\/h2>\t\t\t\t<\/div>\n\t\t\t\t<\/div>\n\t\t\t\t<div class=\"elementor-element elementor-element-77e6a7a8 elementor-widget elementor-widget-text-editor\" data-id=\"77e6a7a8\" data-element_type=\"widget\" data-e-type=\"widget\" data-widget_type=\"text-editor.default\">\n\t\t\t\t<div class=\"elementor-widget-container\">\n\t\t\t\t\t\t\t\t\t<p>El formulario est\u00e1 dise\u00f1ado de forma que se adapte a cada una de las situaciones m\u00e1s comunes del itinerario formativo:<\/p><ul><li>Fisioterapeuta licenciado en Portugal (antes de 1993);<\/li><li>Fisioterapeuta licenciada en Bioterapia en Portugal (1993-2008);<\/li><li>Fisioterapeuta licenciada en Portugal (despu\u00e9s de 2008);<\/li><li>Fisioterapeuta formado en un pa\u00eds de la UE\/AELC;<\/li><li>Fisioterapeuta formado en un pa\u00eds no perteneciente a la UE\/AELC.<\/li><\/ul><p>La elecci\u00f3n inicial de una opci\u00f3n err\u00f3nea conduce naturalmente al formulario a abrir opciones que no est\u00e1n totalmente adaptadas, lo que genera dificultades y errores de cumplimentaci\u00f3n.<\/p><p>Por ejemplo, a los que tengan una licenciatura y elijan la opci\u00f3n \"Licenciatura ( despu\u00e9s de 2008 )\", se les devolver\u00e1 el formulario para que lo corrijan, por falta de datos.<\/p><p><strong>Si no est\u00e1 seguro de qu\u00e9 formulario debe seguir, consulte las Gu\u00edas de solicitud paso a paso para confirmar el camino que debe seguir para cumplimentar el formulario y los documentos que deber\u00e1 presentar:<\/strong><\/p><ul><li><span style=\"text-decoration: underline;\"><a href=\"https:\/\/ordemdosfisioterapeutas.pt\/wp-content\/uploads\/2021\/05\/guia-passopasso-nacionais-bacharelato-12017-12773.pdf\" target=\"_blank\" rel=\"noopener\">Fisioterapeuta licenciado en Portugal ( antes de 1993 )<\/a><\/span><\/li><li><span style=\"text-decoration: underline;\"><a href=\"https:\/\/ordemdosfisioterapeutas.pt\/wp-content\/uploads\/2021\/05\/guia-passopasso-nacionais-bietapica-12019-12772.pdf\" target=\"_blank\" rel=\"noopener\">Fisioterapeuta licenciada en Bioterap\u00eda en Portugal ( 1993-2008 )<\/a><\/span><\/li><li><span style=\"text-decoration: underline;\"><a href=\"https:\/\/ordemdosfisioterapeutas.pt\/wp-content\/uploads\/2021\/05\/guia-passopasso-nacionais-licenciatura-12015-12774.pdf\" target=\"_blank\" rel=\"noopener\">Fisioterapeuta licenciado en Portugal ( despu\u00e9s de 2008 )<\/a><\/span><\/li><li><span style=\"text-decoration: underline;\"><a href=\"https:\/\/ordemdosfisioterapeutas.pt\/wp-content\/uploads\/2022\/03\/guia_passopasso_EU_EFTA1201612770-Final-com-CPE.pdf\" target=\"_blank\" rel=\"noopener\">Fisioterapeuta formado en un pa\u00eds de la UE\/AELC (con CPE)<\/a><\/span><\/li><li><span style=\"text-decoration: underline;\"><a href=\"https:\/\/ordemdosfisioterapeutas.pt\/wp-content\/uploads\/2022\/03\/guia_passopasso_EU_EFTA1201612770-Final-sem-CPE.pdf\" target=\"_blank\" rel=\"noopener\">Fisioterapeuta formado en un pa\u00eds de la UE\/AELC (sin CPE)<\/a><\/span><\/li><li><span style=\"text-decoration: underline;\"><a href=\"https:\/\/ordemdosfisioterapeutas.pt\/wp-content\/uploads\/2021\/05\/guia-passopasso-estrangeirospaisesterceiros-12018-12771.pdf\" target=\"_blank\" rel=\"noopener\">Fisioterapeuta formado en un pa\u00eds fuera de la UE\/AELC<\/a><\/span><\/li><\/ul>\t\t\t\t\t\t\t\t<\/div>\n\t\t\t\t<\/div>\n\t\t\t\t<div class=\"elementor-element elementor-element-6dc798d elementor-widget elementor-widget-heading\" data-id=\"6dc798d\" data-element_type=\"widget\" data-e-type=\"widget\" data-widget_type=\"heading.default\">\n\t\t\t\t<div class=\"elementor-widget-container\">\n\t\t\t\t\t<h2 class=\"elementor-heading-title elementor-size-default\">2. No utilizaci\u00f3n del formulario de firma proporcionado y de un bol\u00edgrafo del color correcto.<\/h2>\t\t\t\t<\/div>\n\t\t\t\t<\/div>\n\t\t\t\t<div class=\"elementor-element elementor-element-11fb91e1 elementor-widget elementor-widget-text-editor\" data-id=\"11fb91e1\" data-element_type=\"widget\" data-e-type=\"widget\" data-widget_type=\"text-editor.default\">\n\t\t\t\t<div class=\"elementor-widget-container\">\n\t\t\t\t\t\t\t\t\t<p>Se utilizar\u00e1 el formulario de firma previsto a tal efecto en el sitio web de la Orden y se utilizar\u00e1 un bol\u00edgrafo de tinta negra.<\/p>\n<p>Esta ser\u00e1 la firma que utilizar\u00e1 en su papeleta (tarjeta), por lo que el tama\u00f1o, el color de la tinta y el contraste son esenciales.<\/p>\t\t\t\t\t\t\t\t<\/div>\n\t\t\t\t<\/div>\n\t\t\t\t<div class=\"elementor-element elementor-element-507ed9f6 elementor-widget elementor-widget-heading\" data-id=\"507ed9f6\" data-element_type=\"widget\" data-e-type=\"widget\" data-widget_type=\"heading.default\">\n\t\t\t\t<div class=\"elementor-widget-container\">\n\t\t\t\t\t<h2 class=\"elementor-heading-title elementor-size-default\">3. No colocaci\u00f3n del n\u00famero de c\u00e9dula ACSS, en el caso de quienes dispongan de este documento.<\/h2>\t\t\t\t<\/div>\n\t\t\t\t<\/div>\n\t\t\t\t<div class=\"elementor-element elementor-element-24ce926a elementor-widget elementor-widget-text-editor\" data-id=\"24ce926a\" data-element_type=\"widget\" data-e-type=\"widget\" data-widget_type=\"text-editor.default\">\n\t\t\t\t<div class=\"elementor-widget-container\">\n\t\t\t\t\t\t\t\t\t<p>Este elemento es fundamental para el proceso de an\u00e1lisis de las solicitudes y, en particular, para evitar tener que confirmar la autenticidad de las titulaciones acad\u00e9micas presentadas en PDF.<\/p><p>No olvides poner el n\u00famero de la papeleta.<\/p><p>Si no recuerda el n\u00famero, consulte la base de datos del ACSS, <a href=\"https:\/\/tdt-rhs.min-saude.pt\/pages\/entradaacss.aspx?ReturnUrl=%2fAPP%2fUserProcess%2fDEFAULT.ASPX\" target=\"_blank\" rel=\"noopener\"><span style=\"text-decoration: underline;\">haciendo clic aqu\u00ed<\/span><\/a>.<\/p>\t\t\t\t\t\t\t\t<\/div>\n\t\t\t\t<\/div>\n\t\t\t\t<div class=\"elementor-element elementor-element-74741710 elementor-widget elementor-widget-heading\" data-id=\"74741710\" data-element_type=\"widget\" data-e-type=\"widget\" data-widget_type=\"heading.default\">\n\t\t\t\t<div class=\"elementor-widget-container\">\n\t\t\t\t\t<h2 class=\"elementor-heading-title elementor-size-default\">4. Fecha de finalizaci\u00f3n del curso incorrecta<\/h2>\t\t\t\t<\/div>\n\t\t\t\t<\/div>\n\t\t\t\t<div class=\"elementor-element elementor-element-128762f8 elementor-widget elementor-widget-text-editor\" data-id=\"128762f8\" data-element_type=\"widget\" data-e-type=\"widget\" data-widget_type=\"text-editor.default\">\n\t\t\t\t<div class=\"elementor-widget-container\">\n\t\t\t\t\t\t\t\t\t<p><strong>4.1. debe registrar la fecha de finalizaci\u00f3n del curso, no la fecha de expedici\u00f3n del diploma<\/strong><\/p><p>La fecha de finalizaci\u00f3n del curso suele indicarse en el cuerpo del diploma\/certificado, no al final.<\/p><p>La fecha de finalizaci\u00f3n del curso, en particular el curso que le dio acceso a la pr\u00e1ctica profesional, que aparece en su diploma o certificado de cualificaci\u00f3n, es relevante para el c\u00e1lculo global de su antig\u00fcedad en la pr\u00e1ctica profesional (antig\u00fcedad).<\/p><p>No debe confundirse con la fecha de expedici\u00f3n del propio t\u00edtulo o certificado, que normalmente se expide en una fecha posterior. En el caso de un Diploma duplicado, esta diferencia ser\u00e1 naturalmente a\u00fan m\u00e1s marcada.<\/p><p><strong>4.2 - La fecha que debes poner en el formulario es la fecha de finalizaci\u00f3n del curso inicial, que te dio acceso al ejercicio de la profesi\u00f3n<\/strong><\/p><p>La fecha de finalizaci\u00f3n del curso, en particular el curso que le dio acceso a la pr\u00e1ctica profesional, que aparece en su diploma o certificado de cualificaci\u00f3n, es relevante para el c\u00e1lculo global de su antig\u00fcedad en la pr\u00e1ctica profesional (antig\u00fcedad).<\/p><p>En el caso de compa\u00f1eros con formaci\u00f3n m\u00e1s antigua, titulaci\u00f3n previa de Bolonia, se han producido algunas dudas y errores en la cumplimentaci\u00f3n del formulario, que son f\u00e1ciles de evitar.<\/p><p><strong>4.2.1 - Si su curso inicial no le confiri\u00f3 un t\u00edtulo acad\u00e9mico, pero posteriormente obtuvo una equivalencia al t\u00edtulo de Bachiller, la fecha que debe poner en el formulario es la fecha de finalizaci\u00f3n del curso inicial.<\/strong><\/p><p>Ejemplo: Para un curso de 1985, que fue objeto de una equivalencia formal en 1999, la fecha del formulario debe ser 1985.<\/p><p>No obstante, deber\u00e1 presentar ambos documentos: el de la formaci\u00f3n inicial y el del reconocimiento oficial del t\u00edtulo acad\u00e9mico. Como s\u00f3lo hay un campo en el formulario para presentar estos dos documentos, deber\u00e1 hacer una copia conjunta, en un \u00fanico PDF.<\/p><p><strong>4.2.2 - Lo mismo se aplica si ha obtenido un t\u00edtulo de Biopic.<\/strong><\/p><p>Teniendo en cuenta que el primer ciclo de la Licenciatura Bioterap\u00e9utica, que se corresponde con la Licenciatura en Fisioterapia fue, en su momento, la titulaci\u00f3n suficiente para el ejercicio de la profesi\u00f3n de Fisioterapeuta, y la inscripci\u00f3n para la obtenci\u00f3n de la respectiva tarjeta profesional, \u00e9sta ser\u00e1 la titulaci\u00f3n de referencia a efectos estad\u00edsticos.<\/p><p>Sobre esta base, la fecha de finalizaci\u00f3n de la licenciatura ser\u00e1 la que utilizaremos para contabilizar su antig\u00fcedad profesional.<\/p><p>Si no has solicitado este certificado de finalizaci\u00f3n del Bachillerato, deber\u00e1s presentar una declaraci\u00f3n de honor, con la respectiva fecha de finalizaci\u00f3n.<\/p><p>Para facilitar su declaraci\u00f3n puede utilizar la plantilla disponible aqu\u00ed.<\/p>\t\t\t\t\t\t\t\t<\/div>\n\t\t\t\t<\/div>\n\t\t\t\t<div class=\"elementor-element elementor-element-62895b5d elementor-widget elementor-widget-heading\" data-id=\"62895b5d\" data-element_type=\"widget\" data-e-type=\"widget\" data-widget_type=\"heading.default\">\n\t\t\t\t<div class=\"elementor-widget-container\">\n\t\t\t\t\t<h2 class=\"elementor-heading-title elementor-size-default\">5. Falta de documento acreditativo del domicilio profesional<\/h2>\t\t\t\t<\/div>\n\t\t\t\t<\/div>\n\t\t\t\t<div class=\"elementor-element elementor-element-506411e0 elementor-widget elementor-widget-text-editor\" data-id=\"506411e0\" data-element_type=\"widget\" data-e-type=\"widget\" data-widget_type=\"text-editor.default\">\n\t\t\t\t<div class=\"elementor-widget-container\">\n\t\t\t\t\t\t\t\t\t<p>Puede aceptarse la inclusi\u00f3n de cualquiera de los siguientes documentos actualizados:<\/p>\n<ul>\n<li>Recibo de salario con direcci\u00f3n profesional (puede ocultar los importes);<\/li>\n<li>Declaraci\u00f3n de la direcci\u00f3n profesional del empresario;<\/li>\n<li>Declaraci\u00f3n de apertura de la actividad en el Departamento de Finanzas;<\/li>\n<li>Recibo verde con direcci\u00f3n;<\/li>\n<li>Declaraci\u00f3n del IEFP en los casos aplicables.<\/li>\n<\/ul>\t\t\t\t\t\t\t\t<\/div>\n\t\t\t\t<\/div>\n\t\t\t\t<div class=\"elementor-element elementor-element-46f8c191 elementor-widget elementor-widget-heading\" data-id=\"46f8c191\" data-element_type=\"widget\" data-e-type=\"widget\" data-widget_type=\"heading.default\">\n\t\t\t\t<div class=\"elementor-widget-container\">\n\t\t\t\t\t<h2 class=\"elementor-heading-title elementor-size-default\">6. Dificultad para definir la extensi\u00f3n y el detalle del CV que debe presentarse<\/h2>\t\t\t\t<\/div>\n\t\t\t\t<\/div>\n\t\t\t\t<div class=\"elementor-element elementor-element-47cd6a94 elementor-widget elementor-widget-text-editor\" data-id=\"47cd6a94\" data-element_type=\"widget\" data-e-type=\"widget\" data-widget_type=\"text-editor.default\">\n\t\t\t\t<div class=\"elementor-widget-container\">\n\t\t\t\t\t\t\t\t\t<p>El CV debe documentar la \"experiencia profesional pertinente\".<\/p>\n<p>El nivel de detalle de la descripci\u00f3n de esta experiencia profesional quedar\u00e1, en esta fase, a discreci\u00f3n del candidato y bajo su honor.<\/p>\n<p>Asimismo, se informa que este campo estar\u00e1 disponible para su actualizaci\u00f3n, en cualquier momento, y por su libre iniciativa, en su \u00e1rea personal, accesible a trav\u00e9s del sitio de la Orden de Fisioterapeutas.<\/p>\n<p>Tambi\u00e9n puede insertar el enlace a su CV, pero en ese caso, aseg\u00farese de que sea accesible de esa forma, sin necesidad de contrase\u00f1as.<\/p>\t\t\t\t\t\t\t\t<\/div>\n\t\t\t\t<\/div>\n\t\t\t\t<div class=\"elementor-element elementor-element-53f7e897 elementor-align-center elementor-widget elementor-widget-button\" data-id=\"53f7e897\" data-element_type=\"widget\" data-e-type=\"widget\" data-widget_type=\"button.default\">\n\t\t\t\t<div class=\"elementor-widget-container\">\n\t\t\t\t\t\t\t\t\t<div class=\"elementor-button-wrapper\">\n\t\t\t\t\t<a class=\"elementor-button elementor-button-link elementor-size-sm\" href=\"https:\/\/portal.ordemdosfisioterapeutas.pt\/\" target=\"_blank\">\n\t\t\t\t\t\t<span class=\"elementor-button-content-wrapper\">\n\t\t\t\t\t\t<span class=\"elementor-button-icon\">\n\t\t\t\t<i aria-hidden=\"true\" class=\"fas fa-pen-alt\"><\/i>\t\t\t<\/span>\n\t\t\t\t\t\t\t\t\t<span class=\"elementor-button-text\">Continuar con el formulario de inscripci\u00f3n<\/span>\n\t\t\t\t\t<\/span>\n\t\t\t\t\t<\/a>\n\t\t\t\t<\/div>\n\t\t\t\t\t\t\t\t<\/div>\n\t\t\t\t<\/div>\n\t\t\t\t\t<\/div>\n\t\t<\/div>\n\t\t\t\t\t<\/div>\n\t\t<\/section>\n\t\t\t\t<\/div>","protected":false},"excerpt":{"rendered":"<p>Ajude-nos a melhorar a efici\u00eancia do processo de inscri\u00e7\u00e3o. Temos vindo a observar um conjunto de dificuldades e erros\/enganos frequentes, que obrigam \u00e0 devolu\u00e7\u00e3o dos requerimentos, e atrasam todo o processo de inscri\u00e7\u00e3o. Evite a devolu\u00e7\u00e3o do seu requerimento. Principais dificuldades e erros\/enganos frequentes, que pode facilmente evitar: 1. Escolha da op\u00e7\u00e3o do formul\u00e1rio de &#8230; <a title=\"Errores frecuentes al cumplimentar el formulario de solicitud\" class=\"read-more\" href=\"https:\/\/ordemdosfisioterapeutas.pt\/es\/erros-frequentes-preenchimento-requerimento-inscricao\/\" aria-label=\"Leer m\u00e1s sobre Erros Frequentes no Preenchimento no Requerimento de Inscri\u00e7\u00e3o\">Seguir leyendo<\/a><\/p>","protected":false},"author":1,"featured_media":0,"parent":0,"menu_order":0,"comment_status":"closed","ping_status":"closed","template":"","meta":{"footnotes":""},"class_list":["post-2740","page","type-page","status-publish"],"_links":{"self":[{"href":"https:\/\/ordemdosfisioterapeutas.pt\/es\/wp-json\/wp\/v2\/pages\/2740","targetHints":{"allow":["GET"]}}],"collection":[{"href":"https:\/\/ordemdosfisioterapeutas.pt\/es\/wp-json\/wp\/v2\/pages"}],"about":[{"href":"https:\/\/ordemdosfisioterapeutas.pt\/es\/wp-json\/wp\/v2\/types\/page"}],"author":[{"embeddable":true,"href":"https:\/\/ordemdosfisioterapeutas.pt\/es\/wp-json\/wp\/v2\/users\/1"}],"replies":[{"embeddable":true,"href":"https:\/\/ordemdosfisioterapeutas.pt\/es\/wp-json\/wp\/v2\/comments?post=2740"}],"version-history":[{"count":0,"href":"https:\/\/ordemdosfisioterapeutas.pt\/es\/wp-json\/wp\/v2\/pages\/2740\/revisions"}],"wp:attachment":[{"href":"https:\/\/ordemdosfisioterapeutas.pt\/es\/wp-json\/wp\/v2\/media?parent=2740"}],"curies":[{"name":"wp","href":"https:\/\/api.w.org\/{rel}","templated":true}]}}