{"id":10920,"date":"2025-07-27T13:11:14","date_gmt":"2025-07-27T12:11:14","guid":{"rendered":"https:\/\/ordemdosfisioterapeutas.pt\/?page_id=10920"},"modified":"2025-09-27T11:13:46","modified_gmt":"2025-09-27T10:13:46","slug":"calendario-eleitoral-2025","status":"publish","type":"page","link":"https:\/\/ordemdosfisioterapeutas.pt\/es\/calendario-eleitoral-2025\/","title":{"rendered":"Calendario electoral"},"content":{"rendered":"<div data-elementor-type=\"wp-page\" data-elementor-id=\"10920\" class=\"elementor elementor-10920\" data-elementor-post-type=\"page\">\n\t\t\t\t<div class=\"elementor-element elementor-element-22650b0 e-flex e-con-boxed e-con e-parent\" data-id=\"22650b0\" data-element_type=\"container\" data-e-type=\"container\">\n\t\t\t\t\t<div class=\"e-con-inner\">\n\t\t<div class=\"elementor-element elementor-element-3af082a e-grid e-con-full e-con e-child\" data-id=\"3af082a\" data-element_type=\"container\" data-e-type=\"container\">\n\t\t\t\t<div class=\"elementor-element elementor-element-96040b6 elementor-nav-menu__text-align-aside elementor-nav-menu--toggle elementor-nav-menu--burger elementor-widget elementor-widget-nav-menu\" data-id=\"96040b6\" data-element_type=\"widget\" data-e-type=\"widget\" data-settings=\"{&quot;layout&quot;:&quot;dropdown&quot;,&quot;submenu_icon&quot;:{&quot;value&quot;:&quot;&lt;i class=\\&quot;\\&quot; aria-hidden=\\&quot;true\\&quot;&gt;&lt;\\\/i&gt;&quot;,&quot;library&quot;:&quot;&quot;},&quot;toggle&quot;:&quot;burger&quot;}\" data-widget_type=\"nav-menu.default\">\n\t\t\t\t<div class=\"elementor-widget-container\">\n\t\t\t\t\t\t\t<div class=\"elementor-menu-toggle\" role=\"button\" tabindex=\"0\" aria-label=\"Men\u00fa Cambiar\" aria-expanded=\"false\">\n\t\t\t<i aria-hidden=\"true\" role=\"presentation\" class=\"elementor-menu-toggle__icon--open eicon-menu-bar\"><\/i><i aria-hidden=\"true\" role=\"presentation\" class=\"elementor-menu-toggle__icon--close eicon-close\"><\/i>\t\t<\/div>\n\t\t\t\t\t<nav class=\"elementor-nav-menu--dropdown elementor-nav-menu__container\" aria-hidden=\"true\">\n\t\t\t\t<ul id=\"menu-2-96040b6\" class=\"elementor-nav-menu\"><li class=\"menu-item menu-item-type-post_type menu-item-object-page menu-item-11230\"><a href=\"https:\/\/ordemdosfisioterapeutas.pt\/es\/eleicoes-2025\/\" class=\"elementor-item\" tabindex=\"-1\">Elecciones<\/a><\/li>\n<li class=\"menu-item menu-item-type-post_type menu-item-object-page menu-item-11231\"><a href=\"https:\/\/ordemdosfisioterapeutas.pt\/es\/calendario-eleitoral-2025\/\" class=\"elementor-item\" tabindex=\"-1\">Calendario electoral<\/a><\/li>\n<li class=\"menu-item menu-item-type-post_type menu-item-object-page menu-item-11229\"><a href=\"https:\/\/ordemdosfisioterapeutas.pt\/es\/comissao-eleitoral-2025\/\" class=\"elementor-item\" tabindex=\"-1\">Comisi\u00f3n Electoral<\/a><\/li>\n<li class=\"menu-item menu-item-type-post_type menu-item-object-page menu-item-11228\"><a href=\"https:\/\/ordemdosfisioterapeutas.pt\/es\/recenseamento-2025\/\" class=\"elementor-item\" tabindex=\"-1\">Censo<\/a><\/li>\n<li class=\"menu-item menu-item-type-post_type menu-item-object-page menu-item-11227\"><a href=\"https:\/\/ordemdosfisioterapeutas.pt\/es\/caderno-eleitoral-2025\/\" class=\"elementor-item\" tabindex=\"-1\">Censo electoral<\/a><\/li>\n<li class=\"menu-item menu-item-type-post_type menu-item-object-page menu-item-11226\"><a href=\"https:\/\/ordemdosfisioterapeutas.pt\/es\/candidaturas-2025\/\" class=\"elementor-item\" tabindex=\"-1\">Aplicaciones<\/a><\/li>\n<li class=\"menu-item menu-item-type-post_type menu-item-object-page menu-item-11225\"><a href=\"https:\/\/ordemdosfisioterapeutas.pt\/es\/listas-candidatas-2025\/\" class=\"elementor-item\" tabindex=\"-1\">Listas de candidatos<\/a><\/li>\n<li class=\"menu-item menu-item-type-post_type menu-item-object-page menu-item-11224\"><a href=\"https:\/\/ordemdosfisioterapeutas.pt\/es\/campanha-eleitoral-2025\/\" class=\"elementor-item\" tabindex=\"-1\">Campa\u00f1a electoral<\/a><\/li>\n<li class=\"menu-item menu-item-type-post_type menu-item-object-page menu-item-11223\"><a href=\"https:\/\/ordemdosfisioterapeutas.pt\/es\/ato-eleitoral-2025\/\" class=\"elementor-item\" tabindex=\"-1\">Ley electoral<\/a><\/li>\n<li class=\"menu-item menu-item-type-post_type menu-item-object-page menu-item-11221\"><a href=\"https:\/\/ordemdosfisioterapeutas.pt\/es\/resultados-provisorios-2025\/\" class=\"elementor-item\" tabindex=\"-1\">Resultados provisionales<\/a><\/li>\n<li class=\"menu-item menu-item-type-post_type menu-item-object-page menu-item-11222\"><a href=\"https:\/\/ordemdosfisioterapeutas.pt\/es\/resultados-oficiais-2025\/\" class=\"elementor-item\" tabindex=\"-1\">Resultados oficiales<\/a><\/li>\n<li class=\"menu-item menu-item-type-post_type menu-item-object-page menu-item-11220\"><a href=\"https:\/\/ordemdosfisioterapeutas.pt\/es\/tomada-de-posse-2025\/\" class=\"elementor-item\" tabindex=\"-1\">Inauguraci\u00f3n<\/a><\/li>\n<li class=\"menu-item menu-item-type-post_type menu-item-object-page menu-item-11216\"><a href=\"https:\/\/ordemdosfisioterapeutas.pt\/es\/perguntas-frequentes-2025\/\" class=\"elementor-item\" tabindex=\"-1\">Preguntas frecuentes<\/a><\/li>\n<\/ul>\t\t\t<\/nav>\n\t\t\t\t\t\t<\/div>\n\t\t\t\t<\/div>\n\t\t\t\t<\/div>\n\t\t\t\t<div class=\"elementor-element elementor-element-d791c89 elementor-widget elementor-widget-text-editor\" data-id=\"d791c89\" data-element_type=\"widget\" data-e-type=\"widget\" data-widget_type=\"text-editor.default\">\n\t\t\t\t<div class=\"elementor-widget-container\">\n\t\t\t\t\t\t\t\t\t<p>Consulte todas las etapas del proceso electoral para los \u00f3rganos nacionales y regionales de 2025. Es esencial que todos los implicados conozcan los plazos y fechas importantes:<\/p>\t\t\t\t\t\t\t\t<\/div>\n\t\t\t\t<\/div>\n\t\t\t\t<div class=\"elementor-element elementor-element-4a086d7 elementor-widget elementor-widget-image\" data-id=\"4a086d7\" data-element_type=\"widget\" data-e-type=\"widget\" data-widget_type=\"image.default\">\n\t\t\t\t<div class=\"elementor-widget-container\">\n\t\t\t\t\t\t\t\t\t\t\t\t\t\t\t<img fetchpriority=\"high\" decoding=\"async\" width=\"855\" height=\"595\" src=\"https:\/\/ordemdosfisioterapeutas.pt\/wp-content\/uploads\/2025\/08\/Timeline-eleicoes_2025-1024x713.png\" class=\"attachment-large size-large wp-image-11153\" alt=\"\" srcset=\"https:\/\/ordemdosfisioterapeutas.pt\/wp-content\/uploads\/2025\/08\/Timeline-eleicoes_2025-1024x713.png 1024w, https:\/\/ordemdosfisioterapeutas.pt\/wp-content\/uploads\/2025\/08\/Timeline-eleicoes_2025-300x209.png 300w, https:\/\/ordemdosfisioterapeutas.pt\/wp-content\/uploads\/2025\/08\/Timeline-eleicoes_2025-768x535.png 768w, https:\/\/ordemdosfisioterapeutas.pt\/wp-content\/uploads\/2025\/08\/Timeline-eleicoes_2025-18x12.png 18w, https:\/\/ordemdosfisioterapeutas.pt\/wp-content\/uploads\/2025\/08\/Timeline-eleicoes_2025.png 1152w\" sizes=\"(max-width: 855px) 100vw, 855px\" \/>\t\t\t\t\t\t\t\t\t\t\t\t\t\t\t<\/div>\n\t\t\t\t<\/div>\n\t\t\t\t<div class=\"elementor-element elementor-element-6b7fca9 elementor-widget elementor-widget-shortcode\" data-id=\"6b7fca9\" data-element_type=\"widget\" data-e-type=\"widget\" data-widget_type=\"shortcode.default\">\n\t\t\t\t<div class=\"elementor-widget-container\">\n\t\t\t\t\t\t\t<div class=\"elementor-shortcode\">\n<table id=\"tablepress-24\" class=\"tablepress tablepress-id-24\">\n<thead>\n<tr class=\"row-1\">\n\t<th class=\"column-1\">TAREA<\/th><th class=\"column-2\">FECHA L\u00cdMITE<\/th><th class=\"column-3\">FECHA L\u00cdMITE<\/th>\n<\/tr>\n<\/thead>\n<tbody class=\"row-striping row-hover\">\n<tr class=\"row-2\">\n\t<td class=\"column-1\">Plazo de presentaci\u00f3n de solicitudes<\/td><td class=\"column-2\">90 d\u00edas antes de las elecciones<\/td><td class=\"column-3\">06 septiembre 2025<\/td>\n<\/tr>\n<tr class=\"row-3\">\n\t<td class=\"column-1\">Plazo de presentaci\u00f3n de solicitudes<\/td><td class=\"column-2\">60 d\u00edas antes de las elecciones<\/td><td class=\"column-3\">06 de octubre de 2025<\/td>\n<\/tr>\n<tr class=\"row-4\">\n\t<td class=\"column-1\">Convocatoria de la Comisi\u00f3n Electoral (CE)<\/td><td class=\"column-2\">59 d\u00edas antes de las elecciones<\/td><td class=\"column-3\">07 de octubre de 2025<\/td>\n<\/tr>\n<tr class=\"row-5\">\n\t<td class=\"column-1\">Exposici\u00f3n y publicaci\u00f3n de la Comunicaci\u00f3n de la CE<\/td><td class=\"column-2\">59 d\u00edas antes de las elecciones<\/td><td class=\"column-3\">07 de octubre de 2025<\/td>\n<\/tr>\n<tr class=\"row-6\">\n\t<td class=\"column-1\">Comprobaci\u00f3n de irregularidades en las solicitudes<\/td><td class=\"column-2\">hasta 5 d\u00edas despu\u00e9s de la recepci\u00f3n de las solicitudes<\/td><td class=\"column-3\">11 de octubre de 2025<\/td>\n<\/tr>\n<tr class=\"row-7\">\n\t<td class=\"column-1\">Regularizaci\u00f3n de posibles irregularidades<\/td><td class=\"column-2\">en un plazo de 3 d\u00edas a partir de la fecha l\u00edmite arriba indicada<\/td><td class=\"column-3\">15 de octubre de 2025<\/td>\n<\/tr>\n<tr class=\"row-8\">\n\t<td class=\"column-1\">Rechazo de solicitudes no regularizadas<\/td><td class=\"column-2\">48 horas despu\u00e9s del plazo arriba indicado<\/td><td class=\"column-3\">17 de octubre de 2025<\/td>\n<\/tr>\n<tr class=\"row-9\">\n\t<td class=\"column-1\">Confecci\u00f3n de las listas de la papeleta electoral<\/td><td class=\"column-2\">5 d\u00edas despu\u00e9s de la presentaci\u00f3n o aceptaci\u00f3n de las listas<\/td><td class=\"column-3\">21 de octubre de 2025<\/td>\n<\/tr>\n<tr class=\"row-10\">\n\t<td class=\"column-1\">Publicaci\u00f3n de listas<\/td><td class=\"column-2\">5 d\u00edas despu\u00e9s del sorteo<\/td><td class=\"column-3\">26 de octubre de 2025<\/td>\n<\/tr>\n<tr class=\"row-11\">\n\t<td class=\"column-1\">Extracci\u00f3n del censo electoral<\/td><td class=\"column-2\">1 d\u00eda antes del d\u00eda se\u00f1alado para la publicaci\u00f3n del censo electoral<\/td><td class=\"column-3\">30 de octubre de 2025<\/td>\n<\/tr>\n<tr class=\"row-12\">\n\t<td class=\"column-1\">Publicaci\u00f3n del censo electoral<\/td><td class=\"column-2\">hasta 30 d\u00edas antes de las elecciones<\/td><td class=\"column-3\">31 de octubre de 2025<\/td>\n<\/tr>\n<tr class=\"row-13\">\n\t<td class=\"column-1\">Presentar reclamaciones sobre el censo electoral<\/td><td class=\"column-2\">hasta 15 d\u00edas despu\u00e9s de la publicaci\u00f3n<\/td><td class=\"column-3\">15 de noviembre de 2025<\/td>\n<\/tr>\n<tr class=\"row-14\">\n\t<td class=\"column-1\">Decisi\u00f3n sobre las reclamaciones<\/td><td class=\"column-2\">48 horas despu\u00e9s del plazo arriba indicado<\/td><td class=\"column-3\">17 de noviembre de 2025<\/td>\n<\/tr>\n<tr class=\"row-15\">\n\t<td class=\"column-1\">Entrega del censo electoral a la empresa de voto electr\u00f3nico<\/td><td class=\"column-2\"><\/td><td class=\"column-3\">20 de noviembre de 2025<\/td>\n<\/tr>\n<tr class=\"row-16\">\n\t<td class=\"column-1\">Comienza la campa\u00f1a electoral<\/td><td class=\"column-2\">15 d\u00edas antes de las elecciones<\/td><td class=\"column-3\">20 de noviembre de 2025<\/td>\n<\/tr>\n<tr class=\"row-17\">\n\t<td class=\"column-1\">Sustituci\u00f3n de un candidato<\/td><td class=\"column-2\">hasta 10 d\u00edas antes de las elecciones<\/td><td class=\"column-3\">25 de noviembre de 2025<\/td>\n<\/tr>\n<tr class=\"row-18\">\n\t<td class=\"column-1\">Env\u00edo electr\u00f3nico del carn\u00e9 de votante<\/td><td class=\"column-2\">3 d\u00edas antes de las elecciones<\/td><td class=\"column-3\">02 de diciembre de 2025<\/td>\n<\/tr>\n<tr class=\"row-19\">\n\t<td class=\"column-1\">Enviar un pin por SMS<\/td><td class=\"column-2\">3 d\u00edas antes de las elecciones<\/td><td class=\"column-3\">02 de diciembre de 2025<\/td>\n<\/tr>\n<tr class=\"row-20\">\n\t<td class=\"column-1\">Fin de la campa\u00f1a electoral<\/td><td class=\"column-2\">2 d\u00edas antes de las elecciones<\/td><td class=\"column-3\">03 diciembre 2025<\/td>\n<\/tr>\n<tr class=\"row-21\">\n\t<td class=\"column-1\">Elecciones<\/td><td class=\"column-2\"><\/td><td class=\"column-3\">05 de diciembre de 2025<\/td>\n<\/tr>\n<tr class=\"row-22\">\n\t<td class=\"column-1\">Ceremonia de investidura<\/td><td class=\"column-2\"><\/td><td class=\"column-3\">13 de diciembre<\/td>\n<\/tr>\n<\/tbody>\n<\/table>\n<!-- #tablepress-24 from cache --><\/div>\n\t\t\t\t\t\t<\/div>\n\t\t\t\t<\/div>\n\t\t\t\t\t<\/div>\n\t\t\t\t<\/div>\n\t\t\t\t<\/div>","protected":false},"excerpt":{"rendered":"<p>Consulte todas las etapas del proceso electoral para los \u00f3rganos nacionales y regionales de 2025. Es esencial que todos los implicados conozcan los plazos y fechas importantes:<\/p>","protected":false},"author":1,"featured_media":0,"parent":0,"menu_order":0,"comment_status":"closed","ping_status":"closed","template":"","meta":{"footnotes":""},"class_list":["post-10920","page","type-page","status-publish"],"_links":{"self":[{"href":"https:\/\/ordemdosfisioterapeutas.pt\/es\/wp-json\/wp\/v2\/pages\/10920","targetHints":{"allow":["GET"]}}],"collection":[{"href":"https:\/\/ordemdosfisioterapeutas.pt\/es\/wp-json\/wp\/v2\/pages"}],"about":[{"href":"https:\/\/ordemdosfisioterapeutas.pt\/es\/wp-json\/wp\/v2\/types\/page"}],"author":[{"embeddable":true,"href":"https:\/\/ordemdosfisioterapeutas.pt\/es\/wp-json\/wp\/v2\/users\/1"}],"replies":[{"embeddable":true,"href":"https:\/\/ordemdosfisioterapeutas.pt\/es\/wp-json\/wp\/v2\/comments?post=10920"}],"version-history":[{"count":3,"href":"https:\/\/ordemdosfisioterapeutas.pt\/es\/wp-json\/wp\/v2\/pages\/10920\/revisions"}],"predecessor-version":[{"id":11680,"href":"https:\/\/ordemdosfisioterapeutas.pt\/es\/wp-json\/wp\/v2\/pages\/10920\/revisions\/11680"}],"wp:attachment":[{"href":"https:\/\/ordemdosfisioterapeutas.pt\/es\/wp-json\/wp\/v2\/media?parent=10920"}],"curies":[{"name":"wp","href":"https:\/\/api.w.org\/{rel}","templated":true}]}}