{"id":919,"date":"2020-10-07T13:53:58","date_gmt":"2020-10-07T13:53:58","guid":{"rendered":"https:\/\/ordemdosfisioterapeutas.pt\/?page_id=919"},"modified":"2024-03-01T12:19:18","modified_gmt":"2024-03-01T12:19:18","slug":"inscricao-na-ordem-dos-fisioterapeutas","status":"publish","type":"page","link":"https:\/\/ordemdosfisioterapeutas.pt\/en\/inscricao-na-ordem-dos-fisioterapeutas\/","title":{"rendered":"Registration in Order of Physiotherapists"},"content":{"rendered":"<div data-elementor-type=\"wp-page\" data-elementor-id=\"919\" class=\"elementor elementor-919\" data-elementor-post-type=\"page\">\n\t\t\t\t\t\t<section class=\"elementor-section elementor-top-section elementor-element elementor-element-943f466 elementor-section-boxed elementor-section-height-default elementor-section-height-default\" data-id=\"943f466\" data-element_type=\"section\" data-e-type=\"section\">\n\t\t\t\t\t\t<div class=\"elementor-container elementor-column-gap-default\">\n\t\t\t\t\t<div class=\"elementor-column elementor-col-100 elementor-top-column elementor-element elementor-element-0ad4b55\" data-id=\"0ad4b55\" data-element_type=\"column\" data-e-type=\"column\">\n\t\t\t<div class=\"elementor-widget-wrap elementor-element-populated\">\n\t\t\t\t\t\t<div class=\"elementor-element elementor-element-01a0f9c elementor-widget elementor-widget-text-editor\" data-id=\"01a0f9c\" data-element_type=\"widget\" data-e-type=\"widget\" data-widget_type=\"text-editor.default\">\n\t\t\t\t<div class=\"elementor-widget-container\">\n\t\t\t\t\t\t\t\t\t<p>The Order became, since the 15th of December 2021 fully responsible for the recognition of professional qualifications, for physiotherapists, obtained in Portugal or abroad and to issue the European Professional Card.<\/p>\t\t\t\t\t\t\t\t<\/div>\n\t\t\t\t<\/div>\n\t\t\t\t\t<\/div>\n\t\t<\/div>\n\t\t\t\t\t<\/div>\n\t\t<\/section>\n\t\t<div class=\"elementor-element elementor-element-9be4311 e-flex e-con-boxed e-con e-parent\" data-id=\"9be4311\" data-element_type=\"container\" data-e-type=\"container\">\n\t\t\t\t\t<div class=\"e-con-inner\">\n\t\t\t\t<div class=\"elementor-element elementor-element-1314af1 elementor-widget elementor-widget-n-accordion\" data-id=\"1314af1\" data-element_type=\"widget\" data-e-type=\"widget\" data-settings=\"{&quot;default_state&quot;:&quot;all_collapsed&quot;,&quot;max_items_expended&quot;:&quot;one&quot;,&quot;n_accordion_animation_duration&quot;:{&quot;unit&quot;:&quot;ms&quot;,&quot;size&quot;:400,&quot;sizes&quot;:[]}}\" data-widget_type=\"nested-accordion.default\">\n\t\t\t\t<div class=\"elementor-widget-container\">\n\t\t\t\t\t\t\t<div class=\"e-n-accordion\" aria-label=\"Accordion. Open links with Enter or Space, close with Escape, and navigate with Arrow Keys\">\n\t\t\t\t\t\t<details id=\"e-n-accordion-item-2000\" class=\"e-n-accordion-item\" >\n\t\t\t\t<summary class=\"e-n-accordion-item-title\" data-accordion-index=\"1\" tabindex=\"0\" aria-expanded=\"false\" aria-controls=\"e-n-accordion-item-2000\" >\n\t\t\t\t\t<span class='e-n-accordion-item-title-header'><div class=\"e-n-accordion-item-title-text\"> Applicable Regulations  <\/div><\/span>\n\t\t\t\t\t\t\t<span class='e-n-accordion-item-title-icon'>\n\t\t\t<span class='e-opened' ><i aria-hidden=\"true\" class=\"fas fa-minus\"><\/i><\/span>\n\t\t\t<span class='e-closed'><i aria-hidden=\"true\" class=\"fas fa-plus\"><\/i><\/span>\n\t\t<\/span>\n\n\t\t\t\t\t\t<\/summary>\n\t\t\t\t<div role=\"region\" aria-labelledby=\"e-n-accordion-item-2000\" class=\"elementor-element elementor-element-8e4333a e-con-full e-flex e-con e-child\" data-id=\"8e4333a\" data-element_type=\"container\" data-e-type=\"container\">\n\t\t\t\t<div class=\"elementor-element elementor-element-769d6d1 elementor-widget elementor-widget-text-editor\" data-id=\"769d6d1\" data-element_type=\"widget\" data-e-type=\"widget\" data-widget_type=\"text-editor.default\">\n\t\t\t\t<div class=\"elementor-widget-container\">\n\t\t\t\t\t\t\t\t\t<p><span style=\"text-decoration: underline;\"><a href=\"https:\/\/dre.pt\/application\/file\/205931318\" target=\"_blank\" rel=\"noopener\">Registration Regulations - Di\u00e1rio da Rep\u00fablica<\/a><\/span><\/p><p><span style=\"text-decoration: underline;\"><a href=\"https:\/\/dre.pt\/application\/file\/205869771\" target=\"_blank\" rel=\"noopener\">Fees Regulations - Di\u00e1rio da Rep\u00fablica<\/a><\/span><\/p>\t\t\t\t\t\t\t\t<\/div>\n\t\t\t\t<\/div>\n\t\t\t\t<\/div>\n\t\t\t\t\t<\/details>\n\t\t\t\t\t\t<details id=\"e-n-accordion-item-2001\" class=\"e-n-accordion-item\" >\n\t\t\t\t<summary class=\"e-n-accordion-item-title\" data-accordion-index=\"2\" tabindex=\"-1\" aria-expanded=\"false\" aria-controls=\"e-n-accordion-item-2001\" >\n\t\t\t\t\t<span class='e-n-accordion-item-title-header'><div class=\"e-n-accordion-item-title-text\"> Documents required for registration <\/div><\/span>\n\t\t\t\t\t\t\t<span class='e-n-accordion-item-title-icon'>\n\t\t\t<span class='e-opened' ><i aria-hidden=\"true\" class=\"fas fa-minus\"><\/i><\/span>\n\t\t\t<span class='e-closed'><i aria-hidden=\"true\" class=\"fas fa-plus\"><\/i><\/span>\n\t\t<\/span>\n\n\t\t\t\t\t\t<\/summary>\n\t\t\t\t<div role=\"region\" aria-labelledby=\"e-n-accordion-item-2001\" class=\"elementor-element elementor-element-6b76f3e e-con-full e-flex e-con e-child\" data-id=\"6b76f3e\" data-element_type=\"container\" data-e-type=\"container\">\n\t\t\t\t<div class=\"elementor-element elementor-element-7072d50 elementor-widget elementor-widget-text-editor\" data-id=\"7072d50\" data-element_type=\"widget\" data-e-type=\"widget\" data-widget_type=\"text-editor.default\">\n\t\t\t\t<div class=\"elementor-widget-container\">\n\t\t\t\t\t\t\t\t\t<p><strong>Pre-requisites for enrolment in the Order of Physiotherapists<\/strong><a href=\"#\"><br \/><\/a><\/p><p><span style=\"text-decoration: underline;\"><a href=\"https:\/\/ordemdosfisioterapeutas.pt\/wp-content\/uploads\/2021\/04\/DocumentosNecessariosInscricao.pdf\" target=\"_blank\" rel=\"noopener\">Open Document<\/a><\/span><\/p><p><strong>Mobile key or card reader<\/strong><\/p><p>In order to register you should, preferably, have a Citizen Card with the digital mobile key activated or a citizen card reader with the respective pin.<\/p><p>In case you do not have a Citizen Card and have a lifelong Identity Card or in case of foreign citizens with a Passport, your access will be through manual registration.<\/p><p><a href=\"https:\/\/www.autenticacao.gov.pt\/web\/guest\/cmd-pedido-chave\" target=\"_blank\" rel=\"noopener\"><span style=\"text-decoration: underline;\">Consult here<\/span><\/a> how you can obtain your mobile-key.<\/p><p><strong>Certificate of criminal record<\/strong><\/p><p>To obtain the certificate of criminal record, please consult the following link:<\/p><p><span style=\"text-decoration: underline;\"><a href=\"https:\/\/registocriminal.justica.gov.pt\/\" target=\"_blank\" rel=\"noopener\">https:\/\/registocriminal.justica.gov.pt\/<\/a><\/span><\/p><p>You must choose:<\/p><p><span style=\"text-decoration: underline;\">Type of Purpose:<\/span> Enrolment in a Professional Association<br \/><span style=\"text-decoration: underline;\">Purpose:<\/span> Order of Physiotherapists <br \/><span style=\"text-decoration: underline;\">Function\/Role\/Category:<\/span> Physiotherapist<br \/><span style=\"text-decoration: underline;\">Entity\/Company:<\/span> Enrolment in the Order of Physiotherapists - Law 122\/2019, of 30th September<\/p><p><strong>Professional Signature<\/strong><\/p><p>The professional signature is an important element that will appear in the professional card. A document for this purpose is provided in the link, which should be filled in and sent, in digital format, during the registration process.<\/p><p><span style=\"text-decoration: underline;\"><a href=\"https:\/\/ordemdosfisioterapeutas.pt\/wp-content\/uploads\/2021\/04\/formulario-assinatura.pdf\">Signature Form<\/a><\/span><\/p>\t\t\t\t\t\t\t\t<\/div>\n\t\t\t\t<\/div>\n\t\t\t\t<\/div>\n\t\t\t\t\t<\/details>\n\t\t\t\t\t\t<details id=\"e-n-accordion-item-2002\" class=\"e-n-accordion-item\" >\n\t\t\t\t<summary class=\"e-n-accordion-item-title\" data-accordion-index=\"3\" tabindex=\"-1\" aria-expanded=\"false\" aria-controls=\"e-n-accordion-item-2002\" >\n\t\t\t\t\t<span class='e-n-accordion-item-title-header'><div class=\"e-n-accordion-item-title-text\"> Step-by-Step Guide to Registration <\/div><\/span>\n\t\t\t\t\t\t\t<span class='e-n-accordion-item-title-icon'>\n\t\t\t<span class='e-opened' ><i aria-hidden=\"true\" class=\"fas fa-minus\"><\/i><\/span>\n\t\t\t<span class='e-closed'><i aria-hidden=\"true\" class=\"fas fa-plus\"><\/i><\/span>\n\t\t<\/span>\n\n\t\t\t\t\t\t<\/summary>\n\t\t\t\t<div role=\"region\" aria-labelledby=\"e-n-accordion-item-2002\" class=\"elementor-element elementor-element-b7eff4a e-con-full e-flex e-con e-child\" data-id=\"b7eff4a\" data-element_type=\"container\" data-e-type=\"container\">\n\t\t\t\t<div class=\"elementor-element elementor-element-596424f elementor-widget elementor-widget-text-editor\" data-id=\"596424f\" data-element_type=\"widget\" data-e-type=\"widget\" data-widget_type=\"text-editor.default\">\n\t\t\t\t<div class=\"elementor-widget-container\">\n\t\t\t\t\t\t\t\t\t<p><span style=\"text-decoration: underline;\"><a href=\"https:\/\/ordemdosfisioterapeutas.pt\/wp-content\/uploads\/2021\/05\/guia-passopasso-nacionais-bacharelato-12017-12773.pdf\" target=\"_blank\" rel=\"noopener\">Physiotherapist graduated in Portugal with Bachelor degree ( before 1993 )<\/a><\/span><\/p><p><span style=\"text-decoration: underline;\"><a href=\"https:\/\/ordemdosfisioterapeutas.pt\/wp-content\/uploads\/2021\/05\/guia-passopasso-nacionais-bietapica-12019-12772.pdf\" target=\"_blank\" rel=\"noopener\">Physiotherapist graduated in Portugal with a Biotherapic degree ( 1993-2008 )<\/a><\/span><\/p><p><span style=\"text-decoration: underline;\"><a href=\"https:\/\/ordemdosfisioterapeutas.pt\/wp-content\/uploads\/2021\/05\/guia-passopasso-nacionais-licenciatura-12015-12774.pdf\" target=\"_blank\" rel=\"noopener\">Physiotherapist graduated in Portugal with a degree ( after 2008 )<\/a><\/span><\/p><p><span style=\"text-decoration: underline;\"><a href=\"https:\/\/ordemdosfisioterapeutas.pt\/wp-content\/uploads\/2022\/03\/guia_passopasso_EU_EFTA1201612770-Final-com-CPE.pdf\" target=\"_blank\" rel=\"noopener\">Physiotherapist trained in an EU\/EFTA country (with CPE)<\/a><\/span><\/p><p><span style=\"text-decoration: underline;\"><a href=\"https:\/\/ordemdosfisioterapeutas.pt\/wp-content\/uploads\/2022\/03\/guia_passopasso_EU_EFTA1201612770-Final-sem-CPE.pdf\" target=\"_blank\" rel=\"noopener\">Physiotherapist trained in an EU\/EFTA country (without CPE)<\/a><\/span><\/p><p><span style=\"text-decoration: underline;\"><a href=\"https:\/\/ordemdosfisioterapeutas.pt\/wp-content\/uploads\/2021\/05\/guia-passopasso-estrangeirospaisesterceiros-12018-12771.pdf\" target=\"_blank\" rel=\"noopener\">Physiotherapist trained in a country outside the EU\/EFTA<\/a><\/span><\/p>\t\t\t\t\t\t\t\t<\/div>\n\t\t\t\t<\/div>\n\t\t\t\t<div class=\"elementor-element elementor-element-1310922 elementor-widget elementor-widget-n-accordion\" data-id=\"1310922\" data-element_type=\"widget\" data-e-type=\"widget\" data-settings=\"{&quot;default_state&quot;:&quot;all_collapsed&quot;,&quot;max_items_expended&quot;:&quot;one&quot;,&quot;n_accordion_animation_duration&quot;:{&quot;unit&quot;:&quot;ms&quot;,&quot;size&quot;:400,&quot;sizes&quot;:[]}}\" data-widget_type=\"nested-accordion.default\">\n\t\t\t\t<div class=\"elementor-widget-container\">\n\t\t\t\t\t\t\t<div class=\"e-n-accordion\" aria-label=\"Accordion. Open links with Enter or Space, close with Escape, and navigate with Arrow Keys\">\n\t\t\t\t\t\t<details id=\"e-n-accordion-item-1990\" class=\"e-n-accordion-item\" >\n\t\t\t\t<summary class=\"e-n-accordion-item-title\" data-accordion-index=\"1\" tabindex=\"0\" aria-expanded=\"false\" aria-controls=\"e-n-accordion-item-1990\" >\n\t\t\t\t\t<span class='e-n-accordion-item-title-header'><div class=\"e-n-accordion-item-title-text\"> Brexit <\/div><\/span>\n\t\t\t\t\t\t\t<span class='e-n-accordion-item-title-icon'>\n\t\t\t<span class='e-opened' ><i aria-hidden=\"true\" class=\"fas fa-minus\"><\/i><\/span>\n\t\t\t<span class='e-closed'><i aria-hidden=\"true\" class=\"fas fa-plus\"><\/i><\/span>\n\t\t<\/span>\n\n\t\t\t\t\t\t<\/summary>\n\t\t\t\t<div role=\"region region\" aria-labelledby=\"e-n-accordion-item-2002 e-n-accordion-item-1990\" class=\"elementor-element elementor-element-74504c4 e-con-full e-flex e-con e-child\" data-id=\"74504c4\" data-element_type=\"container\" data-e-type=\"container\">\n\t\t\t\t<div class=\"elementor-element elementor-element-5149c7c elementor-widget elementor-widget-text-editor\" data-id=\"5149c7c\" data-element_type=\"widget\" data-e-type=\"widget\" data-widget_type=\"text-editor.default\">\n\t\t\t\t<div class=\"elementor-widget-container\">\n\t\t\t\t\t\t\t\t\t<p>According to information provided by DGERT - Directorate-General for Employment and Labour Relations, on the recognition of professional qualifications acquired in the United Kingdom, it is clarified that:<\/p><p>1 - Qualifications obtained in the United Kingdom before the end of the transition period established in the Withdrawal Agreement (before 1 January 2021) by EU nationals are EU qualifications.<\/p><p>2 - The rules and recognition schemes of Directive 2005\/36\/EC shall apply to the recognition of those qualifications, in particular to all types of qualifications covered by Directive 2005\/36\/EC, without limitation in time.<\/p><p>Thus, professionals must submit the application\u00a0<span style=\"text-decoration: underline;\"><a href=\"https:\/\/ordemdosfisioterapeutas.pt\/wp-content\/uploads\/2021\/05\/guia-passopasso-estrangeirospaisesterceiros-12018-12771.pdf\">Physiotherapist trained in a country outside the EU\/EFTA<\/a><\/span><\/p><p>For these applicants, the procedures and criteria in use under the current European Directives on the recognition of diplomas will be applied, with the necessary adaptations.<\/p>\t\t\t\t\t\t\t\t<\/div>\n\t\t\t\t<\/div>\n\t\t\t\t<\/div>\n\t\t\t\t\t<\/details>\n\t\t\t\t\t<\/div>\n\t\t\t\t\t\t<\/div>\n\t\t\t\t<\/div>\n\t\t\t\t<\/div>\n\t\t\t\t\t<\/details>\n\t\t\t\t\t<\/div>\n\t\t\t\t\t\t<\/div>\n\t\t\t\t<\/div>\n\t\t\t\t\t<\/div>\n\t\t\t\t<\/div>\n\t\t\t\t<section class=\"elementor-section elementor-top-section elementor-element elementor-element-4ca33027 elementor-section-boxed elementor-section-height-default elementor-section-height-default\" data-id=\"4ca33027\" data-element_type=\"section\" data-e-type=\"section\">\n\t\t\t\t\t\t<div class=\"elementor-container elementor-column-gap-default\">\n\t\t\t\t\t<div class=\"elementor-column elementor-col-50 elementor-top-column elementor-element elementor-element-153db081\" data-id=\"153db081\" data-element_type=\"column\" data-e-type=\"column\">\n\t\t\t<div class=\"elementor-widget-wrap elementor-element-populated\">\n\t\t\t\t\t\t<div class=\"elementor-element elementor-element-4607c161 elementor-align-left elementor-widget elementor-widget-button\" data-id=\"4607c161\" data-element_type=\"widget\" data-e-type=\"widget\" data-widget_type=\"button.default\">\n\t\t\t\t<div class=\"elementor-widget-container\">\n\t\t\t\t\t\t\t\t\t<div class=\"elementor-button-wrapper\">\n\t\t\t\t\t<a class=\"elementor-button elementor-button-link elementor-size-sm\" href=\"https:\/\/ordemdosfisioterapeutas.pt\/en\/erros-frequentes-preenchimento-requerimento-inscricao\/\">\n\t\t\t\t\t\t<span class=\"elementor-button-content-wrapper\">\n\t\t\t\t\t\t<span class=\"elementor-button-icon\">\n\t\t\t\t<i aria-hidden=\"true\" class=\"fas fa-pen-alt\"><\/i>\t\t\t<\/span>\n\t\t\t\t\t\t\t\t\t<span class=\"elementor-button-text\">Access to the Registration Form<\/span>\n\t\t\t\t\t<\/span>\n\t\t\t\t\t<\/a>\n\t\t\t\t<\/div>\n\t\t\t\t\t\t\t\t<\/div>\n\t\t\t\t<\/div>\n\t\t\t\t\t<\/div>\n\t\t<\/div>\n\t\t\t\t<div class=\"elementor-column elementor-col-50 elementor-top-column elementor-element elementor-element-3b3a8ef2\" data-id=\"3b3a8ef2\" data-element_type=\"column\" data-e-type=\"column\">\n\t\t\t<div class=\"elementor-widget-wrap elementor-element-populated\">\n\t\t\t\t\t\t<div class=\"elementor-element elementor-element-728e4945 elementor-icon-list--layout-traditional elementor-list-item-link-full_width elementor-widget elementor-widget-icon-list\" data-id=\"728e4945\" data-element_type=\"widget\" data-e-type=\"widget\" data-widget_type=\"icon-list.default\">\n\t\t\t\t<div class=\"elementor-widget-container\">\n\t\t\t\t\t\t\t<ul class=\"elementor-icon-list-items\">\n\t\t\t\t\t\t\t<li class=\"elementor-icon-list-item\">\n\t\t\t\t\t\t\t\t\t\t\t<a href=\"https:\/\/ordemdosfisioterapeutas.pt\/wp-content\/uploads\/2021\/09\/caracterizacao-formulario.pdf\" target=\"_blank\">\n\n\t\t\t\t\t\t\t\t\t\t\t\t<span class=\"elementor-icon-list-icon\">\n\t\t\t\t\t\t\t<i aria-hidden=\"true\" class=\"fas fa-info-circle\"><\/i>\t\t\t\t\t\t<\/span>\n\t\t\t\t\t\t\t\t\t\t<span class=\"elementor-icon-list-text\">Characterisation of the Application Form.<\/span>\n\t\t\t\t\t\t\t\t\t\t\t<\/a>\n\t\t\t\t\t\t\t\t\t<\/li>\n\t\t\t\t\t\t\t\t<li class=\"elementor-icon-list-item\">\n\t\t\t\t\t\t\t\t\t\t\t<a href=\"https:\/\/ordemdosfisioterapeutas.pt\/en\/encontre-um-fisioterapeuta\/\">\n\n\t\t\t\t\t\t\t\t\t\t\t\t<span class=\"elementor-icon-list-icon\">\n\t\t\t\t\t\t\t<i aria-hidden=\"true\" class=\"fas fa-info-circle\"><\/i>\t\t\t\t\t\t<\/span>\n\t\t\t\t\t\t\t\t\t\t<span class=\"elementor-icon-list-text\">Physiotherapists Registered<\/span>\n\t\t\t\t\t\t\t\t\t\t\t<\/a>\n\t\t\t\t\t\t\t\t\t<\/li>\n\t\t\t\t\t\t\t\t<li class=\"elementor-icon-list-item\">\n\t\t\t\t\t\t\t\t\t\t\t<a href=\"https:\/\/ordemdosfisioterapeutas.pt\/en\/perguntas-frequentes\/#faq-inscricoes\">\n\n\t\t\t\t\t\t\t\t\t\t\t\t<span class=\"elementor-icon-list-icon\">\n\t\t\t\t\t\t\t<i aria-hidden=\"true\" class=\"fas fa-info-circle\"><\/i>\t\t\t\t\t\t<\/span>\n\t\t\t\t\t\t\t\t\t\t<span class=\"elementor-icon-list-text\">FAQ Registration<\/span>\n\t\t\t\t\t\t\t\t\t\t\t<\/a>\n\t\t\t\t\t\t\t\t\t<\/li>\n\t\t\t\t\t\t<\/ul>\n\t\t\t\t\t\t<\/div>\n\t\t\t\t<\/div>\n\t\t\t\t\t<\/div>\n\t\t<\/div>\n\t\t\t\t\t<\/div>\n\t\t<\/section>\n\t\t\t\t<section class=\"elementor-section elementor-top-section elementor-element elementor-element-13511fd9 elementor-section-boxed elementor-section-height-default elementor-section-height-default\" data-id=\"13511fd9\" data-element_type=\"section\" data-e-type=\"section\">\n\t\t\t\t\t\t<div class=\"elementor-container elementor-column-gap-default\">\n\t\t\t\t\t<div class=\"elementor-column elementor-col-100 elementor-top-column elementor-element elementor-element-4c0665cf\" data-id=\"4c0665cf\" data-element_type=\"column\" data-e-type=\"column\">\n\t\t\t<div class=\"elementor-widget-wrap elementor-element-populated\">\n\t\t\t\t\t\t<div class=\"elementor-element elementor-element-2aadf378 elementor-widget elementor-widget-text-editor\" data-id=\"2aadf378\" data-element_type=\"widget\" data-e-type=\"widget\" data-widget_type=\"text-editor.default\">\n\t\t\t\t<div class=\"elementor-widget-container\">\n\t\t\t\t\t\t\t\t\t<p>To follow your registration process, go to <strong>Registration Form<\/strong> and press the option <strong>Case status<\/strong>.<\/p>\t\t\t\t\t\t\t\t<\/div>\n\t\t\t\t<\/div>\n\t\t\t\t\t<\/div>\n\t\t<\/div>\n\t\t\t\t\t<\/div>\n\t\t<\/section>\n\t\t\t\t<\/div>","protected":false},"excerpt":{"rendered":"<p>Since 15 December 2021, the Order has been the competent authority for recognising the professional qualifications of physiotherapists trained in Portugal and outside Portugal, as well as for issuing the European Professional Card. Applicable regulations Registration regulations - Di\u00e1rio da Rep\u00fablica Fees regulations - Di\u00e1rio da Rep\u00fablica Required documents ... <a title=\"Registration in Order of Physiotherapists\" class=\"read-more\" href=\"https:\/\/ordemdosfisioterapeutas.pt\/en\/inscricao-na-ordem-dos-fisioterapeutas\/\" aria-label=\"Read more about Registration with the Order of Physiotherapists\">Read more<\/a><\/p>","protected":false},"author":1,"featured_media":0,"parent":0,"menu_order":0,"comment_status":"closed","ping_status":"closed","template":"","meta":{"footnotes":""},"class_list":["post-919","page","type-page","status-publish"],"_links":{"self":[{"href":"https:\/\/ordemdosfisioterapeutas.pt\/en\/wp-json\/wp\/v2\/pages\/919","targetHints":{"allow":["GET"]}}],"collection":[{"href":"https:\/\/ordemdosfisioterapeutas.pt\/en\/wp-json\/wp\/v2\/pages"}],"about":[{"href":"https:\/\/ordemdosfisioterapeutas.pt\/en\/wp-json\/wp\/v2\/types\/page"}],"author":[{"embeddable":true,"href":"https:\/\/ordemdosfisioterapeutas.pt\/en\/wp-json\/wp\/v2\/users\/1"}],"replies":[{"embeddable":true,"href":"https:\/\/ordemdosfisioterapeutas.pt\/en\/wp-json\/wp\/v2\/comments?post=919"}],"version-history":[{"count":0,"href":"https:\/\/ordemdosfisioterapeutas.pt\/en\/wp-json\/wp\/v2\/pages\/919\/revisions"}],"wp:attachment":[{"href":"https:\/\/ordemdosfisioterapeutas.pt\/en\/wp-json\/wp\/v2\/media?parent=919"}],"curies":[{"name":"wp","href":"https:\/\/api.w.org\/{rel}","templated":true}]}}