{"id":8669,"date":"2024-08-23T16:18:46","date_gmt":"2024-08-23T15:18:46","guid":{"rendered":"https:\/\/ordemdosfisioterapeutas.pt\/?page_id=8669"},"modified":"2024-09-15T16:53:11","modified_gmt":"2024-09-15T15:53:11","slug":"dia-mundial-da-fisioterapia-2024","status":"publish","type":"page","link":"https:\/\/ordemdosfisioterapeutas.pt\/en\/dia-mundial-da-fisioterapia-2024\/","title":{"rendered":"World Physiotherapy Day 2024"},"content":{"rendered":"<div data-elementor-type=\"wp-page\" data-elementor-id=\"8669\" class=\"elementor elementor-8669\" data-elementor-post-type=\"page\">\n\t\t\t\t<div class=\"elementor-element elementor-element-6aa75f3 e-flex e-con-boxed e-con e-parent\" data-id=\"6aa75f3\" data-element_type=\"container\" data-e-type=\"container\">\n\t\t\t\t\t<div class=\"e-con-inner\">\n\t\t\t\t<div class=\"elementor-element elementor-element-00cd89b elementor-widget elementor-widget-text-editor\" data-id=\"00cd89b\" data-element_type=\"widget\" data-e-type=\"widget\" data-widget_type=\"text-editor.default\">\n\t\t\t\t<div class=\"elementor-widget-container\">\n\t\t\t\t\t\t\t\t\t<p>World Physiotherapy Day has been celebrated every year since 1996 on 8 September, corresponding to the date on which the current World Physiotherapy was founded in 1951.<\/p><p>World Physiotherapy Day is an opportunity to recognise the significant role the profession plays in the health and well-being of the general population, and to promote the profession to its users and communities.<\/p><p>World Physiotherapy produces and makes available graphic materials to support physiotherapists in their activities, such as information leaflets, <em>posters<\/em> e <em>banners<\/em>with translations into several languages. The Order of Physiotherapists has been a member of World Physiotherapy since the beginning of 2023 and participates in the translation of these materials.<\/p><p>The focus of this year's World Physiotherapy Day is low back pain (lumbago) and the role of physiotherapy in its treatment and prevention.<\/p>\t\t\t\t\t\t\t\t<\/div>\n\t\t\t\t<\/div>\n\t\t\t\t\t<\/div>\n\t\t\t\t<\/div>\n\t\t<div class=\"elementor-element elementor-element-ac6deae e-flex e-con-boxed e-con e-parent\" data-id=\"ac6deae\" data-element_type=\"container\" data-e-type=\"container\">\n\t\t\t\t\t<div class=\"e-con-inner\">\n\t\t\t\t<div class=\"elementor-element elementor-element-e28887e elementor-widget elementor-widget-heading\" data-id=\"e28887e\" data-element_type=\"widget\" data-e-type=\"widget\" data-widget_type=\"heading.default\">\n\t\t\t\t<div class=\"elementor-widget-container\">\n\t\t\t\t\t<h2 class=\"elementor-heading-title elementor-size-default\">Information leaflets<\/h2>\t\t\t\t<\/div>\n\t\t\t\t<\/div>\n\t\t\t\t\t<\/div>\n\t\t\t\t<\/div>\n\t\t<div class=\"elementor-element elementor-element-12295aa e-grid e-con-boxed e-con e-parent\" data-id=\"12295aa\" data-element_type=\"container\" data-e-type=\"container\">\n\t\t\t\t\t<div class=\"e-con-inner\">\n\t\t\t\t<div class=\"elementor-element elementor-element-c8356cf elementor-widget elementor-widget-image\" data-id=\"c8356cf\" data-element_type=\"widget\" data-e-type=\"widget\" data-widget_type=\"image.default\">\n\t\t\t\t<div class=\"elementor-widget-container\">\n\t\t\t\t\t\t\t\t\t\t\t\t\t\t\t\t<a href=\"https:\/\/ordemdosfisioterapeutas.pt\/wp-content\/uploads\/2024\/08\/WPTD2024-InfoSheet1-A4_PORTUGUESE-V2.pdf\" target=\"_blank\">\n\t\t\t\t\t\t\t<img decoding=\"async\" width=\"166\" height=\"233\" src=\"https:\/\/ordemdosfisioterapeutas.pt\/wp-content\/uploads\/2024\/08\/WP2024_0000_flyer-1.png\" class=\"attachment-large size-large wp-image-8670\" alt=\"\" srcset=\"https:\/\/ordemdosfisioterapeutas.pt\/wp-content\/uploads\/2024\/08\/WP2024_0000_flyer-1.png 166w, https:\/\/ordemdosfisioterapeutas.pt\/wp-content\/uploads\/2024\/08\/WP2024_0000_flyer-1-9x12.png 9w\" sizes=\"(max-width: 166px) 100vw, 166px\" \/>\t\t\t\t\t\t\t\t<\/a>\n\t\t\t\t\t\t\t\t\t\t\t\t\t\t\t<\/div>\n\t\t\t\t<\/div>\n\t\t\t\t<div class=\"elementor-element elementor-element-c2d4f43 elementor-widget elementor-widget-image\" data-id=\"c2d4f43\" data-element_type=\"widget\" data-e-type=\"widget\" data-widget_type=\"image.default\">\n\t\t\t\t<div class=\"elementor-widget-container\">\n\t\t\t\t\t\t\t\t\t\t\t\t\t\t\t\t<a href=\"https:\/\/ordemdosfisioterapeutas.pt\/wp-content\/uploads\/2024\/08\/WPTD2024-InfoSheet2-A4_PORTUGUESE-V2.pdf\" target=\"_blank\">\n\t\t\t\t\t\t\t<img decoding=\"async\" width=\"166\" height=\"235\" src=\"https:\/\/ordemdosfisioterapeutas.pt\/wp-content\/uploads\/2024\/08\/WP2024_0001_flyer-2.png\" class=\"attachment-large size-large wp-image-8671\" alt=\"\" srcset=\"https:\/\/ordemdosfisioterapeutas.pt\/wp-content\/uploads\/2024\/08\/WP2024_0001_flyer-2.png 166w, https:\/\/ordemdosfisioterapeutas.pt\/wp-content\/uploads\/2024\/08\/WP2024_0001_flyer-2-8x12.png 8w\" sizes=\"(max-width: 166px) 100vw, 166px\" \/>\t\t\t\t\t\t\t\t<\/a>\n\t\t\t\t\t\t\t\t\t\t\t\t\t\t\t<\/div>\n\t\t\t\t<\/div>\n\t\t\t\t<div class=\"elementor-element elementor-element-637324d elementor-widget elementor-widget-image\" data-id=\"637324d\" data-element_type=\"widget\" data-e-type=\"widget\" data-widget_type=\"image.default\">\n\t\t\t\t<div class=\"elementor-widget-container\">\n\t\t\t\t\t\t\t\t\t\t\t\t\t\t\t\t<a href=\"https:\/\/ordemdosfisioterapeutas.pt\/wp-content\/uploads\/2024\/08\/WPTD2024-InfoSheet3-A4_PORTUGUESE-V2.pdf\" target=\"_blank\">\n\t\t\t\t\t\t\t<img decoding=\"async\" width=\"166\" height=\"232\" src=\"https:\/\/ordemdosfisioterapeutas.pt\/wp-content\/uploads\/2024\/08\/WP2024_0002_flyer-3.png\" class=\"attachment-large size-large wp-image-8672\" alt=\"\" srcset=\"https:\/\/ordemdosfisioterapeutas.pt\/wp-content\/uploads\/2024\/08\/WP2024_0002_flyer-3.png 166w, https:\/\/ordemdosfisioterapeutas.pt\/wp-content\/uploads\/2024\/08\/WP2024_0002_flyer-3-9x12.png 9w\" sizes=\"(max-width: 166px) 100vw, 166px\" \/>\t\t\t\t\t\t\t\t<\/a>\n\t\t\t\t\t\t\t\t\t\t\t\t\t\t\t<\/div>\n\t\t\t\t<\/div>\n\t\t\t\t<div class=\"elementor-element elementor-element-cd70f8d elementor-widget elementor-widget-image\" data-id=\"cd70f8d\" data-element_type=\"widget\" data-e-type=\"widget\" data-widget_type=\"image.default\">\n\t\t\t\t<div class=\"elementor-widget-container\">\n\t\t\t\t\t\t\t\t\t\t\t\t\t\t\t\t<a href=\"https:\/\/ordemdosfisioterapeutas.pt\/wp-content\/uploads\/2024\/08\/WPTD2024-InfoSheet4-A4_PORTUGUESE-V2.pdf\" target=\"_blank\">\n\t\t\t\t\t\t\t<img loading=\"lazy\" decoding=\"async\" width=\"166\" height=\"231\" src=\"https:\/\/ordemdosfisioterapeutas.pt\/wp-content\/uploads\/2024\/08\/WP2024_0003_flyer-4.png\" class=\"attachment-large size-large wp-image-8673\" alt=\"\" srcset=\"https:\/\/ordemdosfisioterapeutas.pt\/wp-content\/uploads\/2024\/08\/WP2024_0003_flyer-4.png 166w, https:\/\/ordemdosfisioterapeutas.pt\/wp-content\/uploads\/2024\/08\/WP2024_0003_flyer-4-9x12.png 9w\" sizes=\"(max-width: 166px) 100vw, 166px\" \/>\t\t\t\t\t\t\t\t<\/a>\n\t\t\t\t\t\t\t\t\t\t\t\t\t\t\t<\/div>\n\t\t\t\t<\/div>\n\t\t\t\t\t<\/div>\n\t\t\t\t<\/div>\n\t\t<div class=\"elementor-element elementor-element-66895b3 e-flex e-con-boxed e-con e-parent\" data-id=\"66895b3\" data-element_type=\"container\" data-e-type=\"container\">\n\t\t\t\t\t<div class=\"e-con-inner\">\n\t\t\t\t<div class=\"elementor-element elementor-element-f5e977e elementor-widget elementor-widget-heading\" data-id=\"f5e977e\" data-element_type=\"widget\" data-e-type=\"widget\" data-widget_type=\"heading.default\">\n\t\t\t\t<div class=\"elementor-widget-container\">\n\t\t\t\t\t<h2 class=\"elementor-heading-title elementor-size-default\">Posters<\/h2>\t\t\t\t<\/div>\n\t\t\t\t<\/div>\n\t\t\t\t\t<\/div>\n\t\t\t\t<\/div>\n\t\t<div class=\"elementor-element elementor-element-5c1c5d6 e-grid e-con-boxed e-con e-parent\" data-id=\"5c1c5d6\" data-element_type=\"container\" data-e-type=\"container\">\n\t\t\t\t\t<div class=\"e-con-inner\">\n\t\t\t\t<div class=\"elementor-element elementor-element-baa1dff elementor-widget elementor-widget-image\" data-id=\"baa1dff\" data-element_type=\"widget\" data-e-type=\"widget\" data-widget_type=\"image.default\">\n\t\t\t\t<div class=\"elementor-widget-container\">\n\t\t\t\t\t\t\t\t\t\t\t\t\t\t\t\t<a href=\"https:\/\/ordemdosfisioterapeutas.pt\/wp-content\/uploads\/2024\/08\/WPTD2024-Poster1-A4_web.pdf\" target=\"_blank\">\n\t\t\t\t\t\t\t<img loading=\"lazy\" decoding=\"async\" width=\"166\" height=\"231\" src=\"https:\/\/ordemdosfisioterapeutas.pt\/wp-content\/uploads\/2024\/08\/WP2024_0004_poster-1.png\" class=\"attachment-large size-large wp-image-8674\" alt=\"\" srcset=\"https:\/\/ordemdosfisioterapeutas.pt\/wp-content\/uploads\/2024\/08\/WP2024_0004_poster-1.png 166w, https:\/\/ordemdosfisioterapeutas.pt\/wp-content\/uploads\/2024\/08\/WP2024_0004_poster-1-9x12.png 9w\" sizes=\"(max-width: 166px) 100vw, 166px\" \/>\t\t\t\t\t\t\t\t<\/a>\n\t\t\t\t\t\t\t\t\t\t\t\t\t\t\t<\/div>\n\t\t\t\t<\/div>\n\t\t\t\t<div class=\"elementor-element elementor-element-4d567b5 elementor-widget elementor-widget-image\" data-id=\"4d567b5\" data-element_type=\"widget\" data-e-type=\"widget\" data-widget_type=\"image.default\">\n\t\t\t\t<div class=\"elementor-widget-container\">\n\t\t\t\t\t\t\t\t\t\t\t\t\t\t\t\t<a href=\"https:\/\/ordemdosfisioterapeutas.pt\/wp-content\/uploads\/2024\/08\/WPTD2024-Poster2-A4_web.pdf\" target=\"_blank\">\n\t\t\t\t\t\t\t<img loading=\"lazy\" decoding=\"async\" width=\"166\" height=\"231\" src=\"https:\/\/ordemdosfisioterapeutas.pt\/wp-content\/uploads\/2024\/08\/WP2024_0005_poster-2.png\" class=\"attachment-large size-large wp-image-8675\" alt=\"\" srcset=\"https:\/\/ordemdosfisioterapeutas.pt\/wp-content\/uploads\/2024\/08\/WP2024_0005_poster-2.png 166w, https:\/\/ordemdosfisioterapeutas.pt\/wp-content\/uploads\/2024\/08\/WP2024_0005_poster-2-9x12.png 9w\" sizes=\"(max-width: 166px) 100vw, 166px\" \/>\t\t\t\t\t\t\t\t<\/a>\n\t\t\t\t\t\t\t\t\t\t\t\t\t\t\t<\/div>\n\t\t\t\t<\/div>\n\t\t\t\t<div class=\"elementor-element elementor-element-b748fc8 elementor-widget elementor-widget-image\" data-id=\"b748fc8\" data-element_type=\"widget\" data-e-type=\"widget\" data-widget_type=\"image.default\">\n\t\t\t\t<div class=\"elementor-widget-container\">\n\t\t\t\t\t\t\t\t\t\t\t\t\t\t\t\t<a href=\"https:\/\/ordemdosfisioterapeutas.pt\/wp-content\/uploads\/2024\/08\/WPTD2024-Poster3-A4.pdf\" target=\"_blank\">\n\t\t\t\t\t\t\t<img loading=\"lazy\" decoding=\"async\" width=\"166\" height=\"232\" src=\"https:\/\/ordemdosfisioterapeutas.pt\/wp-content\/uploads\/2024\/08\/WP2024_0006_poster-3.png\" class=\"attachment-large size-large wp-image-8676\" alt=\"\" srcset=\"https:\/\/ordemdosfisioterapeutas.pt\/wp-content\/uploads\/2024\/08\/WP2024_0006_poster-3.png 166w, https:\/\/ordemdosfisioterapeutas.pt\/wp-content\/uploads\/2024\/08\/WP2024_0006_poster-3-9x12.png 9w\" sizes=\"(max-width: 166px) 100vw, 166px\" \/>\t\t\t\t\t\t\t\t<\/a>\n\t\t\t\t\t\t\t\t\t\t\t\t\t\t\t<\/div>\n\t\t\t\t<\/div>\n\t\t\t\t\t<\/div>\n\t\t\t\t<\/div>\n\t\t<div class=\"elementor-element elementor-element-07656ef e-flex e-con-boxed e-con e-parent\" data-id=\"07656ef\" data-element_type=\"container\" data-e-type=\"container\">\n\t\t\t\t\t<div class=\"e-con-inner\">\n\t\t\t\t<div class=\"elementor-element elementor-element-b9e802e elementor-widget elementor-widget-heading\" data-id=\"b9e802e\" data-element_type=\"widget\" data-e-type=\"widget\" data-widget_type=\"heading.default\">\n\t\t\t\t<div class=\"elementor-widget-container\">\n\t\t\t\t\t<h2 class=\"elementor-heading-title elementor-size-default\">Banners<\/h2>\t\t\t\t<\/div>\n\t\t\t\t<\/div>\n\t\t\t\t\t<\/div>\n\t\t\t\t<\/div>\n\t\t<div class=\"elementor-element elementor-element-2066a49 e-grid e-con-boxed e-con e-parent\" data-id=\"2066a49\" data-element_type=\"container\" data-e-type=\"container\">\n\t\t\t\t\t<div class=\"e-con-inner\">\n\t\t\t\t<div class=\"elementor-element elementor-element-e3c13a4 elementor-widget elementor-widget-image\" data-id=\"e3c13a4\" data-element_type=\"widget\" data-e-type=\"widget\" data-widget_type=\"image.default\">\n\t\t\t\t<div class=\"elementor-widget-container\">\n\t\t\t\t\t\t\t\t\t\t\t\t\t\t\t\t<a href=\"https:\/\/ordemdosfisioterapeutas.pt\/wp-content\/uploads\/2024\/08\/WPTD2024-Rollerbanner1-800x2000-1.pdf\" target=\"_blank\">\n\t\t\t\t\t\t\t<img loading=\"lazy\" decoding=\"async\" width=\"164\" height=\"389\" src=\"https:\/\/ordemdosfisioterapeutas.pt\/wp-content\/uploads\/2024\/08\/WP2024__0000_roll-up-1.png\" class=\"attachment-large size-large wp-image-8677\" alt=\"\" srcset=\"https:\/\/ordemdosfisioterapeutas.pt\/wp-content\/uploads\/2024\/08\/WP2024__0000_roll-up-1.png 164w, https:\/\/ordemdosfisioterapeutas.pt\/wp-content\/uploads\/2024\/08\/WP2024__0000_roll-up-1-126x300.png 126w, https:\/\/ordemdosfisioterapeutas.pt\/wp-content\/uploads\/2024\/08\/WP2024__0000_roll-up-1-5x12.png 5w\" sizes=\"(max-width: 164px) 100vw, 164px\" \/>\t\t\t\t\t\t\t\t<\/a>\n\t\t\t\t\t\t\t\t\t\t\t\t\t\t\t<\/div>\n\t\t\t\t<\/div>\n\t\t\t\t<div class=\"elementor-element elementor-element-788f697 elementor-widget elementor-widget-image\" data-id=\"788f697\" data-element_type=\"widget\" data-e-type=\"widget\" data-widget_type=\"image.default\">\n\t\t\t\t<div class=\"elementor-widget-container\">\n\t\t\t\t\t\t\t\t\t\t\t\t\t\t\t\t<a href=\"https:\/\/ordemdosfisioterapeutas.pt\/wp-content\/uploads\/2024\/08\/WPTD2024-Rollerbanner2-800x2000-1.pdf\" target=\"_blank\">\n\t\t\t\t\t\t\t<img loading=\"lazy\" decoding=\"async\" width=\"164\" height=\"389\" src=\"https:\/\/ordemdosfisioterapeutas.pt\/wp-content\/uploads\/2024\/08\/WP2024__0001_roll-up-2.png\" class=\"attachment-large size-large wp-image-8678\" alt=\"\" srcset=\"https:\/\/ordemdosfisioterapeutas.pt\/wp-content\/uploads\/2024\/08\/WP2024__0001_roll-up-2.png 164w, https:\/\/ordemdosfisioterapeutas.pt\/wp-content\/uploads\/2024\/08\/WP2024__0001_roll-up-2-126x300.png 126w, https:\/\/ordemdosfisioterapeutas.pt\/wp-content\/uploads\/2024\/08\/WP2024__0001_roll-up-2-5x12.png 5w\" sizes=\"(max-width: 164px) 100vw, 164px\" \/>\t\t\t\t\t\t\t\t<\/a>\n\t\t\t\t\t\t\t\t\t\t\t\t\t\t\t<\/div>\n\t\t\t\t<\/div>\n\t\t\t\t\t<\/div>\n\t\t\t\t<\/div>\n\t\t<div class=\"elementor-element elementor-element-437d4ab e-flex e-con-boxed e-con e-parent\" data-id=\"437d4ab\" data-element_type=\"container\" data-e-type=\"container\">\n\t\t\t\t\t<div class=\"e-con-inner\">\n\t\t\t\t<div class=\"elementor-element elementor-element-617a3a4 elementor-widget elementor-widget-heading\" data-id=\"617a3a4\" data-element_type=\"widget\" data-e-type=\"widget\" data-widget_type=\"heading.default\">\n\t\t\t\t<div class=\"elementor-widget-container\">\n\t\t\t\t\t<h2 class=\"elementor-heading-title elementor-size-default\">World Physiotherapy Day in pictures<\/h2>\t\t\t\t<\/div>\n\t\t\t\t<\/div>\n\t\t\t\t\t<\/div>\n\t\t\t\t<\/div>\n\t\t<div class=\"elementor-element elementor-element-6eae0e8 e-flex e-con-boxed e-con e-parent\" data-id=\"6eae0e8\" data-element_type=\"container\" data-e-type=\"container\">\n\t\t\t\t\t<div class=\"e-con-inner\">\n\t\t\t\t<div class=\"elementor-element elementor-element-3d9475e elementor-widget elementor-widget-text-editor\" data-id=\"3d9475e\" data-element_type=\"widget\" data-e-type=\"widget\" data-widget_type=\"text-editor.default\">\n\t\t\t\t<div class=\"elementor-widget-container\">\n\t\t\t\t\t\t\t\t\t<p>The Order of Physiotherapists shares a gallery of photographs sent in by our members, which illustrate the celebrations of World Physiotherapy Day and reflect the commitment of physiotherapists all over the country in celebrating this date.<\/p>\t\t\t\t\t\t\t\t<\/div>\n\t\t\t\t<\/div>\n\t\t\t\t\t<\/div>\n\t\t\t\t<\/div>\n\t\t<div class=\"elementor-element elementor-element-6584195 e-flex e-con-boxed e-con e-parent\" data-id=\"6584195\" data-element_type=\"container\" data-e-type=\"container\">\n\t\t\t\t\t<div class=\"e-con-inner\">\n\t\t<div class=\"elementor-element elementor-element-29b835d e-con-full e-flex e-con e-child\" data-id=\"29b835d\" data-element_type=\"container\" data-e-type=\"container\">\n\t\t\t\t<div class=\"elementor-element elementor-element-7445b9f elementor-widget elementor-widget-image\" data-id=\"7445b9f\" data-element_type=\"widget\" data-e-type=\"widget\" data-widget_type=\"image.default\">\n\t\t\t\t<div class=\"elementor-widget-container\">\n\t\t\t\t\t\t\t\t\t\t\t\t<figure class=\"wp-caption\">\n\t\t\t\t\t\t\t\t\t\t<img loading=\"lazy\" decoding=\"async\" width=\"750\" height=\"500\" src=\"https:\/\/ordemdosfisioterapeutas.pt\/wp-content\/uploads\/2024\/09\/1.png\" class=\"attachment-large size-large wp-image-8807\" alt=\"\" srcset=\"https:\/\/ordemdosfisioterapeutas.pt\/wp-content\/uploads\/2024\/09\/1.png 750w, https:\/\/ordemdosfisioterapeutas.pt\/wp-content\/uploads\/2024\/09\/1-300x200.png 300w, https:\/\/ordemdosfisioterapeutas.pt\/wp-content\/uploads\/2024\/09\/1-18x12.png 18w\" sizes=\"(max-width: 750px) 100vw, 750px\" \/>\t\t\t\t\t\t\t\t\t\t\t<figcaption class=\"widget-image-caption wp-caption-text\"><b>Egas Moniz Higher School of Health<\/b><br> In a partnership between Almada City Council and the Egas Moniz School of Health &amp; Science, students from the 3rd and 4th years of the Physiotherapy degree organised and promoted an awareness campaign on low back pain. Held in Santo Ant\u00f3nio Park, on the Costa de Caparica, this action involved supporting the local population. <\/figcaption>\n\t\t\t\t\t\t\t\t\t\t<\/figure>\n\t\t\t\t\t\t\t\t\t<\/div>\n\t\t\t\t<\/div>\n\t\t\t\t<\/div>\n\t\t<div class=\"elementor-element elementor-element-9c7b7da e-con-full e-flex e-con e-child\" data-id=\"9c7b7da\" data-element_type=\"container\" data-e-type=\"container\">\n\t\t\t\t<div class=\"elementor-element elementor-element-3ad1338 elementor-widget elementor-widget-image\" data-id=\"3ad1338\" data-element_type=\"widget\" data-e-type=\"widget\" data-widget_type=\"image.default\">\n\t\t\t\t<div class=\"elementor-widget-container\">\n\t\t\t\t\t\t\t\t\t\t\t\t<figure class=\"wp-caption\">\n\t\t\t\t\t\t\t\t\t\t<img loading=\"lazy\" decoding=\"async\" width=\"750\" height=\"500\" src=\"https:\/\/ordemdosfisioterapeutas.pt\/wp-content\/uploads\/2024\/09\/2.png\" class=\"attachment-large size-large wp-image-8808\" alt=\"\" srcset=\"https:\/\/ordemdosfisioterapeutas.pt\/wp-content\/uploads\/2024\/09\/2.png 750w, https:\/\/ordemdosfisioterapeutas.pt\/wp-content\/uploads\/2024\/09\/2-300x200.png 300w, https:\/\/ordemdosfisioterapeutas.pt\/wp-content\/uploads\/2024\/09\/2-18x12.png 18w\" sizes=\"(max-width: 750px) 100vw, 750px\" \/>\t\t\t\t\t\t\t\t\t\t\t<figcaption class=\"widget-image-caption wp-caption-text\"><b>Northeast ULS<\/b><br> At the Terra Fria Community Palliative Care Support Team of the Nordeste Local Health Unit, E.P.E., physiotherapists carry out home-based rehabilitation activities in the palliative context. The images shared illustrate exercises in muscle strengthening, mobility, hip elevation and spinal rotation, with the aim of relieving lower back pain and improving users' stability and mobility. These exercises not only help prevent pain but also promote a better quality of life.<\/figcaption>\n\t\t\t\t\t\t\t\t\t\t<\/figure>\n\t\t\t\t\t\t\t\t\t<\/div>\n\t\t\t\t<\/div>\n\t\t\t\t<\/div>\n\t\t<div class=\"elementor-element elementor-element-03e1f56 e-con-full e-flex e-con e-child\" data-id=\"03e1f56\" data-element_type=\"container\" data-e-type=\"container\">\n\t\t\t\t<div class=\"elementor-element elementor-element-0c24cb2 elementor-widget elementor-widget-image\" data-id=\"0c24cb2\" data-element_type=\"widget\" data-e-type=\"widget\" data-widget_type=\"image.default\">\n\t\t\t\t<div class=\"elementor-widget-container\">\n\t\t\t\t\t\t\t\t\t\t\t\t<figure class=\"wp-caption\">\n\t\t\t\t\t\t\t\t\t\t<img loading=\"lazy\" decoding=\"async\" width=\"750\" height=\"500\" src=\"https:\/\/ordemdosfisioterapeutas.pt\/wp-content\/uploads\/2024\/09\/3.png\" class=\"attachment-large size-large wp-image-8809\" alt=\"\" srcset=\"https:\/\/ordemdosfisioterapeutas.pt\/wp-content\/uploads\/2024\/09\/3.png 750w, https:\/\/ordemdosfisioterapeutas.pt\/wp-content\/uploads\/2024\/09\/3-300x200.png 300w, https:\/\/ordemdosfisioterapeutas.pt\/wp-content\/uploads\/2024\/09\/3-18x12.png 18w\" sizes=\"(max-width: 750px) 100vw, 750px\" \/>\t\t\t\t\t\t\t\t\t\t\t<figcaption class=\"widget-image-caption wp-caption-text\"><b>ULS of Santa Maria<\/b><br> On World Physiotherapy Day, ULS Santa Maria recognised and celebrated the tireless work of its physiotherapists. The team provides specialised care in various areas of the institution, including inpatient units, intensive care units, outpatient clinics, as well as home care and primary health care, contributing to the recovery and improvement of patients' quality of life.<\/figcaption>\n\t\t\t\t\t\t\t\t\t\t<\/figure>\n\t\t\t\t\t\t\t\t\t<\/div>\n\t\t\t\t<\/div>\n\t\t\t\t<\/div>\n\t\t<div class=\"elementor-element elementor-element-123a691 e-con-full e-flex e-con e-child\" data-id=\"123a691\" data-element_type=\"container\" data-e-type=\"container\">\n\t\t\t\t<div class=\"elementor-element elementor-element-a410a60 elementor-widget elementor-widget-image\" data-id=\"a410a60\" data-element_type=\"widget\" data-e-type=\"widget\" data-widget_type=\"image.default\">\n\t\t\t\t<div class=\"elementor-widget-container\">\n\t\t\t\t\t\t\t\t\t\t\t\t<figure class=\"wp-caption\">\n\t\t\t\t\t\t\t\t\t\t<img loading=\"lazy\" decoding=\"async\" width=\"750\" height=\"500\" src=\"https:\/\/ordemdosfisioterapeutas.pt\/wp-content\/uploads\/2024\/09\/4.png\" class=\"attachment-large size-large wp-image-8810\" alt=\"\" srcset=\"https:\/\/ordemdosfisioterapeutas.pt\/wp-content\/uploads\/2024\/09\/4.png 750w, https:\/\/ordemdosfisioterapeutas.pt\/wp-content\/uploads\/2024\/09\/4-300x200.png 300w, https:\/\/ordemdosfisioterapeutas.pt\/wp-content\/uploads\/2024\/09\/4-18x12.png 18w\" sizes=\"(max-width: 750px) 100vw, 750px\" \/>\t\t\t\t\t\t\t\t\t\t\t<figcaption class=\"widget-image-caption wp-caption-text\"><b>ULS S\u00e3o Jos\u00e9<\/b><br>With the largest number of physiotherapists in the country, ULS S\u00e3o Jos\u00e9 has around 100 professionals distributed between primary health care and hospitals, integrated into multidisciplinary teams. On World Physiotherapy Day, ULS S\u00e3o Jos\u00e9 thanked all physiotherapists for their dedication, commitment and professionalism in promoting patients' health and well-being. <\/figcaption>\n\t\t\t\t\t\t\t\t\t\t<\/figure>\n\t\t\t\t\t\t\t\t\t<\/div>\n\t\t\t\t<\/div>\n\t\t\t\t<\/div>\n\t\t<div class=\"elementor-element elementor-element-e0a777e e-con-full e-flex e-con e-child\" data-id=\"e0a777e\" data-element_type=\"container\" data-e-type=\"container\">\n\t\t\t\t<div class=\"elementor-element elementor-element-35b09c9 elementor-widget elementor-widget-image\" data-id=\"35b09c9\" data-element_type=\"widget\" data-e-type=\"widget\" data-widget_type=\"image.default\">\n\t\t\t\t<div class=\"elementor-widget-container\">\n\t\t\t\t\t\t\t\t\t\t\t\t<figure class=\"wp-caption\">\n\t\t\t\t\t\t\t\t\t\t<img loading=\"lazy\" decoding=\"async\" width=\"750\" height=\"500\" src=\"https:\/\/ordemdosfisioterapeutas.pt\/wp-content\/uploads\/2024\/09\/5.png\" class=\"attachment-large size-large wp-image-8811\" alt=\"\" srcset=\"https:\/\/ordemdosfisioterapeutas.pt\/wp-content\/uploads\/2024\/09\/5.png 750w, https:\/\/ordemdosfisioterapeutas.pt\/wp-content\/uploads\/2024\/09\/5-300x200.png 300w, https:\/\/ordemdosfisioterapeutas.pt\/wp-content\/uploads\/2024\/09\/5-18x12.png 18w\" sizes=\"(max-width: 750px) 100vw, 750px\" \/>\t\t\t\t\t\t\t\t\t\t\t<figcaption class=\"widget-image-caption wp-caption-text\"><b>ULS of T\u00e2mega e Sousa<\/b><br>As part of the celebrations, ULS T\u00e2mega e Sousa organised an activity entitled \"Walk with the Physiotherapist\". The event began with a visit to the Monte Mozinho Interpretive Centre, followed by preparatory exercises for the walk. The activity culminated with a walk to the main point of the Romanesque Centre and a stretching session for the participants, combining cultural recognition with health promotion.<\/figcaption>\n\t\t\t\t\t\t\t\t\t\t<\/figure>\n\t\t\t\t\t\t\t\t\t<\/div>\n\t\t\t\t<\/div>\n\t\t\t\t<\/div>\n\t\t<div class=\"elementor-element elementor-element-1c27a7d e-con-full e-flex e-con e-child\" data-id=\"1c27a7d\" data-element_type=\"container\" data-e-type=\"container\">\n\t\t\t\t<div class=\"elementor-element elementor-element-304148a elementor-widget elementor-widget-image\" data-id=\"304148a\" data-element_type=\"widget\" data-e-type=\"widget\" data-widget_type=\"image.default\">\n\t\t\t\t<div class=\"elementor-widget-container\">\n\t\t\t\t\t\t\t\t\t\t\t\t<figure class=\"wp-caption\">\n\t\t\t\t\t\t\t\t\t\t<img loading=\"lazy\" decoding=\"async\" width=\"750\" height=\"500\" src=\"https:\/\/ordemdosfisioterapeutas.pt\/wp-content\/uploads\/2024\/09\/6.png\" class=\"attachment-large size-large wp-image-8812\" alt=\"\" srcset=\"https:\/\/ordemdosfisioterapeutas.pt\/wp-content\/uploads\/2024\/09\/6.png 750w, https:\/\/ordemdosfisioterapeutas.pt\/wp-content\/uploads\/2024\/09\/6-300x200.png 300w, https:\/\/ordemdosfisioterapeutas.pt\/wp-content\/uploads\/2024\/09\/6-18x12.png 18w\" sizes=\"(max-width: 750px) 100vw, 750px\" \/>\t\t\t\t\t\t\t\t\t\t\t<figcaption class=\"widget-image-caption wp-caption-text\"><b>ULS Viseu D\u00e3o Laf\u00f5es<\/b><br>The ULS Viseu D\u00e3o Laf\u00f5es organised an awareness campaign in the lobby of the S\u00e3o Teot\u00f3nio Hospital in Viseu on the importance of physiotherapy in the treatment of low back pain. The initiative, led by the hospital's physiotherapists, included the display of posters and the distribution of information leaflets. Aimed at both health professionals and the general community, this action was designed to raise awareness of low back pain and how physiotherapy can help prevent and treat it.<\/figcaption>\n\t\t\t\t\t\t\t\t\t\t<\/figure>\n\t\t\t\t\t\t\t\t\t<\/div>\n\t\t\t\t<\/div>\n\t\t\t\t<\/div>\n\t\t\t\t\t<\/div>\n\t\t\t\t<\/div>\n\t\t\t\t<\/div>","protected":false},"excerpt":{"rendered":"<p>World Physiotherapy Day has been celebrated every year since 1996 on 8 September, corresponding to the date on which the current World Physiotherapy was founded in 1951. World Physiotherapy Day is an opportunity to recognise the significant role the profession plays in the health and well-being of the general population, and ... <a title=\"World Physiotherapy Day 2024\" class=\"read-more\" href=\"https:\/\/ordemdosfisioterapeutas.pt\/en\/dia-mundial-da-fisioterapia-2024\/\" aria-label=\"Read more about World Physiotherapy Day 2024\">Read more<\/a><\/p>","protected":false},"author":1,"featured_media":0,"parent":0,"menu_order":0,"comment_status":"closed","ping_status":"closed","template":"","meta":{"footnotes":""},"class_list":["post-8669","page","type-page","status-publish"],"_links":{"self":[{"href":"https:\/\/ordemdosfisioterapeutas.pt\/en\/wp-json\/wp\/v2\/pages\/8669","targetHints":{"allow":["GET"]}}],"collection":[{"href":"https:\/\/ordemdosfisioterapeutas.pt\/en\/wp-json\/wp\/v2\/pages"}],"about":[{"href":"https:\/\/ordemdosfisioterapeutas.pt\/en\/wp-json\/wp\/v2\/types\/page"}],"author":[{"embeddable":true,"href":"https:\/\/ordemdosfisioterapeutas.pt\/en\/wp-json\/wp\/v2\/users\/1"}],"replies":[{"embeddable":true,"href":"https:\/\/ordemdosfisioterapeutas.pt\/en\/wp-json\/wp\/v2\/comments?post=8669"}],"version-history":[{"count":0,"href":"https:\/\/ordemdosfisioterapeutas.pt\/en\/wp-json\/wp\/v2\/pages\/8669\/revisions"}],"wp:attachment":[{"href":"https:\/\/ordemdosfisioterapeutas.pt\/en\/wp-json\/wp\/v2\/media?parent=8669"}],"curies":[{"name":"wp","href":"https:\/\/api.w.org\/{rel}","templated":true}]}}