{"id":2850,"date":"2021-09-11T12:02:35","date_gmt":"2021-09-11T11:02:35","guid":{"rendered":"https:\/\/ordemdosfisioterapeutas.pt\/?page_id=2850"},"modified":"2024-10-16T13:21:02","modified_gmt":"2024-10-16T12:21:02","slug":"faq-eleicoes","status":"publish","type":"page","link":"http:\/\/ordemdosfisioterapeutas.pt\/pt\/eleicoes\/faq-eleicoes\/","title":{"rendered":"Perguntas Frequentes"},"content":{"rendered":"\t\t<div data-elementor-type=\"wp-page\" data-elementor-id=\"2850\" class=\"elementor elementor-2850\" data-elementor-post-type=\"page\">\n\t\t\t\t\t\t<section class=\"elementor-section elementor-top-section elementor-element elementor-element-4d845faf elementor-section-boxed elementor-section-height-default elementor-section-height-default\" data-id=\"4d845faf\" data-element_type=\"section\" data-e-type=\"section\">\n\t\t\t\t\t\t<div class=\"elementor-container elementor-column-gap-default\">\n\t\t\t\t\t<div class=\"elementor-column elementor-col-50 elementor-top-column elementor-element elementor-element-15d88afe sticky-parent\" data-id=\"15d88afe\" data-element_type=\"column\" data-e-type=\"column\">\n\t\t\t<div class=\"elementor-widget-wrap elementor-element-populated\">\n\t\t\t\t\t\t<section class=\"elementor-section elementor-inner-section elementor-element elementor-element-7afee6d sticky-column elementor-section-boxed elementor-section-height-default elementor-section-height-default\" data-id=\"7afee6d\" data-element_type=\"section\" data-e-type=\"section\">\n\t\t\t\t\t\t<div class=\"elementor-container elementor-column-gap-default\">\n\t\t\t\t\t<div class=\"elementor-column elementor-col-100 elementor-inner-column elementor-element elementor-element-761ba16c\" data-id=\"761ba16c\" data-element_type=\"column\" data-e-type=\"column\">\n\t\t\t<div class=\"elementor-widget-wrap elementor-element-populated\">\n\t\t\t\t\t\t<div class=\"elementor-element elementor-element-8e9aee7 elementor-hidden-desktop elementor-hidden-tablet elementor-hidden-mobile elementor-nav-menu--dropdown-tablet elementor-nav-menu__text-align-aside elementor-nav-menu--toggle elementor-nav-menu--burger elementor-widget elementor-widget-global elementor-global-2875 elementor-widget-nav-menu\" data-id=\"8e9aee7\" data-element_type=\"widget\" data-e-type=\"widget\" data-settings=\"{&quot;layout&quot;:&quot;vertical&quot;,&quot;submenu_icon&quot;:{&quot;value&quot;:&quot;fas fa-caret-down&quot;,&quot;library&quot;:&quot;fa-solid&quot;},&quot;toggle&quot;:&quot;burger&quot;}\" data-widget_type=\"nav-menu.default\">\n\t\t\t\t<div class=\"elementor-widget-container\">\n\t\t\t\t\t\t\t\t<nav aria-label=\"Menu\" class=\"elementor-nav-menu--main elementor-nav-menu__container elementor-nav-menu--layout-vertical e--pointer-underline e--animation-fade\">\n\t\t\t\t<ul id=\"menu-1-8e9aee7\" class=\"elementor-nav-menu sm-vertical\"><li class=\"menu-item menu-item-type-post_type menu-item-object-page menu-item-2852\"><a href=\"http:\/\/ordemdosfisioterapeutas.pt\/pt\/eleicoes\/\" class=\"elementor-item\">Elei\u00e7\u00f5es para o Conselho de Supervis\u00e3o<\/a><\/li>\n<li class=\"menu-item menu-item-type-post_type menu-item-object-page menu-item-2863\"><a href=\"http:\/\/ordemdosfisioterapeutas.pt\/pt\/eleicoes\/calendario-eleitoral\/\" class=\"elementor-item\">Calend\u00e1rio Eleitoral<\/a><\/li>\n<li class=\"menu-item menu-item-type-post_type menu-item-object-page menu-item-2864\"><a href=\"http:\/\/ordemdosfisioterapeutas.pt\/pt\/eleicoes\/comissao-eleitoral\/\" class=\"elementor-item\">Comiss\u00e3o Eleitoral<\/a><\/li>\n<li class=\"menu-item menu-item-type-post_type menu-item-object-page menu-item-2862\"><a href=\"http:\/\/ordemdosfisioterapeutas.pt\/pt\/eleicoes\/recenseamento\/\" class=\"elementor-item\">Recenseamento<\/a><\/li>\n<li class=\"menu-item menu-item-type-post_type menu-item-object-page menu-item-2861\"><a href=\"http:\/\/ordemdosfisioterapeutas.pt\/pt\/eleicoes\/caderno-eleitoral\/\" class=\"elementor-item\">Caderno Eleitoral<\/a><\/li>\n<li class=\"menu-item menu-item-type-post_type menu-item-object-page menu-item-2860\"><a href=\"http:\/\/ordemdosfisioterapeutas.pt\/pt\/eleicoes\/candidaturas\/\" class=\"elementor-item\">Candidaturas<\/a><\/li>\n<li class=\"menu-item menu-item-type-post_type menu-item-object-page menu-item-2859\"><a href=\"http:\/\/ordemdosfisioterapeutas.pt\/pt\/eleicoes\/listas-candidatas\/\" class=\"elementor-item\">Listas Candidatas<\/a><\/li>\n<li class=\"menu-item menu-item-type-post_type menu-item-object-page menu-item-2858\"><a href=\"http:\/\/ordemdosfisioterapeutas.pt\/pt\/eleicoes\/campanha-eleitoral\/\" class=\"elementor-item\">Campanha Eleitoral<\/a><\/li>\n<li class=\"menu-item menu-item-type-post_type menu-item-object-page menu-item-2857\"><a href=\"http:\/\/ordemdosfisioterapeutas.pt\/pt\/eleicoes\/ato-eleitoral\/\" class=\"elementor-item\">Ato Eleitoral<\/a><\/li>\n<li class=\"menu-item menu-item-type-post_type menu-item-object-page menu-item-2856\"><a href=\"http:\/\/ordemdosfisioterapeutas.pt\/pt\/eleicoes\/apuramento-dos-resultados\/\" class=\"elementor-item\">Resultados Provis\u00f3rios<\/a><\/li>\n<li class=\"menu-item menu-item-type-post_type menu-item-object-page menu-item-2855\"><a href=\"http:\/\/ordemdosfisioterapeutas.pt\/pt\/eleicoes\/resultados-oficiais\/\" class=\"elementor-item\">Resultados Oficiais<\/a><\/li>\n<li class=\"menu-item menu-item-type-post_type menu-item-object-page menu-item-2853\"><a href=\"http:\/\/ordemdosfisioterapeutas.pt\/pt\/eleicoes\/faq-eleicoes\/\" class=\"elementor-item\">Perguntas Frequentes<\/a><\/li>\n<\/ul>\t\t\t<\/nav>\n\t\t\t\t\t<div class=\"elementor-menu-toggle\" role=\"button\" tabindex=\"0\" aria-label=\"Menu Toggle\" aria-expanded=\"false\">\n\t\t\t<i aria-hidden=\"true\" role=\"presentation\" class=\"elementor-menu-toggle__icon--open eicon-menu-bar\"><\/i><i aria-hidden=\"true\" role=\"presentation\" class=\"elementor-menu-toggle__icon--close eicon-close\"><\/i>\t\t<\/div>\n\t\t\t\t\t<nav class=\"elementor-nav-menu--dropdown elementor-nav-menu__container\" aria-hidden=\"true\">\n\t\t\t\t<ul id=\"menu-2-8e9aee7\" class=\"elementor-nav-menu sm-vertical\"><li class=\"menu-item menu-item-type-post_type menu-item-object-page menu-item-2852\"><a href=\"http:\/\/ordemdosfisioterapeutas.pt\/pt\/eleicoes\/\" class=\"elementor-item\" tabindex=\"-1\">Elei\u00e7\u00f5es para o Conselho de Supervis\u00e3o<\/a><\/li>\n<li class=\"menu-item menu-item-type-post_type menu-item-object-page menu-item-2863\"><a href=\"http:\/\/ordemdosfisioterapeutas.pt\/pt\/eleicoes\/calendario-eleitoral\/\" class=\"elementor-item\" tabindex=\"-1\">Calend\u00e1rio Eleitoral<\/a><\/li>\n<li class=\"menu-item menu-item-type-post_type menu-item-object-page menu-item-2864\"><a href=\"http:\/\/ordemdosfisioterapeutas.pt\/pt\/eleicoes\/comissao-eleitoral\/\" class=\"elementor-item\" tabindex=\"-1\">Comiss\u00e3o Eleitoral<\/a><\/li>\n<li class=\"menu-item menu-item-type-post_type menu-item-object-page menu-item-2862\"><a href=\"http:\/\/ordemdosfisioterapeutas.pt\/pt\/eleicoes\/recenseamento\/\" class=\"elementor-item\" tabindex=\"-1\">Recenseamento<\/a><\/li>\n<li class=\"menu-item menu-item-type-post_type menu-item-object-page menu-item-2861\"><a href=\"http:\/\/ordemdosfisioterapeutas.pt\/pt\/eleicoes\/caderno-eleitoral\/\" class=\"elementor-item\" tabindex=\"-1\">Caderno Eleitoral<\/a><\/li>\n<li class=\"menu-item menu-item-type-post_type menu-item-object-page menu-item-2860\"><a href=\"http:\/\/ordemdosfisioterapeutas.pt\/pt\/eleicoes\/candidaturas\/\" class=\"elementor-item\" tabindex=\"-1\">Candidaturas<\/a><\/li>\n<li class=\"menu-item menu-item-type-post_type menu-item-object-page menu-item-2859\"><a href=\"http:\/\/ordemdosfisioterapeutas.pt\/pt\/eleicoes\/listas-candidatas\/\" class=\"elementor-item\" tabindex=\"-1\">Listas Candidatas<\/a><\/li>\n<li class=\"menu-item menu-item-type-post_type menu-item-object-page menu-item-2858\"><a href=\"http:\/\/ordemdosfisioterapeutas.pt\/pt\/eleicoes\/campanha-eleitoral\/\" class=\"elementor-item\" tabindex=\"-1\">Campanha Eleitoral<\/a><\/li>\n<li class=\"menu-item menu-item-type-post_type menu-item-object-page menu-item-2857\"><a href=\"http:\/\/ordemdosfisioterapeutas.pt\/pt\/eleicoes\/ato-eleitoral\/\" class=\"elementor-item\" tabindex=\"-1\">Ato Eleitoral<\/a><\/li>\n<li class=\"menu-item menu-item-type-post_type menu-item-object-page menu-item-2856\"><a href=\"http:\/\/ordemdosfisioterapeutas.pt\/pt\/eleicoes\/apuramento-dos-resultados\/\" class=\"elementor-item\" tabindex=\"-1\">Resultados Provis\u00f3rios<\/a><\/li>\n<li class=\"menu-item menu-item-type-post_type menu-item-object-page menu-item-2855\"><a href=\"http:\/\/ordemdosfisioterapeutas.pt\/pt\/eleicoes\/resultados-oficiais\/\" class=\"elementor-item\" tabindex=\"-1\">Resultados Oficiais<\/a><\/li>\n<li class=\"menu-item menu-item-type-post_type menu-item-object-page menu-item-2853\"><a href=\"http:\/\/ordemdosfisioterapeutas.pt\/pt\/eleicoes\/faq-eleicoes\/\" class=\"elementor-item\" tabindex=\"-1\">Perguntas Frequentes<\/a><\/li>\n<\/ul>\t\t\t<\/nav>\n\t\t\t\t\t\t<\/div>\n\t\t\t\t<\/div>\n\t\t\t\t\t<\/div>\n\t\t<\/div>\n\t\t\t\t\t<\/div>\n\t\t<\/section>\n\t\t\t\t\t<\/div>\n\t\t<\/div>\n\t\t\t\t<div class=\"elementor-column elementor-col-50 elementor-top-column elementor-element elementor-element-da2bb55\" data-id=\"da2bb55\" data-element_type=\"column\" data-e-type=\"column\">\n\t\t\t<div class=\"elementor-widget-wrap elementor-element-populated\">\n\t\t\t\t\t\t<div class=\"elementor-element elementor-element-eedae55 elementor-widget elementor-widget-toggle\" data-id=\"eedae55\" data-element_type=\"widget\" data-e-type=\"widget\" data-widget_type=\"toggle.default\">\n\t\t\t\t<div class=\"elementor-widget-container\">\n\t\t\t\t\t\t\t<div class=\"elementor-toggle\">\n\t\t\t\t\t\t\t<div class=\"elementor-toggle-item\">\n\t\t\t\t\t<div id=\"elementor-tab-title-2501\" class=\"elementor-tab-title\" data-tab=\"1\" role=\"button\" aria-controls=\"elementor-tab-content-2501\" aria-expanded=\"false\">\n\t\t\t\t\t\t\t\t\t\t\t\t<span class=\"elementor-toggle-icon elementor-toggle-icon-left\" aria-hidden=\"true\">\n\t\t\t\t\t\t\t\t\t\t\t\t\t\t\t<span class=\"elementor-toggle-icon-closed\"><i class=\"fas fa-caret-right\"><\/i><\/span>\n\t\t\t\t\t\t\t\t<span class=\"elementor-toggle-icon-opened\"><i class=\"elementor-toggle-icon-opened fas fa-caret-up\"><\/i><\/span>\n\t\t\t\t\t\t\t\t\t\t\t\t\t<\/span>\n\t\t\t\t\t\t\t\t\t\t\t\t<a class=\"elementor-toggle-title\" tabindex=\"0\">1 - Todos os fisioterapeutas t\u00eam direito de votar para o Conselho de Supervis\u00e3o? <\/a>\n\t\t\t\t\t<\/div>\n\n\t\t\t\t\t<div id=\"elementor-tab-content-2501\" class=\"elementor-tab-content elementor-clearfix\" data-tab=\"1\" role=\"region\" aria-labelledby=\"elementor-tab-title-2501\"><p>S\u00e3o eleitores e eleg\u00edveis para participar no ato eleitoral, todos os fisioterapeutas que, \u00e0 data de extra\u00e7\u00e3o dos cadernos eleitorais (15 de outubro de 2024), n\u00e3o tenham quotas em atraso h\u00e1 mais de seis meses.<\/p><\/div>\n\t\t\t\t<\/div>\n\t\t\t\t\t\t\t<div class=\"elementor-toggle-item\">\n\t\t\t\t\t<div id=\"elementor-tab-title-2502\" class=\"elementor-tab-title\" data-tab=\"2\" role=\"button\" aria-controls=\"elementor-tab-content-2502\" aria-expanded=\"false\">\n\t\t\t\t\t\t\t\t\t\t\t\t<span class=\"elementor-toggle-icon elementor-toggle-icon-left\" aria-hidden=\"true\">\n\t\t\t\t\t\t\t\t\t\t\t\t\t\t\t<span class=\"elementor-toggle-icon-closed\"><i class=\"fas fa-caret-right\"><\/i><\/span>\n\t\t\t\t\t\t\t\t<span class=\"elementor-toggle-icon-opened\"><i class=\"elementor-toggle-icon-opened fas fa-caret-up\"><\/i><\/span>\n\t\t\t\t\t\t\t\t\t\t\t\t\t<\/span>\n\t\t\t\t\t\t\t\t\t\t\t\t<a class=\"elementor-toggle-title\" tabindex=\"0\">2 - Para que serve este novo \u00f3rg\u00e3o (Conselho de Supervis\u00e3o)?<\/a>\n\t\t\t\t\t<\/div>\n\n\t\t\t\t\t<div id=\"elementor-tab-content-2502\" class=\"elementor-tab-content elementor-clearfix\" data-tab=\"2\" role=\"region\" aria-labelledby=\"elementor-tab-title-2502\"><p>O Conselho de Supervis\u00e3o tem como principais atribui\u00e7\u00f5es zelar pela legalidade da atividade dos \u00f3rg\u00e3os da Ordem, exercendo poderes de controlo, nomeadamente em mat\u00e9ria de regula\u00e7\u00e3o do exerc\u00edcio da fisioterapia. \u00c9 composto por cinco membros com direito a voto: dois representantes da profiss\u00e3o inscritos na Ordem, dois representantes de estabelecimentos de ensino superior que qualificam para a profiss\u00e3o de fisioterapeuta e n\u00e3o inscritos na Ordem, e uma personalidade de reconhecido m\u00e9rito cooptada pelos membros mencionados, por maioria absoluta. O presidente do Conselho \u00e9 eleito entre os membros n\u00e3o inscritos na Ordem.<\/p><\/div>\n\t\t\t\t<\/div>\n\t\t\t\t\t\t\t<div class=\"elementor-toggle-item\">\n\t\t\t\t\t<div id=\"elementor-tab-title-2503\" class=\"elementor-tab-title\" data-tab=\"3\" role=\"button\" aria-controls=\"elementor-tab-content-2503\" aria-expanded=\"false\">\n\t\t\t\t\t\t\t\t\t\t\t\t<span class=\"elementor-toggle-icon elementor-toggle-icon-left\" aria-hidden=\"true\">\n\t\t\t\t\t\t\t\t\t\t\t\t\t\t\t<span class=\"elementor-toggle-icon-closed\"><i class=\"fas fa-caret-right\"><\/i><\/span>\n\t\t\t\t\t\t\t\t<span class=\"elementor-toggle-icon-opened\"><i class=\"elementor-toggle-icon-opened fas fa-caret-up\"><\/i><\/span>\n\t\t\t\t\t\t\t\t\t\t\t\t\t<\/span>\n\t\t\t\t\t\t\t\t\t\t\t\t<a class=\"elementor-toggle-title\" tabindex=\"0\">3 - Quais os procedimentos a seguir nestas elei\u00e7\u00f5es?<\/a>\n\t\t\t\t\t<\/div>\n\n\t\t\t\t\t<div id=\"elementor-tab-content-2503\" class=\"elementor-tab-content elementor-clearfix\" data-tab=\"3\" role=\"region\" aria-labelledby=\"elementor-tab-title-2503\"><p>As regras est\u00e3o estipuladas no Regulamento Eleitoral da Ordem dos Fisioterapeutas, dispon\u00edvel para consulta <span style=\"text-decoration: underline;\"><a href=\"https:\/\/ordemdosfisioterapeutas.pt\/wp-content\/uploads\/2024\/08\/Regulamento-Eleitoral-compressed.pdf\" target=\"_blank\" rel=\"noopener\">aqui<\/a><\/span>. Este regulamento foi atualizado para refletir as especificidades da elei\u00e7\u00e3o do Conselho de Supervis\u00e3o.<\/p><\/div>\n\t\t\t\t<\/div>\n\t\t\t\t\t\t\t<div class=\"elementor-toggle-item\">\n\t\t\t\t\t<div id=\"elementor-tab-title-2504\" class=\"elementor-tab-title\" data-tab=\"4\" role=\"button\" aria-controls=\"elementor-tab-content-2504\" aria-expanded=\"false\">\n\t\t\t\t\t\t\t\t\t\t\t\t<span class=\"elementor-toggle-icon elementor-toggle-icon-left\" aria-hidden=\"true\">\n\t\t\t\t\t\t\t\t\t\t\t\t\t\t\t<span class=\"elementor-toggle-icon-closed\"><i class=\"fas fa-caret-right\"><\/i><\/span>\n\t\t\t\t\t\t\t\t<span class=\"elementor-toggle-icon-opened\"><i class=\"elementor-toggle-icon-opened fas fa-caret-up\"><\/i><\/span>\n\t\t\t\t\t\t\t\t\t\t\t\t\t<\/span>\n\t\t\t\t\t\t\t\t\t\t\t\t<a class=\"elementor-toggle-title\" tabindex=\"0\">4 - Como \u00e9 que se constitui a Comiss\u00e3o Eleitoral?<\/a>\n\t\t\t\t\t<\/div>\n\n\t\t\t\t\t<div id=\"elementor-tab-content-2504\" class=\"elementor-tab-content elementor-clearfix\" data-tab=\"4\" role=\"region\" aria-labelledby=\"elementor-tab-title-2504\"><p>A Comiss\u00e3o Eleitoral \u00e9 constitu\u00edda pelo presidente da mesa do Conselho Geral e por um representante de cada uma das listas admitidas a sufr\u00e1gio, a indicar no momento da apresenta\u00e7\u00e3o das respetivas candidaturas.<\/p><\/div>\n\t\t\t\t<\/div>\n\t\t\t\t\t\t\t<div class=\"elementor-toggle-item\">\n\t\t\t\t\t<div id=\"elementor-tab-title-2505\" class=\"elementor-tab-title\" data-tab=\"5\" role=\"button\" aria-controls=\"elementor-tab-content-2505\" aria-expanded=\"false\">\n\t\t\t\t\t\t\t\t\t\t\t\t<span class=\"elementor-toggle-icon elementor-toggle-icon-left\" aria-hidden=\"true\">\n\t\t\t\t\t\t\t\t\t\t\t\t\t\t\t<span class=\"elementor-toggle-icon-closed\"><i class=\"fas fa-caret-right\"><\/i><\/span>\n\t\t\t\t\t\t\t\t<span class=\"elementor-toggle-icon-opened\"><i class=\"elementor-toggle-icon-opened fas fa-caret-up\"><\/i><\/span>\n\t\t\t\t\t\t\t\t\t\t\t\t\t<\/span>\n\t\t\t\t\t\t\t\t\t\t\t\t<a class=\"elementor-toggle-title\" tabindex=\"0\">5 - Quais as compet\u00eancias da Comiss\u00e3o Eleitoral?<\/a>\n\t\t\t\t\t<\/div>\n\n\t\t\t\t\t<div id=\"elementor-tab-content-2505\" class=\"elementor-tab-content elementor-clearfix\" data-tab=\"5\" role=\"region\" aria-labelledby=\"elementor-tab-title-2505\"><p>Compete \u00e0 Comiss\u00e3o Eleitoral:<\/p><ul><li>Receber e admitir as candidaturas apresentadas a sufr\u00e1gio;<\/li><li>Fiscalizar o processo eleitoral e resolver todas as quest\u00f5es surgidas no seu \u00e2mbito;<\/li><li>Distribuir entre as diferentes candidaturas os meios de apoio disponibilizados pela Dire\u00e7\u00e3o;<\/li><li>Proceder ao apuramento dos resultados eleitorais;<\/li><\/ul><\/div>\n\t\t\t\t<\/div>\n\t\t\t\t\t\t\t<div class=\"elementor-toggle-item\">\n\t\t\t\t\t<div id=\"elementor-tab-title-2506\" class=\"elementor-tab-title\" data-tab=\"6\" role=\"button\" aria-controls=\"elementor-tab-content-2506\" aria-expanded=\"false\">\n\t\t\t\t\t\t\t\t\t\t\t\t<span class=\"elementor-toggle-icon elementor-toggle-icon-left\" aria-hidden=\"true\">\n\t\t\t\t\t\t\t\t\t\t\t\t\t\t\t<span class=\"elementor-toggle-icon-closed\"><i class=\"fas fa-caret-right\"><\/i><\/span>\n\t\t\t\t\t\t\t\t<span class=\"elementor-toggle-icon-opened\"><i class=\"elementor-toggle-icon-opened fas fa-caret-up\"><\/i><\/span>\n\t\t\t\t\t\t\t\t\t\t\t\t\t<\/span>\n\t\t\t\t\t\t\t\t\t\t\t\t<a class=\"elementor-toggle-title\" tabindex=\"0\">6 - Como proceder \u00e0 apresenta\u00e7\u00e3o de candidaturas?<\/a>\n\t\t\t\t\t<\/div>\n\n\t\t\t\t\t<div id=\"elementor-tab-content-2506\" class=\"elementor-tab-content elementor-clearfix\" data-tab=\"6\" role=\"region\" aria-labelledby=\"elementor-tab-title-2506\"><p>As candidaturas para o Conselho de Supervis\u00e3o devem ser apresentadas \u00e0 Comiss\u00e3o Eleitoral, entre os dias <strong>17 de agosto de 2024<\/strong> e <strong>16 de setembro de 2024. <\/strong>Para submeter a sua candidatura, aceda aos formul\u00e1rios de candidatura, disponibilizados <span style=\"text-decoration: underline;\"><a href=\"https:\/\/ordemdosfisioterapeutas.pt\/pt\/eleicoes\/candidaturas\/\" target=\"_blank\" rel=\"noopener\">aqui<\/a><\/span> e siga as instru\u00e7\u00f5es fornecidas<strong>.<\/strong><\/p><\/div>\n\t\t\t\t<\/div>\n\t\t\t\t\t\t\t<div class=\"elementor-toggle-item\">\n\t\t\t\t\t<div id=\"elementor-tab-title-2507\" class=\"elementor-tab-title\" data-tab=\"7\" role=\"button\" aria-controls=\"elementor-tab-content-2507\" aria-expanded=\"false\">\n\t\t\t\t\t\t\t\t\t\t\t\t<span class=\"elementor-toggle-icon elementor-toggle-icon-left\" aria-hidden=\"true\">\n\t\t\t\t\t\t\t\t\t\t\t\t\t\t\t<span class=\"elementor-toggle-icon-closed\"><i class=\"fas fa-caret-right\"><\/i><\/span>\n\t\t\t\t\t\t\t\t<span class=\"elementor-toggle-icon-opened\"><i class=\"elementor-toggle-icon-opened fas fa-caret-up\"><\/i><\/span>\n\t\t\t\t\t\t\t\t\t\t\t\t\t<\/span>\n\t\t\t\t\t\t\t\t\t\t\t\t<a class=\"elementor-toggle-title\" tabindex=\"0\">7 - Quantos fisioterapeutas, membros da Ordem, s\u00e3o necess\u00e1rios para subscrever cada lista?<\/a>\n\t\t\t\t\t<\/div>\n\n\t\t\t\t\t<div id=\"elementor-tab-content-2507\" class=\"elementor-tab-content elementor-clearfix\" data-tab=\"7\" role=\"region\" aria-labelledby=\"elementor-tab-title-2507\"><p>Cada lista candidata ao Conselho de Supervis\u00e3o deve ser subscrita por um m\u00ednimo de 50 subscritores. A lista candidata deve ainda promover a igualdade entre homens e mulheres, \u00ab(\u2026) assegurando que a propor\u00e7\u00e3o de pessoas de cada sexo n\u00e3o seja inferior a 40%, salvo se no universo eleitoral existir uma percentagem de pessoas do sexo menos representado inferior a 20%.\u00bb A Lei n\u00ba 26\/2019, de 28 de mar\u00e7o, refere que \u00abas listas de candidatura obedecem aos seguintes crit\u00e9rios de ordena\u00e7\u00e3o: a) Os dois primeiros candidatos n\u00e3o podem ser do mesmo sexo; b) N\u00e3o pode haver mais de dois candidatos do mesmo sexo seguidos.\u00bb Nos termos da al\u00ednea a) do n\u00ba 1 do Anexo I, o requerimento de candidatura deve ser dirigido ao Presidente da Comiss\u00e3o Eleitoral.<\/p><\/div>\n\t\t\t\t<\/div>\n\t\t\t\t\t\t\t<div class=\"elementor-toggle-item\">\n\t\t\t\t\t<div id=\"elementor-tab-title-2508\" class=\"elementor-tab-title\" data-tab=\"8\" role=\"button\" aria-controls=\"elementor-tab-content-2508\" aria-expanded=\"false\">\n\t\t\t\t\t\t\t\t\t\t\t\t<span class=\"elementor-toggle-icon elementor-toggle-icon-left\" aria-hidden=\"true\">\n\t\t\t\t\t\t\t\t\t\t\t\t\t\t\t<span class=\"elementor-toggle-icon-closed\"><i class=\"fas fa-caret-right\"><\/i><\/span>\n\t\t\t\t\t\t\t\t<span class=\"elementor-toggle-icon-opened\"><i class=\"elementor-toggle-icon-opened fas fa-caret-up\"><\/i><\/span>\n\t\t\t\t\t\t\t\t\t\t\t\t\t<\/span>\n\t\t\t\t\t\t\t\t\t\t\t\t<a class=\"elementor-toggle-title\" tabindex=\"0\">8 - Qual o prazo para apresenta\u00e7\u00e3o de candidaturas?<\/a>\n\t\t\t\t\t<\/div>\n\n\t\t\t\t\t<div id=\"elementor-tab-content-2508\" class=\"elementor-tab-content elementor-clearfix\" data-tab=\"8\" role=\"region\" aria-labelledby=\"elementor-tab-title-2508\"><p>As candidaturas dever\u00e3o ser apresentadas at\u00e9 <strong>16 de setembro de 2024<\/strong>.<\/p><\/div>\n\t\t\t\t<\/div>\n\t\t\t\t\t\t\t<div class=\"elementor-toggle-item\">\n\t\t\t\t\t<div id=\"elementor-tab-title-2509\" class=\"elementor-tab-title\" data-tab=\"9\" role=\"button\" aria-controls=\"elementor-tab-content-2509\" aria-expanded=\"false\">\n\t\t\t\t\t\t\t\t\t\t\t\t<span class=\"elementor-toggle-icon elementor-toggle-icon-left\" aria-hidden=\"true\">\n\t\t\t\t\t\t\t\t\t\t\t\t\t\t\t<span class=\"elementor-toggle-icon-closed\"><i class=\"fas fa-caret-right\"><\/i><\/span>\n\t\t\t\t\t\t\t\t<span class=\"elementor-toggle-icon-opened\"><i class=\"elementor-toggle-icon-opened fas fa-caret-up\"><\/i><\/span>\n\t\t\t\t\t\t\t\t\t\t\t\t\t<\/span>\n\t\t\t\t\t\t\t\t\t\t\t\t<a class=\"elementor-toggle-title\" tabindex=\"0\">9 - Quem verifica a regularidade das listas?<\/a>\n\t\t\t\t\t<\/div>\n\n\t\t\t\t\t<div id=\"elementor-tab-content-2509\" class=\"elementor-tab-content elementor-clearfix\" data-tab=\"9\" role=\"region\" aria-labelledby=\"elementor-tab-title-2509\"><p>A verifica\u00e7\u00e3o da regularidade das candidaturas, nos termos do disposto no regulamento eleitoral, \u00e9 feita pela Comiss\u00e3o Eleitoral no prazo de 5 dias ap\u00f3s a rece\u00e7\u00e3o das candidaturas, a 21 de setembro. Em caso de irregularidade, o mandat\u00e1rio da lista deve sanar a situa\u00e7\u00e3o no prazo de 3 dias.<\/p><\/div>\n\t\t\t\t<\/div>\n\t\t\t\t\t\t\t<div class=\"elementor-toggle-item\">\n\t\t\t\t\t<div id=\"elementor-tab-title-25010\" class=\"elementor-tab-title\" data-tab=\"10\" role=\"button\" aria-controls=\"elementor-tab-content-25010\" aria-expanded=\"false\">\n\t\t\t\t\t\t\t\t\t\t\t\t<span class=\"elementor-toggle-icon elementor-toggle-icon-left\" aria-hidden=\"true\">\n\t\t\t\t\t\t\t\t\t\t\t\t\t\t\t<span class=\"elementor-toggle-icon-closed\"><i class=\"fas fa-caret-right\"><\/i><\/span>\n\t\t\t\t\t\t\t\t<span class=\"elementor-toggle-icon-opened\"><i class=\"elementor-toggle-icon-opened fas fa-caret-up\"><\/i><\/span>\n\t\t\t\t\t\t\t\t\t\t\t\t\t<\/span>\n\t\t\t\t\t\t\t\t\t\t\t\t<a class=\"elementor-toggle-title\" tabindex=\"0\">10 - Como \u00e9 que cada lista pode participar no processo eleitoral?<\/a>\n\t\t\t\t\t<\/div>\n\n\t\t\t\t\t<div id=\"elementor-tab-content-25010\" class=\"elementor-tab-content elementor-clearfix\" data-tab=\"10\" role=\"region\" aria-labelledby=\"elementor-tab-title-25010\"><p>Cada lista indica um mandat\u00e1rio entre os membros efetivos da Ordem com capacidade eleitoral, tendo poderes para represent\u00e1-la ao longo do processo eleitoral.<\/p><\/div>\n\t\t\t\t<\/div>\n\t\t\t\t\t\t\t<div class=\"elementor-toggle-item\">\n\t\t\t\t\t<div id=\"elementor-tab-title-25011\" class=\"elementor-tab-title\" data-tab=\"11\" role=\"button\" aria-controls=\"elementor-tab-content-25011\" aria-expanded=\"false\">\n\t\t\t\t\t\t\t\t\t\t\t\t<span class=\"elementor-toggle-icon elementor-toggle-icon-left\" aria-hidden=\"true\">\n\t\t\t\t\t\t\t\t\t\t\t\t\t\t\t<span class=\"elementor-toggle-icon-closed\"><i class=\"fas fa-caret-right\"><\/i><\/span>\n\t\t\t\t\t\t\t\t<span class=\"elementor-toggle-icon-opened\"><i class=\"elementor-toggle-icon-opened fas fa-caret-up\"><\/i><\/span>\n\t\t\t\t\t\t\t\t\t\t\t\t\t<\/span>\n\t\t\t\t\t\t\t\t\t\t\t\t<a class=\"elementor-toggle-title\" tabindex=\"0\">11 - Quando se realiza a campanha eleitoral?<\/a>\n\t\t\t\t\t<\/div>\n\n\t\t\t\t\t<div id=\"elementor-tab-content-25011\" class=\"elementor-tab-content elementor-clearfix\" data-tab=\"11\" role=\"region\" aria-labelledby=\"elementor-tab-title-25011\"><p>O per\u00edodo de campanha eleitoral inicia-se no dia seguinte \u00e0 afixa\u00e7\u00e3o das listas admitidas a sufr\u00e1gio e finda \u00e0s 23 horas e 59 minutos da antev\u00e9spera do dia das elei\u00e7\u00f5es, ou seja, a 13 de novembro<strong>.<\/strong><\/p><\/div>\n\t\t\t\t<\/div>\n\t\t\t\t\t\t\t<div class=\"elementor-toggle-item\">\n\t\t\t\t\t<div id=\"elementor-tab-title-25012\" class=\"elementor-tab-title\" data-tab=\"12\" role=\"button\" aria-controls=\"elementor-tab-content-25012\" aria-expanded=\"false\">\n\t\t\t\t\t\t\t\t\t\t\t\t<span class=\"elementor-toggle-icon elementor-toggle-icon-left\" aria-hidden=\"true\">\n\t\t\t\t\t\t\t\t\t\t\t\t\t\t\t<span class=\"elementor-toggle-icon-closed\"><i class=\"fas fa-caret-right\"><\/i><\/span>\n\t\t\t\t\t\t\t\t<span class=\"elementor-toggle-icon-opened\"><i class=\"elementor-toggle-icon-opened fas fa-caret-up\"><\/i><\/span>\n\t\t\t\t\t\t\t\t\t\t\t\t\t<\/span>\n\t\t\t\t\t\t\t\t\t\t\t\t<a class=\"elementor-toggle-title\" tabindex=\"0\"> 12 - Quais os apoios disponibilizados \u00e0s listas candidatas? <\/a>\n\t\t\t\t\t<\/div>\n\n\t\t\t\t\t<div id=\"elementor-tab-content-25012\" class=\"elementor-tab-content elementor-clearfix\" data-tab=\"12\" role=\"region\" aria-labelledby=\"elementor-tab-title-25012\"><p>Durante o per\u00edodo de campanha eleitoral, a Ordem disponibilizar\u00e1 aos candidatos meios de promo\u00e7\u00e3o das suas propostas e de intera\u00e7\u00e3o com os eleitores, da seguinte forma:<\/p><ul><li>Cada lista candidata tem direito ao envio de 3 e-mails. A mensagem a enviar deve ser dirigida para o endere\u00e7o eleicoes@ordemdosfisioterapeutas.pt para que os servi\u00e7os da Ordem possam reencaminhar a mesma para todos os eleitores;<\/li><li>a pedido dos interessados, ser\u00e3o colocadas no website da Ordem hiperliga\u00e7\u00f5es para as p\u00e1ginas das listas candidatas<\/li><\/ul><p>A Ordem disponibilizar\u00e1 ainda acesso pontual \u00e0s instala\u00e7\u00f5es da Ordem, na Rua D. Jo\u00e3o V, n\u00b0 24 &#8211; 1.03, 1250-091 Lisboa.<\/p><ul><li>A disponibiliza\u00e7\u00e3o de um espa\u00e7o nas instala\u00e7\u00f5es com capacidade at\u00e9 15 pessoas, dever\u00e1 ser solicitada pelos representantes das listas candidatas, indicando data e hor\u00e1rio pretendido, com o m\u00ednimo de anteced\u00eancia de 48 horas, para o endere\u00e7o eleicoes@ordemdosfisioterapeutas.pt;<\/li><li>Os servi\u00e7os da Ordem dever\u00e3o responder aos pedidos efetuados no prazo das 24 horas seguintes;<\/li><li>Em caso de sobreposi\u00e7\u00e3o de datas, e caso n\u00e3o se verifique acordo entre as listas, as instala\u00e7\u00f5es ser\u00e3o disponibilizadas \u00e0 lista cujo pedido tiver dado entrada em primeiro lugar, devendo a outra lista sugerir data alternativa;<\/li><li>O hor\u00e1rio dispon\u00edvel para utiliza\u00e7\u00e3o deste espa\u00e7o \u00e9 das 9.00 \u00e0s 18.00 horas, em dias \u00fateis.<\/li><\/ul><p>A Ordem, usando os termos do seu Estatuto, decidiu n\u00e3o haver lugar a comparticipa\u00e7\u00e3o nos encargos inerentes \u00e0s campanhas eleitorais das listas que eventualmente se apresentem a elei\u00e7\u00f5es, \u00e0 semelhan\u00e7a do processo eleitoral anterior.<\/p><\/div>\n\t\t\t\t<\/div>\n\t\t\t\t\t\t\t<div class=\"elementor-toggle-item\">\n\t\t\t\t\t<div id=\"elementor-tab-title-25013\" class=\"elementor-tab-title\" data-tab=\"13\" role=\"button\" aria-controls=\"elementor-tab-content-25013\" aria-expanded=\"false\">\n\t\t\t\t\t\t\t\t\t\t\t\t<span class=\"elementor-toggle-icon elementor-toggle-icon-left\" aria-hidden=\"true\">\n\t\t\t\t\t\t\t\t\t\t\t\t\t\t\t<span class=\"elementor-toggle-icon-closed\"><i class=\"fas fa-caret-right\"><\/i><\/span>\n\t\t\t\t\t\t\t\t<span class=\"elementor-toggle-icon-opened\"><i class=\"elementor-toggle-icon-opened fas fa-caret-up\"><\/i><\/span>\n\t\t\t\t\t\t\t\t\t\t\t\t\t<\/span>\n\t\t\t\t\t\t\t\t\t\t\t\t<a class=\"elementor-toggle-title\" tabindex=\"0\">13 - Onde estar\u00e3o dispon\u00edveis os cadernos eleitorais?<\/a>\n\t\t\t\t\t<\/div>\n\n\t\t\t\t\t<div id=\"elementor-tab-content-25013\" class=\"elementor-tab-content elementor-clearfix\" data-tab=\"13\" role=\"region\" aria-labelledby=\"elementor-tab-title-25013\"><p>Os cadernos eleitorais contendo os eleitores inscritos ser\u00e3o afixados na sede da Ordem no dia 16 de outubro de 2024, sendo ainda disponibilizados no portal eletr\u00f3nico da Ordem, mantendo-se at\u00e9 \u00e0 data da realiza\u00e7\u00e3o das elei\u00e7\u00f5es.<\/p><\/div>\n\t\t\t\t<\/div>\n\t\t\t\t\t\t\t<div class=\"elementor-toggle-item\">\n\t\t\t\t\t<div id=\"elementor-tab-title-25014\" class=\"elementor-tab-title\" data-tab=\"14\" role=\"button\" aria-controls=\"elementor-tab-content-25014\" aria-expanded=\"false\">\n\t\t\t\t\t\t\t\t\t\t\t\t<span class=\"elementor-toggle-icon elementor-toggle-icon-left\" aria-hidden=\"true\">\n\t\t\t\t\t\t\t\t\t\t\t\t\t\t\t<span class=\"elementor-toggle-icon-closed\"><i class=\"fas fa-caret-right\"><\/i><\/span>\n\t\t\t\t\t\t\t\t<span class=\"elementor-toggle-icon-opened\"><i class=\"elementor-toggle-icon-opened fas fa-caret-up\"><\/i><\/span>\n\t\t\t\t\t\t\t\t\t\t\t\t\t<\/span>\n\t\t\t\t\t\t\t\t\t\t\t\t<a class=\"elementor-toggle-title\" tabindex=\"0\">14 - Onde e como posso votar? <\/a>\n\t\t\t\t\t<\/div>\n\n\t\t\t\t\t<div id=\"elementor-tab-content-25014\" class=\"elementor-tab-content elementor-clearfix\" data-tab=\"14\" role=\"region\" aria-labelledby=\"elementor-tab-title-25014\"><p>Nos termos do seu Estatuto, a Ordem decidiu que o voto ser\u00e1 exclusivamente eletr\u00f3nico, mediante acesso a uma plataforma espec\u00edfica que garantir\u00e1 autenticidade e car\u00e1ter secreto do voto de cada eleitor. Esta modalidade poder\u00e1 ainda ser efetuada, presencialmente, nas instala\u00e7\u00f5es da Ordem, em Lisboa.<\/p><\/div>\n\t\t\t\t<\/div>\n\t\t\t\t\t\t\t\t<\/div>\n\t\t\t\t\t\t<\/div>\n\t\t\t\t<\/div>\n\t\t\t\t\t<\/div>\n\t\t<\/div>\n\t\t\t\t\t<\/div>\n\t\t<\/section>\n\t\t<div class=\"elementor-element elementor-element-9a934a0 e-flex e-con-boxed e-con e-parent\" data-id=\"9a934a0\" data-element_type=\"container\" data-e-type=\"container\">\n\t\t\t\t\t<div class=\"e-con-inner\">\n\t\t\t\t<div class=\"elementor-element elementor-element-2875 elementor-hidden-desktop elementor-hidden-tablet elementor-hidden-mobile elementor-nav-menu--dropdown-tablet elementor-nav-menu__text-align-aside elementor-nav-menu--toggle elementor-nav-menu--burger elementor-widget elementor-widget-global elementor-global-2875 elementor-widget-nav-menu\" data-id=\"2875\" data-element_type=\"widget\" data-e-type=\"widget\" data-settings=\"{&quot;layout&quot;:&quot;vertical&quot;,&quot;submenu_icon&quot;:{&quot;value&quot;:&quot;fas fa-caret-down&quot;,&quot;library&quot;:&quot;fa-solid&quot;},&quot;toggle&quot;:&quot;burger&quot;}\" data-widget_type=\"nav-menu.default\">\n\t\t\t\t<div class=\"elementor-widget-container\">\n\t\t\t\t\t\t\t\t<nav aria-label=\"Menu\" class=\"elementor-nav-menu--main elementor-nav-menu__container elementor-nav-menu--layout-vertical e--pointer-underline e--animation-fade\">\n\t\t\t\t<ul id=\"menu-1-2875\" class=\"elementor-nav-menu sm-vertical\"><li class=\"menu-item menu-item-type-post_type menu-item-object-page menu-item-2852\"><a href=\"http:\/\/ordemdosfisioterapeutas.pt\/pt\/eleicoes\/\" class=\"elementor-item\">Elei\u00e7\u00f5es para o Conselho de Supervis\u00e3o<\/a><\/li>\n<li class=\"menu-item menu-item-type-post_type menu-item-object-page menu-item-2863\"><a href=\"http:\/\/ordemdosfisioterapeutas.pt\/pt\/eleicoes\/calendario-eleitoral\/\" class=\"elementor-item\">Calend\u00e1rio Eleitoral<\/a><\/li>\n<li class=\"menu-item menu-item-type-post_type menu-item-object-page menu-item-2864\"><a href=\"http:\/\/ordemdosfisioterapeutas.pt\/pt\/eleicoes\/comissao-eleitoral\/\" class=\"elementor-item\">Comiss\u00e3o Eleitoral<\/a><\/li>\n<li class=\"menu-item menu-item-type-post_type menu-item-object-page menu-item-2862\"><a href=\"http:\/\/ordemdosfisioterapeutas.pt\/pt\/eleicoes\/recenseamento\/\" class=\"elementor-item\">Recenseamento<\/a><\/li>\n<li class=\"menu-item menu-item-type-post_type menu-item-object-page menu-item-2861\"><a href=\"http:\/\/ordemdosfisioterapeutas.pt\/pt\/eleicoes\/caderno-eleitoral\/\" class=\"elementor-item\">Caderno Eleitoral<\/a><\/li>\n<li class=\"menu-item menu-item-type-post_type menu-item-object-page menu-item-2860\"><a href=\"http:\/\/ordemdosfisioterapeutas.pt\/pt\/eleicoes\/candidaturas\/\" class=\"elementor-item\">Candidaturas<\/a><\/li>\n<li class=\"menu-item menu-item-type-post_type menu-item-object-page menu-item-2859\"><a href=\"http:\/\/ordemdosfisioterapeutas.pt\/pt\/eleicoes\/listas-candidatas\/\" class=\"elementor-item\">Listas Candidatas<\/a><\/li>\n<li class=\"menu-item menu-item-type-post_type menu-item-object-page menu-item-2858\"><a href=\"http:\/\/ordemdosfisioterapeutas.pt\/pt\/eleicoes\/campanha-eleitoral\/\" class=\"elementor-item\">Campanha Eleitoral<\/a><\/li>\n<li class=\"menu-item menu-item-type-post_type menu-item-object-page menu-item-2857\"><a href=\"http:\/\/ordemdosfisioterapeutas.pt\/pt\/eleicoes\/ato-eleitoral\/\" class=\"elementor-item\">Ato Eleitoral<\/a><\/li>\n<li class=\"menu-item menu-item-type-post_type menu-item-object-page menu-item-2856\"><a href=\"http:\/\/ordemdosfisioterapeutas.pt\/pt\/eleicoes\/apuramento-dos-resultados\/\" class=\"elementor-item\">Resultados Provis\u00f3rios<\/a><\/li>\n<li class=\"menu-item menu-item-type-post_type menu-item-object-page menu-item-2855\"><a href=\"http:\/\/ordemdosfisioterapeutas.pt\/pt\/eleicoes\/resultados-oficiais\/\" class=\"elementor-item\">Resultados Oficiais<\/a><\/li>\n<li class=\"menu-item menu-item-type-post_type menu-item-object-page menu-item-2853\"><a href=\"http:\/\/ordemdosfisioterapeutas.pt\/pt\/eleicoes\/faq-eleicoes\/\" class=\"elementor-item\">Perguntas Frequentes<\/a><\/li>\n<\/ul>\t\t\t<\/nav>\n\t\t\t\t\t<div class=\"elementor-menu-toggle\" role=\"button\" tabindex=\"0\" aria-label=\"Menu Toggle\" aria-expanded=\"false\">\n\t\t\t<i aria-hidden=\"true\" role=\"presentation\" class=\"elementor-menu-toggle__icon--open eicon-menu-bar\"><\/i><i aria-hidden=\"true\" role=\"presentation\" class=\"elementor-menu-toggle__icon--close eicon-close\"><\/i>\t\t<\/div>\n\t\t\t\t\t<nav class=\"elementor-nav-menu--dropdown elementor-nav-menu__container\" aria-hidden=\"true\">\n\t\t\t\t<ul id=\"menu-2-2875\" class=\"elementor-nav-menu sm-vertical\"><li class=\"menu-item menu-item-type-post_type menu-item-object-page menu-item-2852\"><a href=\"http:\/\/ordemdosfisioterapeutas.pt\/pt\/eleicoes\/\" class=\"elementor-item\" tabindex=\"-1\">Elei\u00e7\u00f5es para o Conselho de Supervis\u00e3o<\/a><\/li>\n<li class=\"menu-item menu-item-type-post_type menu-item-object-page menu-item-2863\"><a href=\"http:\/\/ordemdosfisioterapeutas.pt\/pt\/eleicoes\/calendario-eleitoral\/\" class=\"elementor-item\" tabindex=\"-1\">Calend\u00e1rio Eleitoral<\/a><\/li>\n<li class=\"menu-item menu-item-type-post_type menu-item-object-page menu-item-2864\"><a href=\"http:\/\/ordemdosfisioterapeutas.pt\/pt\/eleicoes\/comissao-eleitoral\/\" class=\"elementor-item\" tabindex=\"-1\">Comiss\u00e3o Eleitoral<\/a><\/li>\n<li class=\"menu-item menu-item-type-post_type menu-item-object-page menu-item-2862\"><a href=\"http:\/\/ordemdosfisioterapeutas.pt\/pt\/eleicoes\/recenseamento\/\" class=\"elementor-item\" tabindex=\"-1\">Recenseamento<\/a><\/li>\n<li class=\"menu-item menu-item-type-post_type menu-item-object-page menu-item-2861\"><a href=\"http:\/\/ordemdosfisioterapeutas.pt\/pt\/eleicoes\/caderno-eleitoral\/\" class=\"elementor-item\" tabindex=\"-1\">Caderno Eleitoral<\/a><\/li>\n<li class=\"menu-item menu-item-type-post_type menu-item-object-page menu-item-2860\"><a href=\"http:\/\/ordemdosfisioterapeutas.pt\/pt\/eleicoes\/candidaturas\/\" class=\"elementor-item\" tabindex=\"-1\">Candidaturas<\/a><\/li>\n<li class=\"menu-item menu-item-type-post_type menu-item-object-page menu-item-2859\"><a href=\"http:\/\/ordemdosfisioterapeutas.pt\/pt\/eleicoes\/listas-candidatas\/\" class=\"elementor-item\" tabindex=\"-1\">Listas Candidatas<\/a><\/li>\n<li class=\"menu-item menu-item-type-post_type menu-item-object-page menu-item-2858\"><a href=\"http:\/\/ordemdosfisioterapeutas.pt\/pt\/eleicoes\/campanha-eleitoral\/\" class=\"elementor-item\" tabindex=\"-1\">Campanha Eleitoral<\/a><\/li>\n<li class=\"menu-item menu-item-type-post_type menu-item-object-page menu-item-2857\"><a href=\"http:\/\/ordemdosfisioterapeutas.pt\/pt\/eleicoes\/ato-eleitoral\/\" class=\"elementor-item\" tabindex=\"-1\">Ato Eleitoral<\/a><\/li>\n<li class=\"menu-item menu-item-type-post_type menu-item-object-page menu-item-2856\"><a href=\"http:\/\/ordemdosfisioterapeutas.pt\/pt\/eleicoes\/apuramento-dos-resultados\/\" class=\"elementor-item\" tabindex=\"-1\">Resultados Provis\u00f3rios<\/a><\/li>\n<li class=\"menu-item menu-item-type-post_type menu-item-object-page menu-item-2855\"><a href=\"http:\/\/ordemdosfisioterapeutas.pt\/pt\/eleicoes\/resultados-oficiais\/\" class=\"elementor-item\" tabindex=\"-1\">Resultados Oficiais<\/a><\/li>\n<li class=\"menu-item menu-item-type-post_type menu-item-object-page menu-item-2853\"><a href=\"http:\/\/ordemdosfisioterapeutas.pt\/pt\/eleicoes\/faq-eleicoes\/\" class=\"elementor-item\" tabindex=\"-1\">Perguntas Frequentes<\/a><\/li>\n<\/ul>\t\t\t<\/nav>\n\t\t\t\t\t\t<\/div>\n\t\t\t\t<\/div>\n\t\t\t\t\t<\/div>\n\t\t\t\t<\/div>\n\t\t\t\t<\/div>\n\t\t","protected":false},"excerpt":{"rendered":"<p>1 &#8211; Todos os fisioterapeutas t\u00eam direito de votar para o Conselho de Supervis\u00e3o? S\u00e3o eleitores e eleg\u00edveis para participar no ato eleitoral, todos os fisioterapeutas que, \u00e0 data de extra\u00e7\u00e3o dos cadernos eleitorais (15 de outubro de 2024), n\u00e3o tenham quotas em atraso h\u00e1 mais de seis meses. 2 &#8211; Para que serve este &#8230; <a title=\"Perguntas Frequentes\" class=\"read-more\" href=\"http:\/\/ordemdosfisioterapeutas.pt\/pt\/eleicoes\/faq-eleicoes\/\" aria-label=\"Leia mais sobre Perguntas Frequentes\">Ler mais<\/a><\/p>\n","protected":false},"author":1,"featured_media":0,"parent":2495,"menu_order":12,"comment_status":"closed","ping_status":"closed","template":"","meta":{"footnotes":""},"class_list":["post-2850","page","type-page","status-publish"],"_links":{"self":[{"href":"http:\/\/ordemdosfisioterapeutas.pt\/pt\/wp-json\/wp\/v2\/pages\/2850","targetHints":{"allow":["GET"]}}],"collection":[{"href":"http:\/\/ordemdosfisioterapeutas.pt\/pt\/wp-json\/wp\/v2\/pages"}],"about":[{"href":"http:\/\/ordemdosfisioterapeutas.pt\/pt\/wp-json\/wp\/v2\/types\/page"}],"author":[{"embeddable":true,"href":"http:\/\/ordemdosfisioterapeutas.pt\/pt\/wp-json\/wp\/v2\/users\/1"}],"replies":[{"embeddable":true,"href":"http:\/\/ordemdosfisioterapeutas.pt\/pt\/wp-json\/wp\/v2\/comments?post=2850"}],"version-history":[{"count":0,"href":"http:\/\/ordemdosfisioterapeutas.pt\/pt\/wp-json\/wp\/v2\/pages\/2850\/revisions"}],"up":[{"embeddable":true,"href":"http:\/\/ordemdosfisioterapeutas.pt\/pt\/wp-json\/wp\/v2\/pages\/2495"}],"wp:attachment":[{"href":"http:\/\/ordemdosfisioterapeutas.pt\/pt\/wp-json\/wp\/v2\/media?parent=2850"}],"curies":[{"name":"wp","href":"https:\/\/api.w.org\/{rel}","templated":true}]}}